{"id":4716,"date":"2024-07-31T07:47:22","date_gmt":"2024-07-31T05:47:22","guid":{"rendered":"https:\/\/www.fundacioared.org\/oferta-formativa\/curso-de-atencion-sociosanitaria\/"},"modified":"2026-03-25T10:33:13","modified_gmt":"2026-03-25T09:33:13","slug":"curso-de-atencion-sociosanitaria","status":"publish","type":"oferta-formativa","link":"https:\/\/www.fundacioared.org\/es\/oferta-formativa\/curso-de-atencion-sociosanitaria\/","title":{"rendered":"Curso de Atenci\u00f3n Sociosanitaria"},"content":{"rendered":"\n<div class=\"wp-block-ared-cabecera mod-cabecera\"><div class=\"slider\">\n<div class=\"wp-block-ared-cabecera-interior slide\"><div class=\"image\" style=\"background-image:url(https:\/\/www.fundacioared.org\/wp-content\/uploads\/8.jpg)\"><div class=\"text maq-contenidor\">\n<p class=\"is-style-com_titular_3 has-blanc-color has-text-color has-link-color wp-elements-edbf45d41bdd1953900d768c9afc4faa\">Certificado Profesional<\/p>\n\n\n\n<p class=\"is-style-com_titular_3 has-blanc-color has-text-color has-link-color wp-elements-92277c3377d5f379e31320ec6b2eb71d\">de Atenci\u00f3n Sociosanitaria<\/p>\n\n\n\n<p class=\"has-blanc-color has-text-color has-link-color wp-elements-eed9f2dc38c4ac64929e554a924ba38e\">Los cursos que se imparten en Ared constan de<br\/> tres grandes ejes: la <strong>formaci\u00f3n t\u00e9cnica<\/strong> , la <strong>educaci\u00f3n<br\/> complementaria<\/strong> y las <strong>pr\u00e1cticas a empresas<\/strong> .<\/p>\n<\/div><\/div><\/div>\n<\/div><\/div>\n\n<div class=\"wp-block-ared-marges maq-contenidor normal marge-superior-petit marge-inferior-petit\" data-aos=\"off\" data-aos-delay=\"aos_delay\">\n<div class=\"wp-block-columns is-layout-flex wp-container-core-columns-is-layout-9d6595d7 wp-block-columns-is-layout-flex\">\n<div class=\"wp-block-column is-layout-flow wp-block-column-is-layout-flow\" style=\"padding-right:var(--wp--preset--spacing--50);padding-left:var(--wp--preset--spacing--50)\">\n<figure class=\"wp-block-image aligncenter size-full is-resized\"><img loading=\"lazy\" decoding=\"async\" width=\"1080\" height=\"1080\" src=\"https:\/\/www.fundacioared.org\/wp-content\/uploads\/Dones-Ared-15.png\" alt=\"\" class=\"wp-image-611\" style=\"width:89px;height:auto\" srcset=\"https:\/\/www.fundacioared.org\/wp-content\/uploads\/Dones-Ared-15.png 1080w, https:\/\/www.fundacioared.org\/wp-content\/uploads\/Dones-Ared-15-300x300.png 300w, https:\/\/www.fundacioared.org\/wp-content\/uploads\/Dones-Ared-15-1024x1024.png 1024w, https:\/\/www.fundacioared.org\/wp-content\/uploads\/Dones-Ared-15-150x150.png 150w, https:\/\/www.fundacioared.org\/wp-content\/uploads\/Dones-Ared-15-768x768.png 768w, https:\/\/www.fundacioared.org\/wp-content\/uploads\/Dones-Ared-15-600x600.png 600w, https:\/\/www.fundacioared.org\/wp-content\/uploads\/Dones-Ared-15-340x340.png 340w, https:\/\/www.fundacioared.org\/wp-content\/uploads\/Dones-Ared-15-140x140.png 140w\" sizes=\"auto, (max-width: 1080px) 100vw, 1080px\" \/><\/figure>\n\n\n\n<p class=\"has-text-align-center is-style-com_titular_5 has-gris-ared-color has-text-color has-link-color has-large-font-size wp-elements-efaf28b9dab80e9de82555fb4e71ac4d\" style=\"padding-top:var(--wp--preset--spacing--30);padding-bottom:var(--wp--preset--spacing--30)\">Formaci\u00f3n<br\/> gratuita<\/p>\n<\/div>\n\n\n\n<div class=\"wp-block-column is-layout-flow wp-block-column-is-layout-flow\" style=\"padding-right:var(--wp--preset--spacing--50);padding-left:var(--wp--preset--spacing--50)\">\n<figure class=\"wp-block-image aligncenter size-full is-resized\"><img loading=\"lazy\" decoding=\"async\" width=\"2000\" height=\"1414\" src=\"https:\/\/www.fundacioared.org\/wp-content\/uploads\/COMUNICACION-INTERNA-5.png\" alt=\"\" class=\"wp-image-610\" style=\"width:110px;height:auto\" srcset=\"https:\/\/www.fundacioared.org\/wp-content\/uploads\/COMUNICACION-INTERNA-5.png 2000w, https:\/\/www.fundacioared.org\/wp-content\/uploads\/COMUNICACION-INTERNA-5-300x212.png 300w, https:\/\/www.fundacioared.org\/wp-content\/uploads\/COMUNICACION-INTERNA-5-1024x724.png 1024w, https:\/\/www.fundacioared.org\/wp-content\/uploads\/COMUNICACION-INTERNA-5-768x543.png 768w, https:\/\/www.fundacioared.org\/wp-content\/uploads\/COMUNICACION-INTERNA-5-1536x1086.png 1536w, https:\/\/www.fundacioared.org\/wp-content\/uploads\/COMUNICACION-INTERNA-5-340x240.png 340w, https:\/\/www.fundacioared.org\/wp-content\/uploads\/COMUNICACION-INTERNA-5-140x99.png 140w\" sizes=\"auto, (max-width: 2000px) 100vw, 2000px\" \/><\/figure>\n\n\n\n<p class=\"has-text-align-center is-style-com_titular_5 has-gris-ared-color has-text-color has-link-color wp-elements-8cdb6182abf1b842ac3026225426f190\" style=\"padding-top:var(--wp--preset--spacing--50);padding-bottom:var(--wp--preset--spacing--50)\">Certificaci\u00f3n<br\/> oficial<\/p>\n<\/div>\n\n\n\n<div class=\"wp-block-column is-layout-flow wp-block-column-is-layout-flow\" style=\"padding-right:var(--wp--preset--spacing--50);padding-left:var(--wp--preset--spacing--50)\">\n<figure class=\"wp-block-image aligncenter size-full is-resized\"><img loading=\"lazy\" decoding=\"async\" width=\"1080\" height=\"1080\" src=\"https:\/\/www.fundacioared.org\/wp-content\/uploads\/Dones-Ared-14.png\" alt=\"\" class=\"wp-image-609\" style=\"width:91px;height:auto\" srcset=\"https:\/\/www.fundacioared.org\/wp-content\/uploads\/Dones-Ared-14.png 1080w, https:\/\/www.fundacioared.org\/wp-content\/uploads\/Dones-Ared-14-300x300.png 300w, https:\/\/www.fundacioared.org\/wp-content\/uploads\/Dones-Ared-14-1024x1024.png 1024w, https:\/\/www.fundacioared.org\/wp-content\/uploads\/Dones-Ared-14-150x150.png 150w, https:\/\/www.fundacioared.org\/wp-content\/uploads\/Dones-Ared-14-768x768.png 768w, https:\/\/www.fundacioared.org\/wp-content\/uploads\/Dones-Ared-14-600x600.png 600w, https:\/\/www.fundacioared.org\/wp-content\/uploads\/Dones-Ared-14-340x340.png 340w, https:\/\/www.fundacioared.org\/wp-content\/uploads\/Dones-Ared-14-140x140.png 140w\" sizes=\"auto, (max-width: 1080px) 100vw, 1080px\" \/><\/figure>\n\n\n\n<p class=\"has-text-align-center is-style-com_titular_5 has-gris-ared-color has-text-color has-link-color wp-elements-1a148cf90af3017f265ec284ab1447c7\" style=\"padding-top:var(--wp--preset--spacing--30);padding-bottom:var(--wp--preset--spacing--30)\">Pr\u00e1cticas<br\/> a empresas<\/p>\n<\/div>\n\n\n\n<div class=\"wp-block-column is-layout-flow wp-block-column-is-layout-flow\" style=\"padding-right:var(--wp--preset--spacing--50);padding-left:var(--wp--preset--spacing--50)\">\n<figure class=\"wp-block-image aligncenter size-full is-resized\"><img loading=\"lazy\" decoding=\"async\" width=\"1080\" height=\"1080\" src=\"https:\/\/www.fundacioared.org\/wp-content\/uploads\/Dones-Ared-16.png\" alt=\"\" class=\"wp-image-612\" style=\"width:89px;height:auto\" srcset=\"https:\/\/www.fundacioared.org\/wp-content\/uploads\/Dones-Ared-16.png 1080w, https:\/\/www.fundacioared.org\/wp-content\/uploads\/Dones-Ared-16-300x300.png 300w, https:\/\/www.fundacioared.org\/wp-content\/uploads\/Dones-Ared-16-1024x1024.png 1024w, https:\/\/www.fundacioared.org\/wp-content\/uploads\/Dones-Ared-16-150x150.png 150w, https:\/\/www.fundacioared.org\/wp-content\/uploads\/Dones-Ared-16-768x768.png 768w, https:\/\/www.fundacioared.org\/wp-content\/uploads\/Dones-Ared-16-600x600.png 600w, https:\/\/www.fundacioared.org\/wp-content\/uploads\/Dones-Ared-16-340x340.png 340w, https:\/\/www.fundacioared.org\/wp-content\/uploads\/Dones-Ared-16-140x140.png 140w\" sizes=\"auto, (max-width: 1080px) 100vw, 1080px\" \/><\/figure>\n\n\n\n<p class=\"has-text-align-center is-style-com_titular_5 has-gris-ared-color has-text-color has-link-color wp-elements-3a886bb51b4e6d1b7ee0b60416c4fdd0\" style=\"padding-top:var(--wp--preset--spacing--30);padding-bottom:var(--wp--preset--spacing--30)\">Acompa\u00f1amiento individual<\/p>\n<\/div>\n<\/div>\n<\/div>\n\n<div class=\"wp-block-media-text has-media-on-the-right is-stacked-on-mobile is-vertically-aligned-top\"><div class=\"wp-block-media-text__content\">\n<h2 class=\"wp-block-heading\">Certificado Profesional de Atenci\u00f3n Sociosanitaria<\/h2>\n\n\n\n<p class=\"is-style-com_titular_5 has-taronja-ared-color has-text-color has-link-color wp-elements-0c34b1b73d0c65c8073049a017401609\">Formaci\u00f3n 100% bonificable para la obtenci\u00f3n del Certificado Profesional de Atenci\u00f3n Sociosanitaria a Personas Dependientes en Instituciones Sociales (nivel 2)<\/p>\n\n\n\n<p>Te formar\u00e1s en el \u00e1mbito sociosanitario para atender a personas dependientes aprendiendo desde t\u00e9cnicas de primeros auxilios a movilizaciones y transferencias de pacientes, toma de constantes vitales y realizaci\u00f3n de reanimaciones cardiopulmonares, entre otros. Conocer\u00e1s los procedimientos para mantener y mejorar la autonom\u00eda personal de las personas dependientes, as\u00ed como las relaciones con el entorno. <\/p>\n\n\n\n<figure class=\"wp-block-image size-full\"><img loading=\"lazy\" decoding=\"async\" width=\"2000\" height=\"1414\" src=\"https:\/\/www.fundacioared.org\/wp-content\/uploads\/Sociosanitario.png\" alt=\"\" class=\"wp-image-5400\" srcset=\"https:\/\/www.fundacioared.org\/wp-content\/uploads\/Sociosanitario.png 2000w, https:\/\/www.fundacioared.org\/wp-content\/uploads\/Sociosanitario-300x212.png 300w, https:\/\/www.fundacioared.org\/wp-content\/uploads\/Sociosanitario-1024x724.png 1024w, https:\/\/www.fundacioared.org\/wp-content\/uploads\/Sociosanitario-768x543.png 768w, https:\/\/www.fundacioared.org\/wp-content\/uploads\/Sociosanitario-1536x1086.png 1536w, https:\/\/www.fundacioared.org\/wp-content\/uploads\/Sociosanitario-340x240.png 340w, https:\/\/www.fundacioared.org\/wp-content\/uploads\/Sociosanitario-140x99.png 140w\" sizes=\"auto, (max-width: 2000px) 100vw, 2000px\" \/><\/figure>\n\n\n\n<div class=\"wp-block-buttons is-layout-flex wp-block-buttons-is-layout-flex\">\n<div class=\"wp-block-button\"><a class=\"wp-block-button__link wp-element-button\" href=\"https:\/\/www.fundacioared.org\/wp-content\/uploads\/Moduls-formatius-sociosanitari.pdf\" target=\"_blank\" rel=\"noreferrer noopener\">Descubre m\u00e1s<\/a><\/div>\n<\/div>\n<\/div><figure class=\"wp-block-media-text__media\"><img loading=\"lazy\" decoding=\"async\" width=\"1024\" height=\"724\" src=\"https:\/\/www.fundacioared.org\/wp-content\/uploads\/COMUNICACION-INTERNA-6-1024x724.png\" alt=\"\" class=\"wp-image-929 size-full\" srcset=\"https:\/\/www.fundacioared.org\/wp-content\/uploads\/COMUNICACION-INTERNA-6-1024x724.png 1024w, https:\/\/www.fundacioared.org\/wp-content\/uploads\/COMUNICACION-INTERNA-6-300x212.png 300w, https:\/\/www.fundacioared.org\/wp-content\/uploads\/COMUNICACION-INTERNA-6-768x543.png 768w, https:\/\/www.fundacioared.org\/wp-content\/uploads\/COMUNICACION-INTERNA-6-1536x1086.png 1536w, https:\/\/www.fundacioared.org\/wp-content\/uploads\/COMUNICACION-INTERNA-6-340x240.png 340w, https:\/\/www.fundacioared.org\/wp-content\/uploads\/COMUNICACION-INTERNA-6-140x99.png 140w, https:\/\/www.fundacioared.org\/wp-content\/uploads\/COMUNICACION-INTERNA-6.png 2000w\" sizes=\"auto, (max-width: 1024px) 100vw, 1024px\" \/><\/figure><\/div>\n\n<div class=\"wp-block-ared-marges maq-contenidor normal marge-superior-petit marge-inferior-petit\" data-aos=\"off\" data-aos-delay=\"aos_delay\">\n<div class=\"wp-block-columns is-layout-flex wp-container-core-columns-is-layout-9d6595d7 wp-block-columns-is-layout-flex\">\n<div class=\"wp-block-column is-layout-flow wp-block-column-is-layout-flow\" style=\"flex-basis:33.34%\">\n<figure class=\"wp-block-image size-full is-resized\"><img loading=\"lazy\" decoding=\"async\" width=\"1080\" height=\"1080\" src=\"https:\/\/www.fundacioared.org\/wp-content\/uploads\/Dones-Ared-11.png\" alt=\"\" class=\"wp-image-600\" style=\"width:65px;height:auto\" srcset=\"https:\/\/www.fundacioared.org\/wp-content\/uploads\/Dones-Ared-11.png 1080w, https:\/\/www.fundacioared.org\/wp-content\/uploads\/Dones-Ared-11-300x300.png 300w, https:\/\/www.fundacioared.org\/wp-content\/uploads\/Dones-Ared-11-1024x1024.png 1024w, https:\/\/www.fundacioared.org\/wp-content\/uploads\/Dones-Ared-11-150x150.png 150w, https:\/\/www.fundacioared.org\/wp-content\/uploads\/Dones-Ared-11-768x768.png 768w, https:\/\/www.fundacioared.org\/wp-content\/uploads\/Dones-Ared-11-600x600.png 600w, https:\/\/www.fundacioared.org\/wp-content\/uploads\/Dones-Ared-11-340x340.png 340w, https:\/\/www.fundacioared.org\/wp-content\/uploads\/Dones-Ared-11-140x140.png 140w\" sizes=\"auto, (max-width: 1080px) 100vw, 1080px\" \/><\/figure>\n\n\n\n<p class=\"is-style-com_titular_5 has-taronja-ared-color has-text-color has-link-color wp-elements-c46e3ebe9632d05f175998e4f1edfc81\"><strong>Requisitos para participar<\/strong><\/p>\n\n\n\n<p class=\"is-style-com_titular_5 has-gris-ared-color has-text-color has-link-color has-medium-font-size wp-elements-cae75de009fb09331bc710fb64163a8e\">DNI \/ NIE en vigor<\/p>\n\n\n\n<p class=\"is-style-com_titular_5 has-gris-ared-color has-text-color has-link-color has-medium-font-size wp-elements-d07ee6a6d5e956584acdc05cbce94187\"><strong>Documento de la Demanda de Empleo (DARDO)<\/strong><\/p>\n\n\n\n<div class=\"wp-block-buttons is-layout-flex wp-block-buttons-is-layout-flex\">\n<div class=\"wp-block-button\"><a class=\"wp-block-button__link wp-element-button\" href=\"https:\/\/www.fundacioared.org\/wp-content\/uploads\/Requisits-formatius-sociosanitari.pdf\">Requisitos formativos para acceder<\/a><\/div>\n<\/div>\n<\/div>\n\n\n\n<div class=\"wp-block-column is-layout-flow wp-block-column-is-layout-flow\" style=\"flex-basis:33.34%\">\n<figure class=\"wp-block-image size-full is-resized\"><img loading=\"lazy\" decoding=\"async\" width=\"810\" height=\"810\" src=\"https:\/\/www.fundacioared.org\/wp-content\/uploads\/Dones-Ared-4-2.png\" alt=\"\" class=\"wp-image-534\" style=\"width:65px;height:auto\" srcset=\"https:\/\/www.fundacioared.org\/wp-content\/uploads\/Dones-Ared-4-2.png 810w, https:\/\/www.fundacioared.org\/wp-content\/uploads\/Dones-Ared-4-2-300x300.png 300w, https:\/\/www.fundacioared.org\/wp-content\/uploads\/Dones-Ared-4-2-150x150.png 150w, https:\/\/www.fundacioared.org\/wp-content\/uploads\/Dones-Ared-4-2-768x768.png 768w, https:\/\/www.fundacioared.org\/wp-content\/uploads\/Dones-Ared-4-2-600x600.png 600w, https:\/\/www.fundacioared.org\/wp-content\/uploads\/Dones-Ared-4-2-340x340.png 340w, https:\/\/www.fundacioared.org\/wp-content\/uploads\/Dones-Ared-4-2-140x140.png 140w\" sizes=\"auto, (max-width: 810px) 100vw, 810px\" \/><\/figure>\n\n\n\n<p class=\"is-style-com_titular_5 has-taronja-ared-color has-text-color has-link-color wp-elements-b6550608a009244a31d5da104c2234a4\"><strong>Pr\u00f3xima convocatoria<\/strong><\/p>\n\n\n\n<p class=\"is-style-com_titular_5 has-taronja-ared-color has-text-color has-link-color has-medium-font-size wp-elements-443013ae9ca0519ed82f017e0ddf8fb4\">CURSO DE MA\u00d1ANAS<\/p>\n\n\n\n<p class=\"is-style-com_titular_5 has-gris-ared-color has-text-color has-link-color has-medium-font-size wp-elements-e7ece4e055701fea4c6a37454455463a\">Inicio: julio de 2026<\/p>\n\n\n\n<p class=\"is-style-com_titular_5 has-gris-ared-color has-text-color has-link-color has-medium-font-size wp-elements-2c242b74fa50422c9f65d372f6ad938b\"><strong>Lunes a viernes de 9:30 ha 14:30 h<\/strong> <\/p>\n\n\n\n<p class=\"is-style-com_titular_5 has-taronja-ared-color has-text-color has-link-color has-medium-font-size wp-elements-ad58015a4a1df59913e7f5ae4fd33f74\">CURSO DE TARDES<\/p>\n\n\n\n<p class=\"is-style-com_titular_5 has-gris-ared-color has-text-color has-link-color has-medium-font-size wp-elements-e7ece4e055701fea4c6a37454455463a\">Inicio: julio de 2026<\/p>\n\n\n\n<p class=\"is-style-com_titular_5 has-gris-ared-color has-text-color has-link-color has-medium-font-size wp-elements-a372907bde25a353127819cb8822bfc3\">Lunes a viernes de <strong>15h a 20h<\/strong><\/p>\n<\/div>\n\n\n\n<div class=\"wp-block-column is-layout-flow wp-block-column-is-layout-flow\" style=\"flex-basis:33.34%\">\n<figure class=\"wp-block-image size-full is-resized\"><img loading=\"lazy\" decoding=\"async\" width=\"1080\" height=\"1080\" src=\"https:\/\/www.fundacioared.org\/wp-content\/uploads\/Dones-Ared-5-2.png\" alt=\"\" class=\"wp-image-936\" style=\"width:65px;height:auto\" srcset=\"https:\/\/www.fundacioared.org\/wp-content\/uploads\/Dones-Ared-5-2.png 1080w, https:\/\/www.fundacioared.org\/wp-content\/uploads\/Dones-Ared-5-2-300x300.png 300w, https:\/\/www.fundacioared.org\/wp-content\/uploads\/Dones-Ared-5-2-1024x1024.png 1024w, https:\/\/www.fundacioared.org\/wp-content\/uploads\/Dones-Ared-5-2-150x150.png 150w, https:\/\/www.fundacioared.org\/wp-content\/uploads\/Dones-Ared-5-2-768x768.png 768w, https:\/\/www.fundacioared.org\/wp-content\/uploads\/Dones-Ared-5-2-600x600.png 600w, https:\/\/www.fundacioared.org\/wp-content\/uploads\/Dones-Ared-5-2-340x340.png 340w, https:\/\/www.fundacioared.org\/wp-content\/uploads\/Dones-Ared-5-2-140x140.png 140w\" sizes=\"auto, (max-width: 1080px) 100vw, 1080px\" \/><\/figure>\n\n\n\n<p class=\"is-style-com_titular_5 has-taronja-ared-color has-text-color has-link-color wp-elements-9181bcac10049fd0bf6817bebbea7c30\"><strong>Salidas profesionales<\/strong><\/p>\n\n\n\n<p class=\"is-style-com_titular_5 has-gris-ared-color has-text-color has-link-color has-medium-font-size wp-elements-57077ccb3818890406ddf7494b398964\">Atenci\u00f3n y acompa\u00f1amiento a personas dependientes en residencias, domicilios, centros de d\u00eda&#8230;<\/p>\n<\/div>\n<\/div>\n<\/div>\n\n<div class=\"wp-block-cover wp-duotone-unset-1\"><img loading=\"lazy\" decoding=\"async\" width=\"2500\" height=\"1139\" class=\"wp-block-cover__image-background wp-image-923\" alt=\"\" src=\"https:\/\/www.fundacioared.org\/wp-content\/uploads\/Diseno-sin-titulo-7-1.jpg\" data-object-fit=\"cover\" srcset=\"https:\/\/www.fundacioared.org\/wp-content\/uploads\/Diseno-sin-titulo-7-1.jpg 2500w, https:\/\/www.fundacioared.org\/wp-content\/uploads\/Diseno-sin-titulo-7-1-300x137.jpg 300w, https:\/\/www.fundacioared.org\/wp-content\/uploads\/Diseno-sin-titulo-7-1-1024x467.jpg 1024w, https:\/\/www.fundacioared.org\/wp-content\/uploads\/Diseno-sin-titulo-7-1-768x350.jpg 768w, https:\/\/www.fundacioared.org\/wp-content\/uploads\/Diseno-sin-titulo-7-1-1536x700.jpg 1536w, https:\/\/www.fundacioared.org\/wp-content\/uploads\/Diseno-sin-titulo-7-1-2048x933.jpg 2048w, https:\/\/www.fundacioared.org\/wp-content\/uploads\/Diseno-sin-titulo-7-1-340x155.jpg 340w, https:\/\/www.fundacioared.org\/wp-content\/uploads\/Diseno-sin-titulo-7-1-140x64.jpg 140w\" sizes=\"auto, (max-width: 2500px) 100vw, 2500px\" \/><span aria-hidden=\"true\" class=\"wp-block-cover__background has-gris-ared-background-color has-background-dim-80 has-background-dim\"><\/span><div class=\"wp-block-cover__inner-container is-layout-flow wp-block-cover-is-layout-flow\">\n<div class=\"wp-block-ared-marges maq-contenidor normal marge-superior-gran marge-inferior-gran\" data-aos=\"off\" data-aos-delay=\"aos_delay\">\n<p class=\"has-text-align-center is-style-com_titular_3 has-blanc-color has-text-color has-link-color wp-elements-67487f81920afd89d440454a39b64911\">Calendario e inscripciones<\/p>\n\n\n\n<div class=\"wp-block-columns is-layout-flex wp-container-core-columns-is-layout-9d6595d7 wp-block-columns-is-layout-flex\">\n<div class=\"wp-block-column is-vertically-aligned-top is-layout-flow wp-block-column-is-layout-flow\" style=\"flex-basis:40%\">\n<figure class=\"wp-block-image alignright size-thumbnail is-resized\"><img loading=\"lazy\" decoding=\"async\" width=\"150\" height=\"150\" src=\"https:\/\/www.fundacioared.org\/wp-content\/uploads\/Icones-05-150x150.png\" alt=\"\" class=\"wp-image-396\" style=\"width:130px;height:auto\"\/><\/figure>\n<\/div>\n\n\n\n<div class=\"wp-block-column is-layout-flow wp-block-column-is-layout-flow\" style=\"flex-basis:60%\">\n<p class=\"is-style-com_titular_4 has-blanc-color has-text-color has-link-color wp-elements-d79e8bb8c39a0f7a29062902b5e0577d\">Empieza en julio de 2026<\/p>\n\n\n\n<p class=\"is-style-com_titular_4 has-blanc-color has-text-color has-link-color wp-elements-6213655b3439ccd25b41a8e5f0544563\">Termina en diciembre de 2026<\/p>\n\n\n\n<p class=\"is-style-com_titular_4 has-blanc-color has-text-color has-link-color wp-elements-c2d0046d045b87cdf55928c8d02e079b\">Horario de ma\u00f1anas o tardes<\/p>\n<\/div>\n<\/div>\n<\/div>\n<\/div><\/div>\n\n<div class=\"wp-block-ared-marges maq-contenidor normal marge-superior-petit marge-inferior-petit\" data-aos=\"off\" data-aos-delay=\"aos_delay\">\n<div class=\"wp-block-columns is-layout-flex wp-container-core-columns-is-layout-9d6595d7 wp-block-columns-is-layout-flex\">\n<div class=\"wp-block-column is-layout-flow wp-block-column-is-layout-flow\" style=\"flex-basis:33.34%\">\n<figure class=\"wp-block-image size-full is-resized\"><img loading=\"lazy\" decoding=\"async\" width=\"1080\" height=\"1080\" src=\"https:\/\/www.fundacioared.org\/wp-content\/uploads\/Dones-Ared-3.png\" alt=\"\" class=\"wp-image-847\" style=\"width:80px;height:auto\" srcset=\"https:\/\/www.fundacioared.org\/wp-content\/uploads\/Dones-Ared-3.png 1080w, https:\/\/www.fundacioared.org\/wp-content\/uploads\/Dones-Ared-3-300x300.png 300w, https:\/\/www.fundacioared.org\/wp-content\/uploads\/Dones-Ared-3-1024x1024.png 1024w, https:\/\/www.fundacioared.org\/wp-content\/uploads\/Dones-Ared-3-150x150.png 150w, https:\/\/www.fundacioared.org\/wp-content\/uploads\/Dones-Ared-3-768x768.png 768w, https:\/\/www.fundacioared.org\/wp-content\/uploads\/Dones-Ared-3-600x600.png 600w, https:\/\/www.fundacioared.org\/wp-content\/uploads\/Dones-Ared-3-340x340.png 340w, https:\/\/www.fundacioared.org\/wp-content\/uploads\/Dones-Ared-3-140x140.png 140w\" sizes=\"auto, (max-width: 1080px) 100vw, 1080px\" \/><\/figure>\n\n\n\n<p class=\"is-style-com_titular_5 has-taronja-ared-color has-text-color has-link-color wp-elements-74f8e0d840fb1241666ebd27845a9b28\"><strong>Elisa Obispo<\/strong><\/p>\n\n\n\n<p class=\"is-style-default has-gris-ared-color has-text-color has-link-color has-medium-font-size wp-elements-3e038c2bb0dd6810a4f1a351f6c6aaf7\"><em>Recomiendo sus servicios puesto que son verdaderos profesionales en todos los sentidos. Se enfocan en proporcionar un trato humano y respetuoso a las personas. <\/em><\/p>\n<\/div>\n\n\n\n<div class=\"wp-block-column is-layout-flow wp-block-column-is-layout-flow\" style=\"flex-basis:33.34%\">\n<figure class=\"wp-block-image size-full is-resized\"><img loading=\"lazy\" decoding=\"async\" width=\"1080\" height=\"1080\" src=\"https:\/\/www.fundacioared.org\/wp-content\/uploads\/Dones-Ared-3.png\" alt=\"\" class=\"wp-image-847\" style=\"width:80px;height:auto\" srcset=\"https:\/\/www.fundacioared.org\/wp-content\/uploads\/Dones-Ared-3.png 1080w, https:\/\/www.fundacioared.org\/wp-content\/uploads\/Dones-Ared-3-300x300.png 300w, https:\/\/www.fundacioared.org\/wp-content\/uploads\/Dones-Ared-3-1024x1024.png 1024w, https:\/\/www.fundacioared.org\/wp-content\/uploads\/Dones-Ared-3-150x150.png 150w, https:\/\/www.fundacioared.org\/wp-content\/uploads\/Dones-Ared-3-768x768.png 768w, https:\/\/www.fundacioared.org\/wp-content\/uploads\/Dones-Ared-3-600x600.png 600w, https:\/\/www.fundacioared.org\/wp-content\/uploads\/Dones-Ared-3-340x340.png 340w, https:\/\/www.fundacioared.org\/wp-content\/uploads\/Dones-Ared-3-140x140.png 140w\" sizes=\"auto, (max-width: 1080px) 100vw, 1080px\" \/><\/figure>\n\n\n\n<p class=\"is-style-com_titular_5 has-taronja-ared-color has-text-color has-link-color wp-elements-783b47576ee53006b65d2a6bccf9a6cc\"><strong>Lesly Celina<\/strong><\/p>\n\n\n\n<p class=\"is-style-default has-gris-ared-color has-text-color has-link-color has-medium-font-size wp-elements-1dfce4992e39094b67aa6359d8c52380\"><em>Como alumna de Sociosanitario de Ared estoy muy contenta con la Fundaci\u00f3n para darme la oportunidad de estudiar y estoy agradecida con los profesores por el tiempo y la paciencia, a m\u00ed me ayudaron mucho a la formaci\u00f3n. Ared es una excelente Fundaci\u00f3n, la recomiendo. <br\/><br\/><\/em><br\/><\/p>\n<\/div>\n\n\n\n<div class=\"wp-block-column is-layout-flow wp-block-column-is-layout-flow\" style=\"flex-basis:33.34%\">\n<figure class=\"wp-block-image size-full is-resized\"><img loading=\"lazy\" decoding=\"async\" width=\"1080\" height=\"1080\" src=\"https:\/\/www.fundacioared.org\/wp-content\/uploads\/Dones-Ared-3.png\" alt=\"\" class=\"wp-image-847\" style=\"width:80px;height:auto\" srcset=\"https:\/\/www.fundacioared.org\/wp-content\/uploads\/Dones-Ared-3.png 1080w, https:\/\/www.fundacioared.org\/wp-content\/uploads\/Dones-Ared-3-300x300.png 300w, https:\/\/www.fundacioared.org\/wp-content\/uploads\/Dones-Ared-3-1024x1024.png 1024w, https:\/\/www.fundacioared.org\/wp-content\/uploads\/Dones-Ared-3-150x150.png 150w, https:\/\/www.fundacioared.org\/wp-content\/uploads\/Dones-Ared-3-768x768.png 768w, https:\/\/www.fundacioared.org\/wp-content\/uploads\/Dones-Ared-3-600x600.png 600w, https:\/\/www.fundacioared.org\/wp-content\/uploads\/Dones-Ared-3-340x340.png 340w, https:\/\/www.fundacioared.org\/wp-content\/uploads\/Dones-Ared-3-140x140.png 140w\" sizes=\"auto, (max-width: 1080px) 100vw, 1080px\" \/><\/figure>\n\n\n\n<p class=\"is-style-com_titular_5 has-taronja-ared-color has-text-color has-link-color wp-elements-bcc2c644b456024e52d643fb528ea0cd\"><strong>Mari Carmen Casta\u00f1o<\/strong><\/p>\n\n\n\n<p class=\"is-style-default has-gris-ared-color has-text-color has-link-color has-medium-font-size wp-elements-87c16950d5da1266d68a51ea42177c29\"><em>Para m\u00ed la experiencia ha sido maravillosa, he aprendido muchas cosas, he conocido a gente encantadora y, sobre todo, me he sentido muy acogida. Estoy muy agradecida a los educadores ya los profesores, son personas excelentes. las gracias por haber hecho que el curso me fuera tan bien y por estos ratos tan buenos que hemos pasado. Lo recomiendo 100&#215;100, gracias por todo.   <\/em><br\/><\/p>\n<\/div>\n<\/div>\n<\/div>\n\n<div class=\"wp-block-cover is-light\"><span aria-hidden=\"true\" class=\"wp-block-cover__background has-beige-ared-background-color has-background-dim-100 has-background-dim\"><\/span><div class=\"wp-block-cover__inner-container is-layout-constrained wp-block-cover-is-layout-constrained\">\n<div class=\"wp-block-ared-marges maq-contenidor normal marge-superior-petit marge-inferior-\" data-aos=\"off\" data-aos-delay=\"aos_delay\">\n<p class=\"has-text-align-center is-style-com_titular_4 has-taronja-ared-color has-text-color has-link-color wp-elements-5d07823631ca6f25c4b39ce1a93f4cd5\">\u00bfEst\u00e1s interesado\/a en un curso o en una formaci\u00f3n?<\/p>\n\n\n\n<p class=\"has-text-align-center is-style-com_titular_3\">\u00a1Inf\u00f3rmate del curso que te interesa!<\/p>\n\n\n\n<p class=\"has-text-align-center\"><strong>Env\u00eda tus datos.<\/strong>  Recibir\u00e1s informaci\u00f3n de este programa y de otros que te puedan interesar del Servicio de Ocupaci\u00f3n de Catalu\u00f1a<\/p>\n<\/div>\n\n\n\n<div class=\"wp-block-ared-marges maq-contenidor estreta marge-superior-petit marge-inferior-petit\" data-aos=\"off\" data-aos-delay=\"aos_delay\"><div class=\"wpforms-container wpforms-container-full\" id=\"wpforms-2933\"><form id=\"wpforms-form-2933\" class=\"wpforms-validate wpforms-form\" data-formid=\"2933\" method=\"post\" enctype=\"multipart\/form-data\" action=\"\/es\/wp-json\/wp\/v2\/oferta-formativa\/4716\" data-token=\"1a9cced685ca698a3aaaad47025a86cc\" data-token-time=\"1777354855\"><noscript class=\"wpforms-error-noscript\">Por favor, activa JavaScript en tu navegador para completar este formulario.<\/noscript><div class=\"wpforms-field-container\"><div id=\"wpforms-2933-field_2-container\" class=\"wpforms-field wpforms-field-select wpforms-field-select-style-classic\" data-field-id=\"2\"><label class=\"wpforms-field-label\" for=\"wpforms-2933-field_2\">Selecciona un curso <span class=\"wpforms-required-label\">*<\/span><\/label><select id=\"wpforms-2933-field_2\" class=\"wpforms-field-large wpforms-field-required\" name=\"wpforms[fields][2]\" required=\"required\"><option value=\"\" class=\"placeholder\" disabled  selected='selected'>Selecciona un curso *<\/option><option value=\"Certificado Profesional de Cocina\"  class=\"choice-1 depth-1\"  >Certificado Profesional de Cocina<\/option><option value=\"Certificado Profesional de Confecci\u00f3n\"  class=\"choice-4 depth-1\"  >Certificado Profesional de Confecci\u00f3n<\/option><option value=\"Certificado Profesional de Atenci\u00f3n Sociosanitaria\"  class=\"choice-5 depth-1\"  >Certificado Profesional de Atenci\u00f3n Sociosanitaria<\/option><\/select><\/div><div id=\"wpforms-2933-field_1-container\" class=\"wpforms-field wpforms-field-name\" data-field-id=\"1\"><label class=\"wpforms-field-label\" for=\"wpforms-2933-field_1\">Nombre y apellido <span class=\"wpforms-required-label\">*<\/span><\/label><input type=\"text\" id=\"wpforms-2933-field_1\" class=\"wpforms-field-large wpforms-field-required\" name=\"wpforms[fields][1]\" placeholder=\"Nombre y apellido\" required><\/div><div id=\"wpforms-2933-field_3-container\" class=\"wpforms-field wpforms-field-email wpforms-one-half wpforms-first wpforms-mobile-full floating\" data-field-id=\"3\"><label class=\"wpforms-field-label\" for=\"wpforms-2933-field_3\">Correo electr\u00f3nico <span class=\"wpforms-required-label\">*<\/span><\/label><input type=\"email\" id=\"wpforms-2933-field_3\" class=\"wpforms-field-large wpforms-field-required\" name=\"wpforms[fields][3]\" placeholder=\"Correo electr\u00f3nico *\" spellcheck=\"false\" required><\/div><div id=\"wpforms-2933-field_4-container\" class=\"wpforms-field wpforms-field-phone wpforms-one-half wpforms-mobile-full floating\" data-field-id=\"4\"><label class=\"wpforms-field-label\" for=\"wpforms-2933-field_4\">Tel\u00e9fono <span class=\"wpforms-required-label\">*<\/span><\/label><input type=\"tel\" id=\"wpforms-2933-field_4\" class=\"wpforms-field-large wpforms-field-required wpforms-smart-phone-field\" data-rule-smart-phone-field=\"true\" name=\"wpforms[fields][4]\" placeholder=\"Tel\u00e9fono *\" aria-label=\"Tel\u00e9fono\" required><\/div><div id=\"wpforms-2933-field_5-container\" class=\"wpforms-field wpforms-field-checkbox wpforms-mobile-full\" data-field-id=\"5\"><label class=\"wpforms-field-label wpforms-label-hide\">Checkboxes <span class=\"wpforms-required-label\">*<\/span><\/label><ul id=\"wpforms-2933-field_5\" class=\"wpforms-field-required\"><li class=\"choice-1 depth-1\"><input type=\"checkbox\" id=\"wpforms-2933-field_5_1\" name=\"wpforms[fields][5][]\" value=\"He le\u00eddo y acepto la &lt;a href=&quot;https:\/\/www.fundacioared.org\/es\/politica-de-privacidad\/&quot;&gt;Pol\u00edtica de privacidad&lt;\/a&gt;\" required ><label class=\"wpforms-field-label-inline\" for=\"wpforms-2933-field_5_1\">He le\u00eddo y acepto la <a href=\"https:\/\/www.fundacioared.org\/es\/politica-de-privacidad\/\">Pol\u00edtica de privacidad<\/a><\/label><\/li><\/ul><\/div><div id=\"wpforms-2933-field_7-container\" class=\"wpforms-field wpforms-field-html\" data-field-id=\"7\"><div id=\"wpforms-2933-field_7\"><p style=\"color:#3e4952;font-size:10px;line-height:1.3em;\">INFORMACI\u00d3N B\u00c1SICA DE PROTECCI\u00d3N DE DATOS: En cumplimiento del deber de informar a los interesados \u200b\u200bde las circunstancias y condiciones del tratamiento de sus datos y de los derechos que le asisten, ponemos a su disposici\u00f3n la siguiente informaci\u00f3n. INFORMACI\u00d3N B\u00c1SICA SOBRE PROTECCI\u00d3N DE DATOS\n RESPONSABLE DEL TRATAMIENTO. Responsable: Fundaci\u00f3n Privada Ared. CIF: G62728183 Dir.\n FINALIDAD. Gestionar su consulta\/petici\u00f3n y dar una respuesta a la misma.\n LEGITIMACI\u00d3N. Su consentimiento.\n DESTINATARIOS. Los datos no se ceder\u00e1n a terceros salvo en los casos en los que exista una obligaci\u00f3n legal o comunicaci\u00f3n necesaria para dar contestaci\u00f3n a su consulta.\n DERECHOS. Puede ejercer sus derechos a acceder, rectificar, oponerse, limitar, llevar y suprimir los datos ante el responsable del tratamiento; adem\u00e1s de acudir a la autoridad de control competente (AEPD). INFORMACI\u00d3N ADICIONAL. Puede consultar la informaci\u00f3n adicional sobre el tratamiento de sus datos personales <a href=\"https:\/\/www.fundacioared.org\/es\/politica-de-privacidad\/\">aqu\u00ed<\/a> .\n\n       \n <\/p><\/div><\/div><\/div><!-- .wpforms-field-container --><div class=\"wpforms-submit-container\" ><input type=\"hidden\" name=\"wpforms[id]\" value=\"2933\"><input type=\"hidden\" name=\"page_title\" value=\"\"><input type=\"hidden\" name=\"page_url\" value=\"https:\/\/www.fundacioared.org\/es\/wp-json\/wp\/v2\/oferta-formativa\/4716\"><input type=\"hidden\" name=\"url_referer\" value=\"\"><button type=\"submit\" name=\"wpforms[submit]\" id=\"wpforms-submit-2933\" class=\"wpforms-submit form-button wpforms-mobile-full\" data-alt-text=\"Enviando...\" data-submit-text=\"Enviar\" aria-live=\"assertive\" value=\"wpforms-submit\">Enviar<\/button><\/div><\/form><\/div>  <!-- .wpforms-container -->\n<\/div>\n<\/div><\/div>\n\n<div class=\"wp-block-ared-cabecera mod-cabecera\"><div class=\"slider\"><\/div><\/div>\n\n<div class=\"wp-block-ared-marges maq-contenidor estreta marge-superior-petit marge-inferior-petit\" data-aos=\"off\" data-aos-delay=\"aos_delay\">\n<div class=\"wp-block-columns is-layout-flex wp-container-core-columns-is-layout-9d6595d7 wp-block-columns-is-layout-flex\">\n<div class=\"wp-block-column is-layout-flow wp-block-column-is-layout-flow\">\n<p class=\"is-style-default\">Esta actuaci\u00f3n est\u00e1 impulsada y subvencionada por el Servicio P\u00fablico de Empleo de Catalu\u00f1a (SOC) con fondos recibidos del Ministerio de Educaci\u00f3n, Formaci\u00f3n Profesional y Deportes.<\/p>\n<\/div>\n<\/div>\n<\/div>\n\n<div class=\"wp-block-ared-marges maq-contenidor normal marge-superior- marge-inferior-\" data-aos=\"off\" data-aos-delay=\"aos_delay\">\n<div class=\"wp-block-columns is-layout-flex wp-container-core-columns-is-layout-9d6595d7 wp-block-columns-is-layout-flex\">\n<div class=\"wp-block-column is-vertically-aligned-center is-layout-flow wp-block-column-is-layout-flow\" style=\"flex-basis:25%\">\n<figure class=\"wp-block-image size-full\"><img loading=\"lazy\" decoding=\"async\" width=\"400\" height=\"150\" src=\"https:\/\/www.fundacioared.org\/wp-content\/uploads\/Logo-SOC.jpg\" alt=\"\" class=\"wp-image-348\" srcset=\"https:\/\/www.fundacioared.org\/wp-content\/uploads\/Logo-SOC.jpg 400w, https:\/\/www.fundacioared.org\/wp-content\/uploads\/Logo-SOC-300x113.jpg 300w, https:\/\/www.fundacioared.org\/wp-content\/uploads\/Logo-SOC-340x128.jpg 340w, https:\/\/www.fundacioared.org\/wp-content\/uploads\/Logo-SOC-140x53.jpg 140w\" sizes=\"auto, (max-width: 400px) 100vw, 400px\" \/><\/figure>\n<\/div>\n\n\n\n<div class=\"wp-block-column is-vertically-aligned-center is-layout-flow wp-block-column-is-layout-flow\" style=\"flex-basis:25%\">\n<figure class=\"wp-block-image size-full\"><img loading=\"lazy\" decoding=\"async\" width=\"400\" height=\"150\" src=\"https:\/\/www.fundacioared.org\/wp-content\/uploads\/Logo-Generalitat.jpg\" alt=\"\" class=\"wp-image-345\" srcset=\"https:\/\/www.fundacioared.org\/wp-content\/uploads\/Logo-Generalitat.jpg 400w, https:\/\/www.fundacioared.org\/wp-content\/uploads\/Logo-Generalitat-300x113.jpg 300w, https:\/\/www.fundacioared.org\/wp-content\/uploads\/Logo-Generalitat-340x128.jpg 340w, https:\/\/www.fundacioared.org\/wp-content\/uploads\/Logo-Generalitat-140x53.jpg 140w\" sizes=\"auto, (max-width: 400px) 100vw, 400px\" \/><\/figure>\n<\/div>\n\n\n\n<div class=\"wp-block-column is-vertically-aligned-center is-layout-flow wp-block-column-is-layout-flow\" style=\"flex-basis:25%\">\n<figure class=\"wp-block-image size-full\"><img loading=\"lazy\" decoding=\"async\" width=\"400\" height=\"150\" src=\"https:\/\/www.fundacioared.org\/wp-content\/uploads\/Logo-Ministerio.jpg\" alt=\"\" class=\"wp-image-346\" srcset=\"https:\/\/www.fundacioared.org\/wp-content\/uploads\/Logo-Ministerio.jpg 400w, https:\/\/www.fundacioared.org\/wp-content\/uploads\/Logo-Ministerio-300x113.jpg 300w, https:\/\/www.fundacioared.org\/wp-content\/uploads\/Logo-Ministerio-340x128.jpg 340w, https:\/\/www.fundacioared.org\/wp-content\/uploads\/Logo-Ministerio-140x53.jpg 140w\" sizes=\"auto, (max-width: 400px) 100vw, 400px\" \/><\/figure>\n<\/div>\n\n\n\n<div class=\"wp-block-column is-vertically-aligned-center is-layout-flow wp-block-column-is-layout-flow\" style=\"flex-basis:25%\"><\/div>\n<\/div>\n<\/div>\n","protected":false},"excerpt":{"rendered":"<p>Inicio: julio de 2026<\/br> Finaliza: diciembre de 2026<\/p>\n","protected":false},"featured_media":3990,"template":"","class_list":["post-4716","oferta-formativa","type-oferta-formativa","status-publish","has-post-thumbnail","hentry"],"acf":[],"_links":{"self":[{"href":"https:\/\/www.fundacioared.org\/es\/wp-json\/wp\/v2\/oferta-formativa\/4716","targetHints":{"allow":["GET"]}}],"collection":[{"href":"https:\/\/www.fundacioared.org\/es\/wp-json\/wp\/v2\/oferta-formativa"}],"about":[{"href":"https:\/\/www.fundacioared.org\/es\/wp-json\/wp\/v2\/types\/oferta-formativa"}],"version-history":[{"count":23,"href":"https:\/\/www.fundacioared.org\/es\/wp-json\/wp\/v2\/oferta-formativa\/4716\/revisions"}],"predecessor-version":[{"id":6243,"href":"https:\/\/www.fundacioared.org\/es\/wp-json\/wp\/v2\/oferta-formativa\/4716\/revisions\/6243"}],"wp:featuredmedia":[{"embeddable":true,"href":"https:\/\/www.fundacioared.org\/es\/wp-json\/wp\/v2\/media\/3990"}],"wp:attachment":[{"href":"https:\/\/www.fundacioared.org\/es\/wp-json\/wp\/v2\/media?parent=4716"}],"curies":[{"name":"wp","href":"https:\/\/api.w.org\/{rel}","templated":true}]}}