{"id":4618,"date":"2024-07-18T07:44:13","date_gmt":"2024-07-18T05:44:13","guid":{"rendered":"https:\/\/www.fundacioared.org\/inicio\/"},"modified":"2026-02-09T16:39:05","modified_gmt":"2026-02-09T15:39:05","slug":"inicio","status":"publish","type":"page","link":"https:\/\/www.fundacioared.org\/es\/","title":{"rendered":"Inicio"},"content":{"rendered":"\n<div class=\"wp-block-ared-cabecera-ared mod-cabecera-ared\"><div class=\"inner\">\n<div class=\"wp-block-ared-cabecera mod-cabecera\"><div class=\"slider\">\n<div class=\"wp-block-ared-cabecera-interior slide\"><div class=\"image\" style=\"background-image:url(https:\/\/www.fundacioared.org\/wp-content\/uploads\/1_Slider-General-1.jpg)\"><div class=\"text maq-contenidor\">\n<p class=\"is-style-com_titular_3 has-blanc-color has-text-color has-link-color wp-elements-aae44fe2c555f448ad8519a48a08c1e9\"><strong>30 a\u00f1os creyendo<\/strong><br><strong>en las nuevas oportunidades<\/strong><br><strong>y transformando vidas<\/strong><\/p>\n\n\n\n<p class=\"has-blanc-color has-text-color has-link-color wp-elements-8ebd57f8afa84592c8e7c5ab76d9d476\">+ de 18.000 personas acompa\u00f1adas<br>+ de 6.900 inserciones laborales<br>+ de 3.000 personas formadas<\/p>\n\n\n\n<div class=\"wp-block-buttons is-layout-flex wp-block-buttons-is-layout-flex\">\n<div class=\"wp-block-button is-style-blanc-gris\"><a class=\"wp-block-button__link wp-element-button\" href=\"https:\/\/www.fundacioared.org\/es\/mision\/\">Saber m\u00e1s<\/a><\/div>\n<\/div>\n<\/div><\/div><\/div>\n\n\n\n<div class=\"wp-block-ared-cabecera-interior slide\"><div class=\"image\" style=\"background-image:url(https:\/\/www.fundacioared.org\/wp-content\/uploads\/Slider-2_Formacio-1.jpg)\"><div class=\"text maq-contenidor\">\n<p class=\"is-style-com_titular_3 has-blanc-color has-text-color has-link-color wp-elements-e9aeb6a6a0529082058c3ea8a81be1ac\"><strong>Formamos para impulsar<\/strong><br><strong>la autonom\u00eda y formar<\/strong><br><strong>las mejores profesionales<\/strong><\/p>\n\n\n\n<p class=\"has-blanc-color has-text-color has-link-color wp-elements-4723b3ecab7399935df424d695605ee8\">Certificados Homologados en Cocina, Retoques textiles y Atenci\u00f3n Sociosanitaria a personas dependientes<\/p>\n\n\n\n<div class=\"wp-block-buttons is-layout-flex wp-block-buttons-is-layout-flex\">\n<div class=\"wp-block-button is-style-blanc-gris\"><a class=\"wp-block-button__link wp-element-button\" href=\"https:\/\/www.fundacioared.org\/es\/formacion\/\">Saber m\u00e1s<\/a><\/div>\n<\/div>\n<\/div><\/div><\/div>\n\n\n\n<div class=\"wp-block-ared-cabecera-interior slide\"><div class=\"image\" style=\"background-image:url(https:\/\/www.fundacioared.org\/wp-content\/uploads\/Slider-3_Confeccio-1.jpg)\"><div class=\"text maq-contenidor\">\n<p class=\"is-style-com_titular_3 has-blanc-color has-text-color has-link-color wp-elements-37d71e9232294c00115ca1583a80bba3\"><strong>Productos con alma<\/strong><br><strong>por empresas responsables<\/strong><\/p>\n\n\n\n<p class=\"has-white-color has-text-color has-link-color wp-elements-fde993174585dcaa547c7816d57fcca5\">Ofrecemos servicios profesionales Confecci\u00f3n que generan nuevas oportunidades laborales<br>para personas en situaci\u00f3n de vulnerabilidad<\/p>\n\n\n\n<div class=\"wp-block-buttons is-layout-flex wp-block-buttons-is-layout-flex\">\n<div class=\"wp-block-button is-style-blanc-gris\"><a class=\"wp-block-button__link wp-element-button\" href=\"https:\/\/www.fundacioared.org\/es\/confeccion-ared\/\">Saber m\u00e1s<\/a><\/div>\n<\/div>\n<\/div><\/div><\/div>\n\n\n\n<div class=\"wp-block-ared-cabecera-interior slide\"><div class=\"image\" style=\"background-image:url(https:\/\/www.fundacioared.org\/wp-content\/uploads\/25-NOVEMBRE-14.jpg)\"><div class=\"text maq-contenidor\">\n<p class=\"is-style-com_titular_3 has-blanc-color has-text-color has-link-color wp-elements-08b4388de1997c469a26eef0ca85d96f\"><strong>Catering profesional<\/strong><br>con impacto social<\/p>\n\n\n\n<p class=\"has-white-color has-text-color has-link-color wp-elements-f274189adfe4dd8a21bfc9040a7da138\">Nuestros servicios de Catering a medida transforman la vida de<br>las personas que trabajan en nuestra empresa de inserci\u00f3n<\/p>\n\n\n\n<div class=\"wp-block-buttons is-layout-flex wp-block-buttons-is-layout-flex\">\n<div class=\"wp-block-button is-style-blanc-gris\"><a class=\"wp-block-button__link wp-element-button\" href=\"https:\/\/www.fundacioared.org\/es\/catering-ared\/\">Saber m\u00e1s<\/a><\/div>\n<\/div>\n<\/div><\/div><\/div>\n\n\n\n<div class=\"wp-block-ared-cabecera-interior slide\"><div class=\"image\" style=\"background-image:url(https:\/\/www.fundacioared.org\/wp-content\/uploads\/25-NOVEMBRE-29.jpg)\"><div class=\"text maq-contenidor\">\n<p class=\"is-style-com_titular_3 has-blanc-color has-text-color has-link-color wp-elements-3f9bee8a7bdb7b4b66f1f80762cfcdaf\">Impacto y<br> transparencia<\/p>\n\n\n\n<p class=\"has-white-color has-text-color has-link-color wp-elements-4c2bc15f51880d06f24b791e8edd5c3a\">Medimos el impacto econ\u00f3mico que la nuestra<br> tarea tiene en la sociedad<\/p>\n\n\n\n<div class=\"wp-block-buttons is-layout-flex wp-block-buttons-is-layout-flex\">\n<div class=\"wp-block-button is-style-blanc-gris\"><a class=\"wp-block-button__link wp-element-button\" href=\"https:\/\/www.fundacioared.org\/es\/impacto-y-transparencia-nuestro-compromiso\/\" target=\"_blank\" rel=\"noreferrer noopener\">Saber m\u00e1s<\/a><\/div>\n<\/div>\n<\/div><\/div><\/div>\n<\/div><\/div>\n\n\n\n<div class=\"wp-block-ared-marges maq-contenidor estreta marge-superior-petit marge-inferior-gran\" data-aos=\"off\" data-aos-delay=\"aos_delay\">\n<p class=\"is-style-com_titular_3\"><strong>Creemos en las nuevas oportunidades para transformar vidas<\/strong><\/p>\n\n\n\n<p>Acompa\u00f1amos a mujeres en situaci\u00f3n de vulnerabilidad para conseguir su plena integraci\u00f3n sociolaboral, efectiva y duradera.<\/p>\n\n\n\n<p>Lo hacemos mejorando su autonom\u00eda y bienestar emocional, a trav\u00e9s de formaci\u00f3n y, de acompa\u00f1amiento integral para lograr su incorporaci\u00f3n al mercado laboral.<\/p>\n\n\n\n<div class=\"wp-block-buttons is-content-justification-right is-layout-flex wp-container-core-buttons-is-layout-765c4724 wp-block-buttons-is-layout-flex\">\n<div class=\"wp-block-button is-style-taronja-gris\"><a class=\"wp-block-button__link wp-element-button\" href=\"https:\/\/www.fundacioared.org\/es\/mision\/\">Saber m\u00e1s<\/a><\/div>\n<\/div>\n<\/div>\n<\/div><\/div>\n\n\n\n<div class=\"wp-block-columns dos-cols-amb-icones is-layout-flex wp-container-core-columns-is-layout-9d6595d7 wp-block-columns-is-layout-flex\">\n<div class=\"wp-block-column is-layout-flow wp-block-column-is-layout-flow\">\n<div class=\"wp-block-ared-marges maq-contenidor normal marge-superior- marge-inferior- fites\" data-aos=\"off\" data-aos-delay=\"aos_delay\">\n<h2 class=\"wp-block-heading\">Nuestro impacto anual<\/h2>\n\n\n\n<p class=\"is-style-com_titular_5 has-taronja-ared-color has-text-color has-link-color wp-elements-ad20ac2216dd3044f02690d321343f4c\"><\/p>\n\n\n\n<p><\/p>\n\n\n\n<div style=\"height:8px\" aria-hidden=\"true\" class=\"wp-block-spacer\"><\/div>\n\n\n\n<div class=\"wp-block-columns ipad-3-cols is-layout-flex wp-container-core-columns-is-layout-9d6595d7 wp-block-columns-is-layout-flex\">\n<div class=\"wp-block-column is-layout-flow wp-block-column-is-layout-flow\">\n<figure class=\"wp-block-image aligncenter size-full is-resized\"><img loading=\"lazy\" decoding=\"async\" width=\"1080\" height=\"1080\" src=\"https:\/\/www.fundacioared.org\/wp-content\/uploads\/1_Icono-Personas-Acompanadas.png\" alt=\"\" class=\"wp-image-2541\" style=\"width:70px\" srcset=\"https:\/\/www.fundacioared.org\/wp-content\/uploads\/1_Icono-Personas-Acompanadas.png 1080w, https:\/\/www.fundacioared.org\/wp-content\/uploads\/1_Icono-Personas-Acompanadas-300x300.png 300w, https:\/\/www.fundacioared.org\/wp-content\/uploads\/1_Icono-Personas-Acompanadas-1024x1024.png 1024w, https:\/\/www.fundacioared.org\/wp-content\/uploads\/1_Icono-Personas-Acompanadas-150x150.png 150w, https:\/\/www.fundacioared.org\/wp-content\/uploads\/1_Icono-Personas-Acompanadas-768x768.png 768w, https:\/\/www.fundacioared.org\/wp-content\/uploads\/1_Icono-Personas-Acompanadas-600x600.png 600w, https:\/\/www.fundacioared.org\/wp-content\/uploads\/1_Icono-Personas-Acompanadas-340x340.png 340w, https:\/\/www.fundacioared.org\/wp-content\/uploads\/1_Icono-Personas-Acompanadas-140x140.png 140w\" sizes=\"auto, (max-width: 1080px) 100vw, 1080px\" \/><\/figure>\n\n\n\n<p class=\"has-text-align-center is-style-com_titular_3 has-taronja-ared-color has-text-color has-link-color wp-elements-76f1a26554994243e50d00f38f21ee43\">1.300<\/p>\n\n\n\n<p class=\"has-text-align-center is-style-com_titular_5 has-gris-ared-color has-text-color has-link-color wp-elements-6fee585e1aeb26928a5d11b826741b05\">Personas<br>acompa\u00f1adas<\/p>\n<\/div>\n\n\n\n<div class=\"wp-block-column is-layout-flow wp-block-column-is-layout-flow\">\n<figure class=\"wp-block-image aligncenter size-full is-resized\"><img loading=\"lazy\" decoding=\"async\" width=\"1080\" height=\"1080\" src=\"https:\/\/www.fundacioared.org\/wp-content\/uploads\/2_Icono-Inserciones-laborales.png\" alt=\"\" class=\"wp-image-2543\" style=\"width:70px\" srcset=\"https:\/\/www.fundacioared.org\/wp-content\/uploads\/2_Icono-Inserciones-laborales.png 1080w, https:\/\/www.fundacioared.org\/wp-content\/uploads\/2_Icono-Inserciones-laborales-300x300.png 300w, https:\/\/www.fundacioared.org\/wp-content\/uploads\/2_Icono-Inserciones-laborales-1024x1024.png 1024w, https:\/\/www.fundacioared.org\/wp-content\/uploads\/2_Icono-Inserciones-laborales-150x150.png 150w, https:\/\/www.fundacioared.org\/wp-content\/uploads\/2_Icono-Inserciones-laborales-768x768.png 768w, https:\/\/www.fundacioared.org\/wp-content\/uploads\/2_Icono-Inserciones-laborales-600x600.png 600w, https:\/\/www.fundacioared.org\/wp-content\/uploads\/2_Icono-Inserciones-laborales-340x340.png 340w, https:\/\/www.fundacioared.org\/wp-content\/uploads\/2_Icono-Inserciones-laborales-140x140.png 140w\" sizes=\"auto, (max-width: 1080px) 100vw, 1080px\" \/><\/figure>\n\n\n\n<p class=\"has-text-align-center is-style-com_titular_3 has-taronja-ared-color has-text-color has-link-color wp-elements-a35741a1b36f79260d7cc4329ca13b7f\">350<\/p>\n\n\n\n<p class=\"has-text-align-center is-style-com_titular_5 has-gris-ared-color has-text-color has-link-color wp-elements-9ad3ceaffef74566b7557d1e1fdf3163\">Inserciones<br>laborales<\/p>\n<\/div>\n\n\n\n<div class=\"wp-block-column is-layout-flow wp-block-column-is-layout-flow\">\n<figure class=\"wp-block-image aligncenter size-full is-resized\"><img loading=\"lazy\" decoding=\"async\" width=\"1080\" height=\"1080\" src=\"https:\/\/www.fundacioared.org\/wp-content\/uploads\/3_Icono-personas-formadas.png\" alt=\"\" class=\"wp-image-2544\" style=\"width:70px\" srcset=\"https:\/\/www.fundacioared.org\/wp-content\/uploads\/3_Icono-personas-formadas.png 1080w, https:\/\/www.fundacioared.org\/wp-content\/uploads\/3_Icono-personas-formadas-300x300.png 300w, https:\/\/www.fundacioared.org\/wp-content\/uploads\/3_Icono-personas-formadas-1024x1024.png 1024w, https:\/\/www.fundacioared.org\/wp-content\/uploads\/3_Icono-personas-formadas-150x150.png 150w, https:\/\/www.fundacioared.org\/wp-content\/uploads\/3_Icono-personas-formadas-768x768.png 768w, https:\/\/www.fundacioared.org\/wp-content\/uploads\/3_Icono-personas-formadas-600x600.png 600w, https:\/\/www.fundacioared.org\/wp-content\/uploads\/3_Icono-personas-formadas-340x340.png 340w, https:\/\/www.fundacioared.org\/wp-content\/uploads\/3_Icono-personas-formadas-140x140.png 140w\" sizes=\"auto, (max-width: 1080px) 100vw, 1080px\" \/><\/figure>\n\n\n\n<p class=\"has-text-align-center is-style-com_titular_3 has-taronja-ared-color has-text-color has-link-color wp-elements-77b536724185de577f1fe5bace516465\">300<\/p>\n\n\n\n<p class=\"has-text-align-center is-style-com_titular_5 has-gris-ared-color has-text-color has-link-color wp-elements-93dd1fa731b464de4b8d1c8f6520b142\">Personas<br>formadas<\/p>\n<\/div>\n<\/div>\n\n\n\n<div style=\"height:45px\" aria-hidden=\"true\" class=\"wp-block-spacer\"><\/div>\n\n\n\n<div class=\"wp-block-buttons is-content-justification-right is-layout-flex wp-container-core-buttons-is-layout-765c4724 wp-block-buttons-is-layout-flex\">\n<div class=\"wp-block-button\"><a class=\"wp-block-button__link wp-element-button\" href=\"https:\/\/www.fundacioared.org\/wp-content\/uploads\/Memoria-Ared-2023.pdf\" target=\"_blank\" rel=\"noreferrer noopener\">Saber m\u00e1s<\/a><\/div>\n<\/div>\n<\/div>\n<\/div>\n\n\n\n<div class=\"wp-block-column is-layout-flow wp-block-column-is-layout-flow\">\n<figure class=\"wp-block-boldblocks-youtube-block\"><div id=\"yb-video-McQ9LAq7uUg\" class=\"yb-player\" data-video-id=\"McQ9LAq7uUg\" data-title=\"Play\" style=\"background-image:url(https:\/\/www.fundacioared.org\/wp-content\/uploads\/video-Judit-01.jpg)\"><button type=\"button\" class=\"yb-btn-play\"><span class=\"visually-hidden\">Play<\/span><\/button><\/div><\/figure>\n<\/div>\n<\/div>\n\n\n\n<div class=\"wp-block-ared-marges maq-contenidor normal marge-superior-petit marge-inferior-petit\" data-aos=\"off\" data-aos-delay=\"aos_delay\">\n<div class=\"wp-block-columns is-layout-flex wp-container-core-columns-is-layout-9d6595d7 wp-block-columns-is-layout-flex\">\n<div class=\"wp-block-column is-layout-flow wp-block-column-is-layout-flow\" style=\"padding-right:0;padding-left:0\">\n<figure class=\"wp-block-image size-full\"><img loading=\"lazy\" decoding=\"async\" width=\"600\" height=\"600\" src=\"https:\/\/www.fundacioared.org\/wp-content\/uploads\/1_Formacioo.jpg\" alt=\"\" class=\"wp-image-2564\" srcset=\"https:\/\/www.fundacioared.org\/wp-content\/uploads\/1_Formacioo.jpg 600w, https:\/\/www.fundacioared.org\/wp-content\/uploads\/1_Formacioo-300x300.jpg 300w, https:\/\/www.fundacioared.org\/wp-content\/uploads\/1_Formacioo-150x150.jpg 150w, https:\/\/www.fundacioared.org\/wp-content\/uploads\/1_Formacioo-340x340.jpg 340w, https:\/\/www.fundacioared.org\/wp-content\/uploads\/1_Formacioo-140x140.jpg 140w\" sizes=\"auto, (max-width: 600px) 100vw, 600px\" \/><\/figure>\n\n\n\n<div style=\"height:30px\" aria-hidden=\"true\" class=\"wp-block-spacer\"><\/div>\n\n\n\n<p class=\"has-text-align-center is-style-com_titular_4 has-gris-ared-color has-text-color has-link-color wp-elements-a2609d8f8e938a1289e5fd59ae938f2b\">Formaci\u00f3n Homologada<\/p>\n\n\n\n<div class=\"wp-block-buttons is-content-justification-center is-layout-flex wp-container-core-buttons-is-layout-16018d1d wp-block-buttons-is-layout-flex\">\n<div class=\"wp-block-button\"><a class=\"wp-block-button__link has-text-align-center wp-element-button\" href=\"https:\/\/www.fundacioared.org\/es\/formacion\/\">Saber m\u00e1s<\/a><\/div>\n<\/div>\n<\/div>\n\n\n\n<div class=\"wp-block-column is-layout-flow wp-block-column-is-layout-flow\" style=\"padding-right:0;padding-left:0\">\n<figure class=\"wp-block-image size-full\"><img loading=\"lazy\" decoding=\"async\" width=\"600\" height=\"600\" src=\"https:\/\/www.fundacioared.org\/wp-content\/uploads\/2_Programas-dInsercio.jpg\" alt=\"\" class=\"wp-image-2565\" srcset=\"https:\/\/www.fundacioared.org\/wp-content\/uploads\/2_Programas-dInsercio.jpg 600w, https:\/\/www.fundacioared.org\/wp-content\/uploads\/2_Programas-dInsercio-300x300.jpg 300w, https:\/\/www.fundacioared.org\/wp-content\/uploads\/2_Programas-dInsercio-150x150.jpg 150w, https:\/\/www.fundacioared.org\/wp-content\/uploads\/2_Programas-dInsercio-340x340.jpg 340w, https:\/\/www.fundacioared.org\/wp-content\/uploads\/2_Programas-dInsercio-140x140.jpg 140w\" sizes=\"auto, (max-width: 600px) 100vw, 600px\" \/><\/figure>\n\n\n\n<div style=\"height:30px\" aria-hidden=\"true\" class=\"wp-block-spacer\"><\/div>\n\n\n\n<p class=\"has-text-align-center is-style-com_titular_4 has-gris-ared-color has-text-color has-link-color wp-elements-104a88daa3c9071a2b102c24bf7e9ba3\">Programas<br>de inserci\u00f3n<\/p>\n\n\n\n<div class=\"wp-block-buttons is-content-justification-center is-layout-flex wp-container-core-buttons-is-layout-16018d1d wp-block-buttons-is-layout-flex\">\n<div class=\"wp-block-button\"><a class=\"wp-block-button__link has-text-align-center wp-element-button\" href=\"https:\/\/www.fundacioared.org\/es\/programas-de-insercion\/\">Saber m\u00e1s<\/a><\/div>\n<\/div>\n<\/div>\n\n\n\n<div class=\"wp-block-column is-layout-flow wp-block-column-is-layout-flow\" style=\"padding-right:0;padding-left:0\">\n<figure class=\"wp-block-image size-full\"><img loading=\"lazy\" decoding=\"async\" width=\"600\" height=\"600\" src=\"https:\/\/www.fundacioared.org\/wp-content\/uploads\/3_Empresa-insercio.jpg\" alt=\"\" class=\"wp-image-2566\" srcset=\"https:\/\/www.fundacioared.org\/wp-content\/uploads\/3_Empresa-insercio.jpg 600w, https:\/\/www.fundacioared.org\/wp-content\/uploads\/3_Empresa-insercio-300x300.jpg 300w, https:\/\/www.fundacioared.org\/wp-content\/uploads\/3_Empresa-insercio-150x150.jpg 150w, https:\/\/www.fundacioared.org\/wp-content\/uploads\/3_Empresa-insercio-340x340.jpg 340w, https:\/\/www.fundacioared.org\/wp-content\/uploads\/3_Empresa-insercio-140x140.jpg 140w\" sizes=\"auto, (max-width: 600px) 100vw, 600px\" \/><\/figure>\n\n\n\n<div style=\"height:30px\" aria-hidden=\"true\" class=\"wp-block-spacer\"><\/div>\n\n\n\n<p class=\"has-text-align-center is-style-com_titular_4 has-gris-ared-color has-text-color has-link-color wp-elements-37267802afe7115c423bfbdf5b12c45f\">Empresa<br>de inserci\u00f3n<\/p>\n\n\n\n<div class=\"wp-block-buttons is-content-justification-center is-layout-flex wp-container-core-buttons-is-layout-16018d1d wp-block-buttons-is-layout-flex\">\n<div class=\"wp-block-button\"><a class=\"wp-block-button__link has-text-align-center wp-element-button\" href=\"https:\/\/www.fundacioared.org\/es\/insercion\/\">Saber m\u00e1s<\/a><\/div>\n<\/div>\n<\/div>\n\n\n\n<div class=\"wp-block-column is-layout-flow wp-block-column-is-layout-flow\" style=\"padding-right:0;padding-left:0\">\n<figure class=\"wp-block-image size-full\"><img loading=\"lazy\" decoding=\"async\" width=\"600\" height=\"600\" src=\"https:\/\/www.fundacioared.org\/wp-content\/uploads\/4_Acompantament.jpg\" alt=\"\" class=\"wp-image-2567\" srcset=\"https:\/\/www.fundacioared.org\/wp-content\/uploads\/4_Acompantament.jpg 600w, https:\/\/www.fundacioared.org\/wp-content\/uploads\/4_Acompantament-300x300.jpg 300w, https:\/\/www.fundacioared.org\/wp-content\/uploads\/4_Acompantament-150x150.jpg 150w, https:\/\/www.fundacioared.org\/wp-content\/uploads\/4_Acompantament-340x340.jpg 340w, https:\/\/www.fundacioared.org\/wp-content\/uploads\/4_Acompantament-140x140.jpg 140w\" sizes=\"auto, (max-width: 600px) 100vw, 600px\" \/><\/figure>\n\n\n\n<div style=\"height:30px\" aria-hidden=\"true\" class=\"wp-block-spacer\"><\/div>\n\n\n\n<p class=\"has-text-align-center is-style-com_titular_4 has-gris-ared-color has-text-color has-link-color wp-elements-f2b693b36b82aaf584877b3b45c6fcfa\">Acompa\u00f1amiento individualizado<\/p>\n\n\n\n<div class=\"wp-block-buttons is-content-justification-center is-layout-flex wp-container-core-buttons-is-layout-16018d1d wp-block-buttons-is-layout-flex\">\n<div class=\"wp-block-button\"><a class=\"wp-block-button__link has-text-align-center wp-element-button\" href=\"https:\/\/www.fundacioared.org\/es\/acompanamiento\/\">Saber m\u00e1s<\/a><\/div>\n<\/div>\n<\/div>\n<\/div>\n<\/div>\n\n\n\n<p><\/p>\n","protected":false},"excerpt":{"rendered":"","protected":false},"author":1,"featured_media":0,"parent":0,"menu_order":49,"comment_status":"closed","ping_status":"closed","template":"","meta":{"_acf_changed":false,"footnotes":""},"class_list":["post-4618","page","type-page","status-publish","hentry"],"acf":[],"_links":{"self":[{"href":"https:\/\/www.fundacioared.org\/es\/wp-json\/wp\/v2\/pages\/4618","targetHints":{"allow":["GET"]}}],"collection":[{"href":"https:\/\/www.fundacioared.org\/es\/wp-json\/wp\/v2\/pages"}],"about":[{"href":"https:\/\/www.fundacioared.org\/es\/wp-json\/wp\/v2\/types\/page"}],"author":[{"embeddable":true,"href":"https:\/\/www.fundacioared.org\/es\/wp-json\/wp\/v2\/users\/1"}],"replies":[{"embeddable":true,"href":"https:\/\/www.fundacioared.org\/es\/wp-json\/wp\/v2\/comments?post=4618"}],"version-history":[{"count":15,"href":"https:\/\/www.fundacioared.org\/es\/wp-json\/wp\/v2\/pages\/4618\/revisions"}],"predecessor-version":[{"id":5891,"href":"https:\/\/www.fundacioared.org\/es\/wp-json\/wp\/v2\/pages\/4618\/revisions\/5891"}],"wp:attachment":[{"href":"https:\/\/www.fundacioared.org\/es\/wp-json\/wp\/v2\/media?parent=4618"}],"curies":[{"name":"wp","href":"https:\/\/api.w.org\/{rel}","templated":true}]}}