{"id":4619,"date":"2024-07-18T07:44:35","date_gmt":"2024-07-18T05:44:35","guid":{"rendered":"https:\/\/www.fundacioared.org\/mision\/"},"modified":"2026-03-02T16:14:03","modified_gmt":"2026-03-02T15:14:03","slug":"mision","status":"publish","type":"page","link":"https:\/\/www.fundacioared.org\/es\/mision\/","title":{"rendered":"Misi\u00f3n"},"content":{"rendered":"\n<div class=\"wp-block-ared-ajedrez mod-escacs align-superior marge-superior- marge-inferior-\">\n<div class=\"wp-block-ared-ajedrez-interior interior  maq_cols_flex cols_2\"><div class=\"col img\"><div class=\"img-wrapper\"><img loading=\"lazy\" decoding=\"async\" media_id=\"2579\" src=\"https:\/\/www.fundacioared.org\/wp-content\/uploads\/Foto-MisionVision.jpg\" width=\"600\" height=\"400\" \/><!--fallback img responsive--><\/div><\/div><div class=\"col\"><div class=\"text-wrapper\">\n<p class=\"is-style-com_titular_5\">Esencia<br\/> Ared<\/p>\n\n\n\n<p class=\"is-style-com_titular_3\">Misi\u00f3n<\/p>\n\n\n\n<p><strong>Acompa\u00f1ar a mujeres en situaci\u00f3n de vulnerabilidad para que consigan la plena integraci\u00f3n en la sociedad<\/strong> .<\/p>\n\n\n\n<p>Esto lo hacemos fomentando su autonom\u00eda, mediante la formaci\u00f3n y acompa\u00f1amiento integral que permitan la incorporaci\u00f3n en el mercado laboral.<\/p>\n\n\n\n<p class=\"is-style-com_titular_3\">Visi\u00f3n<\/p>\n\n\n\n<p>Construir una sociedad inclusiva en la que todas las personas tengan acceso a segundas oportunidades, impulsadas por el poder de las conexiones y el trabajo en red para transformar vidas y ampliar su impacto.<\/p>\n<\/div><\/div><\/div>\n<\/div>\n\n<div class=\"wp-block-ared-marges maq-contenidor estreta marge-superior-gran marge-inferior-petit\" data-aos=\"off\" data-aos-delay=\"aos_delay\">\n<p class=\"has-text-align-center is-style-com_titular_3\">Nuestros valores<\/p>\n<\/div>\n\n<div class=\"wp-block-ared-marges maq-contenidor normal marge-superior-petit marge-inferior-petit\" data-aos=\"off\" data-aos-delay=\"aos_delay\">\n<div class=\"wp-block-columns is-layout-flex wp-container-core-columns-is-layout-9d6595d7 wp-block-columns-is-layout-flex\">\n<div class=\"wp-block-column is-layout-flow wp-block-column-is-layout-flow\" style=\"padding-right:0;padding-left:0\">\n<figure class=\"wp-block-image aligncenter size-full is-resized\"><img loading=\"lazy\" decoding=\"async\" width=\"1080\" height=\"1080\" src=\"https:\/\/www.fundacioared.org\/wp-content\/uploads\/1_Illusio.jpg\" alt=\"\" class=\"wp-image-2585\" style=\"width:150px\" srcset=\"https:\/\/www.fundacioared.org\/wp-content\/uploads\/1_Illusio.jpg 1080w, https:\/\/www.fundacioared.org\/wp-content\/uploads\/1_Illusio-300x300.jpg 300w, https:\/\/www.fundacioared.org\/wp-content\/uploads\/1_Illusio-1024x1024.jpg 1024w, https:\/\/www.fundacioared.org\/wp-content\/uploads\/1_Illusio-150x150.jpg 150w, https:\/\/www.fundacioared.org\/wp-content\/uploads\/1_Illusio-768x768.jpg 768w, https:\/\/www.fundacioared.org\/wp-content\/uploads\/1_Illusio-600x600.jpg 600w, https:\/\/www.fundacioared.org\/wp-content\/uploads\/1_Illusio-340x340.jpg 340w, https:\/\/www.fundacioared.org\/wp-content\/uploads\/1_Illusio-140x140.jpg 140w\" sizes=\"auto, (max-width: 1080px) 100vw, 1080px\" \/><\/figure>\n\n\n\n<div style=\"height:30px\" aria-hidden=\"true\" class=\"wp-block-spacer\"><\/div>\n\n\n\n<p class=\"has-text-align-center is-style-com_titular_4 has-taronja-ared-color has-text-color has-link-color wp-elements-1ed3276397d7338b4d661835087287a5\">Acompa\u00f1amiento<\/p>\n\n\n\n<p class=\"has-text-align-center\"><\/p>\n<\/div>\n\n\n\n<div class=\"wp-block-column is-layout-flow wp-block-column-is-layout-flow\" style=\"padding-right:0;padding-left:0\">\n<figure class=\"wp-block-image aligncenter size-full is-resized\"><img loading=\"lazy\" decoding=\"async\" width=\"1080\" height=\"1080\" src=\"https:\/\/www.fundacioared.org\/wp-content\/uploads\/21-1.png\" alt=\"\" class=\"wp-image-5010\" style=\"width:150px\" srcset=\"https:\/\/www.fundacioared.org\/wp-content\/uploads\/21-1.png 1080w, https:\/\/www.fundacioared.org\/wp-content\/uploads\/21-1-300x300.png 300w, https:\/\/www.fundacioared.org\/wp-content\/uploads\/21-1-1024x1024.png 1024w, https:\/\/www.fundacioared.org\/wp-content\/uploads\/21-1-150x150.png 150w, https:\/\/www.fundacioared.org\/wp-content\/uploads\/21-1-768x768.png 768w, https:\/\/www.fundacioared.org\/wp-content\/uploads\/21-1-600x600.png 600w, https:\/\/www.fundacioared.org\/wp-content\/uploads\/21-1-340x340.png 340w, https:\/\/www.fundacioared.org\/wp-content\/uploads\/21-1-140x140.png 140w\" sizes=\"auto, (max-width: 1080px) 100vw, 1080px\" \/><\/figure>\n\n\n\n<div style=\"height:30px\" aria-hidden=\"true\" class=\"wp-block-spacer\"><\/div>\n\n\n\n<p class=\"has-text-align-center is-style-com_titular_4 has-taronja-ared-color has-text-color has-link-color wp-elements-319e48735e3b242f11188bce1dfc6584\">Respeto a la Diversidad<\/p>\n\n\n\n<p class=\"has-text-align-center\"><\/p>\n<\/div>\n\n\n\n<div class=\"wp-block-column is-layout-flow wp-block-column-is-layout-flow\" style=\"padding-right:0;padding-left:0\">\n<figure class=\"wp-block-image aligncenter size-full is-resized\"><img loading=\"lazy\" decoding=\"async\" width=\"1080\" height=\"1080\" src=\"https:\/\/www.fundacioared.org\/wp-content\/uploads\/22-1.png\" alt=\"\" class=\"wp-image-5012\" style=\"width:150px\" srcset=\"https:\/\/www.fundacioared.org\/wp-content\/uploads\/22-1.png 1080w, https:\/\/www.fundacioared.org\/wp-content\/uploads\/22-1-300x300.png 300w, https:\/\/www.fundacioared.org\/wp-content\/uploads\/22-1-1024x1024.png 1024w, https:\/\/www.fundacioared.org\/wp-content\/uploads\/22-1-150x150.png 150w, https:\/\/www.fundacioared.org\/wp-content\/uploads\/22-1-768x768.png 768w, https:\/\/www.fundacioared.org\/wp-content\/uploads\/22-1-600x600.png 600w, https:\/\/www.fundacioared.org\/wp-content\/uploads\/22-1-340x340.png 340w, https:\/\/www.fundacioared.org\/wp-content\/uploads\/22-1-140x140.png 140w\" sizes=\"auto, (max-width: 1080px) 100vw, 1080px\" \/><\/figure>\n\n\n\n<div style=\"height:30px\" aria-hidden=\"true\" class=\"wp-block-spacer\"><\/div>\n\n\n\n<p class=\"has-text-align-center is-style-com_titular_4 has-taronja-ared-color has-text-color has-link-color wp-elements-8e91d80774497f1abf56c759985b4dba\">Eficiencia<\/p>\n\n\n\n<p class=\"has-text-align-center\"><\/p>\n<\/div>\n\n\n\n<div class=\"wp-block-column is-layout-flow wp-block-column-is-layout-flow\" style=\"padding-right:0;padding-left:0\">\n<figure class=\"wp-block-image aligncenter size-full is-resized\"><img loading=\"lazy\" decoding=\"async\" width=\"600\" height=\"600\" src=\"https:\/\/www.fundacioared.org\/wp-content\/uploads\/4_Integritat.jpg\" alt=\"\" class=\"wp-image-2583\" style=\"width:150px\" srcset=\"https:\/\/www.fundacioared.org\/wp-content\/uploads\/4_Integritat.jpg 600w, https:\/\/www.fundacioared.org\/wp-content\/uploads\/4_Integritat-300x300.jpg 300w, https:\/\/www.fundacioared.org\/wp-content\/uploads\/4_Integritat-150x150.jpg 150w, https:\/\/www.fundacioared.org\/wp-content\/uploads\/4_Integritat-340x340.jpg 340w, https:\/\/www.fundacioared.org\/wp-content\/uploads\/4_Integritat-140x140.jpg 140w\" sizes=\"auto, (max-width: 600px) 100vw, 600px\" \/><\/figure>\n\n\n\n<div style=\"height:30px\" aria-hidden=\"true\" class=\"wp-block-spacer\"><\/div>\n\n\n\n<p class=\"has-text-align-center is-style-com_titular_4 has-taronja-ared-color has-text-color has-link-color wp-elements-a8ee53f26be9de9d4dadba129e66693f\">Dignidad<\/p>\n\n\n\n<p class=\"has-text-align-center\"><\/p>\n<\/div>\n<\/div>\n<\/div>\n\n<div class=\"wp-block-ared-marges maq-contenidor estreta marge-superior-gran marge-inferior-\" data-aos=\"off\" data-aos-delay=\"aos_delay\">\n<div class=\"wp-block-columns is-layout-flex wp-container-core-columns-is-layout-9d6595d7 wp-block-columns-is-layout-flex\">\n<div class=\"wp-block-column is-layout-flow wp-block-column-is-layout-flow\">\n<p class=\"is-style-com_titular_5 has-gris-ared-color has-text-color has-link-color wp-elements-f593d1d5013eea50f4d2ed6e914357e7\"><strong>En la Fundaci\u00f3n Ared estamos comprometidas con la construcci\u00f3n de un mundo m\u00e1s justo, inclusivo y sostenible.<\/strong><br\/> <strong>Por ello, hemos alineado nuestros esfuerzos con los Objetivos de Desarrollo Sostenible (ODS) de las Naciones Unidas, centrando nuestras acciones en los siguientes objetivos prioritarios:<\/strong><\/p>\n<\/div>\n<\/div>\n<\/div>\n\n<div class=\"wp-block-ared-marges maq-contenidor normal marge-superior-petit marge-inferior-\" data-aos=\"off\" data-aos-delay=\"aos_delay\">\n<div class=\"wp-block-columns is-layout-flex wp-container-core-columns-is-layout-9d6595d7 wp-block-columns-is-layout-flex\">\n<div class=\"wp-block-column is-layout-flow wp-block-column-is-layout-flow\">\n<figure class=\"wp-block-image size-full\"><img loading=\"lazy\" decoding=\"async\" width=\"378\" height=\"378\" src=\"https:\/\/www.fundacioared.org\/wp-content\/uploads\/missio-04.jpg\" alt=\"\" class=\"wp-image-437\" srcset=\"https:\/\/www.fundacioared.org\/wp-content\/uploads\/missio-04.jpg 378w, https:\/\/www.fundacioared.org\/wp-content\/uploads\/missio-04-300x300.jpg 300w, https:\/\/www.fundacioared.org\/wp-content\/uploads\/missio-04-150x150.jpg 150w, https:\/\/www.fundacioared.org\/wp-content\/uploads\/missio-04-340x340.jpg 340w, https:\/\/www.fundacioared.org\/wp-content\/uploads\/missio-04-140x140.jpg 140w\" sizes=\"auto, (max-width: 378px) 100vw, 378px\" \/><\/figure>\n<\/div>\n\n\n\n<div class=\"wp-block-column is-layout-flow wp-block-column-is-layout-flow\">\n<figure class=\"wp-block-image size-full\"><img loading=\"lazy\" decoding=\"async\" width=\"378\" height=\"378\" src=\"https:\/\/www.fundacioared.org\/wp-content\/uploads\/missio-05.jpg\" alt=\"\" class=\"wp-image-438\" srcset=\"https:\/\/www.fundacioared.org\/wp-content\/uploads\/missio-05.jpg 378w, https:\/\/www.fundacioared.org\/wp-content\/uploads\/missio-05-300x300.jpg 300w, https:\/\/www.fundacioared.org\/wp-content\/uploads\/missio-05-150x150.jpg 150w, https:\/\/www.fundacioared.org\/wp-content\/uploads\/missio-05-340x340.jpg 340w, https:\/\/www.fundacioared.org\/wp-content\/uploads\/missio-05-140x140.jpg 140w\" sizes=\"auto, (max-width: 378px) 100vw, 378px\" \/><\/figure>\n<\/div>\n\n\n\n<div class=\"wp-block-column is-layout-flow wp-block-column-is-layout-flow\">\n<figure class=\"wp-block-image size-full\"><img loading=\"lazy\" decoding=\"async\" width=\"378\" height=\"378\" src=\"https:\/\/www.fundacioared.org\/wp-content\/uploads\/missio-06.jpg\" alt=\"\" class=\"wp-image-439\" srcset=\"https:\/\/www.fundacioared.org\/wp-content\/uploads\/missio-06.jpg 378w, https:\/\/www.fundacioared.org\/wp-content\/uploads\/missio-06-300x300.jpg 300w, https:\/\/www.fundacioared.org\/wp-content\/uploads\/missio-06-150x150.jpg 150w, https:\/\/www.fundacioared.org\/wp-content\/uploads\/missio-06-340x340.jpg 340w, https:\/\/www.fundacioared.org\/wp-content\/uploads\/missio-06-140x140.jpg 140w\" sizes=\"auto, (max-width: 378px) 100vw, 378px\" \/><\/figure>\n<\/div>\n\n\n\n<div class=\"wp-block-column is-layout-flow wp-block-column-is-layout-flow\">\n<figure class=\"wp-block-image size-full\"><img loading=\"lazy\" decoding=\"async\" width=\"378\" height=\"378\" src=\"https:\/\/www.fundacioared.org\/wp-content\/uploads\/missio-07.jpg\" alt=\"\" class=\"wp-image-440\" srcset=\"https:\/\/www.fundacioared.org\/wp-content\/uploads\/missio-07.jpg 378w, https:\/\/www.fundacioared.org\/wp-content\/uploads\/missio-07-300x300.jpg 300w, https:\/\/www.fundacioared.org\/wp-content\/uploads\/missio-07-150x150.jpg 150w, https:\/\/www.fundacioared.org\/wp-content\/uploads\/missio-07-340x340.jpg 340w, https:\/\/www.fundacioared.org\/wp-content\/uploads\/missio-07-140x140.jpg 140w\" sizes=\"auto, (max-width: 378px) 100vw, 378px\" \/><\/figure>\n<\/div>\n\n\n\n<div class=\"wp-block-column is-layout-flow wp-block-column-is-layout-flow\">\n<figure class=\"wp-block-image size-full\"><img loading=\"lazy\" decoding=\"async\" width=\"378\" height=\"378\" src=\"https:\/\/www.fundacioared.org\/wp-content\/uploads\/missio-08.jpg\" alt=\"\" class=\"wp-image-441\" srcset=\"https:\/\/www.fundacioared.org\/wp-content\/uploads\/missio-08.jpg 378w, https:\/\/www.fundacioared.org\/wp-content\/uploads\/missio-08-300x300.jpg 300w, https:\/\/www.fundacioared.org\/wp-content\/uploads\/missio-08-150x150.jpg 150w, https:\/\/www.fundacioared.org\/wp-content\/uploads\/missio-08-340x340.jpg 340w, https:\/\/www.fundacioared.org\/wp-content\/uploads\/missio-08-140x140.jpg 140w\" sizes=\"auto, (max-width: 378px) 100vw, 378px\" \/><\/figure>\n<\/div>\n\n\n\n<div class=\"wp-block-column is-layout-flow wp-block-column-is-layout-flow\">\n<figure class=\"wp-block-image size-full\"><img loading=\"lazy\" decoding=\"async\" width=\"378\" height=\"378\" src=\"https:\/\/www.fundacioared.org\/wp-content\/uploads\/missio-10.jpg\" alt=\"\" class=\"wp-image-4982\" srcset=\"https:\/\/www.fundacioared.org\/wp-content\/uploads\/missio-10.jpg 378w, https:\/\/www.fundacioared.org\/wp-content\/uploads\/missio-10-300x300.jpg 300w, https:\/\/www.fundacioared.org\/wp-content\/uploads\/missio-10-150x150.jpg 150w, https:\/\/www.fundacioared.org\/wp-content\/uploads\/missio-10-340x340.jpg 340w, https:\/\/www.fundacioared.org\/wp-content\/uploads\/missio-10-140x140.jpg 140w\" sizes=\"auto, (max-width: 378px) 100vw, 378px\" \/><\/figure>\n<\/div>\n\n\n\n<div class=\"wp-block-column is-layout-flow wp-block-column-is-layout-flow\">\n<figure class=\"wp-block-image size-full\"><img loading=\"lazy\" decoding=\"async\" width=\"378\" height=\"378\" src=\"https:\/\/www.fundacioared.org\/wp-content\/uploads\/missio-09.jpg\" alt=\"\" class=\"wp-image-442\" srcset=\"https:\/\/www.fundacioared.org\/wp-content\/uploads\/missio-09.jpg 378w, https:\/\/www.fundacioared.org\/wp-content\/uploads\/missio-09-300x300.jpg 300w, https:\/\/www.fundacioared.org\/wp-content\/uploads\/missio-09-150x150.jpg 150w, https:\/\/www.fundacioared.org\/wp-content\/uploads\/missio-09-340x340.jpg 340w, https:\/\/www.fundacioared.org\/wp-content\/uploads\/missio-09-140x140.jpg 140w\" sizes=\"auto, (max-width: 378px) 100vw, 378px\" \/><\/figure>\n<\/div>\n<\/div>\n<\/div>\n","protected":false},"excerpt":{"rendered":"","protected":false},"author":1,"featured_media":0,"parent":0,"menu_order":48,"comment_status":"closed","ping_status":"closed","template":"","meta":{"_acf_changed":false,"footnotes":""},"class_list":["post-4619","page","type-page","status-publish","hentry"],"acf":[],"_links":{"self":[{"href":"https:\/\/www.fundacioared.org\/es\/wp-json\/wp\/v2\/pages\/4619","targetHints":{"allow":["GET"]}}],"collection":[{"href":"https:\/\/www.fundacioared.org\/es\/wp-json\/wp\/v2\/pages"}],"about":[{"href":"https:\/\/www.fundacioared.org\/es\/wp-json\/wp\/v2\/types\/page"}],"author":[{"embeddable":true,"href":"https:\/\/www.fundacioared.org\/es\/wp-json\/wp\/v2\/users\/1"}],"replies":[{"embeddable":true,"href":"https:\/\/www.fundacioared.org\/es\/wp-json\/wp\/v2\/comments?post=4619"}],"version-history":[{"count":10,"href":"https:\/\/www.fundacioared.org\/es\/wp-json\/wp\/v2\/pages\/4619\/revisions"}],"predecessor-version":[{"id":6128,"href":"https:\/\/www.fundacioared.org\/es\/wp-json\/wp\/v2\/pages\/4619\/revisions\/6128"}],"wp:attachment":[{"href":"https:\/\/www.fundacioared.org\/es\/wp-json\/wp\/v2\/media?parent=4619"}],"curies":[{"name":"wp","href":"https:\/\/api.w.org\/{rel}","templated":true}]}}