{"id":4620,"date":"2024-07-22T07:35:30","date_gmt":"2024-07-22T05:35:30","guid":{"rendered":"https:\/\/www.fundacioared.org\/formacion\/"},"modified":"2025-12-19T11:37:18","modified_gmt":"2025-12-19T10:37:18","slug":"formacion","status":"publish","type":"page","link":"https:\/\/www.fundacioared.org\/es\/formacion\/","title":{"rendered":"Formaci\u00f3n"},"content":{"rendered":"\n<div class=\"wp-block-cover is-light wp-duotone-unset-1\"><img loading=\"lazy\" decoding=\"async\" width=\"1200\" height=\"547\" class=\"wp-block-cover__image-background wp-image-3519\" alt=\"\" src=\"https:\/\/www.fundacioared.org\/wp-content\/uploads\/25-NOVEMBRE-16-2.jpg\" style=\"object-position:50% 20%\" data-object-fit=\"cover\" data-object-position=\"50% 20%\" srcset=\"https:\/\/www.fundacioared.org\/wp-content\/uploads\/25-NOVEMBRE-16-2.jpg 1200w, https:\/\/www.fundacioared.org\/wp-content\/uploads\/25-NOVEMBRE-16-2-300x137.jpg 300w, https:\/\/www.fundacioared.org\/wp-content\/uploads\/25-NOVEMBRE-16-2-1024x467.jpg 1024w, https:\/\/www.fundacioared.org\/wp-content\/uploads\/25-NOVEMBRE-16-2-768x350.jpg 768w, https:\/\/www.fundacioared.org\/wp-content\/uploads\/25-NOVEMBRE-16-2-340x155.jpg 340w, https:\/\/www.fundacioared.org\/wp-content\/uploads\/25-NOVEMBRE-16-2-140x64.jpg 140w\" sizes=\"auto, (max-width: 1200px) 100vw, 1200px\" \/><span aria-hidden=\"true\" class=\"wp-block-cover__background has-gris-ared-background-color has-background-dim-20 has-background-dim\"><\/span><div class=\"wp-block-cover__inner-container is-layout-flow wp-block-cover-is-layout-flow\">\n<div class=\"wp-block-ared-marges maq-contenidor normal marge-superior-petit marge-inferior-petit\" data-aos=\"off\" data-aos-delay=\"aos_delay\">\n<p class=\"is-style-com_titular_3 has-blanc-color has-text-color has-link-color wp-elements-cebec5f6a5671d653be0145a1f310a75\">Ared<br> Formaci\u00f3n  <\/p>\n\n\n\n<p class=\"has-blanc-color has-text-color has-link-color wp-elements-db2bc91a710cdee4ff208c1243f63301\">Los cursos que se imparten en Ared constan<br> de tres grandes ejes: la formaci\u00f3n t\u00e9cnica,<br> la educaci\u00f3n complementaria y las pr\u00e1cticas en empresas.<\/p>\n\n\n\n<div style=\"height:100px\" aria-hidden=\"true\" class=\"wp-block-spacer\"><\/div>\n<\/div>\n<\/div><\/div>\n\n\n\n<p class=\"has-text-align-center is-style-com_titular_3\"><\/p>\n\n\n\n<div class=\"wp-block-ared-marges maq-contenidor estreta marge-superior-petit marge-inferior-gran\" data-aos=\"off\" data-aos-delay=\"aos_delay\">\n<p class=\"is-style-com_titular_3\">Nuestra oferta formativa<\/p>\n\n\n\n<p>El \u00fanico requisito para apuntarse en alguno de nuestros cursos o formaciones es estar dado de alta como demandante de empleo o mejora de empleabilidad en la oficina del SOC que te corresponda, a excepci\u00f3n de los cursos formativos privados.<\/p>\n<\/div>\n\n\n\n<div class=\"wp-block-ared-loop-cursos mod-graella-cursos\"><div class=\"inner\"><div class=\"loop maq_cols_grid gutter cols_3\"><div class=\"post \" data-aos=\"fade-up\">\r\n\t<div class=\"img\">\r\n\t\t<a href=\"https:\/\/www.fundacioared.org\/es\/oferta-formativa\/curso-de-cocina\/\"><img loading=\"lazy\" decoding=\"async\" width=\"600\" height=\"600\" src=\"https:\/\/www.fundacioared.org\/wp-content\/uploads\/COMUNICACION-INTERNA-32-600x600.jpg\" class=\"attachment-ared_quad size-ared_quad wp-post-image\" alt=\"\" srcset=\"https:\/\/www.fundacioared.org\/wp-content\/uploads\/COMUNICACION-INTERNA-32-600x600.jpg 600w, https:\/\/www.fundacioared.org\/wp-content\/uploads\/COMUNICACION-INTERNA-32-150x150.jpg 150w\" sizes=\"auto, (max-width: 600px) 100vw, 600px\" \/><\/a>\r\n\t<\/div>\r\n\t<div class=\"info\">\r\n        \t\t<h3 class=\"is-style-com_titular_4\"><a href=\"https:\/\/www.fundacioared.org\/es\/oferta-formativa\/curso-de-cocina\/\">Curso de Cocina<\/a><\/h3>\r\n\t\t<p class=\"excerpt\">\r\n\t\t\tInicio: julio de 2026<\/br> Finaliza: noviembre de 2026\t\t<\/p>\r\n\t\t<p><a class=\"wp-block-button__link wp-element-button\" href=\"https:\/\/www.fundacioared.org\/es\/oferta-formativa\/curso-de-cocina\/\">Saber m\u00e1s<\/a><\/p>\r\n\t<\/div>\r\n<\/div><!-- \/post -->\r\n<div class=\"post \" data-aos=\"fade-up\">\r\n\t<div class=\"img\">\r\n\t\t<a href=\"https:\/\/www.fundacioared.org\/es\/oferta-formativa\/curso-de-confeccion\/\"><img loading=\"lazy\" decoding=\"async\" width=\"600\" height=\"600\" src=\"https:\/\/www.fundacioared.org\/wp-content\/uploads\/Diseno-sin-titulo-4-4-600x600.jpg\" class=\"attachment-ared_quad size-ared_quad wp-post-image\" alt=\"\" srcset=\"https:\/\/www.fundacioared.org\/wp-content\/uploads\/Diseno-sin-titulo-4-4-600x600.jpg 600w, https:\/\/www.fundacioared.org\/wp-content\/uploads\/Diseno-sin-titulo-4-4-150x150.jpg 150w\" sizes=\"auto, (max-width: 600px) 100vw, 600px\" \/><\/a>\r\n\t<\/div>\r\n\t<div class=\"info\">\r\n        \t\t<h3 class=\"is-style-com_titular_4\"><a href=\"https:\/\/www.fundacioared.org\/es\/oferta-formativa\/curso-de-confeccion\/\">Curso de Confecci\u00f3n<\/a><\/h3>\r\n\t\t<p class=\"excerpt\">\r\n\t\t\tInicio curso de tardes: abril de 2026<\/br> Inicio curso de ma\u00f1anas: septiembre de 2026\t\t<\/p>\r\n\t\t<p><a class=\"wp-block-button__link wp-element-button\" href=\"https:\/\/www.fundacioared.org\/es\/oferta-formativa\/curso-de-confeccion\/\">Saber m\u00e1s<\/a><\/p>\r\n\t<\/div>\r\n<\/div><!-- \/post -->\r\n<div class=\"post \" data-aos=\"fade-up\">\r\n\t<div class=\"img\">\r\n\t\t<a href=\"https:\/\/www.fundacioared.org\/es\/oferta-formativa\/curso-de-atencion-sociosanitaria\/\"><img loading=\"lazy\" decoding=\"async\" width=\"600\" height=\"600\" src=\"https:\/\/www.fundacioared.org\/wp-content\/uploads\/1-600x600.jpg\" class=\"attachment-ared_quad size-ared_quad wp-post-image\" alt=\"\" srcset=\"https:\/\/www.fundacioared.org\/wp-content\/uploads\/1-600x600.jpg 600w, https:\/\/www.fundacioared.org\/wp-content\/uploads\/1-150x150.jpg 150w\" sizes=\"auto, (max-width: 600px) 100vw, 600px\" \/><\/a>\r\n\t<\/div>\r\n\t<div class=\"info\">\r\n        \t\t<h3 class=\"is-style-com_titular_4\"><a href=\"https:\/\/www.fundacioared.org\/es\/oferta-formativa\/curso-de-atencion-sociosanitaria\/\">Curso de Atenci\u00f3n Sociosanitaria<\/a><\/h3>\r\n\t\t<p class=\"excerpt\">\r\n\t\t\tInicio: julio de 2026<\/br> Finaliza: diciembre de 2026\t\t<\/p>\r\n\t\t<p><a class=\"wp-block-button__link wp-element-button\" href=\"https:\/\/www.fundacioared.org\/es\/oferta-formativa\/curso-de-atencion-sociosanitaria\/\">Saber m\u00e1s<\/a><\/p>\r\n\t<\/div>\r\n<\/div><!-- \/post -->\r\n<div class=\"post \" data-aos=\"fade-up\">\r\n\t<div class=\"img\">\r\n\t\t<a href=\"https:\/\/www.fundacioared.org\/es\/oferta-formativa\/prelaboral-de-confeccion\/\"><img loading=\"lazy\" decoding=\"async\" width=\"600\" height=\"600\" src=\"https:\/\/www.fundacioared.org\/wp-content\/uploads\/Diseno-sin-titulo-10-600x600.jpg\" class=\"attachment-ared_quad size-ared_quad wp-post-image\" alt=\"\" srcset=\"https:\/\/www.fundacioared.org\/wp-content\/uploads\/Diseno-sin-titulo-10-600x600.jpg 600w, https:\/\/www.fundacioared.org\/wp-content\/uploads\/Diseno-sin-titulo-10-150x150.jpg 150w\" sizes=\"auto, (max-width: 600px) 100vw, 600px\" \/><\/a>\r\n\t<\/div>\r\n\t<div class=\"info\">\r\n        \t\t<h3 class=\"is-style-com_titular_4\"><a href=\"https:\/\/www.fundacioared.org\/es\/oferta-formativa\/prelaboral-de-confeccion\/\">Prelaboral de Confecci\u00f3n<\/a><\/h3>\r\n\t\t<p class=\"excerpt\">\r\n\t\t\tINICIO: Inscripciones abiertas durante todo el a\u00f1o.\t\t<\/p>\r\n\t\t<p><a class=\"wp-block-button__link wp-element-button\" href=\"https:\/\/www.fundacioared.org\/es\/oferta-formativa\/prelaboral-de-confeccion\/\">Saber m\u00e1s<\/a><\/p>\r\n\t<\/div>\r\n<\/div><!-- \/post -->\r\n<div class=\"post \" data-aos=\"fade-up\">\r\n\t<div class=\"img\">\r\n\t\t<a href=\"https:\/\/www.fundacioared.org\/es\/oferta-formativa\/otros-itinerarios-formativos\/\"><img loading=\"lazy\" decoding=\"async\" width=\"600\" height=\"600\" src=\"https:\/\/www.fundacioared.org\/wp-content\/uploads\/Dones-Ared-600x600.jpg\" class=\"attachment-ared_quad size-ared_quad wp-post-image\" alt=\"\" srcset=\"https:\/\/www.fundacioared.org\/wp-content\/uploads\/Dones-Ared-600x600.jpg 600w, https:\/\/www.fundacioared.org\/wp-content\/uploads\/Dones-Ared-300x300.jpg 300w, https:\/\/www.fundacioared.org\/wp-content\/uploads\/Dones-Ared-1024x1024.jpg 1024w, https:\/\/www.fundacioared.org\/wp-content\/uploads\/Dones-Ared-150x150.jpg 150w, https:\/\/www.fundacioared.org\/wp-content\/uploads\/Dones-Ared-768x768.jpg 768w, https:\/\/www.fundacioared.org\/wp-content\/uploads\/Dones-Ared-340x340.jpg 340w, https:\/\/www.fundacioared.org\/wp-content\/uploads\/Dones-Ared-140x140.jpg 140w, https:\/\/www.fundacioared.org\/wp-content\/uploads\/Dones-Ared.jpg 1080w\" sizes=\"auto, (max-width: 600px) 100vw, 600px\" \/><\/a>\r\n\t<\/div>\r\n\t<div class=\"info\">\r\n        \t\t<h3 class=\"is-style-com_titular_4\"><a href=\"https:\/\/www.fundacioared.org\/es\/oferta-formativa\/otros-itinerarios-formativos\/\">Otros Itinerarios Formativos<\/a><\/h3>\r\n\t\t<p class=\"excerpt\">\r\n\t\t\tCursos formativos con el apoyo de otras entidades y organizaciones.\t\t<\/p>\r\n\t\t<p><a class=\"wp-block-button__link wp-element-button\" href=\"https:\/\/www.fundacioared.org\/es\/oferta-formativa\/otros-itinerarios-formativos\/\">Saber m\u00e1s<\/a><\/p>\r\n\t<\/div>\r\n<\/div><!-- \/post -->\r\n<\/div><\/div><\/div>\n\n\n\n<div style=\"height:100px\" aria-hidden=\"true\" class=\"wp-block-spacer\"><\/div>\n\n\n\n<div class=\"wp-block-cover is-light\"><span aria-hidden=\"true\" class=\"wp-block-cover__background has-beige-ared-background-color has-background-dim-100 has-background-dim\"><\/span><div class=\"wp-block-cover__inner-container is-layout-constrained wp-block-cover-is-layout-constrained\">\n<div class=\"wp-block-ared-marges maq-contenidor normal marge-superior-petit marge-inferior-\" data-aos=\"off\" data-aos-delay=\"aos_delay\">\n<p class=\"has-text-align-center is-style-com_titular_4 has-taronja-ared-color has-text-color has-link-color wp-elements-246e476089740f5c776cd6094eeb7732\">\u00bfEst\u00e1s interesada en una formaci\u00f3n?<\/p>\n\n\n\n<p class=\"has-text-align-center is-style-com_titular_3\">\u00a1Inf\u00f3rmate del curso que te interesa!<\/p>\n\n\n\n<p class=\"has-text-align-center\"><strong>Env\u00eda tus datos.<\/strong>  Recibir\u00e1s informaci\u00f3n de este curso y de otros que te puedan interesar del Servicio de Ocupaci\u00f3n de Catalu\u00f1a<\/p>\n<\/div>\n\n\n\n<div class=\"wp-block-ared-marges maq-contenidor estreta marge-superior-petit marge-inferior-petit\" data-aos=\"off\" data-aos-delay=\"aos_delay\"><div class=\"wpforms-container wpforms-container-full\" id=\"wpforms-2933\"><form id=\"wpforms-form-2933\" class=\"wpforms-validate wpforms-form\" data-formid=\"2933\" method=\"post\" enctype=\"multipart\/form-data\" action=\"\/es\/wp-json\/wp\/v2\/pages\/4620\" data-token=\"1a9cced685ca698a3aaaad47025a86cc\" data-token-time=\"1777354828\"><noscript class=\"wpforms-error-noscript\">Por favor, activa JavaScript en tu navegador para completar este formulario.<\/noscript><div class=\"wpforms-field-container\"><div id=\"wpforms-2933-field_2-container\" class=\"wpforms-field wpforms-field-select wpforms-field-select-style-classic\" data-field-id=\"2\"><label class=\"wpforms-field-label\" for=\"wpforms-2933-field_2\">Selecciona un curso <span class=\"wpforms-required-label\">*<\/span><\/label><select id=\"wpforms-2933-field_2\" class=\"wpforms-field-large wpforms-field-required\" name=\"wpforms[fields][2]\" required=\"required\"><option value=\"\" class=\"placeholder\" disabled  selected='selected'>Selecciona un curso *<\/option><option value=\"Certificado Profesional de Cocina\"  class=\"choice-1 depth-1\"  >Certificado Profesional de Cocina<\/option><option value=\"Certificado Profesional de Confecci\u00f3n\"  class=\"choice-4 depth-1\"  >Certificado Profesional de Confecci\u00f3n<\/option><option value=\"Certificado Profesional de Atenci\u00f3n Sociosanitaria\"  class=\"choice-5 depth-1\"  >Certificado Profesional de Atenci\u00f3n Sociosanitaria<\/option><\/select><\/div><div id=\"wpforms-2933-field_1-container\" class=\"wpforms-field wpforms-field-name\" data-field-id=\"1\"><label class=\"wpforms-field-label\" for=\"wpforms-2933-field_1\">Nombre y apellido <span class=\"wpforms-required-label\">*<\/span><\/label><input type=\"text\" id=\"wpforms-2933-field_1\" class=\"wpforms-field-large wpforms-field-required\" name=\"wpforms[fields][1]\" placeholder=\"Nombre y apellido\" required><\/div><div id=\"wpforms-2933-field_3-container\" class=\"wpforms-field wpforms-field-email wpforms-one-half wpforms-first wpforms-mobile-full floating\" data-field-id=\"3\"><label class=\"wpforms-field-label\" for=\"wpforms-2933-field_3\">Correo electr\u00f3nico <span class=\"wpforms-required-label\">*<\/span><\/label><input type=\"email\" id=\"wpforms-2933-field_3\" class=\"wpforms-field-large wpforms-field-required\" name=\"wpforms[fields][3]\" placeholder=\"Correo electr\u00f3nico *\" spellcheck=\"false\" required><\/div><div id=\"wpforms-2933-field_4-container\" class=\"wpforms-field wpforms-field-phone wpforms-one-half wpforms-mobile-full floating\" data-field-id=\"4\"><label class=\"wpforms-field-label\" for=\"wpforms-2933-field_4\">Tel\u00e9fono <span class=\"wpforms-required-label\">*<\/span><\/label><input type=\"tel\" id=\"wpforms-2933-field_4\" class=\"wpforms-field-large wpforms-field-required wpforms-smart-phone-field\" data-rule-smart-phone-field=\"true\" name=\"wpforms[fields][4]\" placeholder=\"Tel\u00e9fono *\" aria-label=\"Tel\u00e9fono\" required><\/div><div id=\"wpforms-2933-field_5-container\" class=\"wpforms-field wpforms-field-checkbox wpforms-mobile-full\" data-field-id=\"5\"><label class=\"wpforms-field-label wpforms-label-hide\">Checkboxes <span class=\"wpforms-required-label\">*<\/span><\/label><ul id=\"wpforms-2933-field_5\" class=\"wpforms-field-required\"><li class=\"choice-1 depth-1\"><input type=\"checkbox\" id=\"wpforms-2933-field_5_1\" name=\"wpforms[fields][5][]\" value=\"He le\u00eddo y acepto la &lt;a href=&quot;https:\/\/www.fundacioared.org\/es\/politica-de-privacidad\/&quot;&gt;Pol\u00edtica de privacidad&lt;\/a&gt;\" required ><label class=\"wpforms-field-label-inline\" for=\"wpforms-2933-field_5_1\">He le\u00eddo y acepto la <a href=\"https:\/\/www.fundacioared.org\/es\/politica-de-privacidad\/\">Pol\u00edtica de privacidad<\/a><\/label><\/li><\/ul><\/div><div id=\"wpforms-2933-field_7-container\" class=\"wpforms-field wpforms-field-html\" data-field-id=\"7\"><div id=\"wpforms-2933-field_7\"><p style=\"color:#3e4952;font-size:10px;line-height:1.3em;\">INFORMACI\u00d3N B\u00c1SICA DE PROTECCI\u00d3N DE DATOS: En cumplimiento del deber de informar a los interesados \u200b\u200bde las circunstancias y condiciones del tratamiento de sus datos y de los derechos que le asisten, ponemos a su disposici\u00f3n la siguiente informaci\u00f3n. INFORMACI\u00d3N B\u00c1SICA SOBRE PROTECCI\u00d3N DE DATOS\n RESPONSABLE DEL TRATAMIENTO. Responsable: Fundaci\u00f3n Privada Ared. CIF: G62728183 Dir.\n FINALIDAD. Gestionar su consulta\/petici\u00f3n y dar una respuesta a la misma.\n LEGITIMACI\u00d3N. Su consentimiento.\n DESTINATARIOS. Los datos no se ceder\u00e1n a terceros salvo en los casos en los que exista una obligaci\u00f3n legal o comunicaci\u00f3n necesaria para dar contestaci\u00f3n a su consulta.\n DERECHOS. Puede ejercer sus derechos a acceder, rectificar, oponerse, limitar, llevar y suprimir los datos ante el responsable del tratamiento; adem\u00e1s de acudir a la autoridad de control competente (AEPD). INFORMACI\u00d3N ADICIONAL. Puede consultar la informaci\u00f3n adicional sobre el tratamiento de sus datos personales <a href=\"https:\/\/www.fundacioared.org\/es\/politica-de-privacidad\/\">aqu\u00ed<\/a> .\n\n       \n <\/p><\/div><\/div><\/div><!-- .wpforms-field-container --><div class=\"wpforms-submit-container\" ><input type=\"hidden\" name=\"wpforms[id]\" value=\"2933\"><input type=\"hidden\" name=\"page_title\" value=\"\"><input type=\"hidden\" name=\"page_url\" value=\"https:\/\/www.fundacioared.org\/es\/wp-json\/wp\/v2\/pages\/4620\"><input type=\"hidden\" name=\"url_referer\" value=\"\"><button type=\"submit\" name=\"wpforms[submit]\" id=\"wpforms-submit-2933\" class=\"wpforms-submit form-button wpforms-mobile-full\" data-alt-text=\"Enviando...\" data-submit-text=\"Enviar\" aria-live=\"assertive\" value=\"wpforms-submit\">Enviar<\/button><\/div><\/form><\/div>  <!-- .wpforms-container -->\n<\/div>\n<\/div><\/div>\n\n\n\n<div class=\"wp-block-ared-marges maq-contenidor estreta marge-superior-petit marge-inferior-petit\" data-aos=\"off\" data-aos-delay=\"aos_delay\">\n<div class=\"wp-block-columns is-layout-flex wp-container-core-columns-is-layout-9d6595d7 wp-block-columns-is-layout-flex\">\n<div class=\"wp-block-column is-layout-flow wp-block-column-is-layout-flow\">\n<p class=\"is-style-default\">Este 2024, los Certificados de profesionalidad, del programa de Formaci\u00f3n de Oferta en \u00c1reas Prioritarias (FOAP), que impartimos en Fundaci\u00f3n Ared est\u00e1n subvencionados por el Servicio P\u00fablico de Empleo de Catalu\u00f1a, el Ministerio de Trabajo y Econom\u00eda Social y el Ministerio de Educaci\u00f3n, Cultura y Deportes.<\/p>\n<\/div>\n<\/div>\n<\/div>\n\n\n\n<div class=\"wp-block-ared-marges maq-contenidor normal marge-superior- marge-inferior-\" data-aos=\"off\" data-aos-delay=\"aos_delay\">\n<div class=\"wp-block-columns is-layout-flex wp-container-core-columns-is-layout-9d6595d7 wp-block-columns-is-layout-flex\">\n<div class=\"wp-block-column is-vertically-aligned-center is-layout-flow wp-block-column-is-layout-flow\" style=\"flex-basis:25%\">\n<figure class=\"wp-block-image size-full\"><img loading=\"lazy\" decoding=\"async\" width=\"400\" height=\"150\" src=\"https:\/\/www.fundacioared.org\/wp-content\/uploads\/Logo-SOC.jpg\" alt=\"\" class=\"wp-image-348\" srcset=\"https:\/\/www.fundacioared.org\/wp-content\/uploads\/Logo-SOC.jpg 400w, https:\/\/www.fundacioared.org\/wp-content\/uploads\/Logo-SOC-300x113.jpg 300w, https:\/\/www.fundacioared.org\/wp-content\/uploads\/Logo-SOC-340x128.jpg 340w, https:\/\/www.fundacioared.org\/wp-content\/uploads\/Logo-SOC-140x53.jpg 140w\" sizes=\"auto, (max-width: 400px) 100vw, 400px\" \/><\/figure>\n<\/div>\n\n\n\n<div class=\"wp-block-column is-vertically-aligned-center is-layout-flow wp-block-column-is-layout-flow\" style=\"flex-basis:25%\">\n<figure class=\"wp-block-image size-full\"><img loading=\"lazy\" decoding=\"async\" width=\"400\" height=\"150\" src=\"https:\/\/www.fundacioared.org\/wp-content\/uploads\/Logo-Generalitat.jpg\" alt=\"\" class=\"wp-image-345\" srcset=\"https:\/\/www.fundacioared.org\/wp-content\/uploads\/Logo-Generalitat.jpg 400w, https:\/\/www.fundacioared.org\/wp-content\/uploads\/Logo-Generalitat-300x113.jpg 300w, https:\/\/www.fundacioared.org\/wp-content\/uploads\/Logo-Generalitat-340x128.jpg 340w, https:\/\/www.fundacioared.org\/wp-content\/uploads\/Logo-Generalitat-140x53.jpg 140w\" sizes=\"auto, (max-width: 400px) 100vw, 400px\" \/><\/figure>\n<\/div>\n\n\n\n<div class=\"wp-block-column is-vertically-aligned-center is-layout-flow wp-block-column-is-layout-flow\" style=\"flex-basis:25%\">\n<figure class=\"wp-block-image size-full\"><img loading=\"lazy\" decoding=\"async\" width=\"400\" height=\"150\" src=\"https:\/\/www.fundacioared.org\/wp-content\/uploads\/Logo-Ministerio.jpg\" alt=\"\" class=\"wp-image-346\" srcset=\"https:\/\/www.fundacioared.org\/wp-content\/uploads\/Logo-Ministerio.jpg 400w, https:\/\/www.fundacioared.org\/wp-content\/uploads\/Logo-Ministerio-300x113.jpg 300w, https:\/\/www.fundacioared.org\/wp-content\/uploads\/Logo-Ministerio-340x128.jpg 340w, https:\/\/www.fundacioared.org\/wp-content\/uploads\/Logo-Ministerio-140x53.jpg 140w\" sizes=\"auto, (max-width: 400px) 100vw, 400px\" \/><\/figure>\n<\/div>\n\n\n\n<div class=\"wp-block-column is-vertically-aligned-center is-layout-flow wp-block-column-is-layout-flow\" style=\"flex-basis:25%\">\n<figure class=\"wp-block-image aligncenter size-large is-resized\"><img loading=\"lazy\" decoding=\"async\" width=\"1024\" height=\"297\" src=\"https:\/\/www.fundacioared.org\/wp-content\/uploads\/Logo_MTES_SEPE_H_COLOR_CAT-1-2-1024x297.jpg\" alt=\"\" class=\"wp-image-5659\" style=\"aspect-ratio:3.4444238949509893;width:231px;height:auto\" srcset=\"https:\/\/www.fundacioared.org\/wp-content\/uploads\/Logo_MTES_SEPE_H_COLOR_CAT-1-2-1024x297.jpg 1024w, https:\/\/www.fundacioared.org\/wp-content\/uploads\/Logo_MTES_SEPE_H_COLOR_CAT-1-2-300x87.jpg 300w, https:\/\/www.fundacioared.org\/wp-content\/uploads\/Logo_MTES_SEPE_H_COLOR_CAT-1-2-768x223.jpg 768w, https:\/\/www.fundacioared.org\/wp-content\/uploads\/Logo_MTES_SEPE_H_COLOR_CAT-1-2-1536x446.jpg 1536w, https:\/\/www.fundacioared.org\/wp-content\/uploads\/Logo_MTES_SEPE_H_COLOR_CAT-1-2-340x99.jpg 340w, https:\/\/www.fundacioared.org\/wp-content\/uploads\/Logo_MTES_SEPE_H_COLOR_CAT-1-2-140x41.jpg 140w, https:\/\/www.fundacioared.org\/wp-content\/uploads\/Logo_MTES_SEPE_H_COLOR_CAT-1-2.jpg 1722w\" sizes=\"auto, (max-width: 1024px) 100vw, 1024px\" \/><\/figure>\n<\/div>\n<\/div>\n<\/div>\n\n\n\n<div style=\"height:100px\" aria-hidden=\"true\" class=\"wp-block-spacer\"><\/div>\n\n\n\n<p><\/p>\n","protected":false},"excerpt":{"rendered":"","protected":false},"author":1,"featured_media":0,"parent":0,"menu_order":40,"comment_status":"closed","ping_status":"closed","template":"","meta":{"_acf_changed":false,"footnotes":""},"class_list":["post-4620","page","type-page","status-publish","hentry"],"acf":[],"_links":{"self":[{"href":"https:\/\/www.fundacioared.org\/es\/wp-json\/wp\/v2\/pages\/4620","targetHints":{"allow":["GET"]}}],"collection":[{"href":"https:\/\/www.fundacioared.org\/es\/wp-json\/wp\/v2\/pages"}],"about":[{"href":"https:\/\/www.fundacioared.org\/es\/wp-json\/wp\/v2\/types\/page"}],"author":[{"embeddable":true,"href":"https:\/\/www.fundacioared.org\/es\/wp-json\/wp\/v2\/users\/1"}],"replies":[{"embeddable":true,"href":"https:\/\/www.fundacioared.org\/es\/wp-json\/wp\/v2\/comments?post=4620"}],"version-history":[{"count":5,"href":"https:\/\/www.fundacioared.org\/es\/wp-json\/wp\/v2\/pages\/4620\/revisions"}],"predecessor-version":[{"id":5661,"href":"https:\/\/www.fundacioared.org\/es\/wp-json\/wp\/v2\/pages\/4620\/revisions\/5661"}],"wp:attachment":[{"href":"https:\/\/www.fundacioared.org\/es\/wp-json\/wp\/v2\/media?parent=4620"}],"curies":[{"name":"wp","href":"https:\/\/api.w.org\/{rel}","templated":true}]}}