{"id":4648,"date":"2024-10-15T11:08:04","date_gmt":"2024-10-15T09:08:04","guid":{"rendered":"https:\/\/www.fundacioared.org\/confeccion-ared\/"},"modified":"2026-03-12T11:53:52","modified_gmt":"2026-03-12T10:53:52","slug":"confeccion-ared","status":"publish","type":"page","link":"https:\/\/www.fundacioared.org\/es\/confeccion-ared\/","title":{"rendered":"Confecci\u00f3n Ared"},"content":{"rendered":"\n<div class=\"wp-block-ared-cabecera mod-cabecera\"><div class=\"slider\">\n<div class=\"wp-block-ared-cabecera-interior slide\"><div class=\"image\" style=\"background-image:url(https:\/\/www.fundacioared.org\/wp-content\/uploads\/Diseno-sin-titulo-20.jpg)\"><div class=\"text maq-contenidor\">\n<p class=\"has-blanc-color has-text-color has-link-color wp-elements-579d123279052252735eb6b65a86ff4b\"><\/p>\n<\/div><\/div><\/div>\n<\/div><\/div>\n\n<div class=\"wp-block-media-text has-media-on-the-right is-stacked-on-mobile is-vertically-aligned-top\"><div class=\"wp-block-media-text__content\">\n<div style=\"height:48px\" aria-hidden=\"true\" class=\"wp-block-spacer\"><\/div>\n\n\n\n<figure class=\"wp-block-image size-large is-resized\"><img loading=\"lazy\" decoding=\"async\" width=\"1024\" height=\"465\" src=\"https:\/\/www.fundacioared.org\/wp-content\/uploads\/CONFECCIO_ARED_LOGO_2_LINIES-1-1024x465.png\" alt=\"\" class=\"wp-image-2223\" style=\"width:459px;height:auto\" srcset=\"https:\/\/www.fundacioared.org\/wp-content\/uploads\/CONFECCIO_ARED_LOGO_2_LINIES-1-1024x465.png 1024w, https:\/\/www.fundacioared.org\/wp-content\/uploads\/CONFECCIO_ARED_LOGO_2_LINIES-1-300x136.png 300w, https:\/\/www.fundacioared.org\/wp-content\/uploads\/CONFECCIO_ARED_LOGO_2_LINIES-1-768x349.png 768w, https:\/\/www.fundacioared.org\/wp-content\/uploads\/CONFECCIO_ARED_LOGO_2_LINIES-1-1536x697.png 1536w, https:\/\/www.fundacioared.org\/wp-content\/uploads\/CONFECCIO_ARED_LOGO_2_LINIES-1-2048x930.png 2048w, https:\/\/www.fundacioared.org\/wp-content\/uploads\/CONFECCIO_ARED_LOGO_2_LINIES-1-340x154.png 340w, https:\/\/www.fundacioared.org\/wp-content\/uploads\/CONFECCIO_ARED_LOGO_2_LINIES-1-140x64.png 140w\" sizes=\"auto, (max-width: 1024px) 100vw, 1024px\" \/><\/figure>\n\n\n\n<div style=\"height:28px\" aria-hidden=\"true\" class=\"wp-block-spacer\"><\/div>\n\n\n\n<p>Desde nuestra <strong>empresa de inserci\u00f3n<\/strong> , y con el aval de <strong>20 a\u00f1os de experiencia<\/strong> , ofrecemos servicios de <strong>confecci\u00f3n industrial<\/strong> para empresas, instituciones y particulares que apuestan por la producci\u00f3n local, de calidad y con valor social.  <\/p>\n\n\n\n<p>La contrataci\u00f3n de nuestros servicios supone un <strong>impacto directo en la generaci\u00f3n de nuevas oportunidades para personas de alta vulnerabilidad<\/strong> , principalmente mujeres. La formaci\u00f3n y acompa\u00f1amiento que ofrecemos a las trabajadoras de la Empresa de Inserci\u00f3n durante su itinerario favorece que posteriormente puedan acceder a un puesto de trabajo digno.  <\/p>\n\n\n\n<p><\/p>\n<\/div><figure class=\"wp-block-media-text__media\"><img loading=\"lazy\" decoding=\"async\" width=\"1024\" height=\"724\" src=\"https:\/\/www.fundacioared.org\/wp-content\/uploads\/COMUNICACION-INTERNA-29-1-1024x724.jpg\" alt=\"\" class=\"wp-image-2230 size-full\" srcset=\"https:\/\/www.fundacioared.org\/wp-content\/uploads\/COMUNICACION-INTERNA-29-1-1024x724.jpg 1024w, https:\/\/www.fundacioared.org\/wp-content\/uploads\/COMUNICACION-INTERNA-29-1-300x212.jpg 300w, https:\/\/www.fundacioared.org\/wp-content\/uploads\/COMUNICACION-INTERNA-29-1-768x543.jpg 768w, https:\/\/www.fundacioared.org\/wp-content\/uploads\/COMUNICACION-INTERNA-29-1-1536x1086.jpg 1536w, https:\/\/www.fundacioared.org\/wp-content\/uploads\/COMUNICACION-INTERNA-29-1-340x240.jpg 340w, https:\/\/www.fundacioared.org\/wp-content\/uploads\/COMUNICACION-INTERNA-29-1-140x99.jpg 140w, https:\/\/www.fundacioared.org\/wp-content\/uploads\/COMUNICACION-INTERNA-29-1.jpg 2000w\" sizes=\"auto, (max-width: 1024px) 100vw, 1024px\" \/><\/figure><\/div>\n\n<div class=\"wp-block-media-text is-stacked-on-mobile is-vertically-aligned-top\"><figure class=\"wp-block-media-text__media\"><img loading=\"lazy\" decoding=\"async\" width=\"1024\" height=\"724\" src=\"https:\/\/www.fundacioared.org\/wp-content\/uploads\/COMUNICACION-INTERNA-53-1024x724.jpg\" alt=\"\" class=\"wp-image-3636 size-full\" srcset=\"https:\/\/www.fundacioared.org\/wp-content\/uploads\/COMUNICACION-INTERNA-53-1024x724.jpg 1024w, https:\/\/www.fundacioared.org\/wp-content\/uploads\/COMUNICACION-INTERNA-53-300x212.jpg 300w, https:\/\/www.fundacioared.org\/wp-content\/uploads\/COMUNICACION-INTERNA-53-768x543.jpg 768w, https:\/\/www.fundacioared.org\/wp-content\/uploads\/COMUNICACION-INTERNA-53-1536x1086.jpg 1536w, https:\/\/www.fundacioared.org\/wp-content\/uploads\/COMUNICACION-INTERNA-53-340x240.jpg 340w, https:\/\/www.fundacioared.org\/wp-content\/uploads\/COMUNICACION-INTERNA-53-140x99.jpg 140w, https:\/\/www.fundacioared.org\/wp-content\/uploads\/COMUNICACION-INTERNA-53.jpg 1750w\" sizes=\"auto, (max-width: 1024px) 100vw, 1024px\" \/><\/figure><div class=\"wp-block-media-text__content\">\n<div style=\"height:48px\" aria-hidden=\"true\" class=\"wp-block-spacer\"><\/div>\n\n\n\n<div style=\"height:0px\" aria-hidden=\"true\" class=\"wp-block-spacer\"><\/div>\n\n\n\n<p class=\"has-text-align-center is-style-com_titular_4 has-gris-ared-color has-text-color has-link-color wp-elements-4ae527118adc016060604fdf549f789a\"><strong>Los grandes valores tras nuestros servicios<\/strong><\/p>\n\n\n\n<div style=\"height:24px\" aria-hidden=\"true\" class=\"wp-block-spacer\"><\/div>\n\n\n\n<div class=\"wp-block-columns ipad-3-cols is-layout-flex wp-container-core-columns-is-layout-9d6595d7 wp-block-columns-is-layout-flex\">\n<div class=\"wp-block-column is-layout-flow wp-block-column-is-layout-flow\">\n<figure class=\"wp-block-image aligncenter size-full is-resized\"><img loading=\"lazy\" decoding=\"async\" width=\"1080\" height=\"1080\" src=\"https:\/\/www.fundacioared.org\/wp-content\/uploads\/Dones-Ared-59.png\" alt=\"\" class=\"wp-image-2243\" style=\"width:120px;height:auto\" srcset=\"https:\/\/www.fundacioared.org\/wp-content\/uploads\/Dones-Ared-59.png 1080w, https:\/\/www.fundacioared.org\/wp-content\/uploads\/Dones-Ared-59-300x300.png 300w, https:\/\/www.fundacioared.org\/wp-content\/uploads\/Dones-Ared-59-1024x1024.png 1024w, https:\/\/www.fundacioared.org\/wp-content\/uploads\/Dones-Ared-59-150x150.png 150w, https:\/\/www.fundacioared.org\/wp-content\/uploads\/Dones-Ared-59-768x768.png 768w, https:\/\/www.fundacioared.org\/wp-content\/uploads\/Dones-Ared-59-600x600.png 600w, https:\/\/www.fundacioared.org\/wp-content\/uploads\/Dones-Ared-59-340x340.png 340w, https:\/\/www.fundacioared.org\/wp-content\/uploads\/Dones-Ared-59-140x140.png 140w\" sizes=\"auto, (max-width: 1080px) 100vw, 1080px\" \/><\/figure>\n\n\n\n<p class=\"has-text-align-center is-style-com_titular_5 has-taronja-ared-color has-text-color has-link-color wp-elements-77e4cd00aa0341dba3b6e493c597de12\">Calidad<br\/> Profesional<\/p>\n\n\n\n<p class=\"has-text-align-center is-style-default has-gris-ared-color has-text-color has-link-color has-medium-font-size wp-elements-413405a9a19512fcfcbb37635aa61274\">Disponemos de 20 a\u00f1os de experiencia en confecci\u00f3n<\/p>\n<\/div>\n\n\n\n<div class=\"wp-block-column is-layout-flow wp-block-column-is-layout-flow\">\n<figure class=\"wp-block-image aligncenter size-full is-resized\"><img loading=\"lazy\" decoding=\"async\" width=\"1080\" height=\"1080\" src=\"https:\/\/www.fundacioared.org\/wp-content\/uploads\/Dones-Ared-61.png\" alt=\"\" class=\"wp-image-2244\" style=\"width:120px;height:auto\" srcset=\"https:\/\/www.fundacioared.org\/wp-content\/uploads\/Dones-Ared-61.png 1080w, https:\/\/www.fundacioared.org\/wp-content\/uploads\/Dones-Ared-61-300x300.png 300w, https:\/\/www.fundacioared.org\/wp-content\/uploads\/Dones-Ared-61-1024x1024.png 1024w, https:\/\/www.fundacioared.org\/wp-content\/uploads\/Dones-Ared-61-150x150.png 150w, https:\/\/www.fundacioared.org\/wp-content\/uploads\/Dones-Ared-61-768x768.png 768w, https:\/\/www.fundacioared.org\/wp-content\/uploads\/Dones-Ared-61-600x600.png 600w, https:\/\/www.fundacioared.org\/wp-content\/uploads\/Dones-Ared-61-340x340.png 340w, https:\/\/www.fundacioared.org\/wp-content\/uploads\/Dones-Ared-61-140x140.png 140w\" sizes=\"auto, (max-width: 1080px) 100vw, 1080px\" \/><\/figure>\n\n\n\n<p class=\"has-text-align-center is-style-com_titular_5 has-taronja-ared-color has-text-color has-link-color wp-elements-1ca99572f23f6f7477cc5e3d0b938345\">Impacto<br\/> Social<\/p>\n\n\n\n<p class=\"has-text-align-center is-style-default has-gris-ared-color has-text-color has-link-color has-medium-font-size wp-elements-26803288a6f53528b7ba9db4bc06241e\">Ofrecemos oportunidades laborales a mujeres en situaci\u00f3n vulnerable<\/p>\n<\/div>\n\n\n\n<div class=\"wp-block-column is-layout-flow wp-block-column-is-layout-flow\">\n<figure class=\"wp-block-image aligncenter size-full is-resized\"><img loading=\"lazy\" decoding=\"async\" width=\"1080\" height=\"1080\" src=\"https:\/\/www.fundacioared.org\/wp-content\/uploads\/Dones-Ared-60.png\" alt=\"\" class=\"wp-image-2245\" style=\"width:120px;height:auto\" srcset=\"https:\/\/www.fundacioared.org\/wp-content\/uploads\/Dones-Ared-60.png 1080w, https:\/\/www.fundacioared.org\/wp-content\/uploads\/Dones-Ared-60-300x300.png 300w, https:\/\/www.fundacioared.org\/wp-content\/uploads\/Dones-Ared-60-1024x1024.png 1024w, https:\/\/www.fundacioared.org\/wp-content\/uploads\/Dones-Ared-60-150x150.png 150w, https:\/\/www.fundacioared.org\/wp-content\/uploads\/Dones-Ared-60-768x768.png 768w, https:\/\/www.fundacioared.org\/wp-content\/uploads\/Dones-Ared-60-600x600.png 600w, https:\/\/www.fundacioared.org\/wp-content\/uploads\/Dones-Ared-60-340x340.png 340w, https:\/\/www.fundacioared.org\/wp-content\/uploads\/Dones-Ared-60-140x140.png 140w\" sizes=\"auto, (max-width: 1080px) 100vw, 1080px\" \/><\/figure>\n\n\n\n<p class=\"has-text-align-center is-style-com_titular_5 has-taronja-ared-color has-text-color has-link-color wp-elements-511ad7262a1396d7460f31358dbc095a\">Producci\u00f3n<br\/> Local<\/p>\n\n\n\n<p class=\"has-text-align-center is-style-default has-gris-ared-color has-text-color has-link-color has-medium-font-size wp-elements-0cbd4e5d86e78a626308deb811f9e651\">La producci\u00f3n se realiza en nuestro taller de Barcelona<\/p>\n<\/div>\n<\/div>\n\n\n\n<div style=\"height:35px\" aria-hidden=\"true\" class=\"wp-block-spacer\"><\/div>\n<\/div><\/div>\n\n<div class=\"wp-block-media-text has-media-on-the-right is-stacked-on-mobile is-vertically-aligned-top\"><div class=\"wp-block-media-text__content\">\n<div style=\"height:30px\" aria-hidden=\"true\" class=\"wp-block-spacer\"><\/div>\n\n\n\n<p class=\"has-text-align-center is-style-com_titular_3 has-taronja-ared-color has-text-color has-link-color wp-elements-56b4ab017cbc5a95ef192a27a12c5e83\"><strong>Servicios de Confecci\u00f3n<\/strong><\/p>\n\n\n\n<div style=\"height:28px\" aria-hidden=\"true\" class=\"wp-block-spacer\"><\/div>\n\n\n\n<p class=\"is-style-com_titular_2 has-extra-large-font-size\">Dise\u00f1o a medida<\/p>\n\n\n\n<p>Materializamos ideas en productos textiles dise\u00f1ados a medida. Elaboramos distintas propuestas y prototipos hasta encontrar el producto adecuado a las necesidades del cliente.<\/p>\n\n\n\n<p class=\"is-style-com_titular_2 has-extra-large-font-size\">Patronaje y escalado industrial<\/p>\n\n\n\n<p>Dise\u00f1amos patrones base, realizamos escalado industrial de tallas, marcaci\u00f3n textil.<\/p>\n\n\n\n<p class=\"is-style-com_titular_2 has-extra-large-font-size\">Corte y confecci\u00f3n industrial<\/p>\n\n\n\n<p>Nuestro taller est\u00e1 equipado con maquinaria profesional para confeccionar productos textiles de excelente calidad.<\/p>\n\n\n\n<p class=\"is-style-com_titular_2 has-extra-large-font-size\">Personalizaci\u00f3n<\/p>\n\n\n\n<p>Personalizamos productos textiles a trav\u00e9s de t\u00e9cnicas de <strong>bordado<\/strong> , <strong>serigraf\u00eda<\/strong> o <strong>estampaci\u00f3n digital<\/strong> .<\/p>\n\n\n\n<p><\/p>\n<\/div><figure class=\"wp-block-media-text__media\"><video controls src=\"https:\/\/www.fundacioared.org\/wp-content\/uploads\/Testimonial-Taller-de-Confeccion-Ared-Ana-Judit-Rivera.mp4\"><\/video><\/figure><\/div>\n\n<div style=\"height:83px\" aria-hidden=\"true\" class=\"wp-block-spacer\"><\/div>\n\n<p class=\"has-text-align-center is-style-com_titular_3 has-gris-ared-color has-text-color has-link-color wp-elements-1d096f9cc08a04edb70f85e758061508\">SOMOS ESPECIALISTAS EN:<\/p>\n\n<div class=\"wp-block-ared-marges maq-contenidor normal marge-superior-petit marge-inferior-petit\" data-aos=\"off\" data-aos-delay=\"aos_delay\">\n<div class=\"wp-block-columns is-layout-flex wp-container-core-columns-is-layout-9d6595d7 wp-block-columns-is-layout-flex\">\n<div class=\"wp-block-column is-layout-flow wp-block-column-is-layout-flow\" style=\"flex-basis:33.34%\">\n<figure class=\"wp-block-image aligncenter size-full is-resized\"><img loading=\"lazy\" decoding=\"async\" width=\"1080\" height=\"1080\" src=\"https:\/\/www.fundacioared.org\/wp-content\/uploads\/Dones-Ared-57.png\" alt=\"\" class=\"wp-image-2239\" style=\"width:101px;height:auto\" srcset=\"https:\/\/www.fundacioared.org\/wp-content\/uploads\/Dones-Ared-57.png 1080w, https:\/\/www.fundacioared.org\/wp-content\/uploads\/Dones-Ared-57-300x300.png 300w, https:\/\/www.fundacioared.org\/wp-content\/uploads\/Dones-Ared-57-1024x1024.png 1024w, https:\/\/www.fundacioared.org\/wp-content\/uploads\/Dones-Ared-57-150x150.png 150w, https:\/\/www.fundacioared.org\/wp-content\/uploads\/Dones-Ared-57-768x768.png 768w, https:\/\/www.fundacioared.org\/wp-content\/uploads\/Dones-Ared-57-600x600.png 600w, https:\/\/www.fundacioared.org\/wp-content\/uploads\/Dones-Ared-57-340x340.png 340w, https:\/\/www.fundacioared.org\/wp-content\/uploads\/Dones-Ared-57-140x140.png 140w\" sizes=\"auto, (max-width: 1080px) 100vw, 1080px\" \/><\/figure>\n\n\n\n<p class=\"has-text-align-center is-style-com_titular_5 has-taronja-ared-color has-text-color has-link-color has-large-font-size wp-elements-d5b40aa0aff751e0a6a040d212e3cb37\" style=\"padding-top:var(--wp--preset--spacing--30);padding-bottom:var(--wp--preset--spacing--30)\"><strong>UNIFORMES LABORALES<\/strong><\/p>\n\n\n\n<p class=\"has-text-align-center is-style-com_titular_4 has-gris-ared-color has-text-color has-link-color has-large-font-size wp-elements-9b3b7e06007eb2afff5b033c6657baa1\" style=\"margin-top:var(--wp--preset--spacing--20);margin-bottom:var(--wp--preset--spacing--20)\">Ropa de trabajo, batas escolares<\/p>\n<\/div>\n\n\n\n<div class=\"wp-block-column is-layout-flow wp-block-column-is-layout-flow\" style=\"flex-basis:33.34%\">\n<figure class=\"wp-block-image aligncenter size-full is-resized\"><img loading=\"lazy\" decoding=\"async\" width=\"1080\" height=\"785\" src=\"https:\/\/www.fundacioared.org\/wp-content\/uploads\/Dones-Ared-56-1.png\" alt=\"\" class=\"wp-image-2238\" style=\"width:133px;height:auto\" srcset=\"https:\/\/www.fundacioared.org\/wp-content\/uploads\/Dones-Ared-56-1.png 1080w, https:\/\/www.fundacioared.org\/wp-content\/uploads\/Dones-Ared-56-1-300x218.png 300w, https:\/\/www.fundacioared.org\/wp-content\/uploads\/Dones-Ared-56-1-1024x744.png 1024w, https:\/\/www.fundacioared.org\/wp-content\/uploads\/Dones-Ared-56-1-768x558.png 768w, https:\/\/www.fundacioared.org\/wp-content\/uploads\/Dones-Ared-56-1-340x247.png 340w, https:\/\/www.fundacioared.org\/wp-content\/uploads\/Dones-Ared-56-1-140x102.png 140w\" sizes=\"auto, (max-width: 1080px) 100vw, 1080px\" \/><\/figure>\n\n\n\n<p class=\"has-text-align-center is-style-com_titular_5 has-taronja-ared-color has-text-color has-link-color has-large-font-size wp-elements-1697cd5ff66c9679a6f03d414cb65155\" style=\"padding-top:var(--wp--preset--spacing--30);padding-bottom:var(--wp--preset--spacing--30)\"><strong>ROPA HOSPITALARIA<\/strong><\/p>\n\n\n\n<p class=\"has-text-align-center is-style-com_titular_4 has-gris-ared-color has-text-color has-link-color has-large-font-size wp-elements-abbdf3c65c34b6253305ccb9b95b3af8\" style=\"margin-top:var(--wp--preset--spacing--20);margin-bottom:var(--wp--preset--spacing--20)\"><strong>S\u00e1banas, travesa\u00f1os, colchas<\/strong><\/p>\n<\/div>\n\n\n\n<div class=\"wp-block-column is-layout-flow wp-block-column-is-layout-flow\" style=\"flex-basis:33.34%\">\n<figure class=\"wp-block-image aligncenter size-full is-resized\"><img loading=\"lazy\" decoding=\"async\" width=\"1080\" height=\"782\" src=\"https:\/\/www.fundacioared.org\/wp-content\/uploads\/Dones-Ared-53.png\" alt=\"\" class=\"wp-image-2234\" style=\"width:134px;height:auto\" srcset=\"https:\/\/www.fundacioared.org\/wp-content\/uploads\/Dones-Ared-53.png 1080w, https:\/\/www.fundacioared.org\/wp-content\/uploads\/Dones-Ared-53-300x217.png 300w, https:\/\/www.fundacioared.org\/wp-content\/uploads\/Dones-Ared-53-1024x741.png 1024w, https:\/\/www.fundacioared.org\/wp-content\/uploads\/Dones-Ared-53-768x556.png 768w, https:\/\/www.fundacioared.org\/wp-content\/uploads\/Dones-Ared-53-340x246.png 340w, https:\/\/www.fundacioared.org\/wp-content\/uploads\/Dones-Ared-53-140x101.png 140w\" sizes=\"auto, (max-width: 1080px) 100vw, 1080px\" \/><\/figure>\n\n\n\n<p class=\"has-text-align-center is-style-com_titular_5 has-taronja-ared-color has-text-color has-link-color has-large-font-size wp-elements-aa991d9c7a6f995adf9000fda559b6fa\" style=\"padding-top:var(--wp--preset--spacing--30);padding-bottom:var(--wp--preset--spacing--30)\"><strong>ROPA DE<\/strong><br\/> <strong>HOGAR<\/strong><\/p>\n\n\n\n<p class=\"has-text-align-center is-style-com_titular_4 has-gris-ared-color has-text-color has-link-color has-large-font-size wp-elements-1cce6b5c5586c5e40c34bf8f6b0ed064\" style=\"margin-top:var(--wp--preset--spacing--20);margin-bottom:var(--wp--preset--spacing--20)\"><strong>Almohadas, mantel, s\u00e1banas<\/strong><\/p>\n<\/div>\n\n\n\n<div class=\"wp-block-column is-layout-flow wp-block-column-is-layout-flow\" style=\"flex-basis:33.34%\">\n<figure class=\"wp-block-image aligncenter size-full is-resized\"><img loading=\"lazy\" decoding=\"async\" width=\"1080\" height=\"1080\" src=\"https:\/\/www.fundacioared.org\/wp-content\/uploads\/Dones-Ared-54.png\" alt=\"\" class=\"wp-image-2235\" style=\"width:101px;height:auto\" srcset=\"https:\/\/www.fundacioared.org\/wp-content\/uploads\/Dones-Ared-54.png 1080w, https:\/\/www.fundacioared.org\/wp-content\/uploads\/Dones-Ared-54-300x300.png 300w, https:\/\/www.fundacioared.org\/wp-content\/uploads\/Dones-Ared-54-1024x1024.png 1024w, https:\/\/www.fundacioared.org\/wp-content\/uploads\/Dones-Ared-54-150x150.png 150w, https:\/\/www.fundacioared.org\/wp-content\/uploads\/Dones-Ared-54-768x768.png 768w, https:\/\/www.fundacioared.org\/wp-content\/uploads\/Dones-Ared-54-600x600.png 600w, https:\/\/www.fundacioared.org\/wp-content\/uploads\/Dones-Ared-54-340x340.png 340w, https:\/\/www.fundacioared.org\/wp-content\/uploads\/Dones-Ared-54-140x140.png 140w\" sizes=\"auto, (max-width: 1080px) 100vw, 1080px\" \/><\/figure>\n\n\n\n<p class=\"has-text-align-center is-style-com_titular_5 has-taronja-ared-color has-text-color has-link-color has-large-font-size wp-elements-a5e8f71a968d86245d8d63d6b45c0652\" style=\"padding-top:var(--wp--preset--spacing--30);padding-bottom:var(--wp--preset--spacing--30)\"><strong>MODA<\/strong><br\/> <strong>FEMENINA<\/strong><\/p>\n\n\n\n<p class=\"has-text-align-center is-style-com_titular_4 has-gris-ared-color has-text-color has-link-color has-large-font-size wp-elements-015798833799c46b725f71cba6c762d9\" style=\"margin-top:var(--wp--preset--spacing--20);margin-bottom:var(--wp--preset--spacing--20)\"><strong>Colecciones de moda femenina<\/strong><\/p>\n<\/div>\n\n\n\n<div class=\"wp-block-column is-layout-flow wp-block-column-is-layout-flow\" style=\"flex-basis:33.34%\">\n<figure class=\"wp-block-image aligncenter size-full is-resized\"><img loading=\"lazy\" decoding=\"async\" width=\"1080\" height=\"1080\" src=\"https:\/\/www.fundacioared.org\/wp-content\/uploads\/Dones-Ared-55.png\" alt=\"\" class=\"wp-image-2236\" style=\"width:101px;height:auto\" srcset=\"https:\/\/www.fundacioared.org\/wp-content\/uploads\/Dones-Ared-55.png 1080w, https:\/\/www.fundacioared.org\/wp-content\/uploads\/Dones-Ared-55-300x300.png 300w, https:\/\/www.fundacioared.org\/wp-content\/uploads\/Dones-Ared-55-1024x1024.png 1024w, https:\/\/www.fundacioared.org\/wp-content\/uploads\/Dones-Ared-55-150x150.png 150w, https:\/\/www.fundacioared.org\/wp-content\/uploads\/Dones-Ared-55-768x768.png 768w, https:\/\/www.fundacioared.org\/wp-content\/uploads\/Dones-Ared-55-600x600.png 600w, https:\/\/www.fundacioared.org\/wp-content\/uploads\/Dones-Ared-55-340x340.png 340w, https:\/\/www.fundacioared.org\/wp-content\/uploads\/Dones-Ared-55-140x140.png 140w\" sizes=\"auto, (max-width: 1080px) 100vw, 1080px\" \/><\/figure>\n\n\n\n<p class=\"has-text-align-center is-style-com_titular_5 has-taronja-ared-color has-text-color has-link-color has-large-font-size wp-elements-0885478fda3fb9755a33fdd85642eeaa\" style=\"padding-top:var(--wp--preset--spacing--30);padding-bottom:var(--wp--preset--spacing--30)\"><strong>COMPLEMTENTES TEXTILES<\/strong><\/p>\n\n\n\n<p class=\"has-text-align-center is-style-com_titular_4 has-gris-ared-color has-text-color has-link-color has-large-font-size wp-elements-aafd0671c0d89fa6427686e78422e7da\" style=\"margin-top:var(--wp--preset--spacing--20);margin-bottom:var(--wp--preset--spacing--20)\"><strong>Bolsas de tela,<\/strong> neceseres<\/p>\n<\/div>\n<\/div>\n<\/div>\n\n<div style=\"height:45px\" aria-hidden=\"true\" class=\"wp-block-spacer\"><\/div>\n\n<figure class=\"wp-block-gallery has-nested-images columns-default is-cropped wp-block-gallery-1 is-layout-flex wp-block-gallery-is-layout-flex\">\n<figure class=\"wp-block-image size-large\"><img loading=\"lazy\" decoding=\"async\" width=\"1024\" height=\"724\" data-id=\"2229\" src=\"https:\/\/www.fundacioared.org\/wp-content\/uploads\/COMUNICACION-INTERNA-30-1024x724.jpg\" alt=\"\" class=\"wp-image-2229\" srcset=\"https:\/\/www.fundacioared.org\/wp-content\/uploads\/COMUNICACION-INTERNA-30-1024x724.jpg 1024w, https:\/\/www.fundacioared.org\/wp-content\/uploads\/COMUNICACION-INTERNA-30-300x212.jpg 300w, https:\/\/www.fundacioared.org\/wp-content\/uploads\/COMUNICACION-INTERNA-30-768x543.jpg 768w, https:\/\/www.fundacioared.org\/wp-content\/uploads\/COMUNICACION-INTERNA-30-1536x1086.jpg 1536w, https:\/\/www.fundacioared.org\/wp-content\/uploads\/COMUNICACION-INTERNA-30-340x240.jpg 340w, https:\/\/www.fundacioared.org\/wp-content\/uploads\/COMUNICACION-INTERNA-30-140x99.jpg 140w, https:\/\/www.fundacioared.org\/wp-content\/uploads\/COMUNICACION-INTERNA-30.jpg 2000w\" sizes=\"auto, (max-width: 1024px) 100vw, 1024px\" \/><\/figure>\n\n\n\n<figure class=\"wp-block-image size-large\"><img loading=\"lazy\" decoding=\"async\" width=\"1024\" height=\"724\" data-id=\"2228\" src=\"https:\/\/www.fundacioared.org\/wp-content\/uploads\/COMUNICACION-INTERNA-28-1024x724.jpg\" alt=\"\" class=\"wp-image-2228\" srcset=\"https:\/\/www.fundacioared.org\/wp-content\/uploads\/COMUNICACION-INTERNA-28-1024x724.jpg 1024w, https:\/\/www.fundacioared.org\/wp-content\/uploads\/COMUNICACION-INTERNA-28-300x212.jpg 300w, https:\/\/www.fundacioared.org\/wp-content\/uploads\/COMUNICACION-INTERNA-28-768x543.jpg 768w, https:\/\/www.fundacioared.org\/wp-content\/uploads\/COMUNICACION-INTERNA-28-1536x1086.jpg 1536w, https:\/\/www.fundacioared.org\/wp-content\/uploads\/COMUNICACION-INTERNA-28-340x240.jpg 340w, https:\/\/www.fundacioared.org\/wp-content\/uploads\/COMUNICACION-INTERNA-28-140x99.jpg 140w, https:\/\/www.fundacioared.org\/wp-content\/uploads\/COMUNICACION-INTERNA-28.jpg 2000w\" sizes=\"auto, (max-width: 1024px) 100vw, 1024px\" \/><\/figure>\n\n\n\n<figure class=\"wp-block-image size-large\"><img loading=\"lazy\" decoding=\"async\" width=\"1024\" height=\"724\" data-id=\"2225\" src=\"https:\/\/www.fundacioared.org\/wp-content\/uploads\/COMUNICACION-INTERNA-7-1024x724.png\" alt=\"\" class=\"wp-image-2225\" srcset=\"https:\/\/www.fundacioared.org\/wp-content\/uploads\/COMUNICACION-INTERNA-7-1024x724.png 1024w, https:\/\/www.fundacioared.org\/wp-content\/uploads\/COMUNICACION-INTERNA-7-300x212.png 300w, https:\/\/www.fundacioared.org\/wp-content\/uploads\/COMUNICACION-INTERNA-7-768x543.png 768w, https:\/\/www.fundacioared.org\/wp-content\/uploads\/COMUNICACION-INTERNA-7-1536x1086.png 1536w, https:\/\/www.fundacioared.org\/wp-content\/uploads\/COMUNICACION-INTERNA-7-340x240.png 340w, https:\/\/www.fundacioared.org\/wp-content\/uploads\/COMUNICACION-INTERNA-7-140x99.png 140w, https:\/\/www.fundacioared.org\/wp-content\/uploads\/COMUNICACION-INTERNA-7.png 2000w\" sizes=\"auto, (max-width: 1024px) 100vw, 1024px\" \/><\/figure>\n<\/figure>\n\n<div style=\"height:38px\" aria-hidden=\"true\" class=\"wp-block-spacer\"><\/div>\n\n<div class=\"wp-block-ared-marges maq-contenidor normal marge-superior-petit marge-inferior-petit\" data-aos=\"off\" data-aos-delay=\"aos_delay\">\n<p class=\"has-text-align-center is-style-com_titular_4 has-taronja-ared-color has-text-color has-link-color wp-elements-b1e3412201c3c99a927285a9b346a9e4\"><strong>20 a\u00f1os de experiencia<\/strong> , ofrecemos servicios de <strong>confecci\u00f3n industrial<\/strong><\/p>\n\n\n\n<p class=\"has-text-align-center is-style-com_titular_3\">Cu\u00e9ntanos tu proyecto textil y te hacemos un presupuesto<\/p>\n<\/div>\n\n<div class=\"wp-block-ared-marges maq-contenidor ample-marge marge-superior-gran marge-inferior-gran\" data-aos=\"off\" data-aos-delay=\"aos_delay\">\n<div class=\"wp-block-columns is-layout-flex wp-container-core-columns-is-layout-9d6595d7 wp-block-columns-is-layout-flex\">\n<div class=\"wp-block-column has-taronja-ared-color has-taronja-ared-background-color has-text-color has-background has-link-color wp-elements-3fc39ccf2ffe621a7fa78ccfa6d84103 is-layout-flow wp-block-column-is-layout-flow\" style=\"padding-right:var(--wp--preset--spacing--50);padding-left:var(--wp--preset--spacing--50)\">\n<div style=\"height:50px\" aria-hidden=\"true\" class=\"wp-block-spacer\"><\/div>\n\n\n\n<p class=\"has-text-align-left is-style-com_titular_3 has-blanc-color has-text-color has-link-color wp-elements-9f9f3b8f15e3b141204dfb39a0d71b2b\">\u00bfTienes dudas?<\/p>\n\n\n\n<p class=\"has-text-align-left is-style-com_titular_5 has-gris-ared-color has-text-color has-link-color wp-elements-f132de58aeb84f2482a743535059b169\"><strong><mark style=\"background-color:rgba(0, 0, 0, 0)\" class=\"has-inline-color has-gris-ared-color\">Habla con Julieta Bermejo<\/mark> .<\/strong><\/p>\n\n\n\n<p class=\"has-text-align-left is-style-default has-gris-ared-color has-text-color has-link-color wp-elements-69da51f4019a1176db2657089f6a30a8\"><strong><a href=\"mailto:julietabermejo@fundacioared.org\"><mark style=\"background-color:rgba(0, 0, 0, 0)\" class=\"has-inline-color has-gris-ared-color\">julietabermejo@fundacioared.org<\/mark><\/a><\/strong><br\/> <strong>Tel\u00e9fono 658 160 352<\/strong><\/p>\n\n\n\n<div style=\"height:50px\" aria-hidden=\"true\" class=\"wp-block-spacer\"><\/div>\n\n\n\n<div class=\"wp-block-buttons is-content-justification-right is-layout-flex wp-container-core-buttons-is-layout-e6df00e8 wp-block-buttons-is-layout-flex\">\n<div class=\"wp-block-button is-style-gris-blanc\"><a class=\"wp-block-button__link wp-element-button\" href=\"mailto:julietabermejo@fundacioared.org\">Env\u00edanos un mail<\/a><\/div>\n<\/div>\n\n\n\n<div style=\"height:25px\" aria-hidden=\"true\" class=\"wp-block-spacer\"><\/div>\n<\/div>\n\n\n\n<div class=\"wp-block-column has-gris-ared-background-color has-background is-layout-flow wp-block-column-is-layout-flow\" style=\"padding-right:var(--wp--preset--spacing--50);padding-left:var(--wp--preset--spacing--50)\">\n<div style=\"height:50px\" aria-hidden=\"true\" class=\"wp-block-spacer\"><\/div>\n\n\n\n<p class=\"has-text-align-left is-style-com_titular_3 has-blanc-color has-text-color has-link-color wp-elements-2c2d627201c7edd2cca28abdff2040c8\">Quiero un presupuesto<\/p>\n\n\n\n<p class=\"has-text-align-left is-style-com_titular_5\"><mark style=\"background-color:rgba(0, 0, 0, 0)\" class=\"has-inline-color has-taronja-ared-color\">De forma f\u00e1cil y r\u00e1pida<\/mark><br\/> <mark style=\"background-color:rgba(0, 0, 0, 0)\" class=\"has-inline-color has-taronja-ared-color\">rellena el formulario<\/mark> <\/p>\n\n\n\n<div style=\"height:50px\" aria-hidden=\"true\" class=\"wp-block-spacer\"><\/div>\n\n\n\n<div class=\"wp-block-buttons is-content-justification-right is-layout-flex wp-container-core-buttons-is-layout-e6df00e8 wp-block-buttons-is-layout-flex\">\n<div class=\"wp-block-button is-style-taronja-blanc\"><a class=\"wp-block-button__link wp-element-button\" href=\"https:\/\/forms.office.com\/pages\/responsepage.aspx?id=CS46CTItXkC2DIrSHwOytjyRGNEwYz9OhLDTLTNZ5IRUODI5NE1ITTY3MTRFR0NaSFNUNEJNREE4Mi4u&amp;route=shorturl\" target=\"_blank\" rel=\"noreferrer noopener\">Rellena el formulario<\/a><\/div>\n<\/div>\n\n\n\n<div style=\"height:25px\" aria-hidden=\"true\" class=\"wp-block-spacer\"><\/div>\n<\/div>\n<\/div>\n<\/div>\n\n<div class=\"wp-block-ared-marges maq-contenidor normal marge-superior-petit marge-inferior-petit\" data-aos=\"off\" data-aos-delay=\"aos_delay\">\n<p class=\"has-text-align-center is-style-com_titular_3\">Empresas que conf\u00edan<br\/> en <mark style=\"background-color:rgba(0, 0, 0, 0)\" class=\"has-inline-color has-taronja-ared-color\">Confecci\u00f3n Ared<\/mark><\/p>\n<\/div>\n\n<div class=\"wp-block-ared-marges maq-contenidor normal marge-superior-petit marge-inferior-gran\" data-aos=\"off\" data-aos-delay=\"aos_delay\">\n<div class=\"wp-block-group is-layout-grid wp-container-core-group-is-layout-148d70a5 wp-block-group-is-layout-grid\">\n<figure class=\"wp-block-image size-full\"><img loading=\"lazy\" decoding=\"async\" width=\"600\" height=\"240\" src=\"https:\/\/www.fundacioared.org\/wp-content\/uploads\/Logos-confeccio-23.jpg\" alt=\"\" class=\"wp-image-1056\" srcset=\"https:\/\/www.fundacioared.org\/wp-content\/uploads\/Logos-confeccio-23.jpg 600w, https:\/\/www.fundacioared.org\/wp-content\/uploads\/Logos-confeccio-23-300x120.jpg 300w, https:\/\/www.fundacioared.org\/wp-content\/uploads\/Logos-confeccio-23-340x136.jpg 340w, https:\/\/www.fundacioared.org\/wp-content\/uploads\/Logos-confeccio-23-140x56.jpg 140w\" sizes=\"auto, (max-width: 600px) 100vw, 600px\" \/><\/figure>\n\n\n\n<figure class=\"wp-block-image size-full\"><img loading=\"lazy\" decoding=\"async\" width=\"600\" height=\"240\" src=\"https:\/\/www.fundacioared.org\/wp-content\/uploads\/Logos-confeccio-04.jpg\" alt=\"\" class=\"wp-image-1037\" srcset=\"https:\/\/www.fundacioared.org\/wp-content\/uploads\/Logos-confeccio-04.jpg 600w, https:\/\/www.fundacioared.org\/wp-content\/uploads\/Logos-confeccio-04-300x120.jpg 300w, https:\/\/www.fundacioared.org\/wp-content\/uploads\/Logos-confeccio-04-340x136.jpg 340w, https:\/\/www.fundacioared.org\/wp-content\/uploads\/Logos-confeccio-04-140x56.jpg 140w\" sizes=\"auto, (max-width: 600px) 100vw, 600px\" \/><\/figure>\n\n\n\n<figure class=\"wp-block-image size-full\"><img loading=\"lazy\" decoding=\"async\" width=\"600\" height=\"240\" src=\"https:\/\/www.fundacioared.org\/wp-content\/uploads\/Logos-confeccio-22.jpg\" alt=\"\" class=\"wp-image-1055\" srcset=\"https:\/\/www.fundacioared.org\/wp-content\/uploads\/Logos-confeccio-22.jpg 600w, https:\/\/www.fundacioared.org\/wp-content\/uploads\/Logos-confeccio-22-300x120.jpg 300w, https:\/\/www.fundacioared.org\/wp-content\/uploads\/Logos-confeccio-22-340x136.jpg 340w, https:\/\/www.fundacioared.org\/wp-content\/uploads\/Logos-confeccio-22-140x56.jpg 140w\" sizes=\"auto, (max-width: 600px) 100vw, 600px\" \/><\/figure>\n\n\n\n<figure class=\"wp-block-image size-full\"><img loading=\"lazy\" decoding=\"async\" width=\"600\" height=\"240\" src=\"https:\/\/www.fundacioared.org\/wp-content\/uploads\/Logos-confeccio-02.jpg\" alt=\"\" class=\"wp-image-1035\" srcset=\"https:\/\/www.fundacioared.org\/wp-content\/uploads\/Logos-confeccio-02.jpg 600w, https:\/\/www.fundacioared.org\/wp-content\/uploads\/Logos-confeccio-02-300x120.jpg 300w, https:\/\/www.fundacioared.org\/wp-content\/uploads\/Logos-confeccio-02-340x136.jpg 340w, https:\/\/www.fundacioared.org\/wp-content\/uploads\/Logos-confeccio-02-140x56.jpg 140w\" sizes=\"auto, (max-width: 600px) 100vw, 600px\" \/><\/figure>\n\n\n\n<figure class=\"wp-block-image size-full\"><img loading=\"lazy\" decoding=\"async\" width=\"600\" height=\"240\" src=\"https:\/\/www.fundacioared.org\/wp-content\/uploads\/Logos-confeccio-12.jpg\" alt=\"\" class=\"wp-image-1045\" srcset=\"https:\/\/www.fundacioared.org\/wp-content\/uploads\/Logos-confeccio-12.jpg 600w, https:\/\/www.fundacioared.org\/wp-content\/uploads\/Logos-confeccio-12-300x120.jpg 300w, https:\/\/www.fundacioared.org\/wp-content\/uploads\/Logos-confeccio-12-340x136.jpg 340w, https:\/\/www.fundacioared.org\/wp-content\/uploads\/Logos-confeccio-12-140x56.jpg 140w\" sizes=\"auto, (max-width: 600px) 100vw, 600px\" \/><\/figure>\n\n\n\n<figure class=\"wp-block-image size-full\"><img loading=\"lazy\" decoding=\"async\" width=\"600\" height=\"240\" src=\"https:\/\/www.fundacioared.org\/wp-content\/uploads\/Logos-confeccio-31.jpg\" alt=\"\" class=\"wp-image-1064\" srcset=\"https:\/\/www.fundacioared.org\/wp-content\/uploads\/Logos-confeccio-31.jpg 600w, https:\/\/www.fundacioared.org\/wp-content\/uploads\/Logos-confeccio-31-300x120.jpg 300w, https:\/\/www.fundacioared.org\/wp-content\/uploads\/Logos-confeccio-31-340x136.jpg 340w, https:\/\/www.fundacioared.org\/wp-content\/uploads\/Logos-confeccio-31-140x56.jpg 140w\" sizes=\"auto, (max-width: 600px) 100vw, 600px\" \/><\/figure>\n\n\n\n<figure class=\"wp-block-image size-full\"><img loading=\"lazy\" decoding=\"async\" width=\"1500\" height=\"628\" src=\"https:\/\/www.fundacioared.org\/wp-content\/uploads\/Graficos-FOAP-8-1.png\" alt=\"\" class=\"wp-image-5056\" srcset=\"https:\/\/www.fundacioared.org\/wp-content\/uploads\/Graficos-FOAP-8-1.png 1500w, https:\/\/www.fundacioared.org\/wp-content\/uploads\/Graficos-FOAP-8-1-300x126.png 300w, https:\/\/www.fundacioared.org\/wp-content\/uploads\/Graficos-FOAP-8-1-1024x429.png 1024w, https:\/\/www.fundacioared.org\/wp-content\/uploads\/Graficos-FOAP-8-1-768x322.png 768w, https:\/\/www.fundacioared.org\/wp-content\/uploads\/Graficos-FOAP-8-1-340x142.png 340w, https:\/\/www.fundacioared.org\/wp-content\/uploads\/Graficos-FOAP-8-1-140x59.png 140w\" sizes=\"auto, (max-width: 1500px) 100vw, 1500px\" \/><\/figure>\n\n\n\n<figure class=\"wp-block-image size-full\"><img loading=\"lazy\" decoding=\"async\" width=\"600\" height=\"240\" src=\"https:\/\/www.fundacioared.org\/wp-content\/uploads\/Logos-confeccio-05.jpg\" alt=\"\" class=\"wp-image-1038\" srcset=\"https:\/\/www.fundacioared.org\/wp-content\/uploads\/Logos-confeccio-05.jpg 600w, https:\/\/www.fundacioared.org\/wp-content\/uploads\/Logos-confeccio-05-300x120.jpg 300w, https:\/\/www.fundacioared.org\/wp-content\/uploads\/Logos-confeccio-05-340x136.jpg 340w, https:\/\/www.fundacioared.org\/wp-content\/uploads\/Logos-confeccio-05-140x56.jpg 140w\" sizes=\"auto, (max-width: 600px) 100vw, 600px\" \/><\/figure>\n\n\n\n<figure class=\"wp-block-image size-full\"><img loading=\"lazy\" decoding=\"async\" width=\"600\" height=\"240\" src=\"https:\/\/www.fundacioared.org\/wp-content\/uploads\/Logos-confeccio-08.jpg\" alt=\"\" class=\"wp-image-1041\" srcset=\"https:\/\/www.fundacioared.org\/wp-content\/uploads\/Logos-confeccio-08.jpg 600w, https:\/\/www.fundacioared.org\/wp-content\/uploads\/Logos-confeccio-08-300x120.jpg 300w, https:\/\/www.fundacioared.org\/wp-content\/uploads\/Logos-confeccio-08-340x136.jpg 340w, https:\/\/www.fundacioared.org\/wp-content\/uploads\/Logos-confeccio-08-140x56.jpg 140w\" sizes=\"auto, (max-width: 600px) 100vw, 600px\" \/><\/figure>\n\n\n\n<figure class=\"wp-block-image size-full\"><img loading=\"lazy\" decoding=\"async\" width=\"600\" height=\"240\" src=\"https:\/\/www.fundacioared.org\/wp-content\/uploads\/Logos-confeccio-03.jpg\" alt=\"\" class=\"wp-image-1036\" srcset=\"https:\/\/www.fundacioared.org\/wp-content\/uploads\/Logos-confeccio-03.jpg 600w, https:\/\/www.fundacioared.org\/wp-content\/uploads\/Logos-confeccio-03-300x120.jpg 300w, https:\/\/www.fundacioared.org\/wp-content\/uploads\/Logos-confeccio-03-340x136.jpg 340w, https:\/\/www.fundacioared.org\/wp-content\/uploads\/Logos-confeccio-03-140x56.jpg 140w\" sizes=\"auto, (max-width: 600px) 100vw, 600px\" \/><\/figure>\n\n\n\n<figure class=\"wp-block-image size-full\"><img loading=\"lazy\" decoding=\"async\" width=\"600\" height=\"240\" src=\"https:\/\/www.fundacioared.org\/wp-content\/uploads\/Logos-confeccio-15.jpg\" alt=\"\" class=\"wp-image-1048\" srcset=\"https:\/\/www.fundacioared.org\/wp-content\/uploads\/Logos-confeccio-15.jpg 600w, https:\/\/www.fundacioared.org\/wp-content\/uploads\/Logos-confeccio-15-300x120.jpg 300w, https:\/\/www.fundacioared.org\/wp-content\/uploads\/Logos-confeccio-15-340x136.jpg 340w, https:\/\/www.fundacioared.org\/wp-content\/uploads\/Logos-confeccio-15-140x56.jpg 140w\" sizes=\"auto, (max-width: 600px) 100vw, 600px\" \/><\/figure>\n\n\n\n<figure class=\"wp-block-image size-full\"><img loading=\"lazy\" decoding=\"async\" width=\"600\" height=\"240\" src=\"https:\/\/www.fundacioared.org\/wp-content\/uploads\/Logo-22.jpg\" alt=\"\" class=\"wp-image-1003\" srcset=\"https:\/\/www.fundacioared.org\/wp-content\/uploads\/Logo-22.jpg 600w, https:\/\/www.fundacioared.org\/wp-content\/uploads\/Logo-22-300x120.jpg 300w, https:\/\/www.fundacioared.org\/wp-content\/uploads\/Logo-22-340x136.jpg 340w, https:\/\/www.fundacioared.org\/wp-content\/uploads\/Logo-22-140x56.jpg 140w\" sizes=\"auto, (max-width: 600px) 100vw, 600px\" \/><\/figure>\n\n\n\n<figure class=\"wp-block-image size-full\"><img loading=\"lazy\" decoding=\"async\" width=\"600\" height=\"240\" src=\"https:\/\/www.fundacioared.org\/wp-content\/uploads\/Logos-confeccio-01.jpg\" alt=\"\" class=\"wp-image-1034\" srcset=\"https:\/\/www.fundacioared.org\/wp-content\/uploads\/Logos-confeccio-01.jpg 600w, https:\/\/www.fundacioared.org\/wp-content\/uploads\/Logos-confeccio-01-300x120.jpg 300w, https:\/\/www.fundacioared.org\/wp-content\/uploads\/Logos-confeccio-01-340x136.jpg 340w, https:\/\/www.fundacioared.org\/wp-content\/uploads\/Logos-confeccio-01-140x56.jpg 140w\" sizes=\"auto, (max-width: 600px) 100vw, 600px\" \/><\/figure>\n\n\n\n<figure class=\"wp-block-image size-full\"><img loading=\"lazy\" decoding=\"async\" width=\"600\" height=\"240\" src=\"https:\/\/www.fundacioared.org\/wp-content\/uploads\/Logos-confeccio-06.jpg\" alt=\"\" class=\"wp-image-1039\" srcset=\"https:\/\/www.fundacioared.org\/wp-content\/uploads\/Logos-confeccio-06.jpg 600w, https:\/\/www.fundacioared.org\/wp-content\/uploads\/Logos-confeccio-06-300x120.jpg 300w, https:\/\/www.fundacioared.org\/wp-content\/uploads\/Logos-confeccio-06-340x136.jpg 340w, https:\/\/www.fundacioared.org\/wp-content\/uploads\/Logos-confeccio-06-140x56.jpg 140w\" sizes=\"auto, (max-width: 600px) 100vw, 600px\" \/><\/figure>\n\n\n\n<figure class=\"wp-block-image size-full\"><img loading=\"lazy\" decoding=\"async\" width=\"600\" height=\"240\" src=\"https:\/\/www.fundacioared.org\/wp-content\/uploads\/Logo-08.jpg\" alt=\"\" class=\"wp-image-990\" srcset=\"https:\/\/www.fundacioared.org\/wp-content\/uploads\/Logo-08.jpg 600w, https:\/\/www.fundacioared.org\/wp-content\/uploads\/Logo-08-300x120.jpg 300w, https:\/\/www.fundacioared.org\/wp-content\/uploads\/Logo-08-340x136.jpg 340w, https:\/\/www.fundacioared.org\/wp-content\/uploads\/Logo-08-140x56.jpg 140w\" sizes=\"auto, (max-width: 600px) 100vw, 600px\" \/><\/figure>\n\n\n\n<figure class=\"wp-block-image size-full\"><img loading=\"lazy\" decoding=\"async\" width=\"600\" height=\"240\" src=\"https:\/\/www.fundacioared.org\/wp-content\/uploads\/Logos-confeccio-29.jpg\" alt=\"\" class=\"wp-image-1062\" srcset=\"https:\/\/www.fundacioared.org\/wp-content\/uploads\/Logos-confeccio-29.jpg 600w, https:\/\/www.fundacioared.org\/wp-content\/uploads\/Logos-confeccio-29-300x120.jpg 300w, https:\/\/www.fundacioared.org\/wp-content\/uploads\/Logos-confeccio-29-340x136.jpg 340w, https:\/\/www.fundacioared.org\/wp-content\/uploads\/Logos-confeccio-29-140x56.jpg 140w\" sizes=\"auto, (max-width: 600px) 100vw, 600px\" \/><\/figure>\n\n\n\n<figure class=\"wp-block-image size-full\"><img loading=\"lazy\" decoding=\"async\" width=\"600\" height=\"240\" src=\"https:\/\/www.fundacioared.org\/wp-content\/uploads\/Logos-confeccio-21.jpg\" alt=\"\" class=\"wp-image-1054\" srcset=\"https:\/\/www.fundacioared.org\/wp-content\/uploads\/Logos-confeccio-21.jpg 600w, https:\/\/www.fundacioared.org\/wp-content\/uploads\/Logos-confeccio-21-300x120.jpg 300w, https:\/\/www.fundacioared.org\/wp-content\/uploads\/Logos-confeccio-21-340x136.jpg 340w, https:\/\/www.fundacioared.org\/wp-content\/uploads\/Logos-confeccio-21-140x56.jpg 140w\" sizes=\"auto, (max-width: 600px) 100vw, 600px\" \/><\/figure>\n\n\n\n<figure class=\"wp-block-image size-full\"><img loading=\"lazy\" decoding=\"async\" width=\"600\" height=\"240\" src=\"https:\/\/www.fundacioared.org\/wp-content\/uploads\/Logos-confeccio-27.jpg\" alt=\"\" class=\"wp-image-1060\" srcset=\"https:\/\/www.fundacioared.org\/wp-content\/uploads\/Logos-confeccio-27.jpg 600w, https:\/\/www.fundacioared.org\/wp-content\/uploads\/Logos-confeccio-27-300x120.jpg 300w, https:\/\/www.fundacioared.org\/wp-content\/uploads\/Logos-confeccio-27-340x136.jpg 340w, https:\/\/www.fundacioared.org\/wp-content\/uploads\/Logos-confeccio-27-140x56.jpg 140w\" sizes=\"auto, (max-width: 600px) 100vw, 600px\" \/><\/figure>\n\n\n\n<figure class=\"wp-block-image size-full\"><img loading=\"lazy\" decoding=\"async\" width=\"600\" height=\"240\" src=\"https:\/\/www.fundacioared.org\/wp-content\/uploads\/Logos-confeccio-25.jpg\" alt=\"\" class=\"wp-image-1058\" srcset=\"https:\/\/www.fundacioared.org\/wp-content\/uploads\/Logos-confeccio-25.jpg 600w, https:\/\/www.fundacioared.org\/wp-content\/uploads\/Logos-confeccio-25-300x120.jpg 300w, https:\/\/www.fundacioared.org\/wp-content\/uploads\/Logos-confeccio-25-340x136.jpg 340w, https:\/\/www.fundacioared.org\/wp-content\/uploads\/Logos-confeccio-25-140x56.jpg 140w\" sizes=\"auto, (max-width: 600px) 100vw, 600px\" \/><\/figure>\n\n\n\n<figure class=\"wp-block-image size-full\"><img loading=\"lazy\" decoding=\"async\" width=\"600\" height=\"240\" src=\"https:\/\/www.fundacioared.org\/wp-content\/uploads\/Logos-confeccio-20.jpg\" alt=\"\" class=\"wp-image-1053\" srcset=\"https:\/\/www.fundacioared.org\/wp-content\/uploads\/Logos-confeccio-20.jpg 600w, https:\/\/www.fundacioared.org\/wp-content\/uploads\/Logos-confeccio-20-300x120.jpg 300w, https:\/\/www.fundacioared.org\/wp-content\/uploads\/Logos-confeccio-20-340x136.jpg 340w, https:\/\/www.fundacioared.org\/wp-content\/uploads\/Logos-confeccio-20-140x56.jpg 140w\" sizes=\"auto, (max-width: 600px) 100vw, 600px\" \/><\/figure>\n\n\n\n<figure class=\"wp-block-image size-full\"><img loading=\"lazy\" decoding=\"async\" width=\"600\" height=\"240\" src=\"https:\/\/www.fundacioared.org\/wp-content\/uploads\/Logos-confeccio-30.jpg\" alt=\"\" class=\"wp-image-1063\" srcset=\"https:\/\/www.fundacioared.org\/wp-content\/uploads\/Logos-confeccio-30.jpg 600w, https:\/\/www.fundacioared.org\/wp-content\/uploads\/Logos-confeccio-30-300x120.jpg 300w, https:\/\/www.fundacioared.org\/wp-content\/uploads\/Logos-confeccio-30-340x136.jpg 340w, https:\/\/www.fundacioared.org\/wp-content\/uploads\/Logos-confeccio-30-140x56.jpg 140w\" sizes=\"auto, (max-width: 600px) 100vw, 600px\" \/><\/figure>\n\n\n\n<figure class=\"wp-block-image size-full\"><img loading=\"lazy\" decoding=\"async\" width=\"600\" height=\"240\" src=\"https:\/\/www.fundacioared.org\/wp-content\/uploads\/Logos-confeccio-09.jpg\" alt=\"\" class=\"wp-image-1042\" srcset=\"https:\/\/www.fundacioared.org\/wp-content\/uploads\/Logos-confeccio-09.jpg 600w, https:\/\/www.fundacioared.org\/wp-content\/uploads\/Logos-confeccio-09-300x120.jpg 300w, https:\/\/www.fundacioared.org\/wp-content\/uploads\/Logos-confeccio-09-340x136.jpg 340w, https:\/\/www.fundacioared.org\/wp-content\/uploads\/Logos-confeccio-09-140x56.jpg 140w\" sizes=\"auto, (max-width: 600px) 100vw, 600px\" \/><\/figure>\n\n\n\n<figure class=\"wp-block-image size-full\"><img loading=\"lazy\" decoding=\"async\" width=\"600\" height=\"240\" src=\"https:\/\/www.fundacioared.org\/wp-content\/uploads\/Logos-confeccio-24.jpg\" alt=\"\" class=\"wp-image-1057\" srcset=\"https:\/\/www.fundacioared.org\/wp-content\/uploads\/Logos-confeccio-24.jpg 600w, https:\/\/www.fundacioared.org\/wp-content\/uploads\/Logos-confeccio-24-300x120.jpg 300w, https:\/\/www.fundacioared.org\/wp-content\/uploads\/Logos-confeccio-24-340x136.jpg 340w, https:\/\/www.fundacioared.org\/wp-content\/uploads\/Logos-confeccio-24-140x56.jpg 140w\" sizes=\"auto, (max-width: 600px) 100vw, 600px\" \/><\/figure>\n\n\n\n<figure class=\"wp-block-image size-full\"><img loading=\"lazy\" decoding=\"async\" width=\"600\" height=\"240\" src=\"https:\/\/www.fundacioared.org\/wp-content\/uploads\/Logos-confeccio-18.jpg\" alt=\"\" class=\"wp-image-1051\" srcset=\"https:\/\/www.fundacioared.org\/wp-content\/uploads\/Logos-confeccio-18.jpg 600w, https:\/\/www.fundacioared.org\/wp-content\/uploads\/Logos-confeccio-18-300x120.jpg 300w, https:\/\/www.fundacioared.org\/wp-content\/uploads\/Logos-confeccio-18-340x136.jpg 340w, https:\/\/www.fundacioared.org\/wp-content\/uploads\/Logos-confeccio-18-140x56.jpg 140w\" sizes=\"auto, (max-width: 600px) 100vw, 600px\" \/><\/figure>\n\n\n\n<figure class=\"wp-block-image size-full\"><img loading=\"lazy\" decoding=\"async\" width=\"600\" height=\"240\" src=\"https:\/\/www.fundacioared.org\/wp-content\/uploads\/Logos-confeccio-28.jpg\" alt=\"\" class=\"wp-image-1061\" srcset=\"https:\/\/www.fundacioared.org\/wp-content\/uploads\/Logos-confeccio-28.jpg 600w, https:\/\/www.fundacioared.org\/wp-content\/uploads\/Logos-confeccio-28-300x120.jpg 300w, https:\/\/www.fundacioared.org\/wp-content\/uploads\/Logos-confeccio-28-340x136.jpg 340w, https:\/\/www.fundacioared.org\/wp-content\/uploads\/Logos-confeccio-28-140x56.jpg 140w\" sizes=\"auto, (max-width: 600px) 100vw, 600px\" \/><\/figure>\n\n\n\n<figure class=\"wp-block-image size-full\"><img loading=\"lazy\" decoding=\"async\" width=\"600\" height=\"240\" src=\"https:\/\/www.fundacioared.org\/wp-content\/uploads\/Logos-confeccio-26.jpg\" alt=\"\" class=\"wp-image-1059\" srcset=\"https:\/\/www.fundacioared.org\/wp-content\/uploads\/Logos-confeccio-26.jpg 600w, https:\/\/www.fundacioared.org\/wp-content\/uploads\/Logos-confeccio-26-300x120.jpg 300w, https:\/\/www.fundacioared.org\/wp-content\/uploads\/Logos-confeccio-26-340x136.jpg 340w, https:\/\/www.fundacioared.org\/wp-content\/uploads\/Logos-confeccio-26-140x56.jpg 140w\" sizes=\"auto, (max-width: 600px) 100vw, 600px\" \/><\/figure>\n\n\n\n<figure class=\"wp-block-image size-full\"><img loading=\"lazy\" decoding=\"async\" width=\"600\" height=\"240\" src=\"https:\/\/www.fundacioared.org\/wp-content\/uploads\/Logos-confeccio-19.jpg\" alt=\"\" class=\"wp-image-1052\" srcset=\"https:\/\/www.fundacioared.org\/wp-content\/uploads\/Logos-confeccio-19.jpg 600w, https:\/\/www.fundacioared.org\/wp-content\/uploads\/Logos-confeccio-19-300x120.jpg 300w, https:\/\/www.fundacioared.org\/wp-content\/uploads\/Logos-confeccio-19-340x136.jpg 340w, https:\/\/www.fundacioared.org\/wp-content\/uploads\/Logos-confeccio-19-140x56.jpg 140w\" sizes=\"auto, (max-width: 600px) 100vw, 600px\" \/><\/figure>\n\n\n\n<figure class=\"wp-block-image size-full\"><img loading=\"lazy\" decoding=\"async\" width=\"600\" height=\"240\" src=\"https:\/\/www.fundacioared.org\/wp-content\/uploads\/Logos-confeccio-10.jpg\" alt=\"\" class=\"wp-image-1043\" srcset=\"https:\/\/www.fundacioared.org\/wp-content\/uploads\/Logos-confeccio-10.jpg 600w, https:\/\/www.fundacioared.org\/wp-content\/uploads\/Logos-confeccio-10-300x120.jpg 300w, https:\/\/www.fundacioared.org\/wp-content\/uploads\/Logos-confeccio-10-340x136.jpg 340w, https:\/\/www.fundacioared.org\/wp-content\/uploads\/Logos-confeccio-10-140x56.jpg 140w\" sizes=\"auto, (max-width: 600px) 100vw, 600px\" \/><\/figure>\n\n\n\n<figure class=\"wp-block-image size-full\"><img loading=\"lazy\" decoding=\"async\" width=\"600\" height=\"240\" src=\"https:\/\/www.fundacioared.org\/wp-content\/uploads\/Logos-confeccio-17.jpg\" alt=\"\" class=\"wp-image-1050\" srcset=\"https:\/\/www.fundacioared.org\/wp-content\/uploads\/Logos-confeccio-17.jpg 600w, https:\/\/www.fundacioared.org\/wp-content\/uploads\/Logos-confeccio-17-300x120.jpg 300w, https:\/\/www.fundacioared.org\/wp-content\/uploads\/Logos-confeccio-17-340x136.jpg 340w, https:\/\/www.fundacioared.org\/wp-content\/uploads\/Logos-confeccio-17-140x56.jpg 140w\" sizes=\"auto, (max-width: 600px) 100vw, 600px\" \/><\/figure>\n\n\n\n<figure class=\"wp-block-image size-full\"><img loading=\"lazy\" decoding=\"async\" width=\"600\" height=\"240\" src=\"https:\/\/www.fundacioared.org\/wp-content\/uploads\/Logos-confeccio-16.jpg\" alt=\"\" class=\"wp-image-1049\" srcset=\"https:\/\/www.fundacioared.org\/wp-content\/uploads\/Logos-confeccio-16.jpg 600w, https:\/\/www.fundacioared.org\/wp-content\/uploads\/Logos-confeccio-16-300x120.jpg 300w, https:\/\/www.fundacioared.org\/wp-content\/uploads\/Logos-confeccio-16-340x136.jpg 340w, https:\/\/www.fundacioared.org\/wp-content\/uploads\/Logos-confeccio-16-140x56.jpg 140w\" sizes=\"auto, (max-width: 600px) 100vw, 600px\" \/><\/figure>\n\n\n\n<figure class=\"wp-block-image size-full\"><img loading=\"lazy\" decoding=\"async\" width=\"600\" height=\"240\" src=\"https:\/\/www.fundacioared.org\/wp-content\/uploads\/Logos-confeccio-14.jpg\" alt=\"\" class=\"wp-image-1047\" srcset=\"https:\/\/www.fundacioared.org\/wp-content\/uploads\/Logos-confeccio-14.jpg 600w, https:\/\/www.fundacioared.org\/wp-content\/uploads\/Logos-confeccio-14-300x120.jpg 300w, https:\/\/www.fundacioared.org\/wp-content\/uploads\/Logos-confeccio-14-340x136.jpg 340w, https:\/\/www.fundacioared.org\/wp-content\/uploads\/Logos-confeccio-14-140x56.jpg 140w\" sizes=\"auto, (max-width: 600px) 100vw, 600px\" \/><\/figure>\n\n\n\n<figure class=\"wp-block-image size-full\"><img loading=\"lazy\" decoding=\"async\" width=\"600\" height=\"240\" src=\"https:\/\/www.fundacioared.org\/wp-content\/uploads\/Logos-confeccio-07.jpg\" alt=\"\" class=\"wp-image-1040\" srcset=\"https:\/\/www.fundacioared.org\/wp-content\/uploads\/Logos-confeccio-07.jpg 600w, https:\/\/www.fundacioared.org\/wp-content\/uploads\/Logos-confeccio-07-300x120.jpg 300w, https:\/\/www.fundacioared.org\/wp-content\/uploads\/Logos-confeccio-07-340x136.jpg 340w, https:\/\/www.fundacioared.org\/wp-content\/uploads\/Logos-confeccio-07-140x56.jpg 140w\" sizes=\"auto, (max-width: 600px) 100vw, 600px\" \/><\/figure>\n\n\n\n<figure class=\"wp-block-image size-full\"><img loading=\"lazy\" decoding=\"async\" width=\"600\" height=\"240\" src=\"https:\/\/www.fundacioared.org\/wp-content\/uploads\/Logos-confeccio-11.jpg\" alt=\"\" class=\"wp-image-1044\" srcset=\"https:\/\/www.fundacioared.org\/wp-content\/uploads\/Logos-confeccio-11.jpg 600w, https:\/\/www.fundacioared.org\/wp-content\/uploads\/Logos-confeccio-11-300x120.jpg 300w, https:\/\/www.fundacioared.org\/wp-content\/uploads\/Logos-confeccio-11-340x136.jpg 340w, https:\/\/www.fundacioared.org\/wp-content\/uploads\/Logos-confeccio-11-140x56.jpg 140w\" sizes=\"auto, (max-width: 600px) 100vw, 600px\" \/><\/figure>\n\n\n\n<figure class=\"wp-block-image size-full\"><img loading=\"lazy\" decoding=\"async\" width=\"600\" height=\"240\" src=\"https:\/\/www.fundacioared.org\/wp-content\/uploads\/Logos-confeccio-13.jpg\" alt=\"\" class=\"wp-image-1046\" srcset=\"https:\/\/www.fundacioared.org\/wp-content\/uploads\/Logos-confeccio-13.jpg 600w, https:\/\/www.fundacioared.org\/wp-content\/uploads\/Logos-confeccio-13-300x120.jpg 300w, https:\/\/www.fundacioared.org\/wp-content\/uploads\/Logos-confeccio-13-340x136.jpg 340w, https:\/\/www.fundacioared.org\/wp-content\/uploads\/Logos-confeccio-13-140x56.jpg 140w\" sizes=\"auto, (max-width: 600px) 100vw, 600px\" \/><\/figure>\n<\/div>\n<\/div>\n\n<div class=\"wp-block-ared-marges maq-contenidor normal marge-superior-petit marge-inferior-petit\" data-aos=\"off\" data-aos-delay=\"aos_delay\">\n<p class=\"has-text-align-center is-style-com_titular_5 has-gris-ared-color has-text-color has-link-color wp-elements-7c6542cb48487b1a083cc18d98b78629\">Con el soporte de:<\/p>\n\n\n\n<div class=\"wp-block-columns is-layout-flex wp-container-core-columns-is-layout-9d6595d7 wp-block-columns-is-layout-flex\">\n<div class=\"wp-block-column is-layout-flow wp-block-column-is-layout-flow\"><\/div>\n\n\n\n<div class=\"wp-block-column is-layout-flow wp-block-column-is-layout-flow\">\n<figure class=\"wp-block-image aligncenter size-full is-resized\"><img loading=\"lazy\" decoding=\"async\" width=\"498\" height=\"106\" src=\"https:\/\/www.fundacioared.org\/wp-content\/uploads\/Logo_GencatEmpresa_h3.jpg\" alt=\"\" class=\"wp-image-5317\" style=\"width:324px;height:auto\" srcset=\"https:\/\/www.fundacioared.org\/wp-content\/uploads\/Logo_GencatEmpresa_h3.jpg 498w, https:\/\/www.fundacioared.org\/wp-content\/uploads\/Logo_GencatEmpresa_h3-300x64.jpg 300w, https:\/\/www.fundacioared.org\/wp-content\/uploads\/Logo_GencatEmpresa_h3-340x72.jpg 340w, https:\/\/www.fundacioared.org\/wp-content\/uploads\/Logo_GencatEmpresa_h3-140x30.jpg 140w\" sizes=\"auto, (max-width: 498px) 100vw, 498px\" \/><\/figure>\n<\/div>\n\n\n\n<div class=\"wp-block-column is-layout-flow wp-block-column-is-layout-flow\"><\/div>\n<\/div>\n<\/div>\n\n<p><\/p>\n","protected":false},"excerpt":{"rendered":"<p>SOMOS ESPECIALISTAS EN:<\/p>\n","protected":false},"author":1,"featured_media":0,"parent":0,"menu_order":7,"comment_status":"closed","ping_status":"closed","template":"","meta":{"_acf_changed":false,"footnotes":""},"class_list":["post-4648","page","type-page","status-publish","hentry"],"acf":[],"_links":{"self":[{"href":"https:\/\/www.fundacioared.org\/es\/wp-json\/wp\/v2\/pages\/4648","targetHints":{"allow":["GET"]}}],"collection":[{"href":"https:\/\/www.fundacioared.org\/es\/wp-json\/wp\/v2\/pages"}],"about":[{"href":"https:\/\/www.fundacioared.org\/es\/wp-json\/wp\/v2\/types\/page"}],"author":[{"embeddable":true,"href":"https:\/\/www.fundacioared.org\/es\/wp-json\/wp\/v2\/users\/1"}],"replies":[{"embeddable":true,"href":"https:\/\/www.fundacioared.org\/es\/wp-json\/wp\/v2\/comments?post=4648"}],"version-history":[{"count":18,"href":"https:\/\/www.fundacioared.org\/es\/wp-json\/wp\/v2\/pages\/4648\/revisions"}],"predecessor-version":[{"id":6157,"href":"https:\/\/www.fundacioared.org\/es\/wp-json\/wp\/v2\/pages\/4648\/revisions\/6157"}],"wp:attachment":[{"href":"https:\/\/www.fundacioared.org\/es\/wp-json\/wp\/v2\/media?parent=4648"}],"curies":[{"name":"wp","href":"https:\/\/api.w.org\/{rel}","templated":true}]}}