{"id":4650,"date":"2024-10-30T13:09:44","date_gmt":"2024-10-30T12:09:44","guid":{"rendered":"https:\/\/www.fundacioared.org\/catering-ared\/"},"modified":"2025-07-22T10:32:21","modified_gmt":"2025-07-22T08:32:21","slug":"catering-ared","status":"publish","type":"page","link":"https:\/\/www.fundacioared.org\/es\/catering-ared\/","title":{"rendered":"Catering Ared"},"content":{"rendered":"\n<div class=\"wp-block-ared-cabecera mod-cabecera\"><div class=\"slider\">\n<div class=\"wp-block-ared-cabecera-interior slide\"><div class=\"image\" style=\"background-image:url(https:\/\/www.fundacioared.org\/wp-content\/uploads\/25-NOVEMBRE-14.jpg)\"><div class=\"text maq-contenidor\">\n<p class=\"has-blanc-color has-text-color has-link-color wp-elements-579d123279052252735eb6b65a86ff4b\"><\/p>\n<\/div><\/div><\/div>\n<\/div><\/div>\n\n\n\n<div class=\"wp-block-media-text is-stacked-on-mobile is-vertically-aligned-top\"><figure class=\"wp-block-media-text__media\"><img loading=\"lazy\" decoding=\"async\" width=\"1024\" height=\"724\" src=\"https:\/\/www.fundacioared.org\/wp-content\/uploads\/11-1024x724.jpg\" alt=\"\" class=\"wp-image-2996 size-full\" srcset=\"https:\/\/www.fundacioared.org\/wp-content\/uploads\/11-1024x724.jpg 1024w, https:\/\/www.fundacioared.org\/wp-content\/uploads\/11-300x212.jpg 300w, https:\/\/www.fundacioared.org\/wp-content\/uploads\/11-768x543.jpg 768w, https:\/\/www.fundacioared.org\/wp-content\/uploads\/11-340x240.jpg 340w, https:\/\/www.fundacioared.org\/wp-content\/uploads\/11-140x99.jpg 140w, https:\/\/www.fundacioared.org\/wp-content\/uploads\/11.jpg 1250w\" sizes=\"auto, (max-width: 1024px) 100vw, 1024px\" \/><\/figure><div class=\"wp-block-media-text__content\">\n<div style=\"height:48px\" aria-hidden=\"true\" class=\"wp-block-spacer\"><\/div>\n\n\n\n<figure class=\"wp-block-image size-large is-resized\"><img loading=\"lazy\" decoding=\"async\" width=\"1024\" height=\"496\" src=\"https:\/\/www.fundacioared.org\/wp-content\/uploads\/CATERING_ARED_LOGO_2_LINIES-1-1024x496.png\" alt=\"\" class=\"wp-image-2501\" style=\"width:365px;height:auto\" srcset=\"https:\/\/www.fundacioared.org\/wp-content\/uploads\/CATERING_ARED_LOGO_2_LINIES-1-1024x496.png 1024w, https:\/\/www.fundacioared.org\/wp-content\/uploads\/CATERING_ARED_LOGO_2_LINIES-1-300x145.png 300w, https:\/\/www.fundacioared.org\/wp-content\/uploads\/CATERING_ARED_LOGO_2_LINIES-1-768x372.png 768w, https:\/\/www.fundacioared.org\/wp-content\/uploads\/CATERING_ARED_LOGO_2_LINIES-1-1536x744.png 1536w, https:\/\/www.fundacioared.org\/wp-content\/uploads\/CATERING_ARED_LOGO_2_LINIES-1-2048x992.png 2048w, https:\/\/www.fundacioared.org\/wp-content\/uploads\/CATERING_ARED_LOGO_2_LINIES-1-340x165.png 340w, https:\/\/www.fundacioared.org\/wp-content\/uploads\/CATERING_ARED_LOGO_2_LINIES-1-140x68.png 140w\" sizes=\"auto, (max-width: 1024px) 100vw, 1024px\" \/><\/figure>\n\n\n\n<div style=\"height:28px\" aria-hidden=\"true\" class=\"wp-block-spacer\"><\/div>\n\n\n\n<p>Desde nuestra <strong>empresa de inserci\u00f3n<\/strong> , y con el aval de <strong>18 a\u00f1os de experiencia<\/strong> , ofrecemos servicios de <strong>catering profesional<\/strong> para empresas, entidades y particulares que apuestan por la gastronom\u00eda local, de calidad y con valor social.  <\/p>\n\n\n\n<p>En nuestra <strong>cocina industrial<\/strong> producimos a diario y de forma artesanal una amplia gama de elaboraciones culinarias que abastecen tanto nuestro comedor social como los encargos que recibimos a trav\u00e9s de nuestro servicio de catering para empresas y grandes eventos.<\/p>\n\n\n\n<div style=\"height:35px\" aria-hidden=\"true\" class=\"wp-block-spacer\"><\/div>\n<\/div><\/div>\n\n\n\n<div class=\"wp-block-media-text has-media-on-the-right is-stacked-on-mobile is-vertically-aligned-top\"><div class=\"wp-block-media-text__content\">\n<div style=\"height:46px\" aria-hidden=\"true\" class=\"wp-block-spacer\"><\/div>\n\n\n\n<div style=\"height:57px\" aria-hidden=\"true\" class=\"wp-block-spacer\"><\/div>\n\n\n\n<p class=\"has-text-align-center is-style-com_titular_4 has-gris-ared-color has-text-color has-link-color wp-elements-ae9495b8fb5f157e0841f4ae453fc6c1\"><strong>Los grandes valores tras nuestros servicios<\/strong><\/p>\n\n\n\n<div style=\"height:57px\" aria-hidden=\"true\" class=\"wp-block-spacer\"><\/div>\n\n\n\n<div class=\"wp-block-columns is-layout-flex wp-container-core-columns-is-layout-9d6595d7 wp-block-columns-is-layout-flex\">\n<div class=\"wp-block-column is-layout-flow wp-block-column-is-layout-flow\">\n<figure class=\"wp-block-image aligncenter size-full is-resized\"><img loading=\"lazy\" decoding=\"async\" width=\"1080\" height=\"1080\" src=\"https:\/\/www.fundacioared.org\/wp-content\/uploads\/Dones-Ared-59.png\" alt=\"\" class=\"wp-image-2243\" style=\"width:120px;height:auto\" srcset=\"https:\/\/www.fundacioared.org\/wp-content\/uploads\/Dones-Ared-59.png 1080w, https:\/\/www.fundacioared.org\/wp-content\/uploads\/Dones-Ared-59-300x300.png 300w, https:\/\/www.fundacioared.org\/wp-content\/uploads\/Dones-Ared-59-1024x1024.png 1024w, https:\/\/www.fundacioared.org\/wp-content\/uploads\/Dones-Ared-59-150x150.png 150w, https:\/\/www.fundacioared.org\/wp-content\/uploads\/Dones-Ared-59-768x768.png 768w, https:\/\/www.fundacioared.org\/wp-content\/uploads\/Dones-Ared-59-600x600.png 600w, https:\/\/www.fundacioared.org\/wp-content\/uploads\/Dones-Ared-59-340x340.png 340w, https:\/\/www.fundacioared.org\/wp-content\/uploads\/Dones-Ared-59-140x140.png 140w\" sizes=\"auto, (max-width: 1080px) 100vw, 1080px\" \/><\/figure>\n\n\n\n<p class=\"has-text-align-center is-style-com_titular_5 has-taronja-ared-color has-text-color has-link-color wp-elements-293190e5c117f2f0e054da157658ca38\">Calidad<br> Profesional<\/p>\n\n\n\n<p class=\"has-text-align-center is-style-default has-gris-ared-color has-text-color has-link-color has-medium-font-size wp-elements-c57afec15cff65c5154936bb7c82b956\">Disponemos de 18 a\u00f1os de experiencia en catering<\/p>\n<\/div>\n\n\n\n<div class=\"wp-block-column is-layout-flow wp-block-column-is-layout-flow\">\n<figure class=\"wp-block-image aligncenter size-full is-resized\"><img loading=\"lazy\" decoding=\"async\" width=\"1080\" height=\"1080\" src=\"https:\/\/www.fundacioared.org\/wp-content\/uploads\/Dones-Ared-61.png\" alt=\"\" class=\"wp-image-2244\" style=\"width:120px;height:auto\" srcset=\"https:\/\/www.fundacioared.org\/wp-content\/uploads\/Dones-Ared-61.png 1080w, https:\/\/www.fundacioared.org\/wp-content\/uploads\/Dones-Ared-61-300x300.png 300w, https:\/\/www.fundacioared.org\/wp-content\/uploads\/Dones-Ared-61-1024x1024.png 1024w, https:\/\/www.fundacioared.org\/wp-content\/uploads\/Dones-Ared-61-150x150.png 150w, https:\/\/www.fundacioared.org\/wp-content\/uploads\/Dones-Ared-61-768x768.png 768w, https:\/\/www.fundacioared.org\/wp-content\/uploads\/Dones-Ared-61-600x600.png 600w, https:\/\/www.fundacioared.org\/wp-content\/uploads\/Dones-Ared-61-340x340.png 340w, https:\/\/www.fundacioared.org\/wp-content\/uploads\/Dones-Ared-61-140x140.png 140w\" sizes=\"auto, (max-width: 1080px) 100vw, 1080px\" \/><\/figure>\n\n\n\n<p class=\"has-text-align-center is-style-com_titular_5 has-taronja-ared-color has-text-color has-link-color wp-elements-6424938bd225a9cd47adde9772222a95\">Impacto<br> Social<\/p>\n\n\n\n<p class=\"has-text-align-center is-style-default has-gris-ared-color has-text-color has-link-color has-medium-font-size wp-elements-c744f1866bdf4dd5f5c1ff78a86e9c20\">Ofrecemos oportunidades laborales a personas en situaci\u00f3n vulnerable<\/p>\n<\/div>\n\n\n\n<div class=\"wp-block-column is-layout-flow wp-block-column-is-layout-flow\">\n<figure class=\"wp-block-image aligncenter size-full is-resized\"><img loading=\"lazy\" decoding=\"async\" width=\"1080\" height=\"1080\" src=\"https:\/\/www.fundacioared.org\/wp-content\/uploads\/Dones-Ared-62.png\" alt=\"\" class=\"wp-image-2506\" style=\"width:120px;height:auto\" srcset=\"https:\/\/www.fundacioared.org\/wp-content\/uploads\/Dones-Ared-62.png 1080w, https:\/\/www.fundacioared.org\/wp-content\/uploads\/Dones-Ared-62-300x300.png 300w, https:\/\/www.fundacioared.org\/wp-content\/uploads\/Dones-Ared-62-1024x1024.png 1024w, https:\/\/www.fundacioared.org\/wp-content\/uploads\/Dones-Ared-62-150x150.png 150w, https:\/\/www.fundacioared.org\/wp-content\/uploads\/Dones-Ared-62-768x768.png 768w, https:\/\/www.fundacioared.org\/wp-content\/uploads\/Dones-Ared-62-600x600.png 600w, https:\/\/www.fundacioared.org\/wp-content\/uploads\/Dones-Ared-62-340x340.png 340w, https:\/\/www.fundacioared.org\/wp-content\/uploads\/Dones-Ared-62-140x140.png 140w\" sizes=\"auto, (max-width: 1080px) 100vw, 1080px\" \/><\/figure>\n\n\n\n<p class=\"has-text-align-center is-style-com_titular_5 has-taronja-ared-color has-text-color has-link-color wp-elements-423d52bff180ff91a29b7bc8cd01ad23\">Gastronom\u00eda<br> Sostenible<\/p>\n\n\n\n<p class=\"has-text-align-center is-style-default has-gris-ared-color has-text-color has-link-color has-medium-font-size wp-elements-b23b707238ee3b15ae9996f1391c5b17\">Trabajamos con productos de proximidad<\/p>\n<\/div>\n<\/div>\n\n\n\n<div style=\"height:35px\" aria-hidden=\"true\" class=\"wp-block-spacer\"><\/div>\n<\/div><figure class=\"wp-block-media-text__media\"><img loading=\"lazy\" decoding=\"async\" width=\"1024\" height=\"724\" src=\"https:\/\/www.fundacioared.org\/wp-content\/uploads\/COMUNICACION-INTERNA-44-1024x724.jpg\" alt=\"\" class=\"wp-image-3411 size-full\" srcset=\"https:\/\/www.fundacioared.org\/wp-content\/uploads\/COMUNICACION-INTERNA-44-1024x724.jpg 1024w, https:\/\/www.fundacioared.org\/wp-content\/uploads\/COMUNICACION-INTERNA-44-300x212.jpg 300w, https:\/\/www.fundacioared.org\/wp-content\/uploads\/COMUNICACION-INTERNA-44-768x543.jpg 768w, https:\/\/www.fundacioared.org\/wp-content\/uploads\/COMUNICACION-INTERNA-44-1536x1086.jpg 1536w, https:\/\/www.fundacioared.org\/wp-content\/uploads\/COMUNICACION-INTERNA-44-340x240.jpg 340w, https:\/\/www.fundacioared.org\/wp-content\/uploads\/COMUNICACION-INTERNA-44-140x99.jpg 140w, https:\/\/www.fundacioared.org\/wp-content\/uploads\/COMUNICACION-INTERNA-44.jpg 1750w\" sizes=\"auto, (max-width: 1024px) 100vw, 1024px\" \/><\/figure><\/div>\n\n\n\n<div style=\"height:83px\" aria-hidden=\"true\" class=\"wp-block-spacer\"><\/div>\n\n\n\n<p class=\"has-text-align-center is-style-com_titular_3 has-gris-ared-color has-text-color has-link-color wp-elements-374b5acb72a7674f19d8aa794241f145\">SOMOS ESPECIALISTAS EN:<\/p>\n\n\n\n<div class=\"wp-block-ared-marges maq-contenidor normal marge-superior-petit marge-inferior-petit\" data-aos=\"off\" data-aos-delay=\"aos_delay\">\n<div class=\"wp-block-columns is-layout-flex wp-container-core-columns-is-layout-9d6595d7 wp-block-columns-is-layout-flex\">\n<div class=\"wp-block-column is-layout-flow wp-block-column-is-layout-flow\" style=\"flex-basis:33.34%\">\n<figure class=\"wp-block-image aligncenter size-full is-resized\"><img loading=\"lazy\" decoding=\"async\" width=\"1080\" height=\"1080\" src=\"https:\/\/www.fundacioared.org\/wp-content\/uploads\/1.png\" alt=\"\" class=\"wp-image-2983\" style=\"width:135px;height:auto\" srcset=\"https:\/\/www.fundacioared.org\/wp-content\/uploads\/1.png 1080w, https:\/\/www.fundacioared.org\/wp-content\/uploads\/1-300x300.png 300w, https:\/\/www.fundacioared.org\/wp-content\/uploads\/1-1024x1024.png 1024w, https:\/\/www.fundacioared.org\/wp-content\/uploads\/1-150x150.png 150w, https:\/\/www.fundacioared.org\/wp-content\/uploads\/1-768x768.png 768w, https:\/\/www.fundacioared.org\/wp-content\/uploads\/1-600x600.png 600w, https:\/\/www.fundacioared.org\/wp-content\/uploads\/1-340x340.png 340w, https:\/\/www.fundacioared.org\/wp-content\/uploads\/1-140x140.png 140w\" sizes=\"auto, (max-width: 1080px) 100vw, 1080px\" \/><\/figure>\n\n\n\n<p class=\"has-text-align-center is-style-com_titular_5 has-taronja-ared-color has-text-color has-link-color has-large-font-size wp-elements-9c274905e9a7f81f6fde6e795fbcfdd2\" style=\"padding-top:var(--wp--preset--spacing--30);padding-bottom:var(--wp--preset--spacing--30)\"><strong>CATERING EMPRESAS<\/strong><\/p>\n\n\n\n<p class=\"has-text-align-center is-style-com_titular_4 has-gris-ared-color has-text-color has-link-color has-large-font-size wp-elements-61a96dbaa22abae8b5f9a5cf96e51e23\" style=\"margin-top:var(--wp--preset--spacing--20);margin-bottom:var(--wp--preset--spacing--20)\">Men\u00fas pica-pica personalizados<\/p>\n<\/div>\n\n\n\n<div class=\"wp-block-column is-layout-flow wp-block-column-is-layout-flow\" style=\"flex-basis:33.34%\">\n<figure class=\"wp-block-image aligncenter size-full is-resized\"><img loading=\"lazy\" decoding=\"async\" width=\"1080\" height=\"1080\" src=\"https:\/\/www.fundacioared.org\/wp-content\/uploads\/2.png\" alt=\"\" class=\"wp-image-2984\" style=\"width:133px;height:auto\" srcset=\"https:\/\/www.fundacioared.org\/wp-content\/uploads\/2.png 1080w, https:\/\/www.fundacioared.org\/wp-content\/uploads\/2-300x300.png 300w, https:\/\/www.fundacioared.org\/wp-content\/uploads\/2-1024x1024.png 1024w, https:\/\/www.fundacioared.org\/wp-content\/uploads\/2-150x150.png 150w, https:\/\/www.fundacioared.org\/wp-content\/uploads\/2-768x768.png 768w, https:\/\/www.fundacioared.org\/wp-content\/uploads\/2-600x600.png 600w, https:\/\/www.fundacioared.org\/wp-content\/uploads\/2-340x340.png 340w, https:\/\/www.fundacioared.org\/wp-content\/uploads\/2-140x140.png 140w\" sizes=\"auto, (max-width: 1080px) 100vw, 1080px\" \/><\/figure>\n\n\n\n<p class=\"has-text-align-center is-style-com_titular_5 has-taronja-ared-color has-text-color has-link-color has-large-font-size wp-elements-b5777ffefe8b5dee2d60c4b2f4eb07bc\" style=\"padding-top:var(--wp--preset--spacing--30);padding-bottom:var(--wp--preset--spacing--30)\"><strong>GRANDES EVENTOS<\/strong><\/p>\n\n\n\n<p class=\"has-text-align-center is-style-com_titular_4 has-gris-ared-color has-text-color has-link-color has-large-font-size wp-elements-a7c9f6c1af6c108017a637a6d45844bd\" style=\"margin-top:var(--wp--preset--spacing--20);margin-bottom:var(--wp--preset--spacing--20)\"><strong>Servicios de catering profesional<\/strong> a medida<\/p>\n<\/div>\n\n\n\n<div class=\"wp-block-column is-layout-flow wp-block-column-is-layout-flow\" style=\"flex-basis:33.34%\">\n<figure class=\"wp-block-image aligncenter size-full is-resized\"><img loading=\"lazy\" decoding=\"async\" width=\"1080\" height=\"1080\" src=\"https:\/\/www.fundacioared.org\/wp-content\/uploads\/3.png\" alt=\"\" class=\"wp-image-2982\" style=\"width:134px;height:auto\" srcset=\"https:\/\/www.fundacioared.org\/wp-content\/uploads\/3.png 1080w, https:\/\/www.fundacioared.org\/wp-content\/uploads\/3-300x300.png 300w, https:\/\/www.fundacioared.org\/wp-content\/uploads\/3-1024x1024.png 1024w, https:\/\/www.fundacioared.org\/wp-content\/uploads\/3-150x150.png 150w, https:\/\/www.fundacioared.org\/wp-content\/uploads\/3-768x768.png 768w, https:\/\/www.fundacioared.org\/wp-content\/uploads\/3-600x600.png 600w, https:\/\/www.fundacioared.org\/wp-content\/uploads\/3-340x340.png 340w, https:\/\/www.fundacioared.org\/wp-content\/uploads\/3-140x140.png 140w\" sizes=\"auto, (max-width: 1080px) 100vw, 1080px\" \/><\/figure>\n\n\n\n<p class=\"has-text-align-center is-style-com_titular_5 has-taronja-ared-color has-text-color has-link-color has-large-font-size wp-elements-3b1a6beea19665e13434db75636ac78f\" style=\"padding-top:var(--wp--preset--spacing--30);padding-bottom:var(--wp--preset--spacing--30)\">GESTI\u00d3N DE COMEDORES<\/p>\n\n\n\n<p class=\"has-text-align-center is-style-com_titular_4 has-gris-ared-color has-text-color has-link-color has-large-font-size wp-elements-7ea39429a71a954fbd336acb34404db7\" style=\"margin-top:var(--wp--preset--spacing--20);margin-bottom:var(--wp--preset--spacing--20)\"><strong>Gesti\u00f3n de cocinas externas<\/strong> y cafeter\u00edas<\/p>\n<\/div>\n<\/div>\n<\/div>\n\n\n\n<div style=\"height:45px\" aria-hidden=\"true\" class=\"wp-block-spacer\"><\/div>\n\n\n\n<figure class=\"wp-block-gallery has-nested-images columns-default is-cropped wp-block-gallery-1 is-layout-flex wp-block-gallery-is-layout-flex\">\n<figure class=\"wp-block-image size-large\"><img loading=\"lazy\" decoding=\"async\" width=\"1024\" height=\"724\" data-id=\"3386\" src=\"https:\/\/www.fundacioared.org\/wp-content\/uploads\/COMUNICACION-INTERNA-40-1024x724.jpg\" alt=\"\" class=\"wp-image-3386\" srcset=\"https:\/\/www.fundacioared.org\/wp-content\/uploads\/COMUNICACION-INTERNA-40-1024x724.jpg 1024w, https:\/\/www.fundacioared.org\/wp-content\/uploads\/COMUNICACION-INTERNA-40-300x212.jpg 300w, https:\/\/www.fundacioared.org\/wp-content\/uploads\/COMUNICACION-INTERNA-40-768x543.jpg 768w, https:\/\/www.fundacioared.org\/wp-content\/uploads\/COMUNICACION-INTERNA-40-1536x1086.jpg 1536w, https:\/\/www.fundacioared.org\/wp-content\/uploads\/COMUNICACION-INTERNA-40-340x240.jpg 340w, https:\/\/www.fundacioared.org\/wp-content\/uploads\/COMUNICACION-INTERNA-40-140x99.jpg 140w, https:\/\/www.fundacioared.org\/wp-content\/uploads\/COMUNICACION-INTERNA-40.jpg 2000w\" sizes=\"auto, (max-width: 1024px) 100vw, 1024px\" \/><\/figure>\n\n\n\n<figure class=\"wp-block-image size-large\"><img loading=\"lazy\" decoding=\"async\" width=\"1024\" height=\"724\" data-id=\"2988\" src=\"https:\/\/www.fundacioared.org\/wp-content\/uploads\/6-1024x724.jpg\" alt=\"\" class=\"wp-image-2988\" srcset=\"https:\/\/www.fundacioared.org\/wp-content\/uploads\/6-1024x724.jpg 1024w, https:\/\/www.fundacioared.org\/wp-content\/uploads\/6-300x212.jpg 300w, https:\/\/www.fundacioared.org\/wp-content\/uploads\/6-768x543.jpg 768w, https:\/\/www.fundacioared.org\/wp-content\/uploads\/6-340x240.jpg 340w, https:\/\/www.fundacioared.org\/wp-content\/uploads\/6-140x99.jpg 140w, https:\/\/www.fundacioared.org\/wp-content\/uploads\/6.jpg 1500w\" sizes=\"auto, (max-width: 1024px) 100vw, 1024px\" \/><\/figure>\n\n\n\n<figure class=\"wp-block-image size-large\"><img loading=\"lazy\" decoding=\"async\" width=\"1024\" height=\"724\" data-id=\"2989\" src=\"https:\/\/www.fundacioared.org\/wp-content\/uploads\/7-2-1024x724.jpg\" alt=\"\" class=\"wp-image-2989\" srcset=\"https:\/\/www.fundacioared.org\/wp-content\/uploads\/7-2-1024x724.jpg 1024w, https:\/\/www.fundacioared.org\/wp-content\/uploads\/7-2-300x212.jpg 300w, https:\/\/www.fundacioared.org\/wp-content\/uploads\/7-2-768x543.jpg 768w, https:\/\/www.fundacioared.org\/wp-content\/uploads\/7-2-340x240.jpg 340w, https:\/\/www.fundacioared.org\/wp-content\/uploads\/7-2-140x99.jpg 140w, https:\/\/www.fundacioared.org\/wp-content\/uploads\/7-2.jpg 1500w\" sizes=\"auto, (max-width: 1024px) 100vw, 1024px\" \/><\/figure>\n<\/figure>\n\n\n\n<div style=\"height:38px\" aria-hidden=\"true\" class=\"wp-block-spacer\"><\/div>\n\n\n\n<div class=\"wp-block-cover is-light\"><span aria-hidden=\"true\" class=\"wp-block-cover__background has-beige-ared-background-color has-background-dim-100 has-background-dim\"><\/span><div class=\"wp-block-cover__inner-container is-layout-constrained wp-block-cover-is-layout-constrained\">\n<div class=\"wp-block-ared-marges maq-contenidor normal marge-superior-petit marge-inferior-\" data-aos=\"off\" data-aos-delay=\"aos_delay\">\n<p class=\"has-text-align-center is-style-com_titular_4 has-taronja-ared-color has-text-color has-link-color wp-elements-3f2bc2cb0389ed05252f0ca812ba1d94\"><strong>18 a\u00f1os de experiencia<\/strong> avalan nuestros servicios de <strong>catering profesional<\/strong><\/p>\n\n\n\n<p class=\"has-text-align-center is-style-com_titular_3\" id=\"formulari\">Contacta con Catering Ared!<\/p>\n<\/div>\n\n\n\n<div class=\"wp-block-ared-marges maq-contenidor estreta marge-superior-petit marge-inferior-petit\" data-aos=\"off\" data-aos-delay=\"aos_delay\"><div class=\"wpforms-container wpforms-container-full\" id=\"wpforms-2929\"><form id=\"wpforms-form-2929\" class=\"wpforms-validate wpforms-form wpforms-ajax-form\" data-formid=\"2929\" method=\"post\" enctype=\"multipart\/form-data\" action=\"\/es\/wp-json\/wp\/v2\/pages\/4650\" data-token=\"ce20eb994de786af34ab7eece342bac5\" data-token-time=\"1777523260\"><noscript class=\"wpforms-error-noscript\">Por favor, activa JavaScript en tu navegador para completar este formulario.<\/noscript><div class=\"wpforms-field-container\"><div id=\"wpforms-2929-field_1-container\" class=\"wpforms-field wpforms-field-name\" data-field-id=\"1\"><label class=\"wpforms-field-label\">Nombre y apellido <span class=\"wpforms-required-label\">*<\/span><\/label><div class=\"wpforms-field-row wpforms-field-large\"><div class=\"wpforms-field-row-block wpforms-first wpforms-one-half\"><input type=\"text\" id=\"wpforms-2929-field_1\" class=\"wpforms-field-name-first wpforms-field-required\" name=\"wpforms[fields][1][first]\" required><label for=\"wpforms-2929-field_1\" class=\"wpforms-field-sublabel after\">Nombre<\/label><\/div><div class=\"wpforms-field-row-block wpforms-one-half\"><input type=\"text\" id=\"wpforms-2929-field_1-last\" class=\"wpforms-field-name-last wpforms-field-required\" name=\"wpforms[fields][1][last]\" required><label for=\"wpforms-2929-field_1-last\" class=\"wpforms-field-sublabel after\">Apellidos<\/label><\/div><\/div><\/div><div id=\"wpforms-2929-field_2-container\" class=\"wpforms-field wpforms-field-email\" data-field-id=\"2\"><label class=\"wpforms-field-label\" for=\"wpforms-2929-field_2\">Correo electr\u00f3nico <span class=\"wpforms-required-label\">*<\/span><\/label><input type=\"email\" id=\"wpforms-2929-field_2\" class=\"wpforms-field-large wpforms-field-required\" name=\"wpforms[fields][2]\" spellcheck=\"false\" required><\/div><div id=\"wpforms-2929-field_5-container\" class=\"wpforms-field wpforms-field-phone\" data-field-id=\"5\"><label class=\"wpforms-field-label\" for=\"wpforms-2929-field_5\">Tel\u00e9fono<\/label><input type=\"tel\" id=\"wpforms-2929-field_5\" class=\"wpforms-field-large wpforms-smart-phone-field\" data-rule-smart-phone-field=\"true\" name=\"wpforms[fields][5]\" aria-label=\"Tel\u00e9fono\" ><\/div>\t\t<div id=\"wpforms-2929-field_4-container\"\n\t\t\tclass=\"wpforms-field wpforms-field-text\"\n\t\t\tdata-field-type=\"text\"\n\t\t\tdata-field-id=\"4\"\n\t\t\t>\n\t\t\t<label class=\"wpforms-field-label\" for=\"wpforms-2929-field_4\" >Nombre Correo selecci\u00f3n<\/label>\n\t\t\t<input type=\"text\" id=\"wpforms-2929-field_4\" class=\"wpforms-field-medium\" name=\"wpforms[fields][4]\" >\n\t\t<\/div>\n\t\t<div id=\"wpforms-2929-field_3-container\" class=\"wpforms-field wpforms-field-textarea\" data-field-id=\"3\"><label class=\"wpforms-field-label\" for=\"wpforms-2929-field_3\">Comentario o mensaje<\/label><textarea id=\"wpforms-2929-field_3\" class=\"wpforms-field-medium\" name=\"wpforms[fields][3]\" ><\/textarea><\/div><div id=\"wpforms-2929-field_7-container\" class=\"wpforms-field wpforms-field-checkbox\" data-field-id=\"7\"><label class=\"wpforms-field-label wpforms-label-hide\">Casillas de selecci\u00f3n <span class=\"wpforms-required-label\">*<\/span><\/label><ul id=\"wpforms-2929-field_7\" class=\"wpforms-field-required\"><li class=\"choice-1 depth-1\"><input type=\"checkbox\" id=\"wpforms-2929-field_7_1\" name=\"wpforms[fields][7][]\" value=\"He le\u00eddo y acepto la &lt;a href=&quot;https:\/\/www.fundacioared.org\/es\/politica-de-privacidad\/&quot;&gt;Pol\u00edtica de privacidad&lt;\/a&gt;\" required ><label class=\"wpforms-field-label-inline\" for=\"wpforms-2929-field_7_1\">He le\u00eddo y acepto la <a href=\"https:\/\/www.fundacioared.org\/es\/politica-de-privacidad\/\">Pol\u00edtica de privacidad<\/a><\/label><\/li><\/ul><\/div><div id=\"wpforms-2929-field_6-container\" class=\"wpforms-field wpforms-field-html\" data-field-id=\"6\"><div id=\"wpforms-2929-field_6\"><p style=\"color:#3e4952;font-size:10px;line-height:1.3em;\">INFORMACI\u00d3N B\u00c1SICA DE PROTECCI\u00d3N DE DATOS: En cumplimiento del deber de informar a los interesados \u200b\u200bde las circunstancias y condiciones del tratamiento de sus datos y de los derechos que le asisten, ponemos a su disposici\u00f3n la siguiente informaci\u00f3n. INFORMACI\u00d3N B\u00c1SICA SOBRE PROTECCI\u00d3N DE DATOS\n RESPONSABLE DEL TRATAMIENTO. Responsable: Fundaci\u00f3n Privada Ared. CIF: G62728183 Dir.\n FINALIDAD. Gestionar su consulta\/petici\u00f3n y dar una respuesta a la misma.\n LEGITIMACI\u00d3N. Su consentimiento.\n DESTINATARIOS. Los datos no se ceder\u00e1n a terceros salvo en los casos en los que exista una obligaci\u00f3n legal o comunicaci\u00f3n necesaria para dar contestaci\u00f3n a su consulta.\n DERECHOS. Puede ejercer sus derechos a acceder, rectificar, oponerse, limitar, llevar y suprimir los datos ante el responsable del tratamiento; adem\u00e1s de acudir a la autoridad de control competente (AEPD). INFORMACI\u00d3N ADICIONAL. Puede consultar la informaci\u00f3n adicional sobre el tratamiento de sus datos personales <a href=\"https:\/\/www.fundacioared.org\/es\/politica-de-privacidad\/\">aqu\u00ed<\/a> .\n\n       \n <\/p><\/div><\/div><script>\n\t\t\t\t( function() {\n\t\t\t\t\tconst style = document.createElement( 'style' );\n\t\t\t\t\tstyle.appendChild( document.createTextNode( '#wpforms-2929-field_4-container { position: absolute !important; overflow: hidden !important; display: inline !important; height: 1px !important; width: 1px !important; z-index: -1000 !important; padding: 0 !important; } #wpforms-2929-field_4-container input { visibility: hidden; } #wpforms-conversational-form-page #wpforms-2929-field_4-container label { counter-increment: none; }' ) );\n\t\t\t\t\tdocument.head.appendChild( style );\n\t\t\t\t\tdocument.currentScript?.remove();\n\t\t\t\t} )();\n\t\t\t<\/script><\/div><!-- .wpforms-field-container --><div class=\"wpforms-submit-container\" ><input type=\"hidden\" name=\"wpforms[id]\" value=\"2929\"><input type=\"hidden\" name=\"page_title\" value=\"\"><input type=\"hidden\" name=\"page_url\" value=\"https:\/\/www.fundacioared.org\/es\/wp-json\/wp\/v2\/pages\/4650\"><input type=\"hidden\" name=\"url_referer\" value=\"\"><button type=\"submit\" name=\"wpforms[submit]\" id=\"wpforms-submit-2929\" class=\"wpforms-submit\" data-alt-text=\"Se est\u00e1 enviando...\" data-submit-text=\"Env\u00eda\" aria-live=\"assertive\" value=\"wpforms-submit\">Env\u00eda<\/button><img loading=\"lazy\" decoding=\"async\" src=\"https:\/\/www.fundacioared.org\/wp-content\/plugins\/wpforms\/assets\/images\/submit-spin.svg\" class=\"wpforms-submit-spinner\" style=\"display: none;\" width=\"26\" height=\"26\" alt=\"Cargando\"><\/div><\/form><\/div>  <!-- .wpforms-container -->\n<\/div>\n<\/div><\/div>\n\n\n\n<div class=\"wp-block-ared-marges maq-contenidor normal marge-superior-petit marge-inferior-petit\" data-aos=\"off\" data-aos-delay=\"aos_delay\">\n<p class=\"has-text-align-center is-style-com_titular_3\">Empresas que conf\u00edan<br> en <mark style=\"background-color:rgba(0, 0, 0, 0)\" class=\"has-inline-color has-taronja-ared-color\">Catering Ared<\/mark><\/p>\n<\/div>\n\n\n\n<div class=\"wp-block-ared-marges maq-contenidor normal marge-superior-petit marge-inferior-gran\" data-aos=\"off\" data-aos-delay=\"aos_delay\">\n<div class=\"wp-block-group is-layout-grid wp-container-core-group-is-layout-148d70a5 wp-block-group-is-layout-grid\">\n<figure class=\"wp-block-image size-full\"><img loading=\"lazy\" decoding=\"async\" width=\"600\" height=\"240\" src=\"https:\/\/www.fundacioared.org\/wp-content\/uploads\/94.jpg\" alt=\"\" class=\"wp-image-3567\" srcset=\"https:\/\/www.fundacioared.org\/wp-content\/uploads\/94.jpg 600w, https:\/\/www.fundacioared.org\/wp-content\/uploads\/94-300x120.jpg 300w, https:\/\/www.fundacioared.org\/wp-content\/uploads\/94-340x136.jpg 340w, https:\/\/www.fundacioared.org\/wp-content\/uploads\/94-140x56.jpg 140w\" sizes=\"auto, (max-width: 600px) 100vw, 600px\" \/><\/figure>\n\n\n\n<figure class=\"wp-block-image size-full\"><img loading=\"lazy\" decoding=\"async\" width=\"600\" height=\"240\" src=\"https:\/\/www.fundacioared.org\/wp-content\/uploads\/95.jpg\" alt=\"\" class=\"wp-image-3568\" srcset=\"https:\/\/www.fundacioared.org\/wp-content\/uploads\/95.jpg 600w, https:\/\/www.fundacioared.org\/wp-content\/uploads\/95-300x120.jpg 300w, https:\/\/www.fundacioared.org\/wp-content\/uploads\/95-340x136.jpg 340w, https:\/\/www.fundacioared.org\/wp-content\/uploads\/95-140x56.jpg 140w\" sizes=\"auto, (max-width: 600px) 100vw, 600px\" \/><\/figure>\n\n\n\n<figure class=\"wp-block-image size-full\"><img loading=\"lazy\" decoding=\"async\" width=\"600\" height=\"240\" src=\"https:\/\/www.fundacioared.org\/wp-content\/uploads\/96.jpg\" alt=\"\" class=\"wp-image-3569\" srcset=\"https:\/\/www.fundacioared.org\/wp-content\/uploads\/96.jpg 600w, https:\/\/www.fundacioared.org\/wp-content\/uploads\/96-300x120.jpg 300w, https:\/\/www.fundacioared.org\/wp-content\/uploads\/96-340x136.jpg 340w, https:\/\/www.fundacioared.org\/wp-content\/uploads\/96-140x56.jpg 140w\" sizes=\"auto, (max-width: 600px) 100vw, 600px\" \/><\/figure>\n\n\n\n<figure class=\"wp-block-image size-full\"><img loading=\"lazy\" decoding=\"async\" width=\"600\" height=\"240\" src=\"https:\/\/www.fundacioared.org\/wp-content\/uploads\/97.jpg\" alt=\"\" class=\"wp-image-3570\" srcset=\"https:\/\/www.fundacioared.org\/wp-content\/uploads\/97.jpg 600w, https:\/\/www.fundacioared.org\/wp-content\/uploads\/97-300x120.jpg 300w, https:\/\/www.fundacioared.org\/wp-content\/uploads\/97-340x136.jpg 340w, https:\/\/www.fundacioared.org\/wp-content\/uploads\/97-140x56.jpg 140w\" sizes=\"auto, (max-width: 600px) 100vw, 600px\" \/><\/figure>\n\n\n\n<figure class=\"wp-block-image size-full\"><img loading=\"lazy\" decoding=\"async\" width=\"600\" height=\"240\" src=\"https:\/\/www.fundacioared.org\/wp-content\/uploads\/98-1.jpg\" alt=\"\" class=\"wp-image-3571\" srcset=\"https:\/\/www.fundacioared.org\/wp-content\/uploads\/98-1.jpg 600w, https:\/\/www.fundacioared.org\/wp-content\/uploads\/98-1-300x120.jpg 300w, https:\/\/www.fundacioared.org\/wp-content\/uploads\/98-1-340x136.jpg 340w, https:\/\/www.fundacioared.org\/wp-content\/uploads\/98-1-140x56.jpg 140w\" sizes=\"auto, (max-width: 600px) 100vw, 600px\" \/><\/figure>\n\n\n\n<figure class=\"wp-block-image size-full\"><img loading=\"lazy\" decoding=\"async\" width=\"600\" height=\"240\" src=\"https:\/\/www.fundacioared.org\/wp-content\/uploads\/99.jpg\" alt=\"\" class=\"wp-image-3572\" srcset=\"https:\/\/www.fundacioared.org\/wp-content\/uploads\/99.jpg 600w, https:\/\/www.fundacioared.org\/wp-content\/uploads\/99-300x120.jpg 300w, https:\/\/www.fundacioared.org\/wp-content\/uploads\/99-340x136.jpg 340w, https:\/\/www.fundacioared.org\/wp-content\/uploads\/99-140x56.jpg 140w\" sizes=\"auto, (max-width: 600px) 100vw, 600px\" \/><\/figure>\n\n\n\n<figure class=\"wp-block-image size-full\"><img loading=\"lazy\" decoding=\"async\" width=\"600\" height=\"240\" src=\"https:\/\/www.fundacioared.org\/wp-content\/uploads\/100.jpg\" alt=\"\" class=\"wp-image-3573\" srcset=\"https:\/\/www.fundacioared.org\/wp-content\/uploads\/100.jpg 600w, https:\/\/www.fundacioared.org\/wp-content\/uploads\/100-300x120.jpg 300w, https:\/\/www.fundacioared.org\/wp-content\/uploads\/100-340x136.jpg 340w, https:\/\/www.fundacioared.org\/wp-content\/uploads\/100-140x56.jpg 140w\" sizes=\"auto, (max-width: 600px) 100vw, 600px\" \/><\/figure>\n\n\n\n<figure class=\"wp-block-image size-full\"><img loading=\"lazy\" decoding=\"async\" width=\"600\" height=\"240\" src=\"https:\/\/www.fundacioared.org\/wp-content\/uploads\/101.jpg\" alt=\"\" class=\"wp-image-3574\" srcset=\"https:\/\/www.fundacioared.org\/wp-content\/uploads\/101.jpg 600w, https:\/\/www.fundacioared.org\/wp-content\/uploads\/101-300x120.jpg 300w, https:\/\/www.fundacioared.org\/wp-content\/uploads\/101-340x136.jpg 340w, https:\/\/www.fundacioared.org\/wp-content\/uploads\/101-140x56.jpg 140w\" sizes=\"auto, (max-width: 600px) 100vw, 600px\" \/><\/figure>\n\n\n\n<figure class=\"wp-block-image size-full\"><img loading=\"lazy\" decoding=\"async\" width=\"600\" height=\"240\" src=\"https:\/\/www.fundacioared.org\/wp-content\/uploads\/102.jpg\" alt=\"\" class=\"wp-image-3575\" srcset=\"https:\/\/www.fundacioared.org\/wp-content\/uploads\/102.jpg 600w, https:\/\/www.fundacioared.org\/wp-content\/uploads\/102-300x120.jpg 300w, https:\/\/www.fundacioared.org\/wp-content\/uploads\/102-340x136.jpg 340w, https:\/\/www.fundacioared.org\/wp-content\/uploads\/102-140x56.jpg 140w\" sizes=\"auto, (max-width: 600px) 100vw, 600px\" \/><\/figure>\n\n\n\n<figure class=\"wp-block-image size-full\"><img loading=\"lazy\" decoding=\"async\" width=\"600\" height=\"240\" src=\"https:\/\/www.fundacioared.org\/wp-content\/uploads\/103-1.jpg\" alt=\"\" class=\"wp-image-3576\" srcset=\"https:\/\/www.fundacioared.org\/wp-content\/uploads\/103-1.jpg 600w, https:\/\/www.fundacioared.org\/wp-content\/uploads\/103-1-300x120.jpg 300w, https:\/\/www.fundacioared.org\/wp-content\/uploads\/103-1-340x136.jpg 340w, https:\/\/www.fundacioared.org\/wp-content\/uploads\/103-1-140x56.jpg 140w\" sizes=\"auto, (max-width: 600px) 100vw, 600px\" \/><\/figure>\n\n\n\n<figure class=\"wp-block-image size-full\"><img loading=\"lazy\" decoding=\"async\" width=\"600\" height=\"240\" src=\"https:\/\/www.fundacioared.org\/wp-content\/uploads\/104.jpg\" alt=\"\" class=\"wp-image-3579\" srcset=\"https:\/\/www.fundacioared.org\/wp-content\/uploads\/104.jpg 600w, https:\/\/www.fundacioared.org\/wp-content\/uploads\/104-300x120.jpg 300w, https:\/\/www.fundacioared.org\/wp-content\/uploads\/104-340x136.jpg 340w, https:\/\/www.fundacioared.org\/wp-content\/uploads\/104-140x56.jpg 140w\" sizes=\"auto, (max-width: 600px) 100vw, 600px\" \/><\/figure>\n\n\n\n<figure class=\"wp-block-image size-full\"><img loading=\"lazy\" decoding=\"async\" width=\"600\" height=\"240\" src=\"https:\/\/www.fundacioared.org\/wp-content\/uploads\/105.jpg\" alt=\"\" class=\"wp-image-3580\" srcset=\"https:\/\/www.fundacioared.org\/wp-content\/uploads\/105.jpg 600w, https:\/\/www.fundacioared.org\/wp-content\/uploads\/105-300x120.jpg 300w, https:\/\/www.fundacioared.org\/wp-content\/uploads\/105-340x136.jpg 340w, https:\/\/www.fundacioared.org\/wp-content\/uploads\/105-140x56.jpg 140w\" sizes=\"auto, (max-width: 600px) 100vw, 600px\" \/><\/figure>\n\n\n\n<figure class=\"wp-block-image size-full\"><img loading=\"lazy\" decoding=\"async\" width=\"600\" height=\"240\" src=\"https:\/\/www.fundacioared.org\/wp-content\/uploads\/106.jpg\" alt=\"\" class=\"wp-image-3581\" srcset=\"https:\/\/www.fundacioared.org\/wp-content\/uploads\/106.jpg 600w, https:\/\/www.fundacioared.org\/wp-content\/uploads\/106-300x120.jpg 300w, https:\/\/www.fundacioared.org\/wp-content\/uploads\/106-340x136.jpg 340w, https:\/\/www.fundacioared.org\/wp-content\/uploads\/106-140x56.jpg 140w\" sizes=\"auto, (max-width: 600px) 100vw, 600px\" \/><\/figure>\n\n\n\n<figure class=\"wp-block-image size-full\"><img loading=\"lazy\" decoding=\"async\" width=\"600\" height=\"240\" src=\"https:\/\/www.fundacioared.org\/wp-content\/uploads\/107.jpg\" alt=\"\" class=\"wp-image-3582\" srcset=\"https:\/\/www.fundacioared.org\/wp-content\/uploads\/107.jpg 600w, https:\/\/www.fundacioared.org\/wp-content\/uploads\/107-300x120.jpg 300w, https:\/\/www.fundacioared.org\/wp-content\/uploads\/107-340x136.jpg 340w, https:\/\/www.fundacioared.org\/wp-content\/uploads\/107-140x56.jpg 140w\" sizes=\"auto, (max-width: 600px) 100vw, 600px\" \/><\/figure>\n\n\n\n<figure class=\"wp-block-image size-full\"><img loading=\"lazy\" decoding=\"async\" width=\"600\" height=\"240\" src=\"https:\/\/www.fundacioared.org\/wp-content\/uploads\/108.jpg\" alt=\"\" class=\"wp-image-3583\" srcset=\"https:\/\/www.fundacioared.org\/wp-content\/uploads\/108.jpg 600w, https:\/\/www.fundacioared.org\/wp-content\/uploads\/108-300x120.jpg 300w, https:\/\/www.fundacioared.org\/wp-content\/uploads\/108-340x136.jpg 340w, https:\/\/www.fundacioared.org\/wp-content\/uploads\/108-140x56.jpg 140w\" sizes=\"auto, (max-width: 600px) 100vw, 600px\" \/><\/figure>\n\n\n\n<figure class=\"wp-block-image size-full\"><img loading=\"lazy\" decoding=\"async\" width=\"600\" height=\"240\" src=\"https:\/\/www.fundacioared.org\/wp-content\/uploads\/109.jpg\" alt=\"\" class=\"wp-image-3584\" srcset=\"https:\/\/www.fundacioared.org\/wp-content\/uploads\/109.jpg 600w, https:\/\/www.fundacioared.org\/wp-content\/uploads\/109-300x120.jpg 300w, https:\/\/www.fundacioared.org\/wp-content\/uploads\/109-340x136.jpg 340w, https:\/\/www.fundacioared.org\/wp-content\/uploads\/109-140x56.jpg 140w\" sizes=\"auto, (max-width: 600px) 100vw, 600px\" \/><\/figure>\n\n\n\n<figure class=\"wp-block-image size-full\"><img loading=\"lazy\" decoding=\"async\" width=\"600\" height=\"240\" src=\"https:\/\/www.fundacioared.org\/wp-content\/uploads\/110.jpg\" alt=\"\" class=\"wp-image-3585\" srcset=\"https:\/\/www.fundacioared.org\/wp-content\/uploads\/110.jpg 600w, https:\/\/www.fundacioared.org\/wp-content\/uploads\/110-300x120.jpg 300w, https:\/\/www.fundacioared.org\/wp-content\/uploads\/110-340x136.jpg 340w, https:\/\/www.fundacioared.org\/wp-content\/uploads\/110-140x56.jpg 140w\" sizes=\"auto, (max-width: 600px) 100vw, 600px\" \/><\/figure>\n\n\n\n<figure class=\"wp-block-image size-full\"><img loading=\"lazy\" decoding=\"async\" width=\"600\" height=\"240\" src=\"https:\/\/www.fundacioared.org\/wp-content\/uploads\/111.jpg\" alt=\"\" class=\"wp-image-3586\" srcset=\"https:\/\/www.fundacioared.org\/wp-content\/uploads\/111.jpg 600w, https:\/\/www.fundacioared.org\/wp-content\/uploads\/111-300x120.jpg 300w, https:\/\/www.fundacioared.org\/wp-content\/uploads\/111-340x136.jpg 340w, https:\/\/www.fundacioared.org\/wp-content\/uploads\/111-140x56.jpg 140w\" sizes=\"auto, (max-width: 600px) 100vw, 600px\" \/><\/figure>\n\n\n\n<figure class=\"wp-block-image size-full\"><img loading=\"lazy\" decoding=\"async\" width=\"600\" height=\"240\" src=\"https:\/\/www.fundacioared.org\/wp-content\/uploads\/112.jpg\" alt=\"\" class=\"wp-image-3587\" srcset=\"https:\/\/www.fundacioared.org\/wp-content\/uploads\/112.jpg 600w, https:\/\/www.fundacioared.org\/wp-content\/uploads\/112-300x120.jpg 300w, https:\/\/www.fundacioared.org\/wp-content\/uploads\/112-340x136.jpg 340w, https:\/\/www.fundacioared.org\/wp-content\/uploads\/112-140x56.jpg 140w\" sizes=\"auto, (max-width: 600px) 100vw, 600px\" \/><\/figure>\n<\/div>\n<\/div>\n\n\n\n<div class=\"wp-block-ared-marges maq-contenidor normal marge-superior-petit marge-inferior-petit\" data-aos=\"off\" data-aos-delay=\"aos_delay\">\n<p class=\"has-text-align-center is-style-com_titular_5 has-gris-ared-color has-text-color has-link-color wp-elements-685e069eb0a0b023712840ea469f75eb\">Con el apoyo de:<\/p>\n\n\n\n<div class=\"wp-block-columns is-layout-flex wp-container-core-columns-is-layout-9d6595d7 wp-block-columns-is-layout-flex\">\n<div class=\"wp-block-column is-layout-flow wp-block-column-is-layout-flow\"><\/div>\n\n\n\n<div class=\"wp-block-column is-layout-flow wp-block-column-is-layout-flow\">\n<figure class=\"wp-block-image aligncenter size-full is-resized\"><img loading=\"lazy\" decoding=\"async\" width=\"498\" height=\"106\" src=\"https:\/\/www.fundacioared.org\/wp-content\/uploads\/Logo_GencatEmpresa_h3.jpg\" alt=\"\" class=\"wp-image-5317\" style=\"width:324px;height:auto\" srcset=\"https:\/\/www.fundacioared.org\/wp-content\/uploads\/Logo_GencatEmpresa_h3.jpg 498w, https:\/\/www.fundacioared.org\/wp-content\/uploads\/Logo_GencatEmpresa_h3-300x64.jpg 300w, https:\/\/www.fundacioared.org\/wp-content\/uploads\/Logo_GencatEmpresa_h3-340x72.jpg 340w, https:\/\/www.fundacioared.org\/wp-content\/uploads\/Logo_GencatEmpresa_h3-140x30.jpg 140w\" sizes=\"auto, (max-width: 498px) 100vw, 498px\" \/><\/figure>\n<\/div>\n\n\n\n<div class=\"wp-block-column is-layout-flow wp-block-column-is-layout-flow\"><\/div>\n<\/div>\n<\/div>\n\n\n\n<p><\/p>\n","protected":false},"excerpt":{"rendered":"<p>SOMOS ESPECIALISTAS EN:<\/p>\n","protected":false},"author":1,"featured_media":0,"parent":0,"menu_order":7,"comment_status":"closed","ping_status":"closed","template":"","meta":{"_acf_changed":false,"footnotes":""},"class_list":["post-4650","page","type-page","status-publish","hentry"],"acf":[],"_links":{"self":[{"href":"https:\/\/www.fundacioared.org\/es\/wp-json\/wp\/v2\/pages\/4650","targetHints":{"allow":["GET"]}}],"collection":[{"href":"https:\/\/www.fundacioared.org\/es\/wp-json\/wp\/v2\/pages"}],"about":[{"href":"https:\/\/www.fundacioared.org\/es\/wp-json\/wp\/v2\/types\/page"}],"author":[{"embeddable":true,"href":"https:\/\/www.fundacioared.org\/es\/wp-json\/wp\/v2\/users\/1"}],"replies":[{"embeddable":true,"href":"https:\/\/www.fundacioared.org\/es\/wp-json\/wp\/v2\/comments?post=4650"}],"version-history":[{"count":8,"href":"https:\/\/www.fundacioared.org\/es\/wp-json\/wp\/v2\/pages\/4650\/revisions"}],"predecessor-version":[{"id":5323,"href":"https:\/\/www.fundacioared.org\/es\/wp-json\/wp\/v2\/pages\/4650\/revisions\/5323"}],"wp:attachment":[{"href":"https:\/\/www.fundacioared.org\/es\/wp-json\/wp\/v2\/media?parent=4650"}],"curies":[{"name":"wp","href":"https:\/\/api.w.org\/{rel}","templated":true}]}}