{"id":4656,"date":"2024-08-27T09:29:14","date_gmt":"2024-08-27T07:29:14","guid":{"rendered":"https:\/\/www.fundacioared.org\/adelantate-a-tu-futuro\/"},"modified":"2026-03-18T11:32:40","modified_gmt":"2026-03-18T10:32:40","slug":"avancat-al-teu-futur-es","status":"publish","type":"page","link":"https:\/\/www.fundacioared.org\/es\/avancat-al-teu-futur-es\/","title":{"rendered":"Avan\u00e7a\u2019t al teu futur"},"content":{"rendered":"\n<div class=\"wp-block-media-text is-stacked-on-mobile is-vertically-aligned-top\"><figure class=\"wp-block-media-text__media\"><img loading=\"lazy\" decoding=\"async\" width=\"1024\" height=\"724\" src=\"https:\/\/www.fundacioared.org\/wp-content\/uploads\/COMUNICACION-INTERNA-12-1024x724.png\" alt=\"\" class=\"wp-image-5138 size-full\" srcset=\"https:\/\/www.fundacioared.org\/wp-content\/uploads\/COMUNICACION-INTERNA-12-1024x724.png 1024w, https:\/\/www.fundacioared.org\/wp-content\/uploads\/COMUNICACION-INTERNA-12-300x212.png 300w, https:\/\/www.fundacioared.org\/wp-content\/uploads\/COMUNICACION-INTERNA-12-768x543.png 768w, https:\/\/www.fundacioared.org\/wp-content\/uploads\/COMUNICACION-INTERNA-12-340x240.png 340w, https:\/\/www.fundacioared.org\/wp-content\/uploads\/COMUNICACION-INTERNA-12-140x99.png 140w, https:\/\/www.fundacioared.org\/wp-content\/uploads\/COMUNICACION-INTERNA-12.png 1500w\" sizes=\"auto, (max-width: 1024px) 100vw, 1024px\" \/><\/figure><div class=\"wp-block-media-text__content\">\n<h2 class=\"wp-block-heading\">Avan\u00e7a\u2019t al teu futur<\/h2>\n\n\n\n<p class=\"is-style-com_titular_5 has-taronja-ared-color has-text-color has-link-color wp-elements-749f6d56972be177b2dfdd9cbd8f2aee\"><strong>Programa de acompa\u00f1amiento a la inserci\u00f3n laboral de personas desempleadas en situaci\u00f3n vulnerable<\/strong><\/p>\n\n\n\n<p>Programa de orientaci\u00f3n y acompa\u00f1amiento dirigido a personas desempleadas en situaci\u00f3n de vulnerabilidad socioecon\u00f3mica y a personas acogidas en recursos para personas en situaci\u00f3n de sinhogarismo o vulnerabilidad por cuestiones de vivienda.<br\/><\/p>\n\n\n\n<p>El objetivo del programa es favorecer su inserci\u00f3n en el mercado laboral mediante la formaci\u00f3n y la mejora competencial, fomentar la autonom\u00eda personal, reducir la vulnerabilidad social e impactar positivamente en la calidad de vida. Tambi\u00e9n se busca promover la inclusi\u00f3n en la comunidad y en la sociedad, mejorando las habilidades y la autoestima para desarrollar relaciones interpersonales en espacios de confianza. <\/p>\n\n\n\n<p>\u00abAvan\u00e7a\u2019t al teu Futur\u00bb proporciona herramientas para mejorar la empleabilidad de las personas participantes, ofreciendo un seguimiento personalizado posterior a la inserci\u00f3n con el fin de garantizar la consolidaci\u00f3n de un puesto laboral de calidad y duradero en el tiempo.<\/p>\n\n\n\n<p>Desde la Fundaci\u00f3 Ared se colabora con una amplia red de empresas comprometidas que ofrecen oportunidades laborales a las participantes del programa.<\/p>\n\n\n\n<div style=\"height:72px\" aria-hidden=\"true\" class=\"wp-block-spacer\"><\/div>\n\n\n\n<div class=\"wp-block-columns is-layout-flex wp-container-core-columns-is-layout-9d6595d7 wp-block-columns-is-layout-flex\">\n<div class=\"wp-block-column is-layout-flow wp-block-column-is-layout-flow\">\n<figure class=\"wp-block-image size-full is-resized\"><img loading=\"lazy\" decoding=\"async\" width=\"1080\" height=\"1080\" src=\"https:\/\/www.fundacioared.org\/wp-content\/uploads\/Dones-Ared-11.png\" alt=\"\" class=\"wp-image-600\" style=\"width:49px;height:auto\" srcset=\"https:\/\/www.fundacioared.org\/wp-content\/uploads\/Dones-Ared-11.png 1080w, https:\/\/www.fundacioared.org\/wp-content\/uploads\/Dones-Ared-11-300x300.png 300w, https:\/\/www.fundacioared.org\/wp-content\/uploads\/Dones-Ared-11-1024x1024.png 1024w, https:\/\/www.fundacioared.org\/wp-content\/uploads\/Dones-Ared-11-150x150.png 150w, https:\/\/www.fundacioared.org\/wp-content\/uploads\/Dones-Ared-11-768x768.png 768w, https:\/\/www.fundacioared.org\/wp-content\/uploads\/Dones-Ared-11-600x600.png 600w, https:\/\/www.fundacioared.org\/wp-content\/uploads\/Dones-Ared-11-340x340.png 340w, https:\/\/www.fundacioared.org\/wp-content\/uploads\/Dones-Ared-11-140x140.png 140w\" sizes=\"auto, (max-width: 1080px) 100vw, 1080px\" \/><\/figure>\n\n\n\n<p class=\"is-style-com_titular_5 has-taronja-ared-color has-text-color has-link-color wp-elements-fc978f356e4ba216751f51f524c326e2\">Requisitos<\/p>\n\n\n\n<ul class=\"wp-block-list\">\n<li>Disponer de permiso de residencia y trabajo<\/li>\n\n\n\n<li>Conocimiento de la lengua castellana<\/li>\n<\/ul>\n<\/div>\n\n\n\n<div class=\"wp-block-column is-layout-flow wp-block-column-is-layout-flow\">\n<figure class=\"wp-block-image size-full is-resized\"><img loading=\"lazy\" decoding=\"async\" width=\"810\" height=\"810\" src=\"https:\/\/www.fundacioared.org\/wp-content\/uploads\/Dones-Ared-4-2.png\" alt=\"\" class=\"wp-image-534\" style=\"width:49px;height:auto\" srcset=\"https:\/\/www.fundacioared.org\/wp-content\/uploads\/Dones-Ared-4-2.png 810w, https:\/\/www.fundacioared.org\/wp-content\/uploads\/Dones-Ared-4-2-300x300.png 300w, https:\/\/www.fundacioared.org\/wp-content\/uploads\/Dones-Ared-4-2-150x150.png 150w, https:\/\/www.fundacioared.org\/wp-content\/uploads\/Dones-Ared-4-2-768x768.png 768w, https:\/\/www.fundacioared.org\/wp-content\/uploads\/Dones-Ared-4-2-600x600.png 600w, https:\/\/www.fundacioared.org\/wp-content\/uploads\/Dones-Ared-4-2-340x340.png 340w, https:\/\/www.fundacioared.org\/wp-content\/uploads\/Dones-Ared-4-2-140x140.png 140w\" sizes=\"auto, (max-width: 810px) 100vw, 810px\" \/><\/figure>\n\n\n\n<p class=\"is-style-com_titular_5 has-taronja-ared-color has-text-color has-link-color wp-elements-e8d3c7c8cff5d408b66a972a4cb6a010\">Horario<\/p>\n\n\n\n<p><strong>Horario:<\/strong> de lunes a viernes, de 8h a 16:30h<br\/> <strong>Inicio<\/strong> : enero<br\/> <strong>Finalizaci\u00f3n<\/strong> : diciembre<\/p>\n<\/div>\n<\/div>\n\n\n\n<div style=\"height:45px\" aria-hidden=\"true\" class=\"wp-block-spacer\"><\/div>\n<\/div><\/div>\n\n<div style=\"height:104px\" aria-hidden=\"true\" class=\"wp-block-spacer\"><\/div>\n\n<p class=\"has-text-align-center is-style-com_titular_3 has-gris-ared-color has-text-color has-link-color wp-elements-f4e574ad4dbb84f6003544a17d5a5407\">UNA METODOLOG\u00cdA INTEGRAL<\/p>\n\n<div class=\"wp-block-ared-marges maq-contenidor normal marge-superior- marge-inferior-petit\" data-aos=\"off\" data-aos-delay=\"aos_delay\">\n<div class=\"wp-block-columns is-layout-flex wp-container-core-columns-is-layout-9d6595d7 wp-block-columns-is-layout-flex\">\n<div class=\"wp-block-column is-layout-flow wp-block-column-is-layout-flow\" style=\"padding-right:var(--wp--preset--spacing--50);padding-left:var(--wp--preset--spacing--50)\">\n<figure class=\"wp-block-image size-full\"><img loading=\"lazy\" decoding=\"async\" width=\"686\" height=\"686\" src=\"https:\/\/www.fundacioared.org\/wp-content\/uploads\/Insercio-dona-salut-icona-01.jpg\" alt=\"\" class=\"wp-image-768\" srcset=\"https:\/\/www.fundacioared.org\/wp-content\/uploads\/Insercio-dona-salut-icona-01.jpg 686w, https:\/\/www.fundacioared.org\/wp-content\/uploads\/Insercio-dona-salut-icona-01-300x300.jpg 300w, https:\/\/www.fundacioared.org\/wp-content\/uploads\/Insercio-dona-salut-icona-01-150x150.jpg 150w, https:\/\/www.fundacioared.org\/wp-content\/uploads\/Insercio-dona-salut-icona-01-600x600.jpg 600w, https:\/\/www.fundacioared.org\/wp-content\/uploads\/Insercio-dona-salut-icona-01-340x340.jpg 340w, https:\/\/www.fundacioared.org\/wp-content\/uploads\/Insercio-dona-salut-icona-01-140x140.jpg 140w\" sizes=\"auto, (max-width: 686px) 100vw, 686px\" \/><\/figure>\n\n\n\n<p class=\"is-style-com_titular_4 has-gris-ared-color has-text-color has-link-color wp-elements-3ce647351f23f442ea148771d12c675e\">Objetivo del programa<\/p>\n\n\n\n<p>El objetivo principal es potenciar y promover de forma integral la inclusi\u00f3n social, econ\u00f3mica y laboral de las personas participantes fomentando su autonom\u00eda personal<\/p>\n<\/div>\n\n\n\n<div class=\"wp-block-column is-layout-flow wp-block-column-is-layout-flow\" style=\"padding-right:var(--wp--preset--spacing--50);padding-left:var(--wp--preset--spacing--50)\">\n<figure class=\"wp-block-image size-full\"><img loading=\"lazy\" decoding=\"async\" width=\"686\" height=\"686\" src=\"https:\/\/www.fundacioared.org\/wp-content\/uploads\/Insercio-dona-salut-icona-02.jpg\" alt=\"\" class=\"wp-image-769\" style=\"object-fit:cover\" srcset=\"https:\/\/www.fundacioared.org\/wp-content\/uploads\/Insercio-dona-salut-icona-02.jpg 686w, https:\/\/www.fundacioared.org\/wp-content\/uploads\/Insercio-dona-salut-icona-02-300x300.jpg 300w, https:\/\/www.fundacioared.org\/wp-content\/uploads\/Insercio-dona-salut-icona-02-150x150.jpg 150w, https:\/\/www.fundacioared.org\/wp-content\/uploads\/Insercio-dona-salut-icona-02-600x600.jpg 600w, https:\/\/www.fundacioared.org\/wp-content\/uploads\/Insercio-dona-salut-icona-02-340x340.jpg 340w, https:\/\/www.fundacioared.org\/wp-content\/uploads\/Insercio-dona-salut-icona-02-140x140.jpg 140w\" sizes=\"auto, (max-width: 686px) 100vw, 686px\" \/><\/figure>\n\n\n\n<p class=\"is-style-com_titular_4 has-gris-ared-color has-text-color has-link-color wp-elements-798a7781c06f1f10093ef2b0cba498bf\">Mejora competencial<\/p>\n\n\n\n<p class=\"is-style-default has-gris-ared-color has-text-color has-link-color wp-elements-3572f05ce5743f833b4c5d9238a7b6cf\">El programa se centra en la mejora competencial a trav\u00e9s de formaciones ocupacionales sobre el mercado laboral, los diferentes canales de b\u00fasqueda de empleo, el proceso de selecci\u00f3n&#8230;<\/p>\n<\/div>\n\n\n\n<div class=\"wp-block-column is-layout-flow wp-block-column-is-layout-flow\" style=\"padding-right:var(--wp--preset--spacing--50);padding-left:var(--wp--preset--spacing--50)\">\n<figure class=\"wp-block-image size-full\"><img loading=\"lazy\" decoding=\"async\" width=\"686\" height=\"686\" src=\"https:\/\/www.fundacioared.org\/wp-content\/uploads\/Insercio-dona-salut-icona-03.jpg\" alt=\"\" class=\"wp-image-770\" srcset=\"https:\/\/www.fundacioared.org\/wp-content\/uploads\/Insercio-dona-salut-icona-03.jpg 686w, https:\/\/www.fundacioared.org\/wp-content\/uploads\/Insercio-dona-salut-icona-03-300x300.jpg 300w, https:\/\/www.fundacioared.org\/wp-content\/uploads\/Insercio-dona-salut-icona-03-150x150.jpg 150w, https:\/\/www.fundacioared.org\/wp-content\/uploads\/Insercio-dona-salut-icona-03-600x600.jpg 600w, https:\/\/www.fundacioared.org\/wp-content\/uploads\/Insercio-dona-salut-icona-03-340x340.jpg 340w, https:\/\/www.fundacioared.org\/wp-content\/uploads\/Insercio-dona-salut-icona-03-140x140.jpg 140w\" sizes=\"auto, (max-width: 686px) 100vw, 686px\" \/><\/figure>\n\n\n\n<p class=\"is-style-com_titular_4 has-gris-ared-color has-text-color has-link-color wp-elements-4fa921c60b975e71057b3170e9e44420\">Inserci\u00f3n de calidad<\/p>\n\n\n\n<p>Durante el programa se prioriza la b\u00fasqueda de posiciones laborales de calidad que incidan positivamente en la reducci\u00f3n de la vulnerabilidad de las personas participantes.<\/p>\n<\/div>\n\n\n\n<div class=\"wp-block-column is-layout-flow wp-block-column-is-layout-flow\" style=\"padding-right:var(--wp--preset--spacing--50);padding-left:var(--wp--preset--spacing--50)\">\n<figure class=\"wp-block-image size-full\"><img loading=\"lazy\" decoding=\"async\" width=\"686\" height=\"686\" src=\"https:\/\/www.fundacioared.org\/wp-content\/uploads\/Insercio-dona-salut-icona-04.jpg\" alt=\"\" class=\"wp-image-771\" srcset=\"https:\/\/www.fundacioared.org\/wp-content\/uploads\/Insercio-dona-salut-icona-04.jpg 686w, https:\/\/www.fundacioared.org\/wp-content\/uploads\/Insercio-dona-salut-icona-04-300x300.jpg 300w, https:\/\/www.fundacioared.org\/wp-content\/uploads\/Insercio-dona-salut-icona-04-150x150.jpg 150w, https:\/\/www.fundacioared.org\/wp-content\/uploads\/Insercio-dona-salut-icona-04-600x600.jpg 600w, https:\/\/www.fundacioared.org\/wp-content\/uploads\/Insercio-dona-salut-icona-04-340x340.jpg 340w, https:\/\/www.fundacioared.org\/wp-content\/uploads\/Insercio-dona-salut-icona-04-140x140.jpg 140w\" sizes=\"auto, (max-width: 686px) 100vw, 686px\" \/><\/figure>\n\n\n\n<p class=\"is-style-com_titular_4 has-gris-ared-color has-text-color has-link-color wp-elements-0a38b4ea43b9cad6b92b18803dceb7db\">Programa personalizado<\/p>\n\n\n\n<p>La participaci\u00f3n en las actividades del programa y el grado de apoyo se adaptan seg\u00fan las necesidades de cada persona y de acuerdo a su situaci\u00f3n individual y socioecon\u00f3mica.<\/p>\n<\/div>\n<\/div>\n<\/div>\n\n<div class=\"wp-block-ared-marges maq-contenidor fullwidth marge-superior-petit marge-inferior-petit\" data-aos=\"off\" data-aos-delay=\"aos_delay\"><\/div>\n\n<div class=\"wp-block-cover is-light\"><span aria-hidden=\"true\" class=\"wp-block-cover__background has-beige-ared-background-color has-background-dim-100 has-background-dim\"><\/span><div class=\"wp-block-cover__inner-container is-layout-constrained wp-block-cover-is-layout-constrained\">\n<div class=\"wp-block-ared-marges maq-contenidor normal marge-superior-petit marge-inferior-\" data-aos=\"off\" data-aos-delay=\"aos_delay\">\n<p class=\"has-text-align-center is-style-com_titular_4 has-taronja-ared-color has-text-color has-link-color wp-elements-b8a634faf218219a99a7e44129d3d2d3\">\u00bfEst\u00e1s interesado\/a en uno de nuestros programas?<\/p>\n\n\n\n<p class=\"has-text-align-center is-style-com_titular_3\" id=\"formulari\">\u00a1Cont\u00e1ctanos para m\u00e1s informaci\u00f3n!<\/p>\n\n\n\n<p class=\"has-text-align-center has-gris-ared-color has-text-color has-link-color wp-elements-65197078ccff526dbe2ed98d461dcd87\">Env\u00eda tus datos y recibir\u00e1s informaci\u00f3n de este programa y de otros que te puedan interesar.<\/p>\n<\/div>\n\n\n\n<div class=\"wp-block-ared-marges maq-contenidor estreta marge-superior-petit marge-inferior-petit\" data-aos=\"off\" data-aos-delay=\"aos_delay\"><div class=\"wpforms-container wpforms-container-full\" id=\"wpforms-2931\"><form id=\"wpforms-form-2931\" class=\"wpforms-validate wpforms-form wpforms-ajax-form\" data-formid=\"2931\" method=\"post\" enctype=\"multipart\/form-data\" action=\"\/es\/wp-json\/wp\/v2\/pages\/4656\" data-token=\"f320a1008c95d5f55d030399dff1ac21\" data-token-time=\"1777349719\"><noscript class=\"wpforms-error-noscript\">Por favor, activa JavaScript en tu navegador para completar este formulario.<\/noscript><div class=\"wpforms-field-container\"><div id=\"wpforms-2931-field_1-container\" class=\"wpforms-field wpforms-field-name\" data-field-id=\"1\"><label class=\"wpforms-field-label\">Nombre <span class=\"wpforms-required-label\">*<\/span><\/label><div class=\"wpforms-field-row wpforms-field-large\"><div class=\"wpforms-field-row-block wpforms-first wpforms-one-half\"><input type=\"text\" id=\"wpforms-2931-field_1\" class=\"wpforms-field-name-first wpforms-field-required\" name=\"wpforms[fields][1][first]\" required><label for=\"wpforms-2931-field_1\" class=\"wpforms-field-sublabel after\">Nombre<\/label><\/div><div class=\"wpforms-field-row-block wpforms-one-half\"><input type=\"text\" id=\"wpforms-2931-field_1-last\" class=\"wpforms-field-name-last wpforms-field-required\" name=\"wpforms[fields][1][last]\" required><label for=\"wpforms-2931-field_1-last\" class=\"wpforms-field-sublabel after\">Apellidos<\/label><\/div><\/div><\/div><div id=\"wpforms-2931-field_2-container\" class=\"wpforms-field wpforms-field-email\" data-field-id=\"2\"><label class=\"wpforms-field-label\" for=\"wpforms-2931-field_2\">Correo electr\u00f3nico <span class=\"wpforms-required-label\">*<\/span><\/label><input type=\"email\" id=\"wpforms-2931-field_2\" class=\"wpforms-field-large wpforms-field-required\" name=\"wpforms[fields][2]\" spellcheck=\"false\" required><\/div>\t\t<div id=\"wpforms-2931-field_4-container\"\n\t\t\tclass=\"wpforms-field wpforms-field-text\"\n\t\t\tdata-field-type=\"text\"\n\t\t\tdata-field-id=\"4\"\n\t\t\t>\n\t\t\t<label class=\"wpforms-field-label\" for=\"wpforms-2931-field_4\" >de Comentario Correo<\/label>\n\t\t\t<input type=\"text\" id=\"wpforms-2931-field_4\" class=\"wpforms-field-medium\" name=\"wpforms[fields][4]\" >\n\t\t<\/div>\n\t\t<div id=\"wpforms-2931-field_5-container\" class=\"wpforms-field wpforms-field-phone\" data-field-id=\"5\"><label class=\"wpforms-field-label\" for=\"wpforms-2931-field_5\">Phone<\/label><input type=\"tel\" id=\"wpforms-2931-field_5\" class=\"wpforms-field-large wpforms-smart-phone-field\" data-rule-smart-phone-field=\"true\" name=\"wpforms[fields][5]\" aria-label=\"Phone\" ><\/div><div id=\"wpforms-2931-field_3-container\" class=\"wpforms-field wpforms-field-textarea\" data-field-id=\"3\"><label class=\"wpforms-field-label\" for=\"wpforms-2931-field_3\">Comentario o mensaje<\/label><textarea id=\"wpforms-2931-field_3\" class=\"wpforms-field-medium\" name=\"wpforms[fields][3]\" ><\/textarea><\/div><div id=\"wpforms-2931-field_7-container\" class=\"wpforms-field wpforms-field-checkbox\" data-field-id=\"7\"><label class=\"wpforms-field-label wpforms-label-hide\">Casillas de selecci\u00f3n <span class=\"wpforms-required-label\">*<\/span><\/label><ul id=\"wpforms-2931-field_7\" class=\"wpforms-field-required\"><li class=\"choice-1 depth-1\"><input type=\"checkbox\" id=\"wpforms-2931-field_7_1\" name=\"wpforms[fields][7][]\" value=\"He le\u00eddo y acepto la &lt;a href=&quot;https:\/\/www.fundacioared.org\/es\/politica-de-privacidad\/&quot;&gt;Pol\u00edtica de privacidad&lt;\/a&gt;\" required ><label class=\"wpforms-field-label-inline\" for=\"wpforms-2931-field_7_1\">He le\u00eddo y acepto la <a href=\"https:\/\/www.fundacioared.org\/es\/politica-de-privacidad\/\">Pol\u00edtica de privacidad<\/a><\/label><\/li><\/ul><\/div><div id=\"wpforms-2931-field_6-container\" class=\"wpforms-field wpforms-field-html\" data-field-id=\"6\"><div id=\"wpforms-2931-field_6\"><p style=\"color:#3e4952;font-size:10px;line-height:1.3em;\">INFORMACI\u00d3N B\u00c1SICA DE PROTECCI\u00d3N DE DATOS: En cumplimiento del deber de informar a los interesados \u200b\u200bde las circunstancias y condiciones del tratamiento de sus datos y de los derechos que le asisten, ponemos a su disposici\u00f3n la siguiente informaci\u00f3n. INFORMACI\u00d3N B\u00c1SICA SOBRE PROTECCI\u00d3N DE DATOS\n RESPONSABLE DEL TRATAMIENTO. Responsable: Fundaci\u00f3n Privada Ared. CIF: G62728183 Dir.\n FINALIDAD. Gestionar su consulta\/petici\u00f3n y dar una respuesta a la misma.\n LEGITIMACI\u00d3N. Su consentimiento.\n DESTINATARIOS. Los datos no se ceder\u00e1n a terceros salvo en los casos en los que exista una obligaci\u00f3n legal o comunicaci\u00f3n necesaria para dar contestaci\u00f3n a su consulta.\n DERECHOS. Puede ejercer sus derechos a acceder, rectificar, oponerse, limitar, llevar y suprimir los datos ante el responsable del tratamiento; adem\u00e1s de acudir a la autoridad de control competente (AEPD). INFORMACI\u00d3N ADICIONAL. Puede consultar la informaci\u00f3n adicional sobre el tratamiento de sus datos personales <a href=\"https:\/\/www.fundacioared.org\/es\/politica-de-privacidad\/\">aqu\u00ed<\/a> .\n\n       \n <\/p><\/div><\/div><script>\n\t\t\t\t( function() {\n\t\t\t\t\tconst style = document.createElement( 'style' );\n\t\t\t\t\tstyle.appendChild( document.createTextNode( '#wpforms-2931-field_4-container { position: absolute !important; overflow: hidden !important; display: inline !important; height: 1px !important; width: 1px !important; z-index: -1000 !important; padding: 0 !important; } #wpforms-2931-field_4-container input { visibility: hidden; } #wpforms-conversational-form-page #wpforms-2931-field_4-container label { counter-increment: none; }' ) );\n\t\t\t\t\tdocument.head.appendChild( style );\n\t\t\t\t\tdocument.currentScript?.remove();\n\t\t\t\t} )();\n\t\t\t<\/script><\/div><!-- .wpforms-field-container --><div class=\"wpforms-submit-container\" ><input type=\"hidden\" name=\"wpforms[id]\" value=\"2931\"><input type=\"hidden\" name=\"page_title\" value=\"\"><input type=\"hidden\" name=\"page_url\" value=\"https:\/\/www.fundacioared.org\/es\/wp-json\/wp\/v2\/pages\/4656\"><input type=\"hidden\" name=\"url_referer\" value=\"\"><button type=\"submit\" name=\"wpforms[submit]\" id=\"wpforms-submit-2931\" class=\"wpforms-submit\" data-alt-text=\"Se est\u00e1 enviando...\" data-submit-text=\"Env\u00eda\" aria-live=\"assertive\" value=\"wpforms-submit\">Env\u00eda<\/button><img loading=\"lazy\" decoding=\"async\" src=\"https:\/\/www.fundacioared.org\/wp-content\/plugins\/wpforms\/assets\/images\/submit-spin.svg\" class=\"wpforms-submit-spinner\" style=\"display: none;\" width=\"26\" height=\"26\" alt=\"Cargando\"><\/div><\/form><\/div>  <!-- .wpforms-container -->\n<\/div>\n<\/div><\/div>\n\n<div class=\"wp-block-ared-marges maq-contenidor normal marge-superior-petit marge-inferior-petit\" data-aos=\"off\" data-aos-delay=\"aos_delay\">\n<div class=\"wp-block-columns is-layout-flex wp-container-core-columns-is-layout-9d6595d7 wp-block-columns-is-layout-flex\">\n<div class=\"wp-block-column is-layout-flow wp-block-column-is-layout-flow\" style=\"flex-basis:33.34%\">\n<figure class=\"wp-block-image size-full is-resized\"><img loading=\"lazy\" decoding=\"async\" width=\"1080\" height=\"1080\" src=\"https:\/\/www.fundacioared.org\/wp-content\/uploads\/Dones-Ared-3.png\" alt=\"\" class=\"wp-image-847\" style=\"width:80px;height:auto\" srcset=\"https:\/\/www.fundacioared.org\/wp-content\/uploads\/Dones-Ared-3.png 1080w, https:\/\/www.fundacioared.org\/wp-content\/uploads\/Dones-Ared-3-300x300.png 300w, https:\/\/www.fundacioared.org\/wp-content\/uploads\/Dones-Ared-3-1024x1024.png 1024w, https:\/\/www.fundacioared.org\/wp-content\/uploads\/Dones-Ared-3-150x150.png 150w, https:\/\/www.fundacioared.org\/wp-content\/uploads\/Dones-Ared-3-768x768.png 768w, https:\/\/www.fundacioared.org\/wp-content\/uploads\/Dones-Ared-3-600x600.png 600w, https:\/\/www.fundacioared.org\/wp-content\/uploads\/Dones-Ared-3-340x340.png 340w, https:\/\/www.fundacioared.org\/wp-content\/uploads\/Dones-Ared-3-140x140.png 140w\" sizes=\"auto, (max-width: 1080px) 100vw, 1080px\" \/><\/figure>\n\n\n\n<p class=\"is-style-com_titular_5 has-taronja-ared-color has-text-color has-link-color wp-elements-a6f6fb41613026c8803ddb524e576dd7\">Participante de Avanzado en tu Futuro<\/p>\n\n\n\n<p class=\"is-style-default has-gris-ared-color has-text-color has-link-color has-medium-font-size wp-elements-b1377aedead3999651e09c6f9f46eff4\"><em>Mi paso por Ared ha sido lo mejor que me ha pasado, me ense\u00f1\u00f3 a creer en m\u00ed, a encontrar un trabajo que me llena en todos los sentidos ya sentirme valorado.<br\/><\/em><br\/><\/p>\n<\/div>\n\n\n\n<div class=\"wp-block-column is-layout-flow wp-block-column-is-layout-flow\" style=\"flex-basis:33.34%\">\n<figure class=\"wp-block-image size-full is-resized\"><img loading=\"lazy\" decoding=\"async\" width=\"1080\" height=\"1080\" src=\"https:\/\/www.fundacioared.org\/wp-content\/uploads\/Dones-Ared-3.png\" alt=\"\" class=\"wp-image-847\" style=\"width:80px;height:auto\" srcset=\"https:\/\/www.fundacioared.org\/wp-content\/uploads\/Dones-Ared-3.png 1080w, https:\/\/www.fundacioared.org\/wp-content\/uploads\/Dones-Ared-3-300x300.png 300w, https:\/\/www.fundacioared.org\/wp-content\/uploads\/Dones-Ared-3-1024x1024.png 1024w, https:\/\/www.fundacioared.org\/wp-content\/uploads\/Dones-Ared-3-150x150.png 150w, https:\/\/www.fundacioared.org\/wp-content\/uploads\/Dones-Ared-3-768x768.png 768w, https:\/\/www.fundacioared.org\/wp-content\/uploads\/Dones-Ared-3-600x600.png 600w, https:\/\/www.fundacioared.org\/wp-content\/uploads\/Dones-Ared-3-340x340.png 340w, https:\/\/www.fundacioared.org\/wp-content\/uploads\/Dones-Ared-3-140x140.png 140w\" sizes=\"auto, (max-width: 1080px) 100vw, 1080px\" \/><\/figure>\n\n\n\n<p class=\"is-style-com_titular_5 has-taronja-ared-color has-text-color has-link-color wp-elements-a6f6fb41613026c8803ddb524e576dd7\">Participante de Avanzado en tu Futuro<\/p>\n\n\n\n<p class=\"is-style-default has-gris-ared-color has-text-color has-link-color has-medium-font-size wp-elements-d7319cb0eaaba0c4a1581e7cb5c6d3f8\"><em>Este programa me ha ayudado a valorarme m\u00e1s, a ir m\u00e1s confiada a la hora de buscar trabajo y sentirme m\u00e1s segura conmigo misma.<br\/><\/em><\/p>\n<\/div>\n\n\n\n<div class=\"wp-block-column is-layout-flow wp-block-column-is-layout-flow\" style=\"flex-basis:33.34%\">\n<figure class=\"wp-block-image size-full is-resized\"><img loading=\"lazy\" decoding=\"async\" width=\"1080\" height=\"1080\" src=\"https:\/\/www.fundacioared.org\/wp-content\/uploads\/Dones-Ared-3.png\" alt=\"\" class=\"wp-image-847\" style=\"width:80px;height:auto\" srcset=\"https:\/\/www.fundacioared.org\/wp-content\/uploads\/Dones-Ared-3.png 1080w, https:\/\/www.fundacioared.org\/wp-content\/uploads\/Dones-Ared-3-300x300.png 300w, https:\/\/www.fundacioared.org\/wp-content\/uploads\/Dones-Ared-3-1024x1024.png 1024w, https:\/\/www.fundacioared.org\/wp-content\/uploads\/Dones-Ared-3-150x150.png 150w, https:\/\/www.fundacioared.org\/wp-content\/uploads\/Dones-Ared-3-768x768.png 768w, https:\/\/www.fundacioared.org\/wp-content\/uploads\/Dones-Ared-3-600x600.png 600w, https:\/\/www.fundacioared.org\/wp-content\/uploads\/Dones-Ared-3-340x340.png 340w, https:\/\/www.fundacioared.org\/wp-content\/uploads\/Dones-Ared-3-140x140.png 140w\" sizes=\"auto, (max-width: 1080px) 100vw, 1080px\" \/><\/figure>\n\n\n\n<p class=\"is-style-com_titular_5 has-taronja-ared-color has-text-color has-link-color wp-elements-053987d92cf2c8f40f7e89a342a32e3a\"><strong>Participante de Avanzado en tu Futuro<\/strong><\/p>\n\n\n\n<p class=\"is-style-default has-gris-ared-color has-text-color has-link-color has-medium-font-size wp-elements-d3b051a4b5dd7957729e8f09b172503d\"><em>Me ha aportado en seguridad en m\u00ed misma y en tener la autoestima m\u00e1s fuerte. Los beneficios son diversos, al tener seguridad y la autoestima, estoy mejor en todos los sentidos: me valoro m\u00e1s, algo que antes no hac\u00eda. <\/em><\/p>\n<\/div>\n<\/div>\n<\/div>\n\n<div class=\"wp-block-ared-marges maq-contenidor normal marge-superior-petit marge-inferior-petit\" data-aos=\"off\" data-aos-delay=\"aos_delay\">\n<p class=\"has-text-align-center is-style-com_titular_4 has-gris-ared-color has-text-color has-link-color wp-elements-0909d71f7c7e01ab2bf9533fbd30b1d0\">Con el apoyo de<\/p>\n<\/div>\n\n<div class=\"wp-block-ared-marges maq-contenidor normal marge-superior- marge-inferior-gran\" data-aos=\"off\" data-aos-delay=\"aos_delay\">\n<div class=\"wp-block-group is-layout-grid wp-container-core-group-is-layout-a62f1058 wp-block-group-is-layout-grid\">\n<figure class=\"wp-block-image size-full\"><img loading=\"lazy\" decoding=\"async\" width=\"600\" height=\"240\" src=\"https:\/\/www.fundacioared.org\/wp-content\/uploads\/98.jpg\" alt=\"\" class=\"wp-image-3563\" srcset=\"https:\/\/www.fundacioared.org\/wp-content\/uploads\/98.jpg 600w, https:\/\/www.fundacioared.org\/wp-content\/uploads\/98-300x120.jpg 300w, https:\/\/www.fundacioared.org\/wp-content\/uploads\/98-340x136.jpg 340w, https:\/\/www.fundacioared.org\/wp-content\/uploads\/98-140x56.jpg 140w\" sizes=\"auto, (max-width: 600px) 100vw, 600px\" \/><\/figure>\n\n\n\n<figure class=\"wp-block-image size-full\"><img loading=\"lazy\" decoding=\"async\" width=\"2000\" height=\"852\" src=\"https:\/\/www.fundacioared.org\/wp-content\/uploads\/COMUNICACION-INTERNA-15-1.png\" alt=\"\" class=\"wp-image-5732\" srcset=\"https:\/\/www.fundacioared.org\/wp-content\/uploads\/COMUNICACION-INTERNA-15-1.png 2000w, https:\/\/www.fundacioared.org\/wp-content\/uploads\/COMUNICACION-INTERNA-15-1-300x128.png 300w, https:\/\/www.fundacioared.org\/wp-content\/uploads\/COMUNICACION-INTERNA-15-1-1024x436.png 1024w, https:\/\/www.fundacioared.org\/wp-content\/uploads\/COMUNICACION-INTERNA-15-1-768x327.png 768w, https:\/\/www.fundacioared.org\/wp-content\/uploads\/COMUNICACION-INTERNA-15-1-1536x654.png 1536w, https:\/\/www.fundacioared.org\/wp-content\/uploads\/COMUNICACION-INTERNA-15-1-340x145.png 340w, https:\/\/www.fundacioared.org\/wp-content\/uploads\/COMUNICACION-INTERNA-15-1-140x60.png 140w\" sizes=\"auto, (max-width: 2000px) 100vw, 2000px\" \/><\/figure>\n\n\n\n<figure class=\"wp-block-image size-full wp-container-content-c9e2bd16\"><img loading=\"lazy\" decoding=\"async\" width=\"2000\" height=\"908\" src=\"https:\/\/www.fundacioared.org\/wp-content\/uploads\/COMUNICACION-INTERNA-4-3.jpg\" alt=\"\" class=\"wp-image-6170\" srcset=\"https:\/\/www.fundacioared.org\/wp-content\/uploads\/COMUNICACION-INTERNA-4-3.jpg 2000w, https:\/\/www.fundacioared.org\/wp-content\/uploads\/COMUNICACION-INTERNA-4-3-300x136.jpg 300w, https:\/\/www.fundacioared.org\/wp-content\/uploads\/COMUNICACION-INTERNA-4-3-1024x465.jpg 1024w, https:\/\/www.fundacioared.org\/wp-content\/uploads\/COMUNICACION-INTERNA-4-3-768x349.jpg 768w, https:\/\/www.fundacioared.org\/wp-content\/uploads\/COMUNICACION-INTERNA-4-3-1536x697.jpg 1536w, https:\/\/www.fundacioared.org\/wp-content\/uploads\/COMUNICACION-INTERNA-4-3-340x154.jpg 340w, https:\/\/www.fundacioared.org\/wp-content\/uploads\/COMUNICACION-INTERNA-4-3-140x64.jpg 140w\" sizes=\"auto, (max-width: 2000px) 100vw, 2000px\" \/><\/figure>\n<\/div>\n<\/div>\n","protected":false},"excerpt":{"rendered":"<p>UNA METODOLOG\u00cdA INTEGRAL<\/p>\n","protected":false},"author":1,"featured_media":0,"parent":0,"menu_order":9,"comment_status":"closed","ping_status":"closed","template":"","meta":{"_acf_changed":false,"footnotes":""},"class_list":["post-4656","page","type-page","status-publish","hentry"],"acf":[],"_links":{"self":[{"href":"https:\/\/www.fundacioared.org\/es\/wp-json\/wp\/v2\/pages\/4656","targetHints":{"allow":["GET"]}}],"collection":[{"href":"https:\/\/www.fundacioared.org\/es\/wp-json\/wp\/v2\/pages"}],"about":[{"href":"https:\/\/www.fundacioared.org\/es\/wp-json\/wp\/v2\/types\/page"}],"author":[{"embeddable":true,"href":"https:\/\/www.fundacioared.org\/es\/wp-json\/wp\/v2\/users\/1"}],"replies":[{"embeddable":true,"href":"https:\/\/www.fundacioared.org\/es\/wp-json\/wp\/v2\/comments?post=4656"}],"version-history":[{"count":14,"href":"https:\/\/www.fundacioared.org\/es\/wp-json\/wp\/v2\/pages\/4656\/revisions"}],"predecessor-version":[{"id":6174,"href":"https:\/\/www.fundacioared.org\/es\/wp-json\/wp\/v2\/pages\/4656\/revisions\/6174"}],"wp:attachment":[{"href":"https:\/\/www.fundacioared.org\/es\/wp-json\/wp\/v2\/media?parent=4656"}],"curies":[{"name":"wp","href":"https:\/\/api.w.org\/{rel}","templated":true}]}}