{"id":4660,"date":"2024-08-01T13:52:22","date_gmt":"2024-08-01T11:52:22","guid":{"rendered":"https:\/\/www.fundacioared.org\/mujer-igualdad\/"},"modified":"2026-02-03T11:02:28","modified_gmt":"2026-02-03T10:02:28","slug":"mujer-igualdad","status":"publish","type":"page","link":"https:\/\/www.fundacioared.org\/es\/mujer-igualdad\/","title":{"rendered":"Mujer Igualdad"},"content":{"rendered":"\n<div class=\"wp-block-media-text has-media-on-the-right is-stacked-on-mobile is-vertically-aligned-top\"><div class=\"wp-block-media-text__content\">\n<h2 class=\"wp-block-heading\">MUJER IGUALDAD: Dona un Pas<\/h2>\n\n\n\n<p class=\"is-style-com_titular_5 has-taronja-ared-color has-text-color has-link-color wp-elements-914abd594d17a117077f800d0686b8a1\">Programa de inserci\u00f3n laboral para mujeres que han sufrido o sufren violencia machista<\/p>\n\n\n\n<p>Dona un Pas es un programa de acompa\u00f1amiento a la inserci\u00f3n laboral de mujeres que han vivido episodios de violencia machista, centrado en diversos aspectos fundamentales para la <strong>recuperaci\u00f3n<\/strong> y <strong>reinserci\u00f3n<\/strong> laboral de las participantes como son su empoderamiento, el aumento de su autoestima y el refuerzo de su seguridad personal, entre otros.<\/p>\n\n\n\n<p class=\"is-style-default has-gris-ared-color has-text-color has-link-color wp-elements-6200fe60d16adf9289ea5ca83c6d4a83\">El programa se basa en el abordaje integral de la violencia machista, con <strong>itinerarios flexibles y personalizados<\/strong> que trabajan tres grandes \u00e1reas de contenidos: la <strong>inteligencia emocional, la salud y el bienestar y talleres laborales.<\/strong><\/p>\n\n\n\n<div style=\"height:39px\" aria-hidden=\"true\" class=\"wp-block-spacer\"><\/div>\n\n\n\n<div class=\"wp-block-columns is-layout-flex wp-container-core-columns-is-layout-9d6595d7 wp-block-columns-is-layout-flex\">\n<div class=\"wp-block-column is-layout-flow wp-block-column-is-layout-flow\">\n<figure class=\"wp-block-image size-full is-resized\"><img loading=\"lazy\" decoding=\"async\" width=\"1080\" height=\"1080\" src=\"https:\/\/www.fundacioared.org\/wp-content\/uploads\/Dones-Ared-11.png\" alt=\"\" class=\"wp-image-600\" style=\"width:49px;height:auto\" srcset=\"https:\/\/www.fundacioared.org\/wp-content\/uploads\/Dones-Ared-11.png 1080w, https:\/\/www.fundacioared.org\/wp-content\/uploads\/Dones-Ared-11-300x300.png 300w, https:\/\/www.fundacioared.org\/wp-content\/uploads\/Dones-Ared-11-1024x1024.png 1024w, https:\/\/www.fundacioared.org\/wp-content\/uploads\/Dones-Ared-11-150x150.png 150w, https:\/\/www.fundacioared.org\/wp-content\/uploads\/Dones-Ared-11-768x768.png 768w, https:\/\/www.fundacioared.org\/wp-content\/uploads\/Dones-Ared-11-600x600.png 600w, https:\/\/www.fundacioared.org\/wp-content\/uploads\/Dones-Ared-11-340x340.png 340w, https:\/\/www.fundacioared.org\/wp-content\/uploads\/Dones-Ared-11-140x140.png 140w\" sizes=\"auto, (max-width: 1080px) 100vw, 1080px\" \/><\/figure>\n\n\n\n<p class=\"is-style-com_titular_5 has-taronja-ared-color has-text-color has-link-color wp-elements-fdec8d08d3b033bab8412be55da058df\">Requisitos<\/p>\n\n\n\n<ul class=\"wp-block-list\">\n<li>Disponer de permiso de residencia y trabajo<\/li>\n\n\n\n<li>Conocimiento de la lengua castellana<\/li>\n\n\n\n<li>Compromiso con el programa<\/li>\n<\/ul>\n<\/div>\n\n\n\n<div class=\"wp-block-column is-layout-flow wp-block-column-is-layout-flow\">\n<figure class=\"wp-block-image size-full is-resized\"><img loading=\"lazy\" decoding=\"async\" width=\"810\" height=\"810\" src=\"https:\/\/www.fundacioared.org\/wp-content\/uploads\/Dones-Ared-4-2.png\" alt=\"\" class=\"wp-image-534\" style=\"width:49px;height:auto\" srcset=\"https:\/\/www.fundacioared.org\/wp-content\/uploads\/Dones-Ared-4-2.png 810w, https:\/\/www.fundacioared.org\/wp-content\/uploads\/Dones-Ared-4-2-300x300.png 300w, https:\/\/www.fundacioared.org\/wp-content\/uploads\/Dones-Ared-4-2-150x150.png 150w, https:\/\/www.fundacioared.org\/wp-content\/uploads\/Dones-Ared-4-2-768x768.png 768w, https:\/\/www.fundacioared.org\/wp-content\/uploads\/Dones-Ared-4-2-600x600.png 600w, https:\/\/www.fundacioared.org\/wp-content\/uploads\/Dones-Ared-4-2-340x340.png 340w, https:\/\/www.fundacioared.org\/wp-content\/uploads\/Dones-Ared-4-2-140x140.png 140w\" sizes=\"auto, (max-width: 810px) 100vw, 810px\" \/><\/figure>\n\n\n\n<p class=\"is-style-com_titular_5 has-taronja-ared-color has-text-color has-link-color wp-elements-ec16d572286645ce04957576ec943eae\">Horario<\/p>\n\n\n\n<p><strong>Horario:<\/strong> dos ma\u00f1anas a la semana en horario de 10h a 13:30h<\/p>\n\n\n\n<p><strong>Duraci\u00f3n<\/strong>: 1a\u00f1o<\/p>\n\n\n\n<p><strong>*Inscripciones abiertas durante todo el a\u00f1o.<\/strong> <\/p>\n<\/div>\n<\/div>\n\n\n\n<div style=\"height:43px\" aria-hidden=\"true\" class=\"wp-block-spacer\"><\/div>\n\n\n\n<div class=\"wp-block-buttons is-layout-flex wp-block-buttons-is-layout-flex\">\n<div class=\"wp-block-button\"><a class=\"wp-block-button__link wp-element-button\" href=\"https:\/\/www.fundacioared.org\/wp-content\/uploads\/Programa-Dona-un-Pas-ESP.pdf\" target=\"_blank\" rel=\"noreferrer noopener\">Descubre m\u00e1s<\/a><\/div>\n<\/div>\n\n\n\n<div style=\"height:45px\" aria-hidden=\"true\" class=\"wp-block-spacer\"><\/div>\n<\/div><figure class=\"wp-block-media-text__media\"><img loading=\"lazy\" decoding=\"async\" width=\"1024\" height=\"724\" src=\"https:\/\/www.fundacioared.org\/wp-content\/uploads\/COMUNICACION-INTERNA-33-1-1024x724.jpg\" alt=\"\" class=\"wp-image-3264 size-full\" srcset=\"https:\/\/www.fundacioared.org\/wp-content\/uploads\/COMUNICACION-INTERNA-33-1-1024x724.jpg 1024w, https:\/\/www.fundacioared.org\/wp-content\/uploads\/COMUNICACION-INTERNA-33-1-300x212.jpg 300w, https:\/\/www.fundacioared.org\/wp-content\/uploads\/COMUNICACION-INTERNA-33-1-768x543.jpg 768w, https:\/\/www.fundacioared.org\/wp-content\/uploads\/COMUNICACION-INTERNA-33-1-340x240.jpg 340w, https:\/\/www.fundacioared.org\/wp-content\/uploads\/COMUNICACION-INTERNA-33-1-140x99.jpg 140w, https:\/\/www.fundacioared.org\/wp-content\/uploads\/COMUNICACION-INTERNA-33-1.jpg 1500w\" sizes=\"auto, (max-width: 1024px) 100vw, 1024px\" \/><\/figure><\/div>\n\n\n\n<div style=\"height:89px\" aria-hidden=\"true\" class=\"wp-block-spacer\"><\/div>\n\n\n\n<p class=\"has-text-align-center is-style-com_titular_3 has-gris-ared-color has-text-color has-link-color wp-elements-a5d563cba433739ba754a74fa9b0e67b\">UNA METODOLOG\u00cdA INTEGRAL<\/p>\n\n\n\n<div class=\"wp-block-ared-marges maq-contenidor normal marge-superior- marge-inferior-petit\" data-aos=\"off\" data-aos-delay=\"aos_delay\">\n<div class=\"wp-block-columns is-layout-flex wp-container-core-columns-is-layout-9d6595d7 wp-block-columns-is-layout-flex\">\n<div class=\"wp-block-column is-layout-flow wp-block-column-is-layout-flow\" style=\"padding-right:var(--wp--preset--spacing--50);padding-left:var(--wp--preset--spacing--50)\">\n<figure class=\"wp-block-image size-full\"><img loading=\"lazy\" decoding=\"async\" width=\"686\" height=\"686\" src=\"https:\/\/www.fundacioared.org\/wp-content\/uploads\/Insercio-dona-salut-icona-02.jpg\" alt=\"\" class=\"wp-image-769\" style=\"object-fit:cover\" srcset=\"https:\/\/www.fundacioared.org\/wp-content\/uploads\/Insercio-dona-salut-icona-02.jpg 686w, https:\/\/www.fundacioared.org\/wp-content\/uploads\/Insercio-dona-salut-icona-02-300x300.jpg 300w, https:\/\/www.fundacioared.org\/wp-content\/uploads\/Insercio-dona-salut-icona-02-150x150.jpg 150w, https:\/\/www.fundacioared.org\/wp-content\/uploads\/Insercio-dona-salut-icona-02-600x600.jpg 600w, https:\/\/www.fundacioared.org\/wp-content\/uploads\/Insercio-dona-salut-icona-02-340x340.jpg 340w, https:\/\/www.fundacioared.org\/wp-content\/uploads\/Insercio-dona-salut-icona-02-140x140.jpg 140w\" sizes=\"auto, (max-width: 686px) 100vw, 686px\" \/><\/figure>\n\n\n\n<p class=\"is-style-com_titular_4 has-gris-ared-color has-text-color has-link-color wp-elements-0fd1ce30457525d962ae6310fd7354ab\">Orientaci\u00f3n e inserci\u00f3n laboral<\/p>\n\n\n\n<p class=\"is-style-default has-gris-ared-color has-text-color has-link-color wp-elements-1164a030b906f46a83a5b0bb121ac73f\">Proporcionamos asesoramiento personalizado para mejorar las competencias laborales y facilitar el acceso al mercado de trabajo.<\/p>\n<\/div>\n\n\n\n<div class=\"wp-block-column is-layout-flow wp-block-column-is-layout-flow\" style=\"padding-right:var(--wp--preset--spacing--50);padding-left:var(--wp--preset--spacing--50)\">\n<figure class=\"wp-block-image size-full\"><img loading=\"lazy\" decoding=\"async\" width=\"686\" height=\"686\" src=\"https:\/\/www.fundacioared.org\/wp-content\/uploads\/Insercio-dona-salut-icona-03.jpg\" alt=\"\" class=\"wp-image-770\" srcset=\"https:\/\/www.fundacioared.org\/wp-content\/uploads\/Insercio-dona-salut-icona-03.jpg 686w, https:\/\/www.fundacioared.org\/wp-content\/uploads\/Insercio-dona-salut-icona-03-300x300.jpg 300w, https:\/\/www.fundacioared.org\/wp-content\/uploads\/Insercio-dona-salut-icona-03-150x150.jpg 150w, https:\/\/www.fundacioared.org\/wp-content\/uploads\/Insercio-dona-salut-icona-03-600x600.jpg 600w, https:\/\/www.fundacioared.org\/wp-content\/uploads\/Insercio-dona-salut-icona-03-340x340.jpg 340w, https:\/\/www.fundacioared.org\/wp-content\/uploads\/Insercio-dona-salut-icona-03-140x140.jpg 140w\" sizes=\"auto, (max-width: 686px) 100vw, 686px\" \/><\/figure>\n\n\n\n<p class=\"is-style-com_titular_4 has-gris-ared-color has-text-color has-link-color wp-elements-f688123f0503486c61ffc26bc89f6f40\">Mirada interseccional<\/p>\n\n\n\n<p>Tenemos en cuenta las diversas dimensiones de las identidades de las mujeres para ofrecer un soporte completo.<\/p>\n<\/div>\n\n\n\n<div class=\"wp-block-column is-layout-flow wp-block-column-is-layout-flow\" style=\"padding-right:var(--wp--preset--spacing--50);padding-left:var(--wp--preset--spacing--50)\">\n<figure class=\"wp-block-image size-full\"><img loading=\"lazy\" decoding=\"async\" width=\"686\" height=\"686\" src=\"https:\/\/www.fundacioared.org\/wp-content\/uploads\/Insercio-dona-salut-icona-04.jpg\" alt=\"\" class=\"wp-image-771\" srcset=\"https:\/\/www.fundacioared.org\/wp-content\/uploads\/Insercio-dona-salut-icona-04.jpg 686w, https:\/\/www.fundacioared.org\/wp-content\/uploads\/Insercio-dona-salut-icona-04-300x300.jpg 300w, https:\/\/www.fundacioared.org\/wp-content\/uploads\/Insercio-dona-salut-icona-04-150x150.jpg 150w, https:\/\/www.fundacioared.org\/wp-content\/uploads\/Insercio-dona-salut-icona-04-600x600.jpg 600w, https:\/\/www.fundacioared.org\/wp-content\/uploads\/Insercio-dona-salut-icona-04-340x340.jpg 340w, https:\/\/www.fundacioared.org\/wp-content\/uploads\/Insercio-dona-salut-icona-04-140x140.jpg 140w\" sizes=\"auto, (max-width: 686px) 100vw, 686px\" \/><\/figure>\n\n\n\n<p class=\"is-style-com_titular_4 has-gris-ared-color has-text-color has-link-color wp-elements-40ee03f8d19cd043f6d5670c0bb33de1\">Abordaje de las violencias<\/p>\n\n\n\n<p>Trabajamos para abordar y superar las experiencias de violencia, promoviendo la seguridad y el bienestar.<\/p>\n<\/div>\n\n\n\n<div class=\"wp-block-column is-layout-flow wp-block-column-is-layout-flow\" style=\"padding-right:var(--wp--preset--spacing--50);padding-left:var(--wp--preset--spacing--50)\">\n<figure class=\"wp-block-image size-full\"><img loading=\"lazy\" decoding=\"async\" width=\"686\" height=\"686\" src=\"https:\/\/www.fundacioared.org\/wp-content\/uploads\/Insercio-dona-salut-icona-01.jpg\" alt=\"\" class=\"wp-image-768\" srcset=\"https:\/\/www.fundacioared.org\/wp-content\/uploads\/Insercio-dona-salut-icona-01.jpg 686w, https:\/\/www.fundacioared.org\/wp-content\/uploads\/Insercio-dona-salut-icona-01-300x300.jpg 300w, https:\/\/www.fundacioared.org\/wp-content\/uploads\/Insercio-dona-salut-icona-01-150x150.jpg 150w, https:\/\/www.fundacioared.org\/wp-content\/uploads\/Insercio-dona-salut-icona-01-600x600.jpg 600w, https:\/\/www.fundacioared.org\/wp-content\/uploads\/Insercio-dona-salut-icona-01-340x340.jpg 340w, https:\/\/www.fundacioared.org\/wp-content\/uploads\/Insercio-dona-salut-icona-01-140x140.jpg 140w\" sizes=\"auto, (max-width: 686px) 100vw, 686px\" \/><\/figure>\n\n\n\n<p class=\"is-style-com_titular_4 has-gris-ared-color has-text-color has-link-color wp-elements-b78b1de8e8d9952ce8bb9843df038657\"><strong>Creaci\u00f3n de red y soporte<\/strong><\/p>\n\n\n\n<p>Fomentamos la creaci\u00f3n de redes de apoyo entre las participantes para fortalecer las relaciones sociales y el apoyo mutuo.<\/p>\n<\/div>\n<\/div>\n<\/div>\n\n\n\n<figure class=\"wp-block-gallery has-nested-images columns-default is-cropped wp-block-gallery-1 is-layout-flex wp-block-gallery-is-layout-flex\">\n<figure class=\"wp-block-image size-large\"><img loading=\"lazy\" decoding=\"async\" width=\"1024\" height=\"768\" data-id=\"1946\" src=\"https:\/\/www.fundacioared.org\/wp-content\/uploads\/43-1024x768.jpg\" alt=\"\" class=\"wp-image-1946\" srcset=\"https:\/\/www.fundacioared.org\/wp-content\/uploads\/43-1024x768.jpg 1024w, https:\/\/www.fundacioared.org\/wp-content\/uploads\/43-300x225.jpg 300w, https:\/\/www.fundacioared.org\/wp-content\/uploads\/43-768x576.jpg 768w, https:\/\/www.fundacioared.org\/wp-content\/uploads\/43-1536x1152.jpg 1536w, https:\/\/www.fundacioared.org\/wp-content\/uploads\/43-2048x1536.jpg 2048w, https:\/\/www.fundacioared.org\/wp-content\/uploads\/43-340x255.jpg 340w, https:\/\/www.fundacioared.org\/wp-content\/uploads\/43-140x105.jpg 140w\" sizes=\"auto, (max-width: 1024px) 100vw, 1024px\" \/><\/figure>\n\n\n\n<figure class=\"wp-block-image size-large\"><img loading=\"lazy\" decoding=\"async\" width=\"1024\" height=\"768\" data-id=\"1942\" src=\"https:\/\/www.fundacioared.org\/wp-content\/uploads\/Donat-un-espai-3-1024x768.jpg\" alt=\"\" class=\"wp-image-1942\" srcset=\"https:\/\/www.fundacioared.org\/wp-content\/uploads\/Donat-un-espai-3-1024x768.jpg 1024w, https:\/\/www.fundacioared.org\/wp-content\/uploads\/Donat-un-espai-3-300x225.jpg 300w, https:\/\/www.fundacioared.org\/wp-content\/uploads\/Donat-un-espai-3-768x576.jpg 768w, https:\/\/www.fundacioared.org\/wp-content\/uploads\/Donat-un-espai-3-1536x1152.jpg 1536w, https:\/\/www.fundacioared.org\/wp-content\/uploads\/Donat-un-espai-3-2048x1536.jpg 2048w, https:\/\/www.fundacioared.org\/wp-content\/uploads\/Donat-un-espai-3-340x255.jpg 340w, https:\/\/www.fundacioared.org\/wp-content\/uploads\/Donat-un-espai-3-140x105.jpg 140w\" sizes=\"auto, (max-width: 1024px) 100vw, 1024px\" \/><\/figure>\n\n\n\n<figure class=\"wp-block-image size-large\"><img loading=\"lazy\" decoding=\"async\" width=\"1024\" height=\"724\" data-id=\"1939\" src=\"https:\/\/www.fundacioared.org\/wp-content\/uploads\/COMUNICACION-INTERNA-4-1-1024x724.jpg\" alt=\"\" class=\"wp-image-1939\" srcset=\"https:\/\/www.fundacioared.org\/wp-content\/uploads\/COMUNICACION-INTERNA-4-1-1024x724.jpg 1024w, https:\/\/www.fundacioared.org\/wp-content\/uploads\/COMUNICACION-INTERNA-4-1-300x212.jpg 300w, https:\/\/www.fundacioared.org\/wp-content\/uploads\/COMUNICACION-INTERNA-4-1-768x543.jpg 768w, https:\/\/www.fundacioared.org\/wp-content\/uploads\/COMUNICACION-INTERNA-4-1-1536x1086.jpg 1536w, https:\/\/www.fundacioared.org\/wp-content\/uploads\/COMUNICACION-INTERNA-4-1-2048x1448.jpg 2048w, https:\/\/www.fundacioared.org\/wp-content\/uploads\/COMUNICACION-INTERNA-4-1-340x240.jpg 340w, https:\/\/www.fundacioared.org\/wp-content\/uploads\/COMUNICACION-INTERNA-4-1-140x99.jpg 140w\" sizes=\"auto, (max-width: 1024px) 100vw, 1024px\" \/><\/figure>\n\n\n\n<figure class=\"wp-block-image size-large\"><img loading=\"lazy\" decoding=\"async\" width=\"1024\" height=\"724\" data-id=\"1943\" src=\"https:\/\/www.fundacioared.org\/wp-content\/uploads\/COMUNICACION-INTERNA-8-2-1024x724.jpg\" alt=\"\" class=\"wp-image-1943\" srcset=\"https:\/\/www.fundacioared.org\/wp-content\/uploads\/COMUNICACION-INTERNA-8-2-1024x724.jpg 1024w, https:\/\/www.fundacioared.org\/wp-content\/uploads\/COMUNICACION-INTERNA-8-2-300x212.jpg 300w, https:\/\/www.fundacioared.org\/wp-content\/uploads\/COMUNICACION-INTERNA-8-2-768x543.jpg 768w, https:\/\/www.fundacioared.org\/wp-content\/uploads\/COMUNICACION-INTERNA-8-2-1536x1086.jpg 1536w, https:\/\/www.fundacioared.org\/wp-content\/uploads\/COMUNICACION-INTERNA-8-2-2048x1448.jpg 2048w, https:\/\/www.fundacioared.org\/wp-content\/uploads\/COMUNICACION-INTERNA-8-2-340x240.jpg 340w, https:\/\/www.fundacioared.org\/wp-content\/uploads\/COMUNICACION-INTERNA-8-2-140x99.jpg 140w\" sizes=\"auto, (max-width: 1024px) 100vw, 1024px\" \/><\/figure>\n\n\n\n<figure class=\"wp-block-image size-large\"><img loading=\"lazy\" decoding=\"async\" width=\"1024\" height=\"768\" data-id=\"1938\" src=\"https:\/\/www.fundacioared.org\/wp-content\/uploads\/Laberint-12-1024x768.jpg\" alt=\"\" class=\"wp-image-1938\" srcset=\"https:\/\/www.fundacioared.org\/wp-content\/uploads\/Laberint-12-1024x768.jpg 1024w, https:\/\/www.fundacioared.org\/wp-content\/uploads\/Laberint-12-300x225.jpg 300w, https:\/\/www.fundacioared.org\/wp-content\/uploads\/Laberint-12-768x576.jpg 768w, https:\/\/www.fundacioared.org\/wp-content\/uploads\/Laberint-12-1536x1152.jpg 1536w, https:\/\/www.fundacioared.org\/wp-content\/uploads\/Laberint-12-2048x1536.jpg 2048w, https:\/\/www.fundacioared.org\/wp-content\/uploads\/Laberint-12-340x255.jpg 340w, https:\/\/www.fundacioared.org\/wp-content\/uploads\/Laberint-12-140x105.jpg 140w\" sizes=\"auto, (max-width: 1024px) 100vw, 1024px\" \/><\/figure>\n\n\n\n<figure class=\"wp-block-image size-large\"><img loading=\"lazy\" decoding=\"async\" width=\"1024\" height=\"724\" data-id=\"1940\" src=\"https:\/\/www.fundacioared.org\/wp-content\/uploads\/COMUNICACION-INTERNA-6-1-1024x724.jpg\" alt=\"\" class=\"wp-image-1940\" srcset=\"https:\/\/www.fundacioared.org\/wp-content\/uploads\/COMUNICACION-INTERNA-6-1-1024x724.jpg 1024w, https:\/\/www.fundacioared.org\/wp-content\/uploads\/COMUNICACION-INTERNA-6-1-300x212.jpg 300w, https:\/\/www.fundacioared.org\/wp-content\/uploads\/COMUNICACION-INTERNA-6-1-768x543.jpg 768w, https:\/\/www.fundacioared.org\/wp-content\/uploads\/COMUNICACION-INTERNA-6-1-1536x1086.jpg 1536w, https:\/\/www.fundacioared.org\/wp-content\/uploads\/COMUNICACION-INTERNA-6-1-2048x1448.jpg 2048w, https:\/\/www.fundacioared.org\/wp-content\/uploads\/COMUNICACION-INTERNA-6-1-340x240.jpg 340w, https:\/\/www.fundacioared.org\/wp-content\/uploads\/COMUNICACION-INTERNA-6-1-140x99.jpg 140w\" sizes=\"auto, (max-width: 1024px) 100vw, 1024px\" \/><\/figure>\n<\/figure>\n\n\n\n<div class=\"wp-block-ared-marges maq-contenidor estreta marge-superior-petit marge-inferior-\" data-aos=\"off\" data-aos-delay=\"aos_delay\">\n<figure class=\"wp-block-image size-large\"><img loading=\"lazy\" decoding=\"async\" width=\"1024\" height=\"203\" src=\"https:\/\/www.fundacioared.org\/wp-content\/uploads\/Graficos-FOAP-5-1-1024x203.png\" alt=\"\" class=\"wp-image-4964\" srcset=\"https:\/\/www.fundacioared.org\/wp-content\/uploads\/Graficos-FOAP-5-1-1024x203.png 1024w, https:\/\/www.fundacioared.org\/wp-content\/uploads\/Graficos-FOAP-5-1-300x59.png 300w, https:\/\/www.fundacioared.org\/wp-content\/uploads\/Graficos-FOAP-5-1-768x152.png 768w, https:\/\/www.fundacioared.org\/wp-content\/uploads\/Graficos-FOAP-5-1-1536x305.png 1536w, https:\/\/www.fundacioared.org\/wp-content\/uploads\/Graficos-FOAP-5-1-340x67.png 340w, https:\/\/www.fundacioared.org\/wp-content\/uploads\/Graficos-FOAP-5-1-140x28.png 140w, https:\/\/www.fundacioared.org\/wp-content\/uploads\/Graficos-FOAP-5-1.png 1977w\" sizes=\"auto, (max-width: 1024px) 100vw, 1024px\" \/><\/figure>\n\n\n\n<p>Medimos de forma objetiva el impacto del programa en el bienestar de las participantes a trav\u00e9s del test de la <strong>Escala del Bienestar Psicol\u00f3gico de Ryff<\/strong> y <strong>cuestionarios de satisfacci\u00f3n<\/strong>, lo que nos proporciona informaci\u00f3n para ajustar el programa seg\u00fan las necesidades detectadas.<\/p>\n\n\n\n<p class=\"is-style-default has-gris-ared-color has-text-color has-link-color wp-elements-91de3e78410529eef93940b9b3e8cd71\">De acuerdo a los \u00faltimos resultados, la participaci\u00f3n en el programa  <\/p>\n<\/div>\n\n\n\n<div class=\"wp-block-ared-marges maq-contenidor fullwidth marge-superior-petit marge-inferior-petit\" data-aos=\"off\" data-aos-delay=\"aos_delay\">\n<div class=\"wp-block-columns has-taronja-ared-background-color has-background is-layout-flex wp-container-core-columns-is-layout-9d6595d7 wp-block-columns-is-layout-flex\">\n<div class=\"wp-block-column is-layout-flow wp-block-column-is-layout-flow\" style=\"padding-top:var(--wp--preset--spacing--70);padding-right:var(--wp--preset--spacing--60);padding-bottom:var(--wp--preset--spacing--70);padding-left:var(--wp--preset--spacing--60)\">\n<p class=\"has-text-align-center is-style-com_titular_2 has-blanc-color has-text-color has-link-color wp-elements-b2793785d81fd9983b238e0f9b21b7fc\">82%<\/p>\n\n\n\n<p class=\"has-text-align-center is-style-com_titular_5 has-gris-ared-color has-text-color has-link-color wp-elements-0659e46fb87f8dc4c7874b920504144b\"><strong>Aumenta<\/strong> el autoconocimiento<\/p>\n<\/div>\n\n\n\n<div class=\"wp-block-column is-layout-flow wp-block-column-is-layout-flow\" style=\"padding-top:var(--wp--preset--spacing--70);padding-right:var(--wp--preset--spacing--60);padding-bottom:var(--wp--preset--spacing--70);padding-left:var(--wp--preset--spacing--60)\">\n<p class=\"has-text-align-center is-style-com_titular_2 has-blanc-color has-text-color has-link-color wp-elements-ba127f4593f1fa29f4acb5e6b74a2db1\">78%<\/p>\n\n\n\n<p class=\"has-text-align-center is-style-com_titular_5 has-gris-ared-color has-text-color has-link-color wp-elements-962921988fcb38a97886b39e7bd3188a\">Mejora en la gesti\u00f3n emocional<\/p>\n<\/div>\n\n\n\n<div class=\"wp-block-column is-layout-flow wp-block-column-is-layout-flow\" style=\"padding-top:var(--wp--preset--spacing--70);padding-right:var(--wp--preset--spacing--60);padding-bottom:var(--wp--preset--spacing--70);padding-left:var(--wp--preset--spacing--60)\">\n<p class=\"has-text-align-center is-style-com_titular_2 has-blanc-color has-text-color has-link-color wp-elements-a25f94734927502a702e64ffaf404f86\">73%<\/p>\n\n\n\n<p class=\"has-text-align-center is-style-com_titular_5 has-gris-ared-color has-text-color has-link-color wp-elements-dd43acc14351fa1f39d0d7aa0bb3f7ba\">Aumenta la autoestima<\/p>\n<\/div>\n\n\n\n<div class=\"wp-block-column is-layout-flow wp-block-column-is-layout-flow\" style=\"padding-top:var(--wp--preset--spacing--70);padding-right:var(--wp--preset--spacing--60);padding-bottom:var(--wp--preset--spacing--70);padding-left:var(--wp--preset--spacing--60)\">\n<p class=\"has-text-align-center is-style-com_titular_2 has-blanc-color has-text-color has-link-color wp-elements-d513236d7ab4d17fbe935681263c10dc\">68%<\/p>\n\n\n\n<p class=\"has-text-align-center is-style-com_titular_5 has-gris-ared-color has-text-color has-link-color wp-elements-55ce1a78273dcb73322f4a49d2846f1e\">Aumenta la seguridad personal<\/p>\n<\/div>\n<\/div>\n<\/div>\n\n\n\n<div class=\"wp-block-ared-marges maq-contenidor normal marge-superior-petit marge-inferior-petit\" data-aos=\"off\" data-aos-delay=\"aos_delay\">\n<div class=\"wp-block-columns is-layout-flex wp-container-core-columns-is-layout-9d6595d7 wp-block-columns-is-layout-flex\">\n<div class=\"wp-block-column is-layout-flow wp-block-column-is-layout-flow\" style=\"flex-basis:33.34%\">\n<figure class=\"wp-block-image size-full is-resized\"><img loading=\"lazy\" decoding=\"async\" width=\"1080\" height=\"1080\" src=\"https:\/\/www.fundacioared.org\/wp-content\/uploads\/Dones-Ared-3.png\" alt=\"\" class=\"wp-image-847\" style=\"width:80px;height:auto\" srcset=\"https:\/\/www.fundacioared.org\/wp-content\/uploads\/Dones-Ared-3.png 1080w, https:\/\/www.fundacioared.org\/wp-content\/uploads\/Dones-Ared-3-300x300.png 300w, https:\/\/www.fundacioared.org\/wp-content\/uploads\/Dones-Ared-3-1024x1024.png 1024w, https:\/\/www.fundacioared.org\/wp-content\/uploads\/Dones-Ared-3-150x150.png 150w, https:\/\/www.fundacioared.org\/wp-content\/uploads\/Dones-Ared-3-768x768.png 768w, https:\/\/www.fundacioared.org\/wp-content\/uploads\/Dones-Ared-3-600x600.png 600w, https:\/\/www.fundacioared.org\/wp-content\/uploads\/Dones-Ared-3-340x340.png 340w, https:\/\/www.fundacioared.org\/wp-content\/uploads\/Dones-Ared-3-140x140.png 140w\" sizes=\"auto, (max-width: 1080px) 100vw, 1080px\" \/><\/figure>\n\n\n\n<p class=\"is-style-com_titular_5 has-taronja-ared-color has-text-color has-link-color wp-elements-686192b3a834e17315531e33b50b945e\">Participante de Dona un Pas<\/p>\n\n\n\n<p class=\"is-style-default has-gris-ared-color has-text-color has-link-color has-medium-font-size wp-elements-6c6442e2cdecf103caffee35fcb459dd\"><em>Cada acci\u00f3n, cada encuentro, cada compromiso, cada esfuerzo hac\u00eda que apareciera una nueva ventana. Cada acci\u00f3n complementaba otra y me iba dotando de herramientas para hacer frente al mundo, tanto familiar como laboral, pero s\u00e9 que , en verdad, es mucho esfuerzo de muchas personas comprometidas con nuestra causa.   <br><br><\/em><br><\/p>\n<\/div>\n\n\n\n<div class=\"wp-block-column is-layout-flow wp-block-column-is-layout-flow\" style=\"flex-basis:33.34%\">\n<figure class=\"wp-block-image size-full is-resized\"><img loading=\"lazy\" decoding=\"async\" width=\"1080\" height=\"1080\" src=\"https:\/\/www.fundacioared.org\/wp-content\/uploads\/Dones-Ared-3.png\" alt=\"\" class=\"wp-image-847\" style=\"width:80px;height:auto\" srcset=\"https:\/\/www.fundacioared.org\/wp-content\/uploads\/Dones-Ared-3.png 1080w, https:\/\/www.fundacioared.org\/wp-content\/uploads\/Dones-Ared-3-300x300.png 300w, https:\/\/www.fundacioared.org\/wp-content\/uploads\/Dones-Ared-3-1024x1024.png 1024w, https:\/\/www.fundacioared.org\/wp-content\/uploads\/Dones-Ared-3-150x150.png 150w, https:\/\/www.fundacioared.org\/wp-content\/uploads\/Dones-Ared-3-768x768.png 768w, https:\/\/www.fundacioared.org\/wp-content\/uploads\/Dones-Ared-3-600x600.png 600w, https:\/\/www.fundacioared.org\/wp-content\/uploads\/Dones-Ared-3-340x340.png 340w, https:\/\/www.fundacioared.org\/wp-content\/uploads\/Dones-Ared-3-140x140.png 140w\" sizes=\"auto, (max-width: 1080px) 100vw, 1080px\" \/><\/figure>\n\n\n\n<p class=\"is-style-com_titular_5 has-taronja-ared-color has-text-color has-link-color wp-elements-686192b3a834e17315531e33b50b945e\">Participante de Dona un Pas<\/p>\n\n\n\n<p class=\"is-style-default has-gris-ared-color has-text-color has-link-color has-medium-font-size wp-elements-421620f2369eb593c38409d565b0a8c5\"><em>Mi vida cambi\u00f3 desde el momento en que le puse un pie a Ared, ya que en el \u00e1mbito emocional estaba destrozada y no ve\u00eda una salida. Dudaba por todo y de m\u00ed misma. Ahora soy capaz de mantener una conversaci\u00f3n m\u00e1s segura y saber poner nombre y apellido a conceptos de violencia me ha ayudado. Sin lugar a dudas, mi paso por Dona un Pas ha sido un gran paso en mi vida en general. Me he enriquecido emocionalmente y me siento m\u00e1s fuerte. Todo lo que he aprendido puedo ense\u00f1arlo a mis hijas y ponerlo en pr\u00e1ctica, d\u00eda a d\u00eda, en nuestras vidas.     <\/em><br><\/p>\n<\/div>\n\n\n\n<div class=\"wp-block-column is-layout-flow wp-block-column-is-layout-flow\" style=\"flex-basis:33.34%\">\n<figure class=\"wp-block-image size-full is-resized\"><img loading=\"lazy\" decoding=\"async\" width=\"1080\" height=\"1080\" src=\"https:\/\/www.fundacioared.org\/wp-content\/uploads\/Dones-Ared-3.png\" alt=\"\" class=\"wp-image-847\" style=\"width:80px;height:auto\" srcset=\"https:\/\/www.fundacioared.org\/wp-content\/uploads\/Dones-Ared-3.png 1080w, https:\/\/www.fundacioared.org\/wp-content\/uploads\/Dones-Ared-3-300x300.png 300w, https:\/\/www.fundacioared.org\/wp-content\/uploads\/Dones-Ared-3-1024x1024.png 1024w, https:\/\/www.fundacioared.org\/wp-content\/uploads\/Dones-Ared-3-150x150.png 150w, https:\/\/www.fundacioared.org\/wp-content\/uploads\/Dones-Ared-3-768x768.png 768w, https:\/\/www.fundacioared.org\/wp-content\/uploads\/Dones-Ared-3-600x600.png 600w, https:\/\/www.fundacioared.org\/wp-content\/uploads\/Dones-Ared-3-340x340.png 340w, https:\/\/www.fundacioared.org\/wp-content\/uploads\/Dones-Ared-3-140x140.png 140w\" sizes=\"auto, (max-width: 1080px) 100vw, 1080px\" \/><\/figure>\n\n\n\n<p class=\"is-style-com_titular_5 has-taronja-ared-color has-text-color has-link-color wp-elements-9e3003a6cfbb391e2df223dc6fcf3501\"><strong>Participante de <\/strong>Dona un Pas<\/p>\n\n\n\n<p class=\"is-style-default has-gris-ared-color has-text-color has-link-color has-medium-font-size wp-elements-cb2a1050f26fe2ea61a3a5f361aaa7c1\"><em>Lo que ha significado para m\u00ed el Mujer un paso&#8230; ha sido un antes y un despu\u00e9s!! Me sent\u00eda muy perdida, sin saber casi hacia d\u00f3nde dirigir mis pasos. un Paso recib\u00ed un mont\u00f3n de herramientas para encontrar un rumbo y por otro, he aprendido a amarme, a valorarme, a sacar de mi vocabulario la palabra \u00abNo puedo\u00bb. He crecido como ser humano, recibiendo siempre un reconocimiento y un cari\u00f1o hacia mi persona, cosa que no estaba acostumbrada a recibir, para seguir apoder\u00e1ndome d\u00eda a d\u00eda.    <\/em><\/p>\n<\/div>\n<\/div>\n<\/div>\n\n\n\n<div class=\"wp-block-cover is-light\"><span aria-hidden=\"true\" class=\"wp-block-cover__background has-beige-ared-background-color has-background-dim-100 has-background-dim\"><\/span><div class=\"wp-block-cover__inner-container is-layout-constrained wp-block-cover-is-layout-constrained\">\n<div class=\"wp-block-ared-marges maq-contenidor normal marge-superior-petit marge-inferior-\" data-aos=\"off\" data-aos-delay=\"aos_delay\">\n<p class=\"has-text-align-center is-style-com_titular_4 has-taronja-ared-color has-text-color has-link-color wp-elements-5282fa9c73232927d9d462072c653448\">\u00bfEst\u00e1s interesado\/a en uno de nuestros programas?<\/p>\n\n\n\n<p class=\"has-text-align-center is-style-com_titular_3\" id=\"formulari\">\u00a1Cont\u00e1ctanos para m\u00e1s informaci\u00f3n!<\/p>\n\n\n\n<p class=\"has-text-align-center has-gris-ared-color has-text-color has-link-color wp-elements-856af91aeecdca58914740e484d755f8\">Env\u00eda tus datos y recibir\u00e1s informaci\u00f3n de este programa y de otros que te puedan interesar.<\/p>\n<\/div>\n\n\n\n<div class=\"wp-block-ared-marges maq-contenidor estreta marge-superior-petit marge-inferior-petit\" data-aos=\"off\" data-aos-delay=\"aos_delay\"><div class=\"wpforms-container wpforms-container-full\" id=\"wpforms-2931\"><form id=\"wpforms-form-2931\" class=\"wpforms-validate wpforms-form wpforms-ajax-form\" data-formid=\"2931\" method=\"post\" enctype=\"multipart\/form-data\" action=\"\/es\/wp-json\/wp\/v2\/pages\/4660\" data-token=\"f320a1008c95d5f55d030399dff1ac21\" data-token-time=\"1777354782\"><noscript class=\"wpforms-error-noscript\">Por favor, activa JavaScript en tu navegador para completar este formulario.<\/noscript><div class=\"wpforms-field-container\"><div id=\"wpforms-2931-field_1-container\" class=\"wpforms-field wpforms-field-name\" data-field-id=\"1\"><label class=\"wpforms-field-label\">Nombre <span class=\"wpforms-required-label\">*<\/span><\/label><div class=\"wpforms-field-row wpforms-field-large\"><div class=\"wpforms-field-row-block wpforms-first wpforms-one-half\"><input type=\"text\" id=\"wpforms-2931-field_1\" class=\"wpforms-field-name-first wpforms-field-required\" name=\"wpforms[fields][1][first]\" required><label for=\"wpforms-2931-field_1\" class=\"wpforms-field-sublabel after\">Nombre<\/label><\/div><div class=\"wpforms-field-row-block wpforms-one-half\"><input type=\"text\" id=\"wpforms-2931-field_1-last\" class=\"wpforms-field-name-last wpforms-field-required\" name=\"wpforms[fields][1][last]\" required><label for=\"wpforms-2931-field_1-last\" class=\"wpforms-field-sublabel after\">Apellidos<\/label><\/div><\/div><\/div><div id=\"wpforms-2931-field_2-container\" class=\"wpforms-field wpforms-field-email\" data-field-id=\"2\"><label class=\"wpforms-field-label\" for=\"wpforms-2931-field_2\">Correo electr\u00f3nico <span class=\"wpforms-required-label\">*<\/span><\/label><input type=\"email\" id=\"wpforms-2931-field_2\" class=\"wpforms-field-large wpforms-field-required\" name=\"wpforms[fields][2]\" spellcheck=\"false\" required><\/div><div id=\"wpforms-2931-field_5-container\" class=\"wpforms-field wpforms-field-phone\" data-field-id=\"5\"><label class=\"wpforms-field-label\" for=\"wpforms-2931-field_5\">Phone<\/label><input type=\"tel\" id=\"wpforms-2931-field_5\" class=\"wpforms-field-large wpforms-smart-phone-field\" data-rule-smart-phone-field=\"true\" name=\"wpforms[fields][5]\" aria-label=\"Phone\" ><\/div><div id=\"wpforms-2931-field_3-container\" class=\"wpforms-field wpforms-field-textarea\" data-field-id=\"3\"><label class=\"wpforms-field-label\" for=\"wpforms-2931-field_3\">Comentario o mensaje<\/label><textarea id=\"wpforms-2931-field_3\" class=\"wpforms-field-medium\" name=\"wpforms[fields][3]\" ><\/textarea><\/div><div id=\"wpforms-2931-field_7-container\" class=\"wpforms-field wpforms-field-checkbox\" data-field-id=\"7\"><label class=\"wpforms-field-label wpforms-label-hide\">Casillas de selecci\u00f3n <span class=\"wpforms-required-label\">*<\/span><\/label><ul id=\"wpforms-2931-field_7\" class=\"wpforms-field-required\"><li class=\"choice-1 depth-1\"><input type=\"checkbox\" id=\"wpforms-2931-field_7_1\" name=\"wpforms[fields][7][]\" value=\"He le\u00eddo y acepto la &lt;a href=&quot;https:\/\/www.fundacioared.org\/es\/politica-de-privacidad\/&quot;&gt;Pol\u00edtica de privacidad&lt;\/a&gt;\" required ><label class=\"wpforms-field-label-inline\" for=\"wpforms-2931-field_7_1\">He le\u00eddo y acepto la <a href=\"https:\/\/www.fundacioared.org\/es\/politica-de-privacidad\/\">Pol\u00edtica de privacidad<\/a><\/label><\/li><\/ul><\/div>\t\t<div id=\"wpforms-2931-field_4-container\"\n\t\t\tclass=\"wpforms-field wpforms-field-text\"\n\t\t\tdata-field-type=\"text\"\n\t\t\tdata-field-id=\"4\"\n\t\t\t>\n\t\t\t<label class=\"wpforms-field-label\" for=\"wpforms-2931-field_4\" >Casillas Correo o<\/label>\n\t\t\t<input type=\"text\" id=\"wpforms-2931-field_4\" class=\"wpforms-field-medium\" name=\"wpforms[fields][4]\" >\n\t\t<\/div>\n\t\t<div id=\"wpforms-2931-field_6-container\" class=\"wpforms-field wpforms-field-html\" data-field-id=\"6\"><div id=\"wpforms-2931-field_6\"><p style=\"color:#3e4952;font-size:10px;line-height:1.3em;\">INFORMACI\u00d3N B\u00c1SICA DE PROTECCI\u00d3N DE DATOS: En cumplimiento del deber de informar a los interesados \u200b\u200bde las circunstancias y condiciones del tratamiento de sus datos y de los derechos que le asisten, ponemos a su disposici\u00f3n la siguiente informaci\u00f3n. INFORMACI\u00d3N B\u00c1SICA SOBRE PROTECCI\u00d3N DE DATOS\n RESPONSABLE DEL TRATAMIENTO. Responsable: Fundaci\u00f3n Privada Ared. CIF: G62728183 Dir.\n FINALIDAD. Gestionar su consulta\/petici\u00f3n y dar una respuesta a la misma.\n LEGITIMACI\u00d3N. Su consentimiento.\n DESTINATARIOS. Los datos no se ceder\u00e1n a terceros salvo en los casos en los que exista una obligaci\u00f3n legal o comunicaci\u00f3n necesaria para dar contestaci\u00f3n a su consulta.\n DERECHOS. Puede ejercer sus derechos a acceder, rectificar, oponerse, limitar, llevar y suprimir los datos ante el responsable del tratamiento; adem\u00e1s de acudir a la autoridad de control competente (AEPD). INFORMACI\u00d3N ADICIONAL. Puede consultar la informaci\u00f3n adicional sobre el tratamiento de sus datos personales <a href=\"https:\/\/www.fundacioared.org\/es\/politica-de-privacidad\/\">aqu\u00ed<\/a> .\n\n       \n <\/p><\/div><\/div><script>\n\t\t\t\t( function() {\n\t\t\t\t\tconst style = document.createElement( 'style' );\n\t\t\t\t\tstyle.appendChild( document.createTextNode( '#wpforms-2931-field_4-container { position: absolute !important; overflow: hidden !important; display: inline !important; height: 1px !important; width: 1px !important; z-index: -1000 !important; padding: 0 !important; } #wpforms-2931-field_4-container input { visibility: hidden; } #wpforms-conversational-form-page #wpforms-2931-field_4-container label { counter-increment: none; }' ) );\n\t\t\t\t\tdocument.head.appendChild( style );\n\t\t\t\t\tdocument.currentScript?.remove();\n\t\t\t\t} )();\n\t\t\t<\/script><\/div><!-- .wpforms-field-container --><div class=\"wpforms-submit-container\" ><input type=\"hidden\" name=\"wpforms[id]\" value=\"2931\"><input type=\"hidden\" name=\"page_title\" value=\"\"><input type=\"hidden\" name=\"page_url\" value=\"https:\/\/www.fundacioared.org\/es\/wp-json\/wp\/v2\/pages\/4660\"><input type=\"hidden\" name=\"url_referer\" value=\"\"><button type=\"submit\" name=\"wpforms[submit]\" id=\"wpforms-submit-2931\" class=\"wpforms-submit\" data-alt-text=\"Se est\u00e1 enviando...\" data-submit-text=\"Env\u00eda\" aria-live=\"assertive\" value=\"wpforms-submit\">Env\u00eda<\/button><img loading=\"lazy\" decoding=\"async\" src=\"https:\/\/www.fundacioared.org\/wp-content\/plugins\/wpforms\/assets\/images\/submit-spin.svg\" class=\"wpforms-submit-spinner\" style=\"display: none;\" width=\"26\" height=\"26\" alt=\"Cargando\"><\/div><\/form><\/div>  <!-- .wpforms-container -->\n<\/div>\n<\/div><\/div>\n\n\n\n<div style=\"height:100px\" aria-hidden=\"true\" class=\"wp-block-spacer\"><\/div>\n\n\n\n<div class=\"wp-block-ared-marges maq-contenidor normal marge-superior-petit marge-inferior-petit\" data-aos=\"off\" data-aos-delay=\"aos_delay\">\n<p class=\"has-text-align-center is-style-com_titular_4 has-gris-ared-color has-text-color has-link-color wp-elements-b347e8d9f839aa676b898247e4525475\">Con el apoyo de<\/p>\n<\/div>\n\n\n\n<div class=\"wp-block-ared-marges maq-contenidor normal marge-superior- marge-inferior-gran\" data-aos=\"off\" data-aos-delay=\"aos_delay\">\n<div class=\"wp-block-columns is-layout-flex wp-container-core-columns-is-layout-9d6595d7 wp-block-columns-is-layout-flex\">\n<div class=\"wp-block-column is-layout-flow wp-block-column-is-layout-flow\">\n<figure class=\"wp-block-image aligncenter size-full is-resized\"><img loading=\"lazy\" decoding=\"async\" width=\"2560\" height=\"656\" src=\"https:\/\/www.fundacioared.org\/wp-content\/uploads\/AJBCN_Sign_Com_Negre_Transparent-1-scaled.png\" alt=\"\" class=\"wp-image-5554\" style=\"aspect-ratio:3.902766135792121;width:227px;height:auto\" srcset=\"https:\/\/www.fundacioared.org\/wp-content\/uploads\/AJBCN_Sign_Com_Negre_Transparent-1-scaled.png 2560w, https:\/\/www.fundacioared.org\/wp-content\/uploads\/AJBCN_Sign_Com_Negre_Transparent-1-300x77.png 300w, https:\/\/www.fundacioared.org\/wp-content\/uploads\/AJBCN_Sign_Com_Negre_Transparent-1-1024x262.png 1024w, https:\/\/www.fundacioared.org\/wp-content\/uploads\/AJBCN_Sign_Com_Negre_Transparent-1-768x197.png 768w, https:\/\/www.fundacioared.org\/wp-content\/uploads\/AJBCN_Sign_Com_Negre_Transparent-1-1536x393.png 1536w, https:\/\/www.fundacioared.org\/wp-content\/uploads\/AJBCN_Sign_Com_Negre_Transparent-1-2048x525.png 2048w, https:\/\/www.fundacioared.org\/wp-content\/uploads\/AJBCN_Sign_Com_Negre_Transparent-1-340x87.png 340w, https:\/\/www.fundacioared.org\/wp-content\/uploads\/AJBCN_Sign_Com_Negre_Transparent-1-140x36.png 140w\" sizes=\"auto, (max-width: 2560px) 100vw, 2560px\" \/><\/figure>\n<\/div>\n\n\n\n<div class=\"wp-block-column is-layout-flow wp-block-column-is-layout-flow\">\n<figure class=\"wp-block-image aligncenter size-large is-resized\"><img loading=\"lazy\" decoding=\"async\" width=\"1024\" height=\"263\" src=\"https:\/\/www.fundacioared.org\/wp-content\/uploads\/Logo_GENCAT-1024x263.jpg\" alt=\"\" class=\"wp-image-5341\" style=\"aspect-ratio:3.894141596923773;width:187px;height:auto\" srcset=\"https:\/\/www.fundacioared.org\/wp-content\/uploads\/Logo_GENCAT-1024x263.jpg 1024w, https:\/\/www.fundacioared.org\/wp-content\/uploads\/Logo_GENCAT-300x77.jpg 300w, https:\/\/www.fundacioared.org\/wp-content\/uploads\/Logo_GENCAT-768x198.jpg 768w, https:\/\/www.fundacioared.org\/wp-content\/uploads\/Logo_GENCAT-340x87.jpg 340w, https:\/\/www.fundacioared.org\/wp-content\/uploads\/Logo_GENCAT-140x36.jpg 140w, https:\/\/www.fundacioared.org\/wp-content\/uploads\/Logo_GENCAT.jpg 1038w\" sizes=\"auto, (max-width: 1024px) 100vw, 1024px\" \/><\/figure>\n<\/div>\n\n\n\n<div class=\"wp-block-column is-layout-flow wp-block-column-is-layout-flow\">\n<figure class=\"wp-block-image size-full\"><img loading=\"lazy\" decoding=\"async\" width=\"701\" height=\"109\" src=\"https:\/\/www.fundacioared.org\/wp-content\/uploads\/Area_de_Feminismes_i_Igualtat-positiu-allargat.png\" alt=\"\" class=\"wp-image-5343\" srcset=\"https:\/\/www.fundacioared.org\/wp-content\/uploads\/Area_de_Feminismes_i_Igualtat-positiu-allargat.png 701w, https:\/\/www.fundacioared.org\/wp-content\/uploads\/Area_de_Feminismes_i_Igualtat-positiu-allargat-300x47.png 300w, https:\/\/www.fundacioared.org\/wp-content\/uploads\/Area_de_Feminismes_i_Igualtat-positiu-allargat-340x53.png 340w, https:\/\/www.fundacioared.org\/wp-content\/uploads\/Area_de_Feminismes_i_Igualtat-positiu-allargat-140x22.png 140w\" sizes=\"auto, (max-width: 701px) 100vw, 701px\" \/><\/figure>\n<\/div>\n\n\n\n<div class=\"wp-block-column is-layout-flow wp-block-column-is-layout-flow\">\n<figure class=\"wp-block-image aligncenter size-full is-resized\"><img loading=\"lazy\" decoding=\"async\" width=\"2560\" height=\"536\" src=\"https:\/\/www.fundacioared.org\/wp-content\/uploads\/Logo_OXFAM_horizontal-scaled.png\" alt=\"\" class=\"wp-image-5719\" style=\"aspect-ratio:4.776609387022313;width:244px;height:auto\" srcset=\"https:\/\/www.fundacioared.org\/wp-content\/uploads\/Logo_OXFAM_horizontal-scaled.png 2560w, https:\/\/www.fundacioared.org\/wp-content\/uploads\/Logo_OXFAM_horizontal-300x63.png 300w, https:\/\/www.fundacioared.org\/wp-content\/uploads\/Logo_OXFAM_horizontal-1024x214.png 1024w, https:\/\/www.fundacioared.org\/wp-content\/uploads\/Logo_OXFAM_horizontal-768x161.png 768w, https:\/\/www.fundacioared.org\/wp-content\/uploads\/Logo_OXFAM_horizontal-1536x322.png 1536w, https:\/\/www.fundacioared.org\/wp-content\/uploads\/Logo_OXFAM_horizontal-2048x429.png 2048w, https:\/\/www.fundacioared.org\/wp-content\/uploads\/Logo_OXFAM_horizontal-340x71.png 340w, https:\/\/www.fundacioared.org\/wp-content\/uploads\/Logo_OXFAM_horizontal-140x29.png 140w\" sizes=\"auto, (max-width: 2560px) 100vw, 2560px\" \/><\/figure>\n<\/div>\n<\/div>\n\n\n\n<div style=\"height:35px\" aria-hidden=\"true\" class=\"wp-block-spacer\"><\/div>\n<\/div>\n","protected":false},"excerpt":{"rendered":"<p>UNA METODOLOG\u00cdA INTEGRAL<\/p>\n","protected":false},"author":1,"featured_media":0,"parent":0,"menu_order":11,"comment_status":"closed","ping_status":"closed","template":"","meta":{"_acf_changed":false,"footnotes":""},"class_list":["post-4660","page","type-page","status-publish","hentry"],"acf":[],"_links":{"self":[{"href":"https:\/\/www.fundacioared.org\/es\/wp-json\/wp\/v2\/pages\/4660","targetHints":{"allow":["GET"]}}],"collection":[{"href":"https:\/\/www.fundacioared.org\/es\/wp-json\/wp\/v2\/pages"}],"about":[{"href":"https:\/\/www.fundacioared.org\/es\/wp-json\/wp\/v2\/types\/page"}],"author":[{"embeddable":true,"href":"https:\/\/www.fundacioared.org\/es\/wp-json\/wp\/v2\/users\/1"}],"replies":[{"embeddable":true,"href":"https:\/\/www.fundacioared.org\/es\/wp-json\/wp\/v2\/comments?post=4660"}],"version-history":[{"count":14,"href":"https:\/\/www.fundacioared.org\/es\/wp-json\/wp\/v2\/pages\/4660\/revisions"}],"predecessor-version":[{"id":5797,"href":"https:\/\/www.fundacioared.org\/es\/wp-json\/wp\/v2\/pages\/4660\/revisions\/5797"}],"wp:attachment":[{"href":"https:\/\/www.fundacioared.org\/es\/wp-json\/wp\/v2\/media?parent=4660"}],"curies":[{"name":"wp","href":"https:\/\/api.w.org\/{rel}","templated":true}]}}