{"id":4664,"date":"2024-07-22T07:49:09","date_gmt":"2024-07-22T05:49:09","guid":{"rendered":"https:\/\/www.fundacioared.org\/empresa-solidaria\/"},"modified":"2025-01-22T09:43:14","modified_gmt":"2025-01-22T08:43:14","slug":"empresa-solidaria","status":"publish","type":"page","link":"https:\/\/www.fundacioared.org\/es\/empresa-solidaria\/","title":{"rendered":"Empresa solidaria"},"content":{"rendered":"\n<div class=\"wp-block-ared-cabecera mod-cabecera\"><div class=\"slider\">\n<div class=\"wp-block-ared-cabecera-interior slide\"><div class=\"image\" style=\"background-image:url(https:\/\/www.fundacioared.org\/wp-content\/uploads\/25-NOVEMBRE-19-2.jpg)\"><div class=\"text maq-contenidor\">\n<p class=\"is-style-com_titular_3 has-blanc-color has-text-color has-link-color wp-elements-fb9cfd593e5c795c6911d485febd75ec\">Empresas colaboradoras<\/p>\n\n\n\n<p class=\"has-blanc-color has-text-color has-link-color wp-elements-a016b8e5cab47691fdacd6879c9cb66c\">Haz que tu empresa<br> tambi\u00e9n forme parte del proyecto ARED<\/p>\n<\/div><\/div><\/div>\n<\/div><\/div>\n\n\n\n<div class=\"wp-block-ared-marges maq-contenidor estreta marge-superior-petit marge-inferior-\" data-aos=\"off\" data-aos-delay=\"aos_delay\">\n<p class=\"is-style-com_titular_3\"><strong>Hay m\u00faltiples formas de colaborar como empresa con <mark style=\"background-color:rgba(0, 0, 0, 0)\" class=\"has-inline-color has-taronja-ared-color\">Ared<\/mark><\/strong><\/p>\n<\/div>\n\n\n\n<div class=\"wp-block-ared-marges maq-contenidor estreta marge-superior- marge-inferior-petit\" data-aos=\"off\" data-aos-delay=\"aos_delay\">\n<div class=\"wp-block-columns is-layout-flex wp-container-core-columns-is-layout-9d6595d7 wp-block-columns-is-layout-flex\">\n<div class=\"wp-block-column is-layout-flow wp-block-column-is-layout-flow\">\n<p class=\"is-style-default has-gris-ared-color has-text-color has-link-color wp-elements-9d606460dfa47ca72f376aff0de00b31\">En la Fundaci\u00f3n Ared, trabajamos para<strong> apoyar a personas en situaci\u00f3n de vulnerabilidad<\/strong>, ayud\u00e1ndolas a lograr una plena integraci\u00f3n social y laboral.<\/p>\n\n\n\n<p>Para impulsar nuestra misi\u00f3n y maximizar nuestro impacto, es necesaria la colaboraci\u00f3n de empresas comprometidas con la responsabilidad social y el bienestar comunitario.  <strong>Haz que tu empresa tambi\u00e9n forme parte del proyecto ARED.<\/strong><\/p>\n\n\n\n<p><\/p>\n\n\n\n<p class=\"is-style-com_titular_4 has-taronja-ared-color has-text-color has-link-color wp-elements-01bc63f91717537a39b63e8f9f52c4b5\"><strong>C\u00f3mo colaborar<\/strong> :<\/p>\n<\/div>\n<\/div>\n<\/div>\n\n\n\n<div class=\"wp-block-ared-marges maq-contenidor normal marge-superior-petit marge-inferior-petit\" data-aos=\"off\" data-aos-delay=\"aos_delay\">\n<div class=\"wp-block-columns is-layout-flex wp-container-core-columns-is-layout-9d6595d7 wp-block-columns-is-layout-flex\">\n<div class=\"wp-block-column is-layout-flow wp-block-column-is-layout-flow\" style=\"padding-right:var(--wp--preset--spacing--50);padding-left:var(--wp--preset--spacing--50)\">\n<figure class=\"wp-block-image size-full\"><img loading=\"lazy\" decoding=\"async\" width=\"500\" height=\"500\" src=\"https:\/\/www.fundacioared.org\/wp-content\/uploads\/DSC_0406-ok-indexacio.jpg\" alt=\"\" class=\"wp-image-3119\" srcset=\"https:\/\/www.fundacioared.org\/wp-content\/uploads\/DSC_0406-ok-indexacio.jpg 500w, https:\/\/www.fundacioared.org\/wp-content\/uploads\/DSC_0406-ok-indexacio-300x300.jpg 300w, https:\/\/www.fundacioared.org\/wp-content\/uploads\/DSC_0406-ok-indexacio-150x150.jpg 150w, https:\/\/www.fundacioared.org\/wp-content\/uploads\/DSC_0406-ok-indexacio-340x340.jpg 340w, https:\/\/www.fundacioared.org\/wp-content\/uploads\/DSC_0406-ok-indexacio-140x140.jpg 140w\" sizes=\"auto, (max-width: 500px) 100vw, 500px\" \/><\/figure>\n\n\n\n<div style=\"height:50px\" aria-hidden=\"true\" class=\"wp-block-spacer\"><\/div>\n\n\n\n<p class=\"is-style-com_titular_5 has-gris-ared-color has-text-color has-link-color wp-elements-bbbb8a5193ab6eb16306eade2442931a\"><strong>Financiaci\u00f3n<\/strong><br> <strong>de Proyectos<\/strong><\/p>\n\n\n\n<p>Contribuye a posibilitar los proyectos propios de la Fundaci\u00f3n Ared destinados a mejorar la calidad de vida y la empleabilidad de personas en situaci\u00f3n de vulnerabilidad<\/p>\n\n\n\n<div class=\"wp-block-buttons is-layout-flex wp-block-buttons-is-layout-flex\">\n<div class=\"wp-block-button\"><a class=\"wp-block-button__link wp-element-button\" href=\"https:\/\/www.fundacioared.org\/es\/empresa-solidaria\/financiacion-y-soporte\/\">Saber m\u00e1s<\/a><\/div>\n<\/div>\n<\/div>\n\n\n\n<div class=\"wp-block-column is-layout-flow wp-block-column-is-layout-flow\" style=\"padding-right:var(--wp--preset--spacing--50);padding-left:var(--wp--preset--spacing--50)\">\n<figure class=\"wp-block-image size-full\"><img loading=\"lazy\" decoding=\"async\" width=\"500\" height=\"500\" src=\"https:\/\/www.fundacioared.org\/wp-content\/uploads\/DSC02466ok-indexacio.jpg\" alt=\"\" class=\"wp-image-3120\" srcset=\"https:\/\/www.fundacioared.org\/wp-content\/uploads\/DSC02466ok-indexacio.jpg 500w, https:\/\/www.fundacioared.org\/wp-content\/uploads\/DSC02466ok-indexacio-300x300.jpg 300w, https:\/\/www.fundacioared.org\/wp-content\/uploads\/DSC02466ok-indexacio-150x150.jpg 150w, https:\/\/www.fundacioared.org\/wp-content\/uploads\/DSC02466ok-indexacio-340x340.jpg 340w, https:\/\/www.fundacioared.org\/wp-content\/uploads\/DSC02466ok-indexacio-140x140.jpg 140w\" sizes=\"auto, (max-width: 500px) 100vw, 500px\" \/><\/figure>\n\n\n\n<div style=\"height:50px\" aria-hidden=\"true\" class=\"wp-block-spacer\"><\/div>\n\n\n\n<p class=\"is-style-com_titular_5 has-gris-ared-color has-text-color has-link-color wp-elements-5c4569a4ecca2a7698491e2bf1b8c3af\">Proyectos de Voluntariado<br> Corporativo<\/p>\n\n\n\n<p>Participa en las diferentes modalidades de voluntariado corporativo que ofrecemos desde la Fundaci\u00f3n a las empresas y sus equipos.<\/p>\n\n\n\n<div class=\"wp-block-buttons is-layout-flex wp-block-buttons-is-layout-flex\">\n<div class=\"wp-block-button\"><a class=\"wp-block-button__link wp-element-button\" href=\"https:\/\/www.fundacioared.org\/es\/empresa-solidaria\/voluntariado-corporativo\/\">Saber m\u00e1s<\/a><\/div>\n<\/div>\n<\/div>\n\n\n\n<div class=\"wp-block-column is-layout-flow wp-block-column-is-layout-flow\" style=\"padding-right:var(--wp--preset--spacing--50);padding-left:var(--wp--preset--spacing--50)\">\n<figure class=\"wp-block-image size-full\"><img loading=\"lazy\" decoding=\"async\" width=\"1080\" height=\"1080\" src=\"https:\/\/www.fundacioared.org\/wp-content\/uploads\/Dones-Ared-14.jpg\" alt=\"\" class=\"wp-image-3668\" srcset=\"https:\/\/www.fundacioared.org\/wp-content\/uploads\/Dones-Ared-14.jpg 1080w, https:\/\/www.fundacioared.org\/wp-content\/uploads\/Dones-Ared-14-300x300.jpg 300w, https:\/\/www.fundacioared.org\/wp-content\/uploads\/Dones-Ared-14-1024x1024.jpg 1024w, https:\/\/www.fundacioared.org\/wp-content\/uploads\/Dones-Ared-14-150x150.jpg 150w, https:\/\/www.fundacioared.org\/wp-content\/uploads\/Dones-Ared-14-768x768.jpg 768w, https:\/\/www.fundacioared.org\/wp-content\/uploads\/Dones-Ared-14-600x600.jpg 600w, https:\/\/www.fundacioared.org\/wp-content\/uploads\/Dones-Ared-14-340x340.jpg 340w, https:\/\/www.fundacioared.org\/wp-content\/uploads\/Dones-Ared-14-140x140.jpg 140w\" sizes=\"auto, (max-width: 1080px) 100vw, 1080px\" \/><\/figure>\n\n\n\n<div style=\"height:50px\" aria-hidden=\"true\" class=\"wp-block-spacer\"><\/div>\n\n\n\n<p class=\"is-style-com_titular_5 has-gris-ared-color has-text-color has-link-color wp-elements-cac33e8b2da306f7a7339d7ab088f8f2\"><strong>Inserci\u00f3n Laboral<\/strong> y<br> Formaci\u00f3n<\/p>\n\n\n\n<p>Favorece, como empresa responsable, la inserci\u00f3n laboral de personas en riesgo de exclusi\u00f3n social.<\/p>\n\n\n\n<div class=\"wp-block-buttons is-layout-flex wp-block-buttons-is-layout-flex\">\n<div class=\"wp-block-button\"><a class=\"wp-block-button__link wp-element-button\" href=\"https:\/\/www.fundacioared.org\/es\/empresa-solidaria\/programa-de-insercion-laboral-y-formacion\/\">Saber m\u00e1s<\/a><\/div>\n<\/div>\n<\/div>\n<\/div>\n<\/div>\n\n\n\n<div style=\"height:54px\" aria-hidden=\"true\" class=\"wp-block-spacer\"><\/div>\n\n\n\n<div class=\"wp-block-ared-marges maq-contenidor normal marge-superior-petit marge-inferior-petit\" data-aos=\"off\" data-aos-delay=\"aos_delay\">\n<p class=\"has-text-align-center is-style-com_titular_3\">Empresas comprometidas<br> con <mark style=\"background-color:rgba(0, 0, 0, 0)\" class=\"has-inline-color has-taronja-ared-color\">Ared<\/mark><\/p>\n<\/div>\n\n\n\n<div class=\"wp-block-ared-marges maq-contenidor normal marge-superior-petit marge-inferior-gran\" data-aos=\"off\" data-aos-delay=\"aos_delay\">\n<div class=\"wp-block-group is-layout-grid wp-container-core-group-is-layout-148d70a5 wp-block-group-is-layout-grid\">\n<figure class=\"wp-block-image size-full\"><img loading=\"lazy\" decoding=\"async\" width=\"600\" height=\"240\" src=\"https:\/\/www.fundacioared.org\/wp-content\/uploads\/Logos-confeccio-31.jpg\" alt=\"\" class=\"wp-image-1064\" srcset=\"https:\/\/www.fundacioared.org\/wp-content\/uploads\/Logos-confeccio-31.jpg 600w, https:\/\/www.fundacioared.org\/wp-content\/uploads\/Logos-confeccio-31-300x120.jpg 300w, https:\/\/www.fundacioared.org\/wp-content\/uploads\/Logos-confeccio-31-340x136.jpg 340w, https:\/\/www.fundacioared.org\/wp-content\/uploads\/Logos-confeccio-31-140x56.jpg 140w\" sizes=\"auto, (max-width: 600px) 100vw, 600px\" \/><\/figure>\n\n\n\n<figure class=\"wp-block-image size-full\"><img loading=\"lazy\" decoding=\"async\" width=\"600\" height=\"240\" src=\"https:\/\/www.fundacioared.org\/wp-content\/uploads\/Logos-confeccio-30.jpg\" alt=\"\" class=\"wp-image-1063\" srcset=\"https:\/\/www.fundacioared.org\/wp-content\/uploads\/Logos-confeccio-30.jpg 600w, https:\/\/www.fundacioared.org\/wp-content\/uploads\/Logos-confeccio-30-300x120.jpg 300w, https:\/\/www.fundacioared.org\/wp-content\/uploads\/Logos-confeccio-30-340x136.jpg 340w, https:\/\/www.fundacioared.org\/wp-content\/uploads\/Logos-confeccio-30-140x56.jpg 140w\" sizes=\"auto, (max-width: 600px) 100vw, 600px\" \/><\/figure>\n\n\n\n<figure class=\"wp-block-image size-full\"><img loading=\"lazy\" decoding=\"async\" width=\"600\" height=\"240\" src=\"https:\/\/www.fundacioared.org\/wp-content\/uploads\/Logos-confeccio-29.jpg\" alt=\"\" class=\"wp-image-1062\" srcset=\"https:\/\/www.fundacioared.org\/wp-content\/uploads\/Logos-confeccio-29.jpg 600w, https:\/\/www.fundacioared.org\/wp-content\/uploads\/Logos-confeccio-29-300x120.jpg 300w, https:\/\/www.fundacioared.org\/wp-content\/uploads\/Logos-confeccio-29-340x136.jpg 340w, https:\/\/www.fundacioared.org\/wp-content\/uploads\/Logos-confeccio-29-140x56.jpg 140w\" sizes=\"auto, (max-width: 600px) 100vw, 600px\" \/><\/figure>\n\n\n\n<figure class=\"wp-block-image size-full\"><img loading=\"lazy\" decoding=\"async\" width=\"600\" height=\"240\" src=\"https:\/\/www.fundacioared.org\/wp-content\/uploads\/Logos-confeccio-28.jpg\" alt=\"\" class=\"wp-image-1061\" srcset=\"https:\/\/www.fundacioared.org\/wp-content\/uploads\/Logos-confeccio-28.jpg 600w, https:\/\/www.fundacioared.org\/wp-content\/uploads\/Logos-confeccio-28-300x120.jpg 300w, https:\/\/www.fundacioared.org\/wp-content\/uploads\/Logos-confeccio-28-340x136.jpg 340w, https:\/\/www.fundacioared.org\/wp-content\/uploads\/Logos-confeccio-28-140x56.jpg 140w\" sizes=\"auto, (max-width: 600px) 100vw, 600px\" \/><\/figure>\n\n\n\n<figure class=\"wp-block-image size-full\"><img loading=\"lazy\" decoding=\"async\" width=\"600\" height=\"240\" src=\"https:\/\/www.fundacioared.org\/wp-content\/uploads\/Logos-confeccio-27.jpg\" alt=\"\" class=\"wp-image-1060\" srcset=\"https:\/\/www.fundacioared.org\/wp-content\/uploads\/Logos-confeccio-27.jpg 600w, https:\/\/www.fundacioared.org\/wp-content\/uploads\/Logos-confeccio-27-300x120.jpg 300w, https:\/\/www.fundacioared.org\/wp-content\/uploads\/Logos-confeccio-27-340x136.jpg 340w, https:\/\/www.fundacioared.org\/wp-content\/uploads\/Logos-confeccio-27-140x56.jpg 140w\" sizes=\"auto, (max-width: 600px) 100vw, 600px\" \/><\/figure>\n\n\n\n<figure class=\"wp-block-image size-full\"><img loading=\"lazy\" decoding=\"async\" width=\"600\" height=\"240\" src=\"https:\/\/www.fundacioared.org\/wp-content\/uploads\/Logos-confeccio-26.jpg\" alt=\"\" class=\"wp-image-1059\" srcset=\"https:\/\/www.fundacioared.org\/wp-content\/uploads\/Logos-confeccio-26.jpg 600w, https:\/\/www.fundacioared.org\/wp-content\/uploads\/Logos-confeccio-26-300x120.jpg 300w, https:\/\/www.fundacioared.org\/wp-content\/uploads\/Logos-confeccio-26-340x136.jpg 340w, https:\/\/www.fundacioared.org\/wp-content\/uploads\/Logos-confeccio-26-140x56.jpg 140w\" sizes=\"auto, (max-width: 600px) 100vw, 600px\" \/><\/figure>\n\n\n\n<figure class=\"wp-block-image size-full\"><img loading=\"lazy\" decoding=\"async\" width=\"600\" height=\"240\" src=\"https:\/\/www.fundacioared.org\/wp-content\/uploads\/Logos-confeccio-25.jpg\" alt=\"\" class=\"wp-image-1058\" srcset=\"https:\/\/www.fundacioared.org\/wp-content\/uploads\/Logos-confeccio-25.jpg 600w, https:\/\/www.fundacioared.org\/wp-content\/uploads\/Logos-confeccio-25-300x120.jpg 300w, https:\/\/www.fundacioared.org\/wp-content\/uploads\/Logos-confeccio-25-340x136.jpg 340w, https:\/\/www.fundacioared.org\/wp-content\/uploads\/Logos-confeccio-25-140x56.jpg 140w\" sizes=\"auto, (max-width: 600px) 100vw, 600px\" \/><\/figure>\n\n\n\n<figure class=\"wp-block-image size-full\"><img loading=\"lazy\" decoding=\"async\" width=\"600\" height=\"240\" src=\"https:\/\/www.fundacioared.org\/wp-content\/uploads\/Logo-22.jpg\" alt=\"\" class=\"wp-image-1003\" srcset=\"https:\/\/www.fundacioared.org\/wp-content\/uploads\/Logo-22.jpg 600w, https:\/\/www.fundacioared.org\/wp-content\/uploads\/Logo-22-300x120.jpg 300w, https:\/\/www.fundacioared.org\/wp-content\/uploads\/Logo-22-340x136.jpg 340w, https:\/\/www.fundacioared.org\/wp-content\/uploads\/Logo-22-140x56.jpg 140w\" sizes=\"auto, (max-width: 600px) 100vw, 600px\" \/><\/figure>\n\n\n\n<figure class=\"wp-block-image size-full\"><img loading=\"lazy\" decoding=\"async\" width=\"600\" height=\"240\" src=\"https:\/\/www.fundacioared.org\/wp-content\/uploads\/Logos-confeccio-24.jpg\" alt=\"\" class=\"wp-image-1057\" srcset=\"https:\/\/www.fundacioared.org\/wp-content\/uploads\/Logos-confeccio-24.jpg 600w, https:\/\/www.fundacioared.org\/wp-content\/uploads\/Logos-confeccio-24-300x120.jpg 300w, https:\/\/www.fundacioared.org\/wp-content\/uploads\/Logos-confeccio-24-340x136.jpg 340w, https:\/\/www.fundacioared.org\/wp-content\/uploads\/Logos-confeccio-24-140x56.jpg 140w\" sizes=\"auto, (max-width: 600px) 100vw, 600px\" \/><\/figure>\n\n\n\n<figure class=\"wp-block-image size-full\"><img loading=\"lazy\" decoding=\"async\" width=\"600\" height=\"240\" src=\"https:\/\/www.fundacioared.org\/wp-content\/uploads\/Logos-confeccio-23.jpg\" alt=\"\" class=\"wp-image-1056\" srcset=\"https:\/\/www.fundacioared.org\/wp-content\/uploads\/Logos-confeccio-23.jpg 600w, https:\/\/www.fundacioared.org\/wp-content\/uploads\/Logos-confeccio-23-300x120.jpg 300w, https:\/\/www.fundacioared.org\/wp-content\/uploads\/Logos-confeccio-23-340x136.jpg 340w, https:\/\/www.fundacioared.org\/wp-content\/uploads\/Logos-confeccio-23-140x56.jpg 140w\" sizes=\"auto, (max-width: 600px) 100vw, 600px\" \/><\/figure>\n\n\n\n<figure class=\"wp-block-image size-full\"><img loading=\"lazy\" decoding=\"async\" width=\"600\" height=\"240\" src=\"https:\/\/www.fundacioared.org\/wp-content\/uploads\/Logos-confeccio-22.jpg\" alt=\"\" class=\"wp-image-1055\" srcset=\"https:\/\/www.fundacioared.org\/wp-content\/uploads\/Logos-confeccio-22.jpg 600w, https:\/\/www.fundacioared.org\/wp-content\/uploads\/Logos-confeccio-22-300x120.jpg 300w, https:\/\/www.fundacioared.org\/wp-content\/uploads\/Logos-confeccio-22-340x136.jpg 340w, https:\/\/www.fundacioared.org\/wp-content\/uploads\/Logos-confeccio-22-140x56.jpg 140w\" sizes=\"auto, (max-width: 600px) 100vw, 600px\" \/><\/figure>\n\n\n\n<figure class=\"wp-block-image size-full\"><img loading=\"lazy\" decoding=\"async\" width=\"600\" height=\"240\" src=\"https:\/\/www.fundacioared.org\/wp-content\/uploads\/Logos-confeccio-21.jpg\" alt=\"\" class=\"wp-image-1054\" srcset=\"https:\/\/www.fundacioared.org\/wp-content\/uploads\/Logos-confeccio-21.jpg 600w, https:\/\/www.fundacioared.org\/wp-content\/uploads\/Logos-confeccio-21-300x120.jpg 300w, https:\/\/www.fundacioared.org\/wp-content\/uploads\/Logos-confeccio-21-340x136.jpg 340w, https:\/\/www.fundacioared.org\/wp-content\/uploads\/Logos-confeccio-21-140x56.jpg 140w\" sizes=\"auto, (max-width: 600px) 100vw, 600px\" \/><\/figure>\n\n\n\n<figure class=\"wp-block-image size-full\"><img loading=\"lazy\" decoding=\"async\" width=\"600\" height=\"240\" src=\"https:\/\/www.fundacioared.org\/wp-content\/uploads\/Logos-confeccio-20.jpg\" alt=\"\" class=\"wp-image-1053\" srcset=\"https:\/\/www.fundacioared.org\/wp-content\/uploads\/Logos-confeccio-20.jpg 600w, https:\/\/www.fundacioared.org\/wp-content\/uploads\/Logos-confeccio-20-300x120.jpg 300w, https:\/\/www.fundacioared.org\/wp-content\/uploads\/Logos-confeccio-20-340x136.jpg 340w, https:\/\/www.fundacioared.org\/wp-content\/uploads\/Logos-confeccio-20-140x56.jpg 140w\" sizes=\"auto, (max-width: 600px) 100vw, 600px\" \/><\/figure>\n\n\n\n<figure class=\"wp-block-image size-full\"><img loading=\"lazy\" decoding=\"async\" width=\"600\" height=\"240\" src=\"https:\/\/www.fundacioared.org\/wp-content\/uploads\/Logos-confeccio-19.jpg\" alt=\"\" class=\"wp-image-1052\" srcset=\"https:\/\/www.fundacioared.org\/wp-content\/uploads\/Logos-confeccio-19.jpg 600w, https:\/\/www.fundacioared.org\/wp-content\/uploads\/Logos-confeccio-19-300x120.jpg 300w, https:\/\/www.fundacioared.org\/wp-content\/uploads\/Logos-confeccio-19-340x136.jpg 340w, https:\/\/www.fundacioared.org\/wp-content\/uploads\/Logos-confeccio-19-140x56.jpg 140w\" sizes=\"auto, (max-width: 600px) 100vw, 600px\" \/><\/figure>\n\n\n\n<figure class=\"wp-block-image size-full\"><img loading=\"lazy\" decoding=\"async\" width=\"600\" height=\"240\" src=\"https:\/\/www.fundacioared.org\/wp-content\/uploads\/Logo-08.jpg\" alt=\"\" class=\"wp-image-990\" srcset=\"https:\/\/www.fundacioared.org\/wp-content\/uploads\/Logo-08.jpg 600w, https:\/\/www.fundacioared.org\/wp-content\/uploads\/Logo-08-300x120.jpg 300w, https:\/\/www.fundacioared.org\/wp-content\/uploads\/Logo-08-340x136.jpg 340w, https:\/\/www.fundacioared.org\/wp-content\/uploads\/Logo-08-140x56.jpg 140w\" sizes=\"auto, (max-width: 600px) 100vw, 600px\" \/><\/figure>\n\n\n\n<figure class=\"wp-block-image size-full\"><img loading=\"lazy\" decoding=\"async\" width=\"600\" height=\"240\" src=\"https:\/\/www.fundacioared.org\/wp-content\/uploads\/Logos-confeccio-18.jpg\" alt=\"\" class=\"wp-image-1051\" srcset=\"https:\/\/www.fundacioared.org\/wp-content\/uploads\/Logos-confeccio-18.jpg 600w, https:\/\/www.fundacioared.org\/wp-content\/uploads\/Logos-confeccio-18-300x120.jpg 300w, https:\/\/www.fundacioared.org\/wp-content\/uploads\/Logos-confeccio-18-340x136.jpg 340w, https:\/\/www.fundacioared.org\/wp-content\/uploads\/Logos-confeccio-18-140x56.jpg 140w\" sizes=\"auto, (max-width: 600px) 100vw, 600px\" \/><\/figure>\n\n\n\n<figure class=\"wp-block-image size-full\"><img loading=\"lazy\" decoding=\"async\" width=\"600\" height=\"240\" src=\"https:\/\/www.fundacioared.org\/wp-content\/uploads\/Logos-confeccio-17.jpg\" alt=\"\" class=\"wp-image-1050\" srcset=\"https:\/\/www.fundacioared.org\/wp-content\/uploads\/Logos-confeccio-17.jpg 600w, https:\/\/www.fundacioared.org\/wp-content\/uploads\/Logos-confeccio-17-300x120.jpg 300w, https:\/\/www.fundacioared.org\/wp-content\/uploads\/Logos-confeccio-17-340x136.jpg 340w, https:\/\/www.fundacioared.org\/wp-content\/uploads\/Logos-confeccio-17-140x56.jpg 140w\" sizes=\"auto, (max-width: 600px) 100vw, 600px\" \/><\/figure>\n\n\n\n<figure class=\"wp-block-image size-full\"><img loading=\"lazy\" decoding=\"async\" width=\"600\" height=\"240\" src=\"https:\/\/www.fundacioared.org\/wp-content\/uploads\/Logos-confeccio-16.jpg\" alt=\"\" class=\"wp-image-1049\" srcset=\"https:\/\/www.fundacioared.org\/wp-content\/uploads\/Logos-confeccio-16.jpg 600w, https:\/\/www.fundacioared.org\/wp-content\/uploads\/Logos-confeccio-16-300x120.jpg 300w, https:\/\/www.fundacioared.org\/wp-content\/uploads\/Logos-confeccio-16-340x136.jpg 340w, https:\/\/www.fundacioared.org\/wp-content\/uploads\/Logos-confeccio-16-140x56.jpg 140w\" sizes=\"auto, (max-width: 600px) 100vw, 600px\" \/><\/figure>\n\n\n\n<figure class=\"wp-block-image size-full\"><img loading=\"lazy\" decoding=\"async\" width=\"600\" height=\"240\" src=\"https:\/\/www.fundacioared.org\/wp-content\/uploads\/Logos-confeccio-15.jpg\" alt=\"\" class=\"wp-image-1048\" srcset=\"https:\/\/www.fundacioared.org\/wp-content\/uploads\/Logos-confeccio-15.jpg 600w, https:\/\/www.fundacioared.org\/wp-content\/uploads\/Logos-confeccio-15-300x120.jpg 300w, https:\/\/www.fundacioared.org\/wp-content\/uploads\/Logos-confeccio-15-340x136.jpg 340w, https:\/\/www.fundacioared.org\/wp-content\/uploads\/Logos-confeccio-15-140x56.jpg 140w\" sizes=\"auto, (max-width: 600px) 100vw, 600px\" \/><\/figure>\n\n\n\n<figure class=\"wp-block-image size-full\"><img loading=\"lazy\" decoding=\"async\" width=\"600\" height=\"240\" src=\"https:\/\/www.fundacioared.org\/wp-content\/uploads\/Logos-confeccio-14.jpg\" alt=\"\" class=\"wp-image-1047\" srcset=\"https:\/\/www.fundacioared.org\/wp-content\/uploads\/Logos-confeccio-14.jpg 600w, https:\/\/www.fundacioared.org\/wp-content\/uploads\/Logos-confeccio-14-300x120.jpg 300w, https:\/\/www.fundacioared.org\/wp-content\/uploads\/Logos-confeccio-14-340x136.jpg 340w, https:\/\/www.fundacioared.org\/wp-content\/uploads\/Logos-confeccio-14-140x56.jpg 140w\" sizes=\"auto, (max-width: 600px) 100vw, 600px\" \/><\/figure>\n\n\n\n<figure class=\"wp-block-image size-full\"><img loading=\"lazy\" decoding=\"async\" width=\"600\" height=\"240\" src=\"https:\/\/www.fundacioared.org\/wp-content\/uploads\/Logos-confeccio-13.jpg\" alt=\"\" class=\"wp-image-1046\" srcset=\"https:\/\/www.fundacioared.org\/wp-content\/uploads\/Logos-confeccio-13.jpg 600w, https:\/\/www.fundacioared.org\/wp-content\/uploads\/Logos-confeccio-13-300x120.jpg 300w, https:\/\/www.fundacioared.org\/wp-content\/uploads\/Logos-confeccio-13-340x136.jpg 340w, https:\/\/www.fundacioared.org\/wp-content\/uploads\/Logos-confeccio-13-140x56.jpg 140w\" sizes=\"auto, (max-width: 600px) 100vw, 600px\" \/><\/figure>\n\n\n\n<figure class=\"wp-block-image size-full\"><img loading=\"lazy\" decoding=\"async\" width=\"600\" height=\"240\" src=\"https:\/\/www.fundacioared.org\/wp-content\/uploads\/Logos-confeccio-12.jpg\" alt=\"\" class=\"wp-image-1045\" srcset=\"https:\/\/www.fundacioared.org\/wp-content\/uploads\/Logos-confeccio-12.jpg 600w, https:\/\/www.fundacioared.org\/wp-content\/uploads\/Logos-confeccio-12-300x120.jpg 300w, https:\/\/www.fundacioared.org\/wp-content\/uploads\/Logos-confeccio-12-340x136.jpg 340w, https:\/\/www.fundacioared.org\/wp-content\/uploads\/Logos-confeccio-12-140x56.jpg 140w\" sizes=\"auto, (max-width: 600px) 100vw, 600px\" \/><\/figure>\n\n\n\n<figure class=\"wp-block-image size-full\"><img loading=\"lazy\" decoding=\"async\" width=\"600\" height=\"240\" src=\"https:\/\/www.fundacioared.org\/wp-content\/uploads\/Logos-confeccio-11.jpg\" alt=\"\" class=\"wp-image-1044\" srcset=\"https:\/\/www.fundacioared.org\/wp-content\/uploads\/Logos-confeccio-11.jpg 600w, https:\/\/www.fundacioared.org\/wp-content\/uploads\/Logos-confeccio-11-300x120.jpg 300w, https:\/\/www.fundacioared.org\/wp-content\/uploads\/Logos-confeccio-11-340x136.jpg 340w, https:\/\/www.fundacioared.org\/wp-content\/uploads\/Logos-confeccio-11-140x56.jpg 140w\" sizes=\"auto, (max-width: 600px) 100vw, 600px\" \/><\/figure>\n\n\n\n<figure class=\"wp-block-image size-full\"><img loading=\"lazy\" decoding=\"async\" width=\"600\" height=\"240\" src=\"https:\/\/www.fundacioared.org\/wp-content\/uploads\/Logos-confeccio-10.jpg\" alt=\"\" class=\"wp-image-1043\" srcset=\"https:\/\/www.fundacioared.org\/wp-content\/uploads\/Logos-confeccio-10.jpg 600w, https:\/\/www.fundacioared.org\/wp-content\/uploads\/Logos-confeccio-10-300x120.jpg 300w, https:\/\/www.fundacioared.org\/wp-content\/uploads\/Logos-confeccio-10-340x136.jpg 340w, https:\/\/www.fundacioared.org\/wp-content\/uploads\/Logos-confeccio-10-140x56.jpg 140w\" sizes=\"auto, (max-width: 600px) 100vw, 600px\" \/><\/figure>\n\n\n\n<figure class=\"wp-block-image size-full\"><img loading=\"lazy\" decoding=\"async\" width=\"600\" height=\"240\" src=\"https:\/\/www.fundacioared.org\/wp-content\/uploads\/Logos-confeccio-09.jpg\" alt=\"\" class=\"wp-image-1042\" srcset=\"https:\/\/www.fundacioared.org\/wp-content\/uploads\/Logos-confeccio-09.jpg 600w, https:\/\/www.fundacioared.org\/wp-content\/uploads\/Logos-confeccio-09-300x120.jpg 300w, https:\/\/www.fundacioared.org\/wp-content\/uploads\/Logos-confeccio-09-340x136.jpg 340w, https:\/\/www.fundacioared.org\/wp-content\/uploads\/Logos-confeccio-09-140x56.jpg 140w\" sizes=\"auto, (max-width: 600px) 100vw, 600px\" \/><\/figure>\n\n\n\n<figure class=\"wp-block-image size-full\"><img loading=\"lazy\" decoding=\"async\" width=\"600\" height=\"240\" src=\"https:\/\/www.fundacioared.org\/wp-content\/uploads\/Logos-confeccio-08.jpg\" alt=\"\" class=\"wp-image-1041\" srcset=\"https:\/\/www.fundacioared.org\/wp-content\/uploads\/Logos-confeccio-08.jpg 600w, https:\/\/www.fundacioared.org\/wp-content\/uploads\/Logos-confeccio-08-300x120.jpg 300w, https:\/\/www.fundacioared.org\/wp-content\/uploads\/Logos-confeccio-08-340x136.jpg 340w, https:\/\/www.fundacioared.org\/wp-content\/uploads\/Logos-confeccio-08-140x56.jpg 140w\" sizes=\"auto, (max-width: 600px) 100vw, 600px\" \/><\/figure>\n\n\n\n<figure class=\"wp-block-image size-full\"><img loading=\"lazy\" decoding=\"async\" width=\"600\" height=\"240\" src=\"https:\/\/www.fundacioared.org\/wp-content\/uploads\/Logos-confeccio-07.jpg\" alt=\"\" class=\"wp-image-1040\" srcset=\"https:\/\/www.fundacioared.org\/wp-content\/uploads\/Logos-confeccio-07.jpg 600w, https:\/\/www.fundacioared.org\/wp-content\/uploads\/Logos-confeccio-07-300x120.jpg 300w, https:\/\/www.fundacioared.org\/wp-content\/uploads\/Logos-confeccio-07-340x136.jpg 340w, https:\/\/www.fundacioared.org\/wp-content\/uploads\/Logos-confeccio-07-140x56.jpg 140w\" sizes=\"auto, (max-width: 600px) 100vw, 600px\" \/><\/figure>\n\n\n\n<figure class=\"wp-block-image size-full\"><img loading=\"lazy\" decoding=\"async\" width=\"600\" height=\"240\" src=\"https:\/\/www.fundacioared.org\/wp-content\/uploads\/Logos-confeccio-06.jpg\" alt=\"\" class=\"wp-image-1039\" srcset=\"https:\/\/www.fundacioared.org\/wp-content\/uploads\/Logos-confeccio-06.jpg 600w, https:\/\/www.fundacioared.org\/wp-content\/uploads\/Logos-confeccio-06-300x120.jpg 300w, https:\/\/www.fundacioared.org\/wp-content\/uploads\/Logos-confeccio-06-340x136.jpg 340w, https:\/\/www.fundacioared.org\/wp-content\/uploads\/Logos-confeccio-06-140x56.jpg 140w\" sizes=\"auto, (max-width: 600px) 100vw, 600px\" \/><\/figure>\n\n\n\n<figure class=\"wp-block-image size-full\"><img loading=\"lazy\" decoding=\"async\" width=\"600\" height=\"240\" src=\"https:\/\/www.fundacioared.org\/wp-content\/uploads\/Logos-confeccio-05.jpg\" alt=\"\" class=\"wp-image-1038\" srcset=\"https:\/\/www.fundacioared.org\/wp-content\/uploads\/Logos-confeccio-05.jpg 600w, https:\/\/www.fundacioared.org\/wp-content\/uploads\/Logos-confeccio-05-300x120.jpg 300w, https:\/\/www.fundacioared.org\/wp-content\/uploads\/Logos-confeccio-05-340x136.jpg 340w, https:\/\/www.fundacioared.org\/wp-content\/uploads\/Logos-confeccio-05-140x56.jpg 140w\" sizes=\"auto, (max-width: 600px) 100vw, 600px\" \/><\/figure>\n\n\n\n<figure class=\"wp-block-image size-full\"><img loading=\"lazy\" decoding=\"async\" width=\"600\" height=\"240\" src=\"https:\/\/www.fundacioared.org\/wp-content\/uploads\/Logos-confeccio-04.jpg\" alt=\"\" class=\"wp-image-1037\" srcset=\"https:\/\/www.fundacioared.org\/wp-content\/uploads\/Logos-confeccio-04.jpg 600w, https:\/\/www.fundacioared.org\/wp-content\/uploads\/Logos-confeccio-04-300x120.jpg 300w, https:\/\/www.fundacioared.org\/wp-content\/uploads\/Logos-confeccio-04-340x136.jpg 340w, https:\/\/www.fundacioared.org\/wp-content\/uploads\/Logos-confeccio-04-140x56.jpg 140w\" sizes=\"auto, (max-width: 600px) 100vw, 600px\" \/><\/figure>\n\n\n\n<figure class=\"wp-block-image size-full\"><img loading=\"lazy\" decoding=\"async\" width=\"600\" height=\"240\" src=\"https:\/\/www.fundacioared.org\/wp-content\/uploads\/Logos-confeccio-03.jpg\" alt=\"\" class=\"wp-image-1036\" srcset=\"https:\/\/www.fundacioared.org\/wp-content\/uploads\/Logos-confeccio-03.jpg 600w, https:\/\/www.fundacioared.org\/wp-content\/uploads\/Logos-confeccio-03-300x120.jpg 300w, https:\/\/www.fundacioared.org\/wp-content\/uploads\/Logos-confeccio-03-340x136.jpg 340w, https:\/\/www.fundacioared.org\/wp-content\/uploads\/Logos-confeccio-03-140x56.jpg 140w\" sizes=\"auto, (max-width: 600px) 100vw, 600px\" \/><\/figure>\n\n\n\n<figure class=\"wp-block-image size-full\"><img loading=\"lazy\" decoding=\"async\" width=\"600\" height=\"240\" src=\"https:\/\/www.fundacioared.org\/wp-content\/uploads\/Logos-confeccio-02.jpg\" alt=\"\" class=\"wp-image-1035\" srcset=\"https:\/\/www.fundacioared.org\/wp-content\/uploads\/Logos-confeccio-02.jpg 600w, https:\/\/www.fundacioared.org\/wp-content\/uploads\/Logos-confeccio-02-300x120.jpg 300w, https:\/\/www.fundacioared.org\/wp-content\/uploads\/Logos-confeccio-02-340x136.jpg 340w, https:\/\/www.fundacioared.org\/wp-content\/uploads\/Logos-confeccio-02-140x56.jpg 140w\" sizes=\"auto, (max-width: 600px) 100vw, 600px\" \/><\/figure>\n\n\n\n<figure class=\"wp-block-image size-full\"><img loading=\"lazy\" decoding=\"async\" width=\"600\" height=\"240\" src=\"https:\/\/www.fundacioared.org\/wp-content\/uploads\/Logos-confeccio-01.jpg\" alt=\"\" class=\"wp-image-1034\" srcset=\"https:\/\/www.fundacioared.org\/wp-content\/uploads\/Logos-confeccio-01.jpg 600w, https:\/\/www.fundacioared.org\/wp-content\/uploads\/Logos-confeccio-01-300x120.jpg 300w, https:\/\/www.fundacioared.org\/wp-content\/uploads\/Logos-confeccio-01-340x136.jpg 340w, https:\/\/www.fundacioared.org\/wp-content\/uploads\/Logos-confeccio-01-140x56.jpg 140w\" sizes=\"auto, (max-width: 600px) 100vw, 600px\" \/><\/figure>\n<\/div>\n<\/div>\n","protected":false},"excerpt":{"rendered":"","protected":false},"author":1,"featured_media":0,"parent":0,"menu_order":26,"comment_status":"closed","ping_status":"closed","template":"","meta":{"_acf_changed":false,"footnotes":""},"class_list":["post-4664","page","type-page","status-publish","hentry"],"acf":[],"_links":{"self":[{"href":"https:\/\/www.fundacioared.org\/es\/wp-json\/wp\/v2\/pages\/4664","targetHints":{"allow":["GET"]}}],"collection":[{"href":"https:\/\/www.fundacioared.org\/es\/wp-json\/wp\/v2\/pages"}],"about":[{"href":"https:\/\/www.fundacioared.org\/es\/wp-json\/wp\/v2\/types\/page"}],"author":[{"embeddable":true,"href":"https:\/\/www.fundacioared.org\/es\/wp-json\/wp\/v2\/users\/1"}],"replies":[{"embeddable":true,"href":"https:\/\/www.fundacioared.org\/es\/wp-json\/wp\/v2\/comments?post=4664"}],"version-history":[{"count":3,"href":"https:\/\/www.fundacioared.org\/es\/wp-json\/wp\/v2\/pages\/4664\/revisions"}],"predecessor-version":[{"id":4917,"href":"https:\/\/www.fundacioared.org\/es\/wp-json\/wp\/v2\/pages\/4664\/revisions\/4917"}],"wp:attachment":[{"href":"https:\/\/www.fundacioared.org\/es\/wp-json\/wp\/v2\/media?parent=4664"}],"curies":[{"name":"wp","href":"https:\/\/api.w.org\/{rel}","templated":true}]}}