{"id":4667,"date":"2024-07-31T09:30:55","date_gmt":"2024-07-31T07:30:55","guid":{"rendered":"https:\/\/www.fundacioared.org\/mujer-salud\/"},"modified":"2026-03-18T11:24:35","modified_gmt":"2026-03-18T10:24:35","slug":"mujer-salud","status":"publish","type":"page","link":"https:\/\/www.fundacioared.org\/es\/mujer-salud\/","title":{"rendered":"Mujer Salud"},"content":{"rendered":"\n<div class=\"wp-block-media-text is-stacked-on-mobile is-vertically-aligned-top\"><figure class=\"wp-block-media-text__media\"><img loading=\"lazy\" decoding=\"async\" width=\"1024\" height=\"724\" src=\"https:\/\/www.fundacioared.org\/wp-content\/uploads\/COMUNICACION-INTERNA-34-1024x724.jpg\" alt=\"\" class=\"wp-image-3279 size-full\" srcset=\"https:\/\/www.fundacioared.org\/wp-content\/uploads\/COMUNICACION-INTERNA-34-1024x724.jpg 1024w, https:\/\/www.fundacioared.org\/wp-content\/uploads\/COMUNICACION-INTERNA-34-300x212.jpg 300w, https:\/\/www.fundacioared.org\/wp-content\/uploads\/COMUNICACION-INTERNA-34-768x543.jpg 768w, https:\/\/www.fundacioared.org\/wp-content\/uploads\/COMUNICACION-INTERNA-34-1536x1086.jpg 1536w, https:\/\/www.fundacioared.org\/wp-content\/uploads\/COMUNICACION-INTERNA-34-340x240.jpg 340w, https:\/\/www.fundacioared.org\/wp-content\/uploads\/COMUNICACION-INTERNA-34-140x99.jpg 140w, https:\/\/www.fundacioared.org\/wp-content\/uploads\/COMUNICACION-INTERNA-34.jpg 2000w\" sizes=\"auto, (max-width: 1024px) 100vw, 1024px\" \/><\/figure><div class=\"wp-block-media-text__content\">\n<h2 class=\"wp-block-heading\">MUJER SALUD: Hagamos Camino<\/h2>\n\n\n\n<p class=\"is-style-com_titular_5 has-taronja-ared-color has-text-color has-link-color wp-elements-0e0323fbcf1086db588f03256d47d169\">Programa de inserci\u00f3n laboral para mujeres diagnosticadas de <strong>Fibromialgia <strong>S\u00edndrome de Fatiga Cr\u00f3nica y\/o personas con afectaciones que presentan dolor cr\u00f3nico<\/strong><\/strong><\/p>\n\n\n\n<p>Fem Cam\u00ed es un programa de acompa\u00f1amiento a la inserci\u00f3n laboral de personas afectadas de <strong>Fibromialgia<\/strong> , <strong>S\u00edndrome de Fatiga Cr\u00f3nica<\/strong> y\/o personas con afectaciones que presentan dolor cr\u00f3nico.<\/p>\n\n\n\n<p>El programa aborda directamente los retos de la exclusi\u00f3n social, proporcionando herramientas y oportunidades para <strong>mejorar la calidad de vida y el bienestar emocional<\/strong> de las participantes mediante la educaci\u00f3n en inteligencia emocional y la <strong>formaci\u00f3n profesional<\/strong> , el <strong>acompa\u00f1amiento individual<\/strong> con itinerarios personalizados y flexibles y la creaci\u00f3n de una <strong>red de soporte<\/strong> a la persona.<\/p>\n\n\n\n<div style=\"height:72px\" aria-hidden=\"true\" class=\"wp-block-spacer\"><\/div>\n\n\n\n<div class=\"wp-block-columns is-layout-flex wp-container-core-columns-is-layout-9d6595d7 wp-block-columns-is-layout-flex\">\n<div class=\"wp-block-column is-layout-flow wp-block-column-is-layout-flow\">\n<figure class=\"wp-block-image size-full is-resized\"><img loading=\"lazy\" decoding=\"async\" width=\"1080\" height=\"1080\" src=\"https:\/\/www.fundacioared.org\/wp-content\/uploads\/Dones-Ared-11.png\" alt=\"\" class=\"wp-image-600\" style=\"width:49px;height:auto\" srcset=\"https:\/\/www.fundacioared.org\/wp-content\/uploads\/Dones-Ared-11.png 1080w, https:\/\/www.fundacioared.org\/wp-content\/uploads\/Dones-Ared-11-300x300.png 300w, https:\/\/www.fundacioared.org\/wp-content\/uploads\/Dones-Ared-11-1024x1024.png 1024w, https:\/\/www.fundacioared.org\/wp-content\/uploads\/Dones-Ared-11-150x150.png 150w, https:\/\/www.fundacioared.org\/wp-content\/uploads\/Dones-Ared-11-768x768.png 768w, https:\/\/www.fundacioared.org\/wp-content\/uploads\/Dones-Ared-11-600x600.png 600w, https:\/\/www.fundacioared.org\/wp-content\/uploads\/Dones-Ared-11-340x340.png 340w, https:\/\/www.fundacioared.org\/wp-content\/uploads\/Dones-Ared-11-140x140.png 140w\" sizes=\"auto, (max-width: 1080px) 100vw, 1080px\" \/><\/figure>\n\n\n\n<p class=\"is-style-com_titular_5 has-taronja-ared-color has-text-color has-link-color wp-elements-fc978f356e4ba216751f51f524c326e2\">Requisitos<\/p>\n\n\n\n<ul class=\"wp-block-list\">\n<li>Disponer de un diagn\u00f3stico m\u00e9dico que acredite la afectaci\u00f3n por Fibromialgia, S\u00edndrome de Fatiga Cr\u00f3nica<strong> <\/strong>y\/o personas con afectaciones que presentan dolor cr\u00f3nico.<\/li>\n\n\n\n<li>Tener entre 16 y 65 a\u00f1os<\/li>\n\n\n\n<li>Tener permiso de residencia y trabajo<\/li>\n\n\n\n<li>Tener motivaci\u00f3n para incorporarse al mercado de trabajo y compromiso con el programa<\/li>\n<\/ul>\n<\/div>\n\n\n\n<div class=\"wp-block-column is-layout-flow wp-block-column-is-layout-flow\">\n<figure class=\"wp-block-image size-full is-resized\"><img loading=\"lazy\" decoding=\"async\" width=\"810\" height=\"810\" src=\"https:\/\/www.fundacioared.org\/wp-content\/uploads\/Dones-Ared-4-2.png\" alt=\"\" class=\"wp-image-534\" style=\"width:49px;height:auto\" srcset=\"https:\/\/www.fundacioared.org\/wp-content\/uploads\/Dones-Ared-4-2.png 810w, https:\/\/www.fundacioared.org\/wp-content\/uploads\/Dones-Ared-4-2-300x300.png 300w, https:\/\/www.fundacioared.org\/wp-content\/uploads\/Dones-Ared-4-2-150x150.png 150w, https:\/\/www.fundacioared.org\/wp-content\/uploads\/Dones-Ared-4-2-768x768.png 768w, https:\/\/www.fundacioared.org\/wp-content\/uploads\/Dones-Ared-4-2-600x600.png 600w, https:\/\/www.fundacioared.org\/wp-content\/uploads\/Dones-Ared-4-2-340x340.png 340w, https:\/\/www.fundacioared.org\/wp-content\/uploads\/Dones-Ared-4-2-140x140.png 140w\" sizes=\"auto, (max-width: 810px) 100vw, 810px\" \/><\/figure>\n\n\n\n<p class=\"is-style-com_titular_5 has-taronja-ared-color has-text-color has-link-color wp-elements-e8d3c7c8cff5d408b66a972a4cb6a010\">Horario<\/p>\n\n\n\n<p><strong>Horario:<\/strong> 1 ma\u00f1ana a la semana, en horario de 10h a 13h<\/p>\n\n\n\n<p><strong>Duraci\u00f3n del programa:<\/strong> 1 a\u00f1o  <\/p>\n\n\n\n<p><strong>*Inscripciones abiertas durante todo el a\u00f1o<\/strong><\/p>\n<\/div>\n<\/div>\n\n\n\n<div style=\"height:45px\" aria-hidden=\"true\" class=\"wp-block-spacer\"><\/div>\n<\/div><\/div>\n\n<div style=\"height:104px\" aria-hidden=\"true\" class=\"wp-block-spacer\"><\/div>\n\n<p class=\"has-text-align-center is-style-com_titular_3 has-gris-ared-color has-text-color has-link-color wp-elements-f4e574ad4dbb84f6003544a17d5a5407\">UNA METODOLOG\u00cdA INTEGRAL<\/p>\n\n<div class=\"wp-block-ared-marges maq-contenidor normal marge-superior- marge-inferior-petit\" data-aos=\"off\" data-aos-delay=\"aos_delay\">\n<div class=\"wp-block-columns is-layout-flex wp-container-core-columns-is-layout-9d6595d7 wp-block-columns-is-layout-flex\">\n<div class=\"wp-block-column is-layout-flow wp-block-column-is-layout-flow\" style=\"padding-right:var(--wp--preset--spacing--50);padding-left:var(--wp--preset--spacing--50)\">\n<figure class=\"wp-block-image size-full\"><img loading=\"lazy\" decoding=\"async\" width=\"686\" height=\"686\" src=\"https:\/\/www.fundacioared.org\/wp-content\/uploads\/Insercio-dona-salut-icona-01.jpg\" alt=\"\" class=\"wp-image-768\" srcset=\"https:\/\/www.fundacioared.org\/wp-content\/uploads\/Insercio-dona-salut-icona-01.jpg 686w, https:\/\/www.fundacioared.org\/wp-content\/uploads\/Insercio-dona-salut-icona-01-300x300.jpg 300w, https:\/\/www.fundacioared.org\/wp-content\/uploads\/Insercio-dona-salut-icona-01-150x150.jpg 150w, https:\/\/www.fundacioared.org\/wp-content\/uploads\/Insercio-dona-salut-icona-01-600x600.jpg 600w, https:\/\/www.fundacioared.org\/wp-content\/uploads\/Insercio-dona-salut-icona-01-340x340.jpg 340w, https:\/\/www.fundacioared.org\/wp-content\/uploads\/Insercio-dona-salut-icona-01-140x140.jpg 140w\" sizes=\"auto, (max-width: 686px) 100vw, 686px\" \/><\/figure>\n\n\n\n<p class=\"is-style-com_titular_4 has-gris-ared-color has-text-color has-link-color wp-elements-3ce647351f23f442ea148771d12c675e\">Objetivo del programa<\/p>\n\n\n\n<p>El objetivo principal es mejorar la calidad de vida y el estado emocional de las participantes, incrementando su empleabilidad para favorecer su inclusi\u00f3n social y laboral.<\/p>\n<\/div>\n\n\n\n<div class=\"wp-block-column is-layout-flow wp-block-column-is-layout-flow\" style=\"padding-right:var(--wp--preset--spacing--50);padding-left:var(--wp--preset--spacing--50)\">\n<figure class=\"wp-block-image size-full\"><img loading=\"lazy\" decoding=\"async\" width=\"686\" height=\"686\" src=\"https:\/\/www.fundacioared.org\/wp-content\/uploads\/Insercio-dona-salut-icona-02.jpg\" alt=\"\" class=\"wp-image-769\" style=\"object-fit:cover\" srcset=\"https:\/\/www.fundacioared.org\/wp-content\/uploads\/Insercio-dona-salut-icona-02.jpg 686w, https:\/\/www.fundacioared.org\/wp-content\/uploads\/Insercio-dona-salut-icona-02-300x300.jpg 300w, https:\/\/www.fundacioared.org\/wp-content\/uploads\/Insercio-dona-salut-icona-02-150x150.jpg 150w, https:\/\/www.fundacioared.org\/wp-content\/uploads\/Insercio-dona-salut-icona-02-600x600.jpg 600w, https:\/\/www.fundacioared.org\/wp-content\/uploads\/Insercio-dona-salut-icona-02-340x340.jpg 340w, https:\/\/www.fundacioared.org\/wp-content\/uploads\/Insercio-dona-salut-icona-02-140x140.jpg 140w\" sizes=\"auto, (max-width: 686px) 100vw, 686px\" \/><\/figure>\n\n\n\n<p class=\"is-style-com_titular_4 has-gris-ared-color has-text-color has-link-color wp-elements-0ec73dd8aad0271658c2289c2fb8f758\"><strong>Itinerarios<\/strong><br\/> <strong>personalizados<\/strong><\/p>\n\n\n\n<p class=\"is-style-default has-gris-ared-color has-text-color has-link-color wp-elements-218d526aefbdf4fb77421ea57aae4af5\">Mejoramos el autoconcepto y autoestima de las participantes a trav\u00e9s de acciones de educaci\u00f3n en inteligencia emocional y la adquisici\u00f3n de herramientas para la b\u00fasqueda de empleo.<\/p>\n<\/div>\n\n\n\n<div class=\"wp-block-column is-layout-flow wp-block-column-is-layout-flow\" style=\"padding-right:var(--wp--preset--spacing--50);padding-left:var(--wp--preset--spacing--50)\">\n<figure class=\"wp-block-image size-full\"><img loading=\"lazy\" decoding=\"async\" width=\"686\" height=\"686\" src=\"https:\/\/www.fundacioared.org\/wp-content\/uploads\/Insercio-dona-salut-icona-03.jpg\" alt=\"\" class=\"wp-image-770\" srcset=\"https:\/\/www.fundacioared.org\/wp-content\/uploads\/Insercio-dona-salut-icona-03.jpg 686w, https:\/\/www.fundacioared.org\/wp-content\/uploads\/Insercio-dona-salut-icona-03-300x300.jpg 300w, https:\/\/www.fundacioared.org\/wp-content\/uploads\/Insercio-dona-salut-icona-03-150x150.jpg 150w, https:\/\/www.fundacioared.org\/wp-content\/uploads\/Insercio-dona-salut-icona-03-600x600.jpg 600w, https:\/\/www.fundacioared.org\/wp-content\/uploads\/Insercio-dona-salut-icona-03-340x340.jpg 340w, https:\/\/www.fundacioared.org\/wp-content\/uploads\/Insercio-dona-salut-icona-03-140x140.jpg 140w\" sizes=\"auto, (max-width: 686px) 100vw, 686px\" \/><\/figure>\n\n\n\n<p class=\"is-style-com_titular_4 has-gris-ared-color has-text-color has-link-color wp-elements-2e52569d8379fa8619d4af85a664715b\"><strong>Coaching y<\/strong><br\/> <strong>gamificaci\u00f3n<\/strong><\/p>\n\n\n\n<p>Utilizamos herramientas de coaching y materiales gamificados aprovechando el juego como metodolog\u00eda para la adquisici\u00f3n de conocimientos.<\/p>\n<\/div>\n\n\n\n<div class=\"wp-block-column is-layout-flow wp-block-column-is-layout-flow\" style=\"padding-right:var(--wp--preset--spacing--50);padding-left:var(--wp--preset--spacing--50)\">\n<figure class=\"wp-block-image size-full\"><img loading=\"lazy\" decoding=\"async\" width=\"686\" height=\"686\" src=\"https:\/\/www.fundacioared.org\/wp-content\/uploads\/Insercio-dona-salut-icona-04.jpg\" alt=\"\" class=\"wp-image-771\" srcset=\"https:\/\/www.fundacioared.org\/wp-content\/uploads\/Insercio-dona-salut-icona-04.jpg 686w, https:\/\/www.fundacioared.org\/wp-content\/uploads\/Insercio-dona-salut-icona-04-300x300.jpg 300w, https:\/\/www.fundacioared.org\/wp-content\/uploads\/Insercio-dona-salut-icona-04-150x150.jpg 150w, https:\/\/www.fundacioared.org\/wp-content\/uploads\/Insercio-dona-salut-icona-04-600x600.jpg 600w, https:\/\/www.fundacioared.org\/wp-content\/uploads\/Insercio-dona-salut-icona-04-340x340.jpg 340w, https:\/\/www.fundacioared.org\/wp-content\/uploads\/Insercio-dona-salut-icona-04-140x140.jpg 140w\" sizes=\"auto, (max-width: 686px) 100vw, 686px\" \/><\/figure>\n\n\n\n<p class=\"is-style-com_titular_4 has-gris-ared-color has-text-color has-link-color wp-elements-813ec494d28fada3fccf9c0db0717ce1\"><strong>Evaluaci\u00f3n<\/strong><br\/> <strong>del impacto<\/strong><\/p>\n\n\n\n<p>Utilizamos el Test de Ryff y cuestionarios de satisfacci\u00f3n para medir el impacto en el bienestar psicol\u00f3gico de las participantes.<\/p>\n<\/div>\n<\/div>\n<\/div>\n\n<figure class=\"wp-block-gallery has-nested-images columns-default is-cropped wp-block-gallery-1 is-layout-flex wp-block-gallery-is-layout-flex\">\n<figure class=\"wp-block-image size-large\"><img loading=\"lazy\" decoding=\"async\" width=\"1024\" height=\"724\" data-id=\"1210\" src=\"https:\/\/www.fundacioared.org\/wp-content\/uploads\/COMUNICACION-INTERNA-15-1024x724.jpg\" alt=\"\" class=\"wp-image-1210\" srcset=\"https:\/\/www.fundacioared.org\/wp-content\/uploads\/COMUNICACION-INTERNA-15-1024x724.jpg 1024w, https:\/\/www.fundacioared.org\/wp-content\/uploads\/COMUNICACION-INTERNA-15-300x212.jpg 300w, https:\/\/www.fundacioared.org\/wp-content\/uploads\/COMUNICACION-INTERNA-15-768x543.jpg 768w, https:\/\/www.fundacioared.org\/wp-content\/uploads\/COMUNICACION-INTERNA-15-1536x1086.jpg 1536w, https:\/\/www.fundacioared.org\/wp-content\/uploads\/COMUNICACION-INTERNA-15-340x240.jpg 340w, https:\/\/www.fundacioared.org\/wp-content\/uploads\/COMUNICACION-INTERNA-15-140x99.jpg 140w, https:\/\/www.fundacioared.org\/wp-content\/uploads\/COMUNICACION-INTERNA-15.jpg 2000w\" sizes=\"auto, (max-width: 1024px) 100vw, 1024px\" \/><\/figure>\n\n\n\n<figure class=\"wp-block-image size-large\"><img loading=\"lazy\" decoding=\"async\" width=\"1024\" height=\"724\" data-id=\"1211\" src=\"https:\/\/www.fundacioared.org\/wp-content\/uploads\/COMUNICACION-INTERNA-16-1024x724.jpg\" alt=\"\" class=\"wp-image-1211\" srcset=\"https:\/\/www.fundacioared.org\/wp-content\/uploads\/COMUNICACION-INTERNA-16-1024x724.jpg 1024w, https:\/\/www.fundacioared.org\/wp-content\/uploads\/COMUNICACION-INTERNA-16-300x212.jpg 300w, https:\/\/www.fundacioared.org\/wp-content\/uploads\/COMUNICACION-INTERNA-16-768x543.jpg 768w, https:\/\/www.fundacioared.org\/wp-content\/uploads\/COMUNICACION-INTERNA-16-1536x1086.jpg 1536w, https:\/\/www.fundacioared.org\/wp-content\/uploads\/COMUNICACION-INTERNA-16-340x240.jpg 340w, https:\/\/www.fundacioared.org\/wp-content\/uploads\/COMUNICACION-INTERNA-16-140x99.jpg 140w, https:\/\/www.fundacioared.org\/wp-content\/uploads\/COMUNICACION-INTERNA-16.jpg 2000w\" sizes=\"auto, (max-width: 1024px) 100vw, 1024px\" \/><\/figure>\n\n\n\n<figure class=\"wp-block-image size-large\"><img loading=\"lazy\" decoding=\"async\" width=\"1024\" height=\"724\" data-id=\"1215\" src=\"https:\/\/www.fundacioared.org\/wp-content\/uploads\/COMUNICACION-INTERNA-14-1024x724.jpg\" alt=\"\" class=\"wp-image-1215\" srcset=\"https:\/\/www.fundacioared.org\/wp-content\/uploads\/COMUNICACION-INTERNA-14-1024x724.jpg 1024w, https:\/\/www.fundacioared.org\/wp-content\/uploads\/COMUNICACION-INTERNA-14-300x212.jpg 300w, https:\/\/www.fundacioared.org\/wp-content\/uploads\/COMUNICACION-INTERNA-14-768x543.jpg 768w, https:\/\/www.fundacioared.org\/wp-content\/uploads\/COMUNICACION-INTERNA-14-1536x1086.jpg 1536w, https:\/\/www.fundacioared.org\/wp-content\/uploads\/COMUNICACION-INTERNA-14-340x240.jpg 340w, https:\/\/www.fundacioared.org\/wp-content\/uploads\/COMUNICACION-INTERNA-14-140x99.jpg 140w, https:\/\/www.fundacioared.org\/wp-content\/uploads\/COMUNICACION-INTERNA-14.jpg 2000w\" sizes=\"auto, (max-width: 1024px) 100vw, 1024px\" \/><\/figure>\n\n\n\n<figure class=\"wp-block-image size-large\"><img loading=\"lazy\" decoding=\"async\" width=\"1024\" height=\"724\" data-id=\"1209\" src=\"https:\/\/www.fundacioared.org\/wp-content\/uploads\/COMUNICACION-INTERNA-10-1024x724.jpg\" alt=\"\" class=\"wp-image-1209\" srcset=\"https:\/\/www.fundacioared.org\/wp-content\/uploads\/COMUNICACION-INTERNA-10-1024x724.jpg 1024w, https:\/\/www.fundacioared.org\/wp-content\/uploads\/COMUNICACION-INTERNA-10-300x212.jpg 300w, https:\/\/www.fundacioared.org\/wp-content\/uploads\/COMUNICACION-INTERNA-10-768x543.jpg 768w, https:\/\/www.fundacioared.org\/wp-content\/uploads\/COMUNICACION-INTERNA-10-1536x1086.jpg 1536w, https:\/\/www.fundacioared.org\/wp-content\/uploads\/COMUNICACION-INTERNA-10-340x240.jpg 340w, https:\/\/www.fundacioared.org\/wp-content\/uploads\/COMUNICACION-INTERNA-10-140x99.jpg 140w, https:\/\/www.fundacioared.org\/wp-content\/uploads\/COMUNICACION-INTERNA-10.jpg 2000w\" sizes=\"auto, (max-width: 1024px) 100vw, 1024px\" \/><\/figure>\n\n\n\n<figure class=\"wp-block-image size-large\"><img loading=\"lazy\" decoding=\"async\" width=\"1024\" height=\"724\" data-id=\"1208\" src=\"https:\/\/www.fundacioared.org\/wp-content\/uploads\/COMUNICACION-INTERNA-13-1024x724.jpg\" alt=\"\" class=\"wp-image-1208\" srcset=\"https:\/\/www.fundacioared.org\/wp-content\/uploads\/COMUNICACION-INTERNA-13-1024x724.jpg 1024w, https:\/\/www.fundacioared.org\/wp-content\/uploads\/COMUNICACION-INTERNA-13-300x212.jpg 300w, https:\/\/www.fundacioared.org\/wp-content\/uploads\/COMUNICACION-INTERNA-13-768x543.jpg 768w, https:\/\/www.fundacioared.org\/wp-content\/uploads\/COMUNICACION-INTERNA-13-1536x1086.jpg 1536w, https:\/\/www.fundacioared.org\/wp-content\/uploads\/COMUNICACION-INTERNA-13-340x240.jpg 340w, https:\/\/www.fundacioared.org\/wp-content\/uploads\/COMUNICACION-INTERNA-13-140x99.jpg 140w, https:\/\/www.fundacioared.org\/wp-content\/uploads\/COMUNICACION-INTERNA-13.jpg 2000w\" sizes=\"auto, (max-width: 1024px) 100vw, 1024px\" \/><\/figure>\n\n\n\n<figure class=\"wp-block-image size-large\"><img loading=\"lazy\" decoding=\"async\" width=\"1024\" height=\"724\" data-id=\"1214\" src=\"https:\/\/www.fundacioared.org\/wp-content\/uploads\/COMUNICACION-INTERNA-12-1024x724.jpg\" alt=\"\" class=\"wp-image-1214\" srcset=\"https:\/\/www.fundacioared.org\/wp-content\/uploads\/COMUNICACION-INTERNA-12-1024x724.jpg 1024w, https:\/\/www.fundacioared.org\/wp-content\/uploads\/COMUNICACION-INTERNA-12-300x212.jpg 300w, https:\/\/www.fundacioared.org\/wp-content\/uploads\/COMUNICACION-INTERNA-12-768x543.jpg 768w, https:\/\/www.fundacioared.org\/wp-content\/uploads\/COMUNICACION-INTERNA-12-1536x1086.jpg 1536w, https:\/\/www.fundacioared.org\/wp-content\/uploads\/COMUNICACION-INTERNA-12-340x240.jpg 340w, https:\/\/www.fundacioared.org\/wp-content\/uploads\/COMUNICACION-INTERNA-12-140x99.jpg 140w, https:\/\/www.fundacioared.org\/wp-content\/uploads\/COMUNICACION-INTERNA-12.jpg 2000w\" sizes=\"auto, (max-width: 1024px) 100vw, 1024px\" \/><\/figure>\n<\/figure>\n\n<div class=\"wp-block-ared-marges maq-contenidor estreta marge-superior-petit marge-inferior-\" data-aos=\"off\" data-aos-delay=\"aos_delay\">\n<figure class=\"wp-block-image size-large\"><img loading=\"lazy\" decoding=\"async\" width=\"1024\" height=\"256\" src=\"https:\/\/www.fundacioared.org\/wp-content\/uploads\/Marron-Salud-y-Bienestar-Yoga-Clase-LinkedIn-Banner-1024x256.png\" alt=\"\" class=\"wp-image-1227\" srcset=\"https:\/\/www.fundacioared.org\/wp-content\/uploads\/Marron-Salud-y-Bienestar-Yoga-Clase-LinkedIn-Banner-1024x256.png 1024w, https:\/\/www.fundacioared.org\/wp-content\/uploads\/Marron-Salud-y-Bienestar-Yoga-Clase-LinkedIn-Banner-300x75.png 300w, https:\/\/www.fundacioared.org\/wp-content\/uploads\/Marron-Salud-y-Bienestar-Yoga-Clase-LinkedIn-Banner-768x192.png 768w, https:\/\/www.fundacioared.org\/wp-content\/uploads\/Marron-Salud-y-Bienestar-Yoga-Clase-LinkedIn-Banner-1536x384.png 1536w, https:\/\/www.fundacioared.org\/wp-content\/uploads\/Marron-Salud-y-Bienestar-Yoga-Clase-LinkedIn-Banner-340x85.png 340w, https:\/\/www.fundacioared.org\/wp-content\/uploads\/Marron-Salud-y-Bienestar-Yoga-Clase-LinkedIn-Banner-140x35.png 140w, https:\/\/www.fundacioared.org\/wp-content\/uploads\/Marron-Salud-y-Bienestar-Yoga-Clase-LinkedIn-Banner.png 1584w\" sizes=\"auto, (max-width: 1024px) 100vw, 1024px\" \/><\/figure>\n\n\n\n<p>Medimos de forma objetiva el impacto del programa en el bienestar de las participantes a trav\u00e9s del test de la <strong>Escala del Bienestar Psicol\u00f3gico de Ryff<\/strong> y <strong>cuestionarios de satisfacci\u00f3n<\/strong> , lo que nos proporciona informaci\u00f3n para ajustar el programa seg\u00fan las necesidades detectadas.<\/p>\n\n\n\n<p class=\"is-style-default has-gris-ared-color has-text-color has-link-color wp-elements-c67d35100039163fb1b6f6cc87a0b034\">De acuerdo a los \u00faltimos resultados, la participaci\u00f3n en el programa  <\/p>\n<\/div>\n\n<div class=\"wp-block-ared-marges maq-contenidor fullwidth marge-superior-petit marge-inferior-petit\" data-aos=\"off\" data-aos-delay=\"aos_delay\">\n<div class=\"wp-block-columns has-taronja-ared-background-color has-background is-layout-flex wp-container-core-columns-is-layout-9d6595d7 wp-block-columns-is-layout-flex\">\n<div class=\"wp-block-column is-layout-flow wp-block-column-is-layout-flow\" style=\"padding-top:var(--wp--preset--spacing--70);padding-right:var(--wp--preset--spacing--60);padding-bottom:var(--wp--preset--spacing--70);padding-left:var(--wp--preset--spacing--60)\">\n<p class=\"has-text-align-center is-style-com_titular_2 has-blanc-color has-text-color has-link-color wp-elements-b2793785d81fd9983b238e0f9b21b7fc\">82%<\/p>\n\n\n\n<p class=\"has-text-align-center is-style-com_titular_4 has-gris-ared-color has-text-color has-link-color wp-elements-da3fd9e499889fdfa6178cb08ee76e4a\">Aumenta el autoconocimiento<\/p>\n<\/div>\n\n\n\n<div class=\"wp-block-column is-layout-flow wp-block-column-is-layout-flow\" style=\"padding-top:var(--wp--preset--spacing--70);padding-right:var(--wp--preset--spacing--60);padding-bottom:var(--wp--preset--spacing--70);padding-left:var(--wp--preset--spacing--60)\">\n<p class=\"has-text-align-center is-style-com_titular_2 has-blanc-color has-text-color has-link-color wp-elements-ba127f4593f1fa29f4acb5e6b74a2db1\">78%<\/p>\n\n\n\n<p class=\"has-text-align-center is-style-com_titular_4 has-gris-ared-color has-text-color has-link-color wp-elements-8d5174b5f4af355a0cfc4e15f2814d31\">Mejora en la gesti\u00f3n emocional<\/p>\n<\/div>\n\n\n\n<div class=\"wp-block-column is-layout-flow wp-block-column-is-layout-flow\" style=\"padding-top:var(--wp--preset--spacing--70);padding-right:var(--wp--preset--spacing--60);padding-bottom:var(--wp--preset--spacing--70);padding-left:var(--wp--preset--spacing--60)\">\n<p class=\"has-text-align-center is-style-com_titular_2 has-blanc-color has-text-color has-link-color wp-elements-a25f94734927502a702e64ffaf404f86\">73%<\/p>\n\n\n\n<p class=\"has-text-align-center is-style-com_titular_4 has-gris-ared-color has-text-color has-link-color wp-elements-8be56366f31522cb36e9379cde2fab71\">Aumenta la autoestima<\/p>\n<\/div>\n\n\n\n<div class=\"wp-block-column is-layout-flow wp-block-column-is-layout-flow\" style=\"padding-top:var(--wp--preset--spacing--70);padding-right:var(--wp--preset--spacing--60);padding-bottom:var(--wp--preset--spacing--70);padding-left:var(--wp--preset--spacing--60)\">\n<p class=\"has-text-align-center is-style-com_titular_2 has-blanc-color has-text-color has-link-color wp-elements-d513236d7ab4d17fbe935681263c10dc\">68%<\/p>\n\n\n\n<p class=\"has-text-align-center is-style-com_titular_4 has-gris-ared-color has-text-color has-link-color wp-elements-c4361e94adf474919726479d90cc2c69\">Aumenta la seguridad personal<\/p>\n<\/div>\n\n\n\n<div class=\"wp-block-column is-layout-flow wp-block-column-is-layout-flow\" style=\"padding-top:var(--wp--preset--spacing--70);padding-right:var(--wp--preset--spacing--60);padding-bottom:var(--wp--preset--spacing--70);padding-left:var(--wp--preset--spacing--60)\">\n<p class=\"has-text-align-center is-style-com_titular_2 has-blanc-color has-text-color has-link-color wp-elements-5fc3211c4377f8198e35c57cefe245b2\">63%<\/p>\n\n\n\n<p class=\"has-text-align-center is-style-com_titular_4 has-gris-ared-color has-text-color has-link-color wp-elements-f5b78ad4bc0a3478134ef2ec6b6aaa78\">Mejora las relaciones interpersonales<\/p>\n<\/div>\n<\/div>\n<\/div>\n\n<div class=\"wp-block-ared-marges maq-contenidor normal marge-superior-petit marge-inferior-petit\" data-aos=\"off\" data-aos-delay=\"aos_delay\">\n<div class=\"wp-block-columns is-layout-flex wp-container-core-columns-is-layout-9d6595d7 wp-block-columns-is-layout-flex\">\n<div class=\"wp-block-column is-layout-flow wp-block-column-is-layout-flow\" style=\"flex-basis:33.34%\">\n<figure class=\"wp-block-image size-full is-resized\"><img loading=\"lazy\" decoding=\"async\" width=\"1080\" height=\"1080\" src=\"https:\/\/www.fundacioared.org\/wp-content\/uploads\/Dones-Ared-3.png\" alt=\"\" class=\"wp-image-847\" style=\"width:80px;height:auto\" srcset=\"https:\/\/www.fundacioared.org\/wp-content\/uploads\/Dones-Ared-3.png 1080w, https:\/\/www.fundacioared.org\/wp-content\/uploads\/Dones-Ared-3-300x300.png 300w, https:\/\/www.fundacioared.org\/wp-content\/uploads\/Dones-Ared-3-1024x1024.png 1024w, https:\/\/www.fundacioared.org\/wp-content\/uploads\/Dones-Ared-3-150x150.png 150w, https:\/\/www.fundacioared.org\/wp-content\/uploads\/Dones-Ared-3-768x768.png 768w, https:\/\/www.fundacioared.org\/wp-content\/uploads\/Dones-Ared-3-600x600.png 600w, https:\/\/www.fundacioared.org\/wp-content\/uploads\/Dones-Ared-3-340x340.png 340w, https:\/\/www.fundacioared.org\/wp-content\/uploads\/Dones-Ared-3-140x140.png 140w\" sizes=\"auto, (max-width: 1080px) 100vw, 1080px\" \/><\/figure>\n\n\n\n<p class=\"is-style-com_titular_5 has-taronja-ared-color has-text-color has-link-color wp-elements-4674c6aa8cbd612ce7cd4c6dc16d2ef7\">Participante de Fem Cam\u00ed<\/p>\n\n\n\n<p class=\"is-style-default has-gris-ared-color has-text-color has-link-color has-medium-font-size wp-elements-2a4dd658c5748f374d6a8f89d2b0b8e3\"><em>Gracias a este programa he podido ganar m\u00e1s confianza en m\u00ed misma y volver poco a poco a entrar en el mercado laboral, justo cuando hab\u00eda arrojado la toalla crey\u00e9ndome incapaz. Vuelvo a sentir esperanza, ilusi\u00f3n e independencia. A nivel muy personal, quiero a\u00f1adir todo mi agradecimiento a las educadoras del programa, que han sabido tener toda la paciencia, tacto, buen trato y cari\u00f1o que necesitaba.   \u00a1Nunca podr\u00e9 olvidar la ayuda que me ha dado todo el equipo!  <br\/><br\/><\/em><br\/><\/p>\n<\/div>\n\n\n\n<div class=\"wp-block-column is-layout-flow wp-block-column-is-layout-flow\" style=\"flex-basis:33.34%\">\n<figure class=\"wp-block-image size-full is-resized\"><img loading=\"lazy\" decoding=\"async\" width=\"1080\" height=\"1080\" src=\"https:\/\/www.fundacioared.org\/wp-content\/uploads\/Dones-Ared-3.png\" alt=\"\" class=\"wp-image-847\" style=\"width:80px;height:auto\" srcset=\"https:\/\/www.fundacioared.org\/wp-content\/uploads\/Dones-Ared-3.png 1080w, https:\/\/www.fundacioared.org\/wp-content\/uploads\/Dones-Ared-3-300x300.png 300w, https:\/\/www.fundacioared.org\/wp-content\/uploads\/Dones-Ared-3-1024x1024.png 1024w, https:\/\/www.fundacioared.org\/wp-content\/uploads\/Dones-Ared-3-150x150.png 150w, https:\/\/www.fundacioared.org\/wp-content\/uploads\/Dones-Ared-3-768x768.png 768w, https:\/\/www.fundacioared.org\/wp-content\/uploads\/Dones-Ared-3-600x600.png 600w, https:\/\/www.fundacioared.org\/wp-content\/uploads\/Dones-Ared-3-340x340.png 340w, https:\/\/www.fundacioared.org\/wp-content\/uploads\/Dones-Ared-3-140x140.png 140w\" sizes=\"auto, (max-width: 1080px) 100vw, 1080px\" \/><\/figure>\n\n\n\n<p class=\"is-style-com_titular_5 has-taronja-ared-color has-text-color has-link-color wp-elements-4674c6aa8cbd612ce7cd4c6dc16d2ef7\">Participante de Fem Cam\u00ed<\/p>\n\n\n\n<p class=\"is-style-default has-gris-ared-color has-text-color has-link-color has-medium-font-size wp-elements-3e9773b3315a55eadf124fe0e78ade26\"><em>Este programa ha sido para m\u00ed un importante impulso de autoestima, he tenido la oportunidad de conocer personas fant\u00e1sticas que me han ayudado a superar algunos de mis<br\/> temores y sobre todo a valorarme, sentirme apoyada y creer que, a pesar de mis circunstancias, puedo conseguir mis objetivos aunque sea poco a poco.  <br\/><\/em><br\/><\/p>\n<\/div>\n\n\n\n<div class=\"wp-block-column is-layout-flow wp-block-column-is-layout-flow\" style=\"flex-basis:33.34%\">\n<figure class=\"wp-block-image size-full is-resized\"><img loading=\"lazy\" decoding=\"async\" width=\"1080\" height=\"1080\" src=\"https:\/\/www.fundacioared.org\/wp-content\/uploads\/Dones-Ared-3.png\" alt=\"\" class=\"wp-image-847\" style=\"width:80px;height:auto\" srcset=\"https:\/\/www.fundacioared.org\/wp-content\/uploads\/Dones-Ared-3.png 1080w, https:\/\/www.fundacioared.org\/wp-content\/uploads\/Dones-Ared-3-300x300.png 300w, https:\/\/www.fundacioared.org\/wp-content\/uploads\/Dones-Ared-3-1024x1024.png 1024w, https:\/\/www.fundacioared.org\/wp-content\/uploads\/Dones-Ared-3-150x150.png 150w, https:\/\/www.fundacioared.org\/wp-content\/uploads\/Dones-Ared-3-768x768.png 768w, https:\/\/www.fundacioared.org\/wp-content\/uploads\/Dones-Ared-3-600x600.png 600w, https:\/\/www.fundacioared.org\/wp-content\/uploads\/Dones-Ared-3-340x340.png 340w, https:\/\/www.fundacioared.org\/wp-content\/uploads\/Dones-Ared-3-140x140.png 140w\" sizes=\"auto, (max-width: 1080px) 100vw, 1080px\" \/><\/figure>\n\n\n\n<p class=\"is-style-com_titular_5 has-taronja-ared-color has-text-color has-link-color wp-elements-7953109d6d0dbe1397e30ffe8c3760fc\"><strong>Participante de Fem Cam\u00ed<\/strong><\/p>\n\n\n\n<p class=\"is-style-default has-gris-ared-color has-text-color has-link-color has-medium-font-size wp-elements-1a6f65af460e05f61024c6dd9539f856\"><em>El programa est\u00e1 siendo una gran herramienta de ayuda para entender y afrontar mejor mi dolencia. Entender cu\u00e1les son mis l\u00edmites y capacidades en relaci\u00f3n al tema laboral. Me siento m\u00e1s apoderada y preparada. Las clases son amenas, participativas y con un buen material de aprendizaje. Deseo que este programa tenga mayor continuidad y que m\u00e1s mujeres con esta enfermedad se puedan beneficiar.     Doy las gracias a todo el equipo, especialmente a mi orientadora por su profesionalidad, su saber estar, amabilidad y respeto.  <\/em><\/p>\n<\/div>\n<\/div>\n<\/div>\n\n<div class=\"wp-block-cover is-light\"><span aria-hidden=\"true\" class=\"wp-block-cover__background has-beige-ared-background-color has-background-dim-100 has-background-dim\"><\/span><div class=\"wp-block-cover__inner-container is-layout-constrained wp-block-cover-is-layout-constrained\">\n<div class=\"wp-block-ared-marges maq-contenidor normal marge-superior-petit marge-inferior-\" data-aos=\"off\" data-aos-delay=\"aos_delay\">\n<p class=\"has-text-align-center is-style-com_titular_4 has-taronja-ared-color has-text-color has-link-color wp-elements-b8a634faf218219a99a7e44129d3d2d3\">\u00bfEst\u00e1s interesado\/a en uno de nuestros programas?<\/p>\n\n\n\n<p class=\"has-text-align-center is-style-com_titular_3\" id=\"formulari\">\u00a1Cont\u00e1ctanos para m\u00e1s informaci\u00f3n!<\/p>\n\n\n\n<p class=\"has-text-align-center has-gris-ared-color has-text-color has-link-color wp-elements-65197078ccff526dbe2ed98d461dcd87\">Env\u00eda tus datos y recibir\u00e1s informaci\u00f3n de este programa y de otros que te puedan interesar.<\/p>\n<\/div>\n\n\n\n<div class=\"wp-block-ared-marges maq-contenidor estreta marge-superior-petit marge-inferior-petit\" data-aos=\"off\" data-aos-delay=\"aos_delay\"><div class=\"wpforms-container wpforms-container-full\" id=\"wpforms-2931\"><form id=\"wpforms-form-2931\" class=\"wpforms-validate wpforms-form wpforms-ajax-form\" data-formid=\"2931\" method=\"post\" enctype=\"multipart\/form-data\" action=\"\/es\/wp-json\/wp\/v2\/pages\/4667\" data-token=\"f320a1008c95d5f55d030399dff1ac21\" data-token-time=\"1777349320\"><noscript class=\"wpforms-error-noscript\">Por favor, activa JavaScript en tu navegador para completar este formulario.<\/noscript><div class=\"wpforms-field-container\"><div id=\"wpforms-2931-field_1-container\" class=\"wpforms-field wpforms-field-name\" data-field-id=\"1\"><label class=\"wpforms-field-label\">Nombre <span class=\"wpforms-required-label\">*<\/span><\/label><div class=\"wpforms-field-row wpforms-field-large\"><div class=\"wpforms-field-row-block wpforms-first wpforms-one-half\"><input type=\"text\" id=\"wpforms-2931-field_1\" class=\"wpforms-field-name-first wpforms-field-required\" name=\"wpforms[fields][1][first]\" required><label for=\"wpforms-2931-field_1\" class=\"wpforms-field-sublabel after\">Nombre<\/label><\/div><div class=\"wpforms-field-row-block wpforms-one-half\"><input type=\"text\" id=\"wpforms-2931-field_1-last\" class=\"wpforms-field-name-last wpforms-field-required\" name=\"wpforms[fields][1][last]\" required><label for=\"wpforms-2931-field_1-last\" class=\"wpforms-field-sublabel after\">Apellidos<\/label><\/div><\/div><\/div>\t\t<div id=\"wpforms-2931-field_4-container\"\n\t\t\tclass=\"wpforms-field wpforms-field-text\"\n\t\t\tdata-field-type=\"text\"\n\t\t\tdata-field-id=\"4\"\n\t\t\t>\n\t\t\t<label class=\"wpforms-field-label\" for=\"wpforms-2931-field_4\" >selecci\u00f3n electr\u00f3nico Phone<\/label>\n\t\t\t<input type=\"text\" id=\"wpforms-2931-field_4\" class=\"wpforms-field-medium\" name=\"wpforms[fields][4]\" >\n\t\t<\/div>\n\t\t<div id=\"wpforms-2931-field_2-container\" class=\"wpforms-field wpforms-field-email\" data-field-id=\"2\"><label class=\"wpforms-field-label\" for=\"wpforms-2931-field_2\">Correo electr\u00f3nico <span class=\"wpforms-required-label\">*<\/span><\/label><input type=\"email\" id=\"wpforms-2931-field_2\" class=\"wpforms-field-large wpforms-field-required\" name=\"wpforms[fields][2]\" spellcheck=\"false\" required><\/div><div id=\"wpforms-2931-field_5-container\" class=\"wpforms-field wpforms-field-phone\" data-field-id=\"5\"><label class=\"wpforms-field-label\" for=\"wpforms-2931-field_5\">Phone<\/label><input type=\"tel\" id=\"wpforms-2931-field_5\" class=\"wpforms-field-large wpforms-smart-phone-field\" data-rule-smart-phone-field=\"true\" name=\"wpforms[fields][5]\" aria-label=\"Phone\" ><\/div><div id=\"wpforms-2931-field_3-container\" class=\"wpforms-field wpforms-field-textarea\" data-field-id=\"3\"><label class=\"wpforms-field-label\" for=\"wpforms-2931-field_3\">Comentario o mensaje<\/label><textarea id=\"wpforms-2931-field_3\" class=\"wpforms-field-medium\" name=\"wpforms[fields][3]\" ><\/textarea><\/div><div id=\"wpforms-2931-field_7-container\" class=\"wpforms-field wpforms-field-checkbox\" data-field-id=\"7\"><label class=\"wpforms-field-label wpforms-label-hide\">Casillas de selecci\u00f3n <span class=\"wpforms-required-label\">*<\/span><\/label><ul id=\"wpforms-2931-field_7\" class=\"wpforms-field-required\"><li class=\"choice-1 depth-1\"><input type=\"checkbox\" id=\"wpforms-2931-field_7_1\" name=\"wpforms[fields][7][]\" value=\"He le\u00eddo y acepto la &lt;a href=&quot;https:\/\/www.fundacioared.org\/es\/politica-de-privacidad\/&quot;&gt;Pol\u00edtica de privacidad&lt;\/a&gt;\" required ><label class=\"wpforms-field-label-inline\" for=\"wpforms-2931-field_7_1\">He le\u00eddo y acepto la <a href=\"https:\/\/www.fundacioared.org\/es\/politica-de-privacidad\/\">Pol\u00edtica de privacidad<\/a><\/label><\/li><\/ul><\/div><div id=\"wpforms-2931-field_6-container\" class=\"wpforms-field wpforms-field-html\" data-field-id=\"6\"><div id=\"wpforms-2931-field_6\"><p style=\"color:#3e4952;font-size:10px;line-height:1.3em;\">INFORMACI\u00d3N B\u00c1SICA DE PROTECCI\u00d3N DE DATOS: En cumplimiento del deber de informar a los interesados \u200b\u200bde las circunstancias y condiciones del tratamiento de sus datos y de los derechos que le asisten, ponemos a su disposici\u00f3n la siguiente informaci\u00f3n. INFORMACI\u00d3N B\u00c1SICA SOBRE PROTECCI\u00d3N DE DATOS\n RESPONSABLE DEL TRATAMIENTO. Responsable: Fundaci\u00f3n Privada Ared. CIF: G62728183 Dir.\n FINALIDAD. Gestionar su consulta\/petici\u00f3n y dar una respuesta a la misma.\n LEGITIMACI\u00d3N. Su consentimiento.\n DESTINATARIOS. Los datos no se ceder\u00e1n a terceros salvo en los casos en los que exista una obligaci\u00f3n legal o comunicaci\u00f3n necesaria para dar contestaci\u00f3n a su consulta.\n DERECHOS. Puede ejercer sus derechos a acceder, rectificar, oponerse, limitar, llevar y suprimir los datos ante el responsable del tratamiento; adem\u00e1s de acudir a la autoridad de control competente (AEPD). INFORMACI\u00d3N ADICIONAL. Puede consultar la informaci\u00f3n adicional sobre el tratamiento de sus datos personales <a href=\"https:\/\/www.fundacioared.org\/es\/politica-de-privacidad\/\">aqu\u00ed<\/a> .\n\n       \n <\/p><\/div><\/div><script>\n\t\t\t\t( function() {\n\t\t\t\t\tconst style = document.createElement( 'style' );\n\t\t\t\t\tstyle.appendChild( document.createTextNode( '#wpforms-2931-field_4-container { position: absolute !important; overflow: hidden !important; display: inline !important; height: 1px !important; width: 1px !important; z-index: -1000 !important; padding: 0 !important; } #wpforms-2931-field_4-container input { visibility: hidden; } #wpforms-conversational-form-page #wpforms-2931-field_4-container label { counter-increment: none; }' ) );\n\t\t\t\t\tdocument.head.appendChild( style );\n\t\t\t\t\tdocument.currentScript?.remove();\n\t\t\t\t} )();\n\t\t\t<\/script><\/div><!-- .wpforms-field-container --><div class=\"wpforms-submit-container\" ><input type=\"hidden\" name=\"wpforms[id]\" value=\"2931\"><input type=\"hidden\" name=\"page_title\" value=\"\"><input type=\"hidden\" name=\"page_url\" value=\"https:\/\/www.fundacioared.org\/es\/wp-json\/wp\/v2\/pages\/4667\"><input type=\"hidden\" name=\"url_referer\" value=\"\"><button type=\"submit\" name=\"wpforms[submit]\" id=\"wpforms-submit-2931\" class=\"wpforms-submit\" data-alt-text=\"Se est\u00e1 enviando...\" data-submit-text=\"Env\u00eda\" aria-live=\"assertive\" value=\"wpforms-submit\">Env\u00eda<\/button><img loading=\"lazy\" decoding=\"async\" src=\"https:\/\/www.fundacioared.org\/wp-content\/plugins\/wpforms\/assets\/images\/submit-spin.svg\" class=\"wpforms-submit-spinner\" style=\"display: none;\" width=\"26\" height=\"26\" alt=\"Cargando\"><\/div><\/form><\/div>  <!-- .wpforms-container -->\n<\/div>\n<\/div><\/div>\n\n<div style=\"height:53px\" aria-hidden=\"true\" class=\"wp-block-spacer\"><\/div>\n\n<div class=\"wp-block-ared-marges maq-contenidor normal marge-superior-petit marge-inferior-\" data-aos=\"off\" data-aos-delay=\"aos_delay\">\n<p class=\"has-text-align-center is-style-com_titular_4 has-gris-ared-color has-text-color has-link-color wp-elements-0909d71f7c7e01ab2bf9533fbd30b1d0\">Con el apoyo de<\/p>\n\n\n\n<div style=\"height:62px\" aria-hidden=\"true\" class=\"wp-block-spacer\"><\/div>\n\n\n\n<div class=\"wp-block-columns is-layout-flex wp-container-core-columns-is-layout-9d6595d7 wp-block-columns-is-layout-flex\">\n<div class=\"wp-block-column is-vertically-aligned-center is-layout-flow wp-block-column-is-layout-flow\"><\/div>\n\n\n\n<div class=\"wp-block-column is-layout-flow wp-block-column-is-layout-flow\">\n<figure class=\"wp-block-image aligncenter size-full is-resized\"><img loading=\"lazy\" decoding=\"async\" width=\"1038\" height=\"267\" src=\"https:\/\/www.fundacioared.org\/wp-content\/uploads\/Logo_GENCAT-1.jpg\" alt=\"\" class=\"wp-image-5704\" style=\"aspect-ratio:3.8879281676089126;width:217px;height:auto\" srcset=\"https:\/\/www.fundacioared.org\/wp-content\/uploads\/Logo_GENCAT-1.jpg 1038w, https:\/\/www.fundacioared.org\/wp-content\/uploads\/Logo_GENCAT-1-300x77.jpg 300w, https:\/\/www.fundacioared.org\/wp-content\/uploads\/Logo_GENCAT-1-1024x263.jpg 1024w, https:\/\/www.fundacioared.org\/wp-content\/uploads\/Logo_GENCAT-1-768x198.jpg 768w, https:\/\/www.fundacioared.org\/wp-content\/uploads\/Logo_GENCAT-1-340x87.jpg 340w, https:\/\/www.fundacioared.org\/wp-content\/uploads\/Logo_GENCAT-1-140x36.jpg 140w\" sizes=\"auto, (max-width: 1038px) 100vw, 1038px\" \/><\/figure>\n<\/div>\n\n\n\n<div class=\"wp-block-column is-vertically-aligned-center is-layout-flow wp-block-column-is-layout-flow\"><\/div>\n<\/div>\n<\/div>\n\n<p><\/p>\n","protected":false},"excerpt":{"rendered":"<p>UNA METODOLOG\u00cdA INTEGRAL<\/p>\n","protected":false},"author":1,"featured_media":0,"parent":0,"menu_order":10,"comment_status":"closed","ping_status":"closed","template":"","meta":{"_acf_changed":false,"footnotes":""},"class_list":["post-4667","page","type-page","status-publish","hentry"],"acf":[],"_links":{"self":[{"href":"https:\/\/www.fundacioared.org\/es\/wp-json\/wp\/v2\/pages\/4667","targetHints":{"allow":["GET"]}}],"collection":[{"href":"https:\/\/www.fundacioared.org\/es\/wp-json\/wp\/v2\/pages"}],"about":[{"href":"https:\/\/www.fundacioared.org\/es\/wp-json\/wp\/v2\/types\/page"}],"author":[{"embeddable":true,"href":"https:\/\/www.fundacioared.org\/es\/wp-json\/wp\/v2\/users\/1"}],"replies":[{"embeddable":true,"href":"https:\/\/www.fundacioared.org\/es\/wp-json\/wp\/v2\/comments?post=4667"}],"version-history":[{"count":11,"href":"https:\/\/www.fundacioared.org\/es\/wp-json\/wp\/v2\/pages\/4667\/revisions"}],"predecessor-version":[{"id":6161,"href":"https:\/\/www.fundacioared.org\/es\/wp-json\/wp\/v2\/pages\/4667\/revisions\/6161"}],"wp:attachment":[{"href":"https:\/\/www.fundacioared.org\/es\/wp-json\/wp\/v2\/media?parent=4667"}],"curies":[{"name":"wp","href":"https:\/\/api.w.org\/{rel}","templated":true}]}}