{"id":4674,"date":"2024-07-22T07:48:22","date_gmt":"2024-07-22T05:48:22","guid":{"rendered":"https:\/\/www.fundacioared.org\/haz-un-donativo\/"},"modified":"2025-01-22T12:40:36","modified_gmt":"2025-01-22T11:40:36","slug":"haz-un-donativo","status":"publish","type":"page","link":"https:\/\/www.fundacioared.org\/es\/haz-un-donativo\/","title":{"rendered":"Haz un donativo"},"content":{"rendered":"\n<div class=\"wp-block-ared-cabecera mod-cabecera\"><div class=\"slider\">\n<div class=\"wp-block-ared-cabecera-interior slide\"><div class=\"image\" style=\"background-image:url(https:\/\/www.fundacioared.org\/wp-content\/uploads\/25-NOVEMBRE-4-2.jpg)\"><div class=\"text maq-contenidor\">\n<p class=\"is-style-com_titular_3 has-gris-ared-color has-text-color has-link-color wp-elements-c00bd0f0973829518daef67dfd280374\">\u00a1Tu solidaridad<br> transforma vidas!<\/p>\n\n\n\n<p class=\"has-gris-ared-color has-text-color has-link-color wp-elements-ec48f5acc789e91565084a538eb255c7\">Toda aportaci\u00f3n es importante para contribuir<br> a crear una sociedad sin exclusi\u00f3n social.<\/p>\n<\/div><\/div><\/div>\n<\/div><\/div>\n\n\n\n<div class=\"wp-block-ared-marges maq-contenidor estreta marge-superior-petit marge-inferior-\" data-aos=\"off\" data-aos-delay=\"aos_delay\">\n<p class=\"is-style-com_titular_3\">Haz una donaci\u00f3n y ofrece nuevas oportunidades<\/p>\n<\/div>\n\n\n\n<div class=\"wp-block-ared-marges maq-contenidor estreta marge-superior- marge-inferior-petit\" data-aos=\"off\" data-aos-delay=\"aos_delay\">\n<div class=\"wp-block-columns is-layout-flex wp-container-core-columns-is-layout-9d6595d7 wp-block-columns-is-layout-flex\">\n<div class=\"wp-block-column is-layout-flow wp-block-column-is-layout-flow\">\n<p class=\"is-style-default has-gris-ared-color has-text-color has-link-color wp-elements-a8ae02266607c8411b5544c834288799\">Con tu apoyo, podremos incidir en la vida de quienes menos oportunidades han tenido. Cada aportaci\u00f3n contribuye directamente a promover la inclusi\u00f3n social y generar oportunidades laborales para personas en situaci\u00f3n de vulnerabilidad. <\/p>\n<\/div>\n<\/div>\n<\/div>\n\n\n\n<div class=\"wp-block-ared-marges maq-contenidor normal marge-superior-petit marge-inferior-petit\" data-aos=\"off\" data-aos-delay=\"aos_delay\">\n<div class=\"wp-block-columns is-layout-flex wp-container-core-columns-is-layout-9d6595d7 wp-block-columns-is-layout-flex\">\n<div class=\"wp-block-column is-layout-flow wp-block-column-is-layout-flow\" style=\"padding-right:var(--wp--preset--spacing--50);padding-left:var(--wp--preset--spacing--50)\">\n<figure class=\"wp-block-image aligncenter size-full is-resized\"><img loading=\"lazy\" decoding=\"async\" width=\"1080\" height=\"1080\" src=\"https:\/\/www.fundacioared.org\/wp-content\/uploads\/1_Icono-Personas-Acompanadas-1.png\" alt=\"\" class=\"wp-image-2729\" style=\"width:150px\" srcset=\"https:\/\/www.fundacioared.org\/wp-content\/uploads\/1_Icono-Personas-Acompanadas-1.png 1080w, https:\/\/www.fundacioared.org\/wp-content\/uploads\/1_Icono-Personas-Acompanadas-1-300x300.png 300w, https:\/\/www.fundacioared.org\/wp-content\/uploads\/1_Icono-Personas-Acompanadas-1-1024x1024.png 1024w, https:\/\/www.fundacioared.org\/wp-content\/uploads\/1_Icono-Personas-Acompanadas-1-150x150.png 150w, https:\/\/www.fundacioared.org\/wp-content\/uploads\/1_Icono-Personas-Acompanadas-1-768x768.png 768w, https:\/\/www.fundacioared.org\/wp-content\/uploads\/1_Icono-Personas-Acompanadas-1-600x600.png 600w, https:\/\/www.fundacioared.org\/wp-content\/uploads\/1_Icono-Personas-Acompanadas-1-340x340.png 340w, https:\/\/www.fundacioared.org\/wp-content\/uploads\/1_Icono-Personas-Acompanadas-1-140x140.png 140w\" sizes=\"auto, (max-width: 1080px) 100vw, 1080px\" \/><\/figure>\n\n\n\n<div style=\"height:30px\" aria-hidden=\"true\" class=\"wp-block-spacer\"><\/div>\n\n\n\n<p class=\"has-text-align-center is-style-com_titular_2 has-taronja-ared-color has-text-color has-link-color wp-elements-729b5c42a7efa76afa2c7101a075f2e6\">1.300<\/p>\n\n\n\n<p class=\"has-text-align-center is-style-com_titular_5\">Personas acompa\u00f1adas anualmente  <\/p>\n<\/div>\n\n\n\n<div class=\"wp-block-column is-layout-flow wp-block-column-is-layout-flow\" style=\"padding-right:var(--wp--preset--spacing--50);padding-left:var(--wp--preset--spacing--50)\">\n<figure class=\"wp-block-image aligncenter size-full is-resized\"><img loading=\"lazy\" decoding=\"async\" width=\"1080\" height=\"1080\" src=\"https:\/\/www.fundacioared.org\/wp-content\/uploads\/2_Icono-Inserciones-laborales-1.png\" alt=\"\" class=\"wp-image-2730\" style=\"width:150px\" srcset=\"https:\/\/www.fundacioared.org\/wp-content\/uploads\/2_Icono-Inserciones-laborales-1.png 1080w, https:\/\/www.fundacioared.org\/wp-content\/uploads\/2_Icono-Inserciones-laborales-1-300x300.png 300w, https:\/\/www.fundacioared.org\/wp-content\/uploads\/2_Icono-Inserciones-laborales-1-1024x1024.png 1024w, https:\/\/www.fundacioared.org\/wp-content\/uploads\/2_Icono-Inserciones-laborales-1-150x150.png 150w, https:\/\/www.fundacioared.org\/wp-content\/uploads\/2_Icono-Inserciones-laborales-1-768x768.png 768w, https:\/\/www.fundacioared.org\/wp-content\/uploads\/2_Icono-Inserciones-laborales-1-600x600.png 600w, https:\/\/www.fundacioared.org\/wp-content\/uploads\/2_Icono-Inserciones-laborales-1-340x340.png 340w, https:\/\/www.fundacioared.org\/wp-content\/uploads\/2_Icono-Inserciones-laborales-1-140x140.png 140w\" sizes=\"auto, (max-width: 1080px) 100vw, 1080px\" \/><\/figure>\n\n\n\n<div style=\"height:30px\" aria-hidden=\"true\" class=\"wp-block-spacer\"><\/div>\n\n\n\n<p class=\"has-text-align-center is-style-com_titular_2 has-taronja-ared-color has-text-color has-link-color wp-elements-4c01de62339d372b2f91a5c9508e36cc\">350<\/p>\n\n\n\n<p class=\"has-text-align-center is-style-com_titular_5\">Inserciones anuales,<br> una al d\u00eda<\/p>\n<\/div>\n\n\n\n<div class=\"wp-block-column is-layout-flow wp-block-column-is-layout-flow\" style=\"padding-right:var(--wp--preset--spacing--50);padding-left:var(--wp--preset--spacing--50)\">\n<figure class=\"wp-block-image aligncenter size-full is-resized\"><img loading=\"lazy\" decoding=\"async\" width=\"1080\" height=\"1080\" src=\"https:\/\/www.fundacioared.org\/wp-content\/uploads\/3_Icono-personas-formadas-1.png\" alt=\"\" class=\"wp-image-2731\" style=\"width:150px\" srcset=\"https:\/\/www.fundacioared.org\/wp-content\/uploads\/3_Icono-personas-formadas-1.png 1080w, https:\/\/www.fundacioared.org\/wp-content\/uploads\/3_Icono-personas-formadas-1-300x300.png 300w, https:\/\/www.fundacioared.org\/wp-content\/uploads\/3_Icono-personas-formadas-1-1024x1024.png 1024w, https:\/\/www.fundacioared.org\/wp-content\/uploads\/3_Icono-personas-formadas-1-150x150.png 150w, https:\/\/www.fundacioared.org\/wp-content\/uploads\/3_Icono-personas-formadas-1-768x768.png 768w, https:\/\/www.fundacioared.org\/wp-content\/uploads\/3_Icono-personas-formadas-1-600x600.png 600w, https:\/\/www.fundacioared.org\/wp-content\/uploads\/3_Icono-personas-formadas-1-340x340.png 340w, https:\/\/www.fundacioared.org\/wp-content\/uploads\/3_Icono-personas-formadas-1-140x140.png 140w\" sizes=\"auto, (max-width: 1080px) 100vw, 1080px\" \/><\/figure>\n\n\n\n<div style=\"height:30px\" aria-hidden=\"true\" class=\"wp-block-spacer\"><\/div>\n\n\n\n<p class=\"has-text-align-center is-style-com_titular_2 has-taronja-ared-color has-text-color has-link-color wp-elements-39d9631d4f3c171f5483789de84a92cb\"><strong>300<\/strong><\/p>\n\n\n\n<p class=\"has-text-align-center is-style-com_titular_5\" id=\"donatiu\"><strong>Personas formadas<\/strong><br> cada a\u00f1o<\/p>\n<\/div>\n<\/div>\n<\/div>\n\n\n\n<div class=\"wp-block-ared-marges maq-contenidor normal marge-superior-petit marge-inferior-petit\" data-aos=\"off\" data-aos-delay=\"aos_delay\">\n<p class=\"has-text-align-center is-style-com_titular_3\">Tu colaboraci\u00f3n es clave<br> para crecer y poder ayudar a m\u00e1s personas<\/p>\n\n\n\n<p class=\"has-text-align-center is-style-com_titular_4 has-taronja-ared-color has-text-color has-link-color wp-elements-e488fe94be2825b8faa3a5bdd8dd9f87\">Haz tu donaci\u00f3n puntual o peri\u00f3dica<\/p>\n<\/div>\n\n\n\n<div class=\"wp-block-ared-marges maq-contenidor estreta marge-superior-petit marge-inferior-petit\" data-aos=\"off\" data-aos-delay=\"aos_delay\">\n<div class=\"wp-block-columns is-layout-flex wp-container-core-columns-is-layout-9d6595d7 wp-block-columns-is-layout-flex\">\n<div class=\"wp-block-column has-taronja-ared-color has-taronja-ared-background-color has-text-color has-background has-link-color wp-elements-3d8138dbc62a06a560021c34e02319c6 is-layout-flow wp-block-column-is-layout-flow\" style=\"padding-right:var(--wp--preset--spacing--50);padding-left:var(--wp--preset--spacing--50)\">\n<div style=\"height:50px\" aria-hidden=\"true\" class=\"wp-block-spacer\"><\/div>\n\n\n\n<p class=\"has-text-align-left is-style-com_titular_3 has-blanc-color has-text-color has-link-color wp-elements-65d7253c3bf1fdf3ab2b23983f07f964\"><a href=\"https:\/\/www.fundacioared.org\/es\/donacion-puntual\/\"><mark style=\"background-color:rgba(0, 0, 0, 0)\" class=\"has-inline-color has-blanc-color\">Donativo<br> puntual<\/mark><\/a><\/p>\n\n\n\n<p class=\"has-text-align-left is-style-com_titular_5 has-gris-ared-color has-text-color has-link-color wp-elements-73212c0bae3e4d5ea28bbdedc49d96c3\"><a href=\"https:\/\/www.fundacioared.org\/es\/donacion-puntual\/\"><mark style=\"background-color:rgba(0, 0, 0, 0)\" class=\"has-inline-color has-gris-ared-color\">De forma f\u00e1cil y r\u00e1pida rellena el formulario  <\/mark><\/a><\/p>\n\n\n\n<div style=\"height:50px\" aria-hidden=\"true\" class=\"wp-block-spacer\"><\/div>\n\n\n\n<div class=\"wp-block-buttons is-content-justification-right is-layout-flex wp-container-core-buttons-is-layout-765c4724 wp-block-buttons-is-layout-flex\">\n<div class=\"wp-block-button is-style-gris-blanc\"><a class=\"wp-block-button__link wp-element-button\" href=\"https:\/\/www.fundacioared.org\/es\/donacion-puntual\/\">Haz ahora tu donativo<\/a><\/div>\n<\/div>\n\n\n\n<div style=\"height:25px\" aria-hidden=\"true\" class=\"wp-block-spacer\"><\/div>\n<\/div>\n\n\n\n<div class=\"wp-block-column has-gris-ared-background-color has-background is-layout-flow wp-block-column-is-layout-flow\" style=\"padding-right:var(--wp--preset--spacing--50);padding-left:var(--wp--preset--spacing--50)\">\n<div style=\"height:50px\" aria-hidden=\"true\" class=\"wp-block-spacer\"><\/div>\n\n\n\n<p class=\"has-text-align-left is-style-com_titular_3 has-blanc-color has-text-color has-link-color wp-elements-c2a17c07cca877bc3cd69699b93d77d9\"><a href=\"https:\/\/www.fundacioared.org\/es\/donacion-periodica\/\"><mark style=\"background-color:rgba(0, 0, 0, 0)\" class=\"has-inline-color has-blanc-color\">Donativo peri\u00f3dico<\/mark><\/a><\/p>\n\n\n\n<p class=\"has-text-align-left is-style-com_titular_5\"><a href=\"https:\/\/www.fundacioared.org\/es\/donacion-periodica\/\"><mark style=\"background-color:rgba(0, 0, 0, 0)\" class=\"has-inline-color has-taronja-ared-color\">De forma f\u00e1cil y r\u00e1pida rellena el formulario  <\/mark><\/a><\/p>\n\n\n\n<div style=\"height:50px\" aria-hidden=\"true\" class=\"wp-block-spacer\"><\/div>\n\n\n\n<div class=\"wp-block-buttons is-content-justification-right is-layout-flex wp-container-core-buttons-is-layout-765c4724 wp-block-buttons-is-layout-flex\">\n<div class=\"wp-block-button is-style-taronja-blanc\"><a class=\"wp-block-button__link wp-element-button\" href=\"https:\/\/www.fundacioared.org\/es\/donacion-periodica\/\">Haz ahora tu donativo<\/a><\/div>\n<\/div>\n\n\n\n<div style=\"height:25px\" aria-hidden=\"true\" class=\"wp-block-spacer\"><\/div>\n<\/div>\n<\/div>\n<\/div>\n\n\n\n<div style=\"height:54px\" aria-hidden=\"true\" id=\"colabora\" class=\"wp-block-spacer\"><\/div>\n\n\n\n<div class=\"wp-block-ared-marges maq-contenidor normal marge-superior-petit marge-inferior-gran\" data-aos=\"off\" data-aos-delay=\"aos_delay\">\n<div class=\"wp-block-columns is-layout-flex wp-container-core-columns-is-layout-9d6595d7 wp-block-columns-is-layout-flex\">\n<div class=\"wp-block-column is-layout-flow wp-block-column-is-layout-flow\" style=\"padding-right:var(--wp--preset--spacing--50);padding-left:var(--wp--preset--spacing--50)\">\n<figure class=\"wp-block-image aligncenter size-full is-resized\"><img loading=\"lazy\" decoding=\"async\" width=\"1080\" height=\"1080\" src=\"https:\/\/www.fundacioared.org\/wp-content\/uploads\/Bizum.png\" alt=\"\" class=\"wp-image-2736\" style=\"width:150px\" srcset=\"https:\/\/www.fundacioared.org\/wp-content\/uploads\/Bizum.png 1080w, https:\/\/www.fundacioared.org\/wp-content\/uploads\/Bizum-300x300.png 300w, https:\/\/www.fundacioared.org\/wp-content\/uploads\/Bizum-1024x1024.png 1024w, https:\/\/www.fundacioared.org\/wp-content\/uploads\/Bizum-150x150.png 150w, https:\/\/www.fundacioared.org\/wp-content\/uploads\/Bizum-768x768.png 768w, https:\/\/www.fundacioared.org\/wp-content\/uploads\/Bizum-600x600.png 600w, https:\/\/www.fundacioared.org\/wp-content\/uploads\/Bizum-340x340.png 340w, https:\/\/www.fundacioared.org\/wp-content\/uploads\/Bizum-140x140.png 140w\" sizes=\"auto, (max-width: 1080px) 100vw, 1080px\" \/><\/figure>\n\n\n\n<div style=\"height:30px\" aria-hidden=\"true\" class=\"wp-block-spacer\"><\/div>\n\n\n\n<p class=\"has-text-align-center is-style-com_titular_4 has-taronja-ared-color has-text-color has-link-color wp-elements-44ab42ac15c4bfff0df5aba261807922\">Si quieres,<br> env\u00edanos un Bizzum<\/p>\n\n\n\n<p class=\"has-text-align-center\">La identificaci\u00f3n de la Fundaci\u00f3n Ared es <strong>33480<\/strong><\/p>\n<\/div>\n\n\n\n<div class=\"wp-block-column is-layout-flow wp-block-column-is-layout-flow\" style=\"padding-right:var(--wp--preset--spacing--50);padding-left:var(--wp--preset--spacing--50)\">\n<figure class=\"wp-block-image aligncenter size-full is-resized\"><img loading=\"lazy\" decoding=\"async\" width=\"1080\" height=\"1080\" src=\"https:\/\/www.fundacioared.org\/wp-content\/uploads\/Transferencia.png\" alt=\"\" class=\"wp-image-2737\" style=\"width:150px\" srcset=\"https:\/\/www.fundacioared.org\/wp-content\/uploads\/Transferencia.png 1080w, https:\/\/www.fundacioared.org\/wp-content\/uploads\/Transferencia-300x300.png 300w, https:\/\/www.fundacioared.org\/wp-content\/uploads\/Transferencia-1024x1024.png 1024w, https:\/\/www.fundacioared.org\/wp-content\/uploads\/Transferencia-150x150.png 150w, https:\/\/www.fundacioared.org\/wp-content\/uploads\/Transferencia-768x768.png 768w, https:\/\/www.fundacioared.org\/wp-content\/uploads\/Transferencia-600x600.png 600w, https:\/\/www.fundacioared.org\/wp-content\/uploads\/Transferencia-340x340.png 340w, https:\/\/www.fundacioared.org\/wp-content\/uploads\/Transferencia-140x140.png 140w\" sizes=\"auto, (max-width: 1080px) 100vw, 1080px\" \/><\/figure>\n\n\n\n<div style=\"height:30px\" aria-hidden=\"true\" class=\"wp-block-spacer\"><\/div>\n\n\n\n<p class=\"has-text-align-center is-style-com_titular_4 has-taronja-ared-color has-text-color has-link-color wp-elements-9f7d9f80c22e6bae72520950479ee594\"><strong>Quieres hacer una<\/strong><br> <strong>transferencia?<\/strong><\/p>\n\n\n\n<p class=\"has-text-align-center\">Si prefieres realizar una transferencia bancaria,<br> \u00e9ste es el n\u00famero de cuenta:<br> ES49 2100 3106 2022 0028 5796<\/p>\n<\/div>\n\n\n\n<div class=\"wp-block-column is-layout-flow wp-block-column-is-layout-flow\" style=\"padding-right:var(--wp--preset--spacing--50);padding-left:var(--wp--preset--spacing--50)\">\n<figure class=\"wp-block-image aligncenter size-full is-resized\"><img loading=\"lazy\" decoding=\"async\" width=\"1080\" height=\"1080\" src=\"https:\/\/www.fundacioared.org\/wp-content\/uploads\/Dones-Ared-9-1.png\" alt=\"\" class=\"wp-image-1013\" style=\"width:150px\" srcset=\"https:\/\/www.fundacioared.org\/wp-content\/uploads\/Dones-Ared-9-1.png 1080w, https:\/\/www.fundacioared.org\/wp-content\/uploads\/Dones-Ared-9-1-300x300.png 300w, https:\/\/www.fundacioared.org\/wp-content\/uploads\/Dones-Ared-9-1-1024x1024.png 1024w, https:\/\/www.fundacioared.org\/wp-content\/uploads\/Dones-Ared-9-1-150x150.png 150w, https:\/\/www.fundacioared.org\/wp-content\/uploads\/Dones-Ared-9-1-768x768.png 768w, https:\/\/www.fundacioared.org\/wp-content\/uploads\/Dones-Ared-9-1-600x600.png 600w, https:\/\/www.fundacioared.org\/wp-content\/uploads\/Dones-Ared-9-1-340x340.png 340w, https:\/\/www.fundacioared.org\/wp-content\/uploads\/Dones-Ared-9-1-140x140.png 140w\" sizes=\"auto, (max-width: 1080px) 100vw, 1080px\" \/><\/figure>\n\n\n\n<div style=\"height:30px\" aria-hidden=\"true\" class=\"wp-block-spacer\"><\/div>\n\n\n\n<p class=\"has-text-align-center is-style-com_titular_4 has-taronja-ared-color has-text-color has-link-color wp-elements-3a25e450f818dc066d60e6799d1704b2\"><strong>\u00bfTienes dudas?<\/strong><br><strong>Te llamamos<\/strong><\/p>\n\n\n\n<p class=\"has-text-align-center\">Haz <a href=\"mailto:somared@fundacioared.org\"><strong>clic aqu\u00ed<\/strong><\/a> y pronto nos pondremos en contacto contigo<\/p>\n\n\n\n<div class=\"wp-block-buttons is-content-justification-center is-layout-flex wp-container-core-buttons-is-layout-16018d1d wp-block-buttons-is-layout-flex\">\n<div class=\"wp-block-button\"><a class=\"wp-block-button__link has-text-align-center wp-element-button\" href=\"mailto:somared@fundacioared.org\">Contacta<\/a><\/div>\n<\/div>\n<\/div>\n<\/div>\n<\/div>\n\n\n\n<div class=\"wp-block-ared-marges maq-contenidor estreta marge-superior-gran marge-inferior-\" data-aos=\"off\" data-aos-delay=\"aos_delay\">\n<div class=\"wp-block-columns is-layout-flex wp-container-core-columns-is-layout-9d6595d7 wp-block-columns-is-layout-flex\">\n<div class=\"wp-block-column is-layout-flow wp-block-column-is-layout-flow\">\n<p class=\"has-text-align-left is-style-com_titular_3 has-gris-ared-color has-text-color has-link-color wp-elements-d37329b7bba32fba59dbf665662df7c6\"><strong>Gracias por tu donativo<\/strong>.<br> <strong>\u00bfEn qu\u00e9 invertimos tu dinero?<\/strong><\/p>\n<\/div>\n<\/div>\n<\/div>\n\n\n\n<div class=\"wp-block-ared-marges maq-contenidor estreta marge-superior- marge-inferior-\" data-aos=\"off\" data-aos-delay=\"aos_delay\">\n<div class=\"wp-block-columns is-layout-flex wp-container-core-columns-is-layout-9d6595d7 wp-block-columns-is-layout-flex\">\n<div class=\"wp-block-column is-layout-flow wp-block-column-is-layout-flow\">\n<p class=\"is-style-default has-gris-ared-color has-text-color has-link-color wp-elements-e266f5ee6a9d9ccee1d3b255c733e0cf\">Nuestra mayor inversi\u00f3n se centra en <strong>financiar los proyectos propios <\/strong>de la Fundaci\u00f3n Ared destinados a<strong> mejorar la calidad de vida y la empleabilidad <\/strong>de personas en situaci\u00f3n de vulnerabilidad, mayoritariamente mujeres.<br>Nuestras cuentas son p\u00fablicas y las puedes ver en el apartado <a href=\"https:\/\/www.fundacioared.org\/es\/transparencia\/\">Transparencia<\/a> de nuestra web.<\/p>\n<\/div>\n<\/div>\n<\/div>\n\n\n\n<div class=\"wp-block-ared-marges maq-contenidor normal marge-superior-petit marge-inferior-petit\" data-aos=\"off\" data-aos-delay=\"aos_delay\">\n<div class=\"wp-block-columns are-vertically-aligned-top is-layout-flex wp-container-core-columns-is-layout-fd5ee069 wp-block-columns-is-layout-flex\" style=\"margin-top:0;margin-bottom:0;padding-top:0;padding-right:0;padding-bottom:0;padding-left:0\">\n<div class=\"wp-block-column is-vertically-aligned-top is-layout-flow wp-block-column-is-layout-flow\" style=\"padding-top:0;padding-right:var(--wp--preset--spacing--50);padding-bottom:0;padding-left:var(--wp--preset--spacing--50)\">\n<div style=\"height:2em\" aria-hidden=\"true\" class=\"wp-block-spacer\"><\/div>\n\n\n\n<figure class=\"wp-block-image size-full\"><img loading=\"lazy\" decoding=\"async\" width=\"2000\" height=\"1139\" src=\"https:\/\/www.fundacioared.org\/wp-content\/uploads\/COMUNICACION-INTERNA-17-1.jpg\" alt=\"\" class=\"wp-image-1974\" style=\"aspect-ratio:1;object-fit:cover\" srcset=\"https:\/\/www.fundacioared.org\/wp-content\/uploads\/COMUNICACION-INTERNA-17-1.jpg 2000w, https:\/\/www.fundacioared.org\/wp-content\/uploads\/COMUNICACION-INTERNA-17-1-300x171.jpg 300w, https:\/\/www.fundacioared.org\/wp-content\/uploads\/COMUNICACION-INTERNA-17-1-1024x583.jpg 1024w, https:\/\/www.fundacioared.org\/wp-content\/uploads\/COMUNICACION-INTERNA-17-1-768x437.jpg 768w, https:\/\/www.fundacioared.org\/wp-content\/uploads\/COMUNICACION-INTERNA-17-1-1536x875.jpg 1536w, https:\/\/www.fundacioared.org\/wp-content\/uploads\/COMUNICACION-INTERNA-17-1-340x194.jpg 340w, https:\/\/www.fundacioared.org\/wp-content\/uploads\/COMUNICACION-INTERNA-17-1-140x80.jpg 140w\" sizes=\"auto, (max-width: 2000px) 100vw, 2000px\" \/><\/figure>\n\n\n\n<div style=\"height:30px\" aria-hidden=\"true\" class=\"wp-block-spacer\"><\/div>\n\n\n\n<p class=\"is-style-com_titular_4\">Mujer<br> Igualdad<\/p>\n\n\n\n<p>Programa de inserci\u00f3n laboral para mujeres que han sufrido o sufren violencia machista.<\/p>\n\n\n\n<div class=\"wp-block-buttons is-layout-flex wp-block-buttons-is-layout-flex\">\n<div class=\"wp-block-button\"><a class=\"wp-block-button__link wp-element-button\" href=\"https:\/\/www.fundacioared.org\/es\/mujer-igualdad\/\">Saber m\u00e1s<\/a><\/div>\n<\/div>\n<\/div>\n\n\n\n<div class=\"wp-block-column is-vertically-aligned-top is-layout-flow wp-block-column-is-layout-flow\" style=\"padding-top:0;padding-right:var(--wp--preset--spacing--50);padding-bottom:0;padding-left:var(--wp--preset--spacing--50)\">\n<div style=\"height:2em\" aria-hidden=\"true\" class=\"wp-block-spacer\"><\/div>\n\n\n\n<figure class=\"wp-block-image size-full\"><img loading=\"lazy\" decoding=\"async\" width=\"2000\" height=\"1414\" src=\"https:\/\/www.fundacioared.org\/wp-content\/uploads\/COMUNICACION-INTERNA-15.jpg\" alt=\"\" class=\"wp-image-1210\" style=\"aspect-ratio:1;object-fit:cover\" srcset=\"https:\/\/www.fundacioared.org\/wp-content\/uploads\/COMUNICACION-INTERNA-15.jpg 2000w, https:\/\/www.fundacioared.org\/wp-content\/uploads\/COMUNICACION-INTERNA-15-300x212.jpg 300w, https:\/\/www.fundacioared.org\/wp-content\/uploads\/COMUNICACION-INTERNA-15-1024x724.jpg 1024w, https:\/\/www.fundacioared.org\/wp-content\/uploads\/COMUNICACION-INTERNA-15-768x543.jpg 768w, https:\/\/www.fundacioared.org\/wp-content\/uploads\/COMUNICACION-INTERNA-15-1536x1086.jpg 1536w, https:\/\/www.fundacioared.org\/wp-content\/uploads\/COMUNICACION-INTERNA-15-340x240.jpg 340w, https:\/\/www.fundacioared.org\/wp-content\/uploads\/COMUNICACION-INTERNA-15-140x99.jpg 140w\" sizes=\"auto, (max-width: 2000px) 100vw, 2000px\" \/><\/figure>\n\n\n\n<div style=\"height:30px\" aria-hidden=\"true\" class=\"wp-block-spacer\"><\/div>\n\n\n\n<p class=\"is-style-com_titular_4\"><strong>Mujer<\/strong><br> Salud<\/p>\n\n\n\n<p class=\"has-gris-ared-color has-text-color has-link-color wp-elements-bd5da84f6a91298d7632380043a361c7\">Programa de inserci\u00f3n laboral para mujeres diagnosticadas de Fibromialgia y\/o S\u00edndrome de Fatiga Cr\u00f3nica.<\/p>\n\n\n\n<div class=\"wp-block-buttons is-layout-flex wp-block-buttons-is-layout-flex\">\n<div class=\"wp-block-button\"><a class=\"wp-block-button__link wp-element-button\" href=\"https:\/\/www.fundacioared.org\/es\/mujer-salud\/\">Saber m\u00e1s<\/a><\/div>\n<\/div>\n\n\n\n<p class=\"has-gris-ared-color has-text-color has-link-color wp-elements-eb4084395ced2f24af3330d956dcea91\">&nbsp;<\/p>\n<\/div>\n\n\n\n<div class=\"wp-block-column is-vertically-aligned-top is-layout-flow wp-block-column-is-layout-flow\" style=\"padding-top:0;padding-right:var(--wp--preset--spacing--50);padding-bottom:0;padding-left:var(--wp--preset--spacing--50)\">\n<div style=\"height:2em\" aria-hidden=\"true\" class=\"wp-block-spacer\"><\/div>\n\n\n\n<figure class=\"wp-block-image size-full\"><img loading=\"lazy\" decoding=\"async\" width=\"2000\" height=\"1414\" src=\"https:\/\/www.fundacioared.org\/wp-content\/uploads\/Copia-de-FOAP-MODULOS-FORMATIVOS.jpg\" alt=\"\" class=\"wp-image-1979\" style=\"aspect-ratio:1;object-fit:cover\" srcset=\"https:\/\/www.fundacioared.org\/wp-content\/uploads\/Copia-de-FOAP-MODULOS-FORMATIVOS.jpg 2000w, https:\/\/www.fundacioared.org\/wp-content\/uploads\/Copia-de-FOAP-MODULOS-FORMATIVOS-300x212.jpg 300w, https:\/\/www.fundacioared.org\/wp-content\/uploads\/Copia-de-FOAP-MODULOS-FORMATIVOS-1024x724.jpg 1024w, https:\/\/www.fundacioared.org\/wp-content\/uploads\/Copia-de-FOAP-MODULOS-FORMATIVOS-768x543.jpg 768w, https:\/\/www.fundacioared.org\/wp-content\/uploads\/Copia-de-FOAP-MODULOS-FORMATIVOS-1536x1086.jpg 1536w, https:\/\/www.fundacioared.org\/wp-content\/uploads\/Copia-de-FOAP-MODULOS-FORMATIVOS-340x240.jpg 340w, https:\/\/www.fundacioared.org\/wp-content\/uploads\/Copia-de-FOAP-MODULOS-FORMATIVOS-140x99.jpg 140w\" sizes=\"auto, (max-width: 2000px) 100vw, 2000px\" \/><\/figure>\n\n\n\n<div style=\"height:30px\" aria-hidden=\"true\" class=\"wp-block-spacer\"><\/div>\n\n\n\n<p class=\"is-style-com_titular_4\">Avan\u00e7a&#8217;t al teu Futur<\/p>\n\n\n\n<p class=\"has-gris-ared-color has-text-color has-link-color wp-elements-96c505627ae5d0ce116e28e97a68c02a\">Programa de acompa\u00f1amiento a la inserci\u00f3n laboral de personas desempleadas en situaci\u00f3n vulnerable.<\/p>\n\n\n\n<div class=\"wp-block-buttons is-layout-flex wp-block-buttons-is-layout-flex\">\n<div class=\"wp-block-button\"><a class=\"wp-block-button__link wp-element-button\" href=\"https:\/\/www.fundacioared.org\/es\/adelantate-a-tu-futuro\/\">Saber m\u00e1s<\/a><\/div>\n<\/div>\n<\/div>\n\n\n\n<div class=\"wp-block-column is-vertically-aligned-top is-layout-flow wp-block-column-is-layout-flow\" style=\"padding-right:var(--wp--preset--spacing--50);padding-left:var(--wp--preset--spacing--50)\">\n<div style=\"height:2em\" aria-hidden=\"true\" class=\"wp-block-spacer\"><\/div>\n\n\n\n<figure class=\"wp-block-image size-full\"><img loading=\"lazy\" decoding=\"async\" width=\"1080\" height=\"1080\" src=\"https:\/\/www.fundacioared.org\/wp-content\/uploads\/Dones-Ared-9-1.jpg\" alt=\"\" class=\"wp-image-3372\" srcset=\"https:\/\/www.fundacioared.org\/wp-content\/uploads\/Dones-Ared-9-1.jpg 1080w, https:\/\/www.fundacioared.org\/wp-content\/uploads\/Dones-Ared-9-1-300x300.jpg 300w, https:\/\/www.fundacioared.org\/wp-content\/uploads\/Dones-Ared-9-1-1024x1024.jpg 1024w, https:\/\/www.fundacioared.org\/wp-content\/uploads\/Dones-Ared-9-1-150x150.jpg 150w, https:\/\/www.fundacioared.org\/wp-content\/uploads\/Dones-Ared-9-1-768x768.jpg 768w, https:\/\/www.fundacioared.org\/wp-content\/uploads\/Dones-Ared-9-1-600x600.jpg 600w, https:\/\/www.fundacioared.org\/wp-content\/uploads\/Dones-Ared-9-1-340x340.jpg 340w, https:\/\/www.fundacioared.org\/wp-content\/uploads\/Dones-Ared-9-1-140x140.jpg 140w\" sizes=\"auto, (max-width: 1080px) 100vw, 1080px\" \/><\/figure>\n\n\n\n<div style=\"height:30px\" aria-hidden=\"true\" class=\"wp-block-spacer\"><\/div>\n\n\n\n<p class=\"is-style-com_titular_4\"><strong>Gesti\u00f3n de programas<\/strong> <\/p>\n\n\n\n<p>Otros programas externos que gestionamos desde Ared.<\/p>\n\n\n\n<div class=\"wp-block-buttons is-layout-flex wp-block-buttons-is-layout-flex\">\n<div class=\"wp-block-button\"><a class=\"wp-block-button__link wp-element-button\" href=\"https:\/\/www.fundacioared.org\/es\/gestion-programas\/\">Saber m\u00e1s<\/a><\/div>\n<\/div>\n<\/div>\n<\/div>\n<\/div>\n\n\n\n<div class=\"wp-block-ared-marges maq-contenidor normal marge-superior-petit marge-inferior-\" data-aos=\"off\" data-aos-delay=\"aos_delay\">\n<div class=\"wp-block-columns is-layout-flex wp-container-core-columns-is-layout-9d6595d7 wp-block-columns-is-layout-flex\">\n<div class=\"wp-block-column is-layout-flow wp-block-column-is-layout-flow\">\n<p class=\"has-text-align-center is-style-com_titular_2 has-taronja-ared-color has-text-color has-link-color wp-elements-0354828d6810937b1a62d5e3f7f72943\"><strong>\u00bfSabes que tu solidaridad tiene recompensa?<\/strong><\/p>\n<\/div>\n<\/div>\n<\/div>\n\n\n\n<div class=\"wp-block-ared-marges maq-contenidor estreta marge-superior- marge-inferior-\" data-aos=\"off\" data-aos-delay=\"aos_delay\">\n<div class=\"wp-block-columns is-layout-flex wp-container-core-columns-is-layout-9d6595d7 wp-block-columns-is-layout-flex\">\n<div class=\"wp-block-column is-layout-flow wp-block-column-is-layout-flow\">\n<p class=\"is-style-default has-gris-ared-color has-text-color has-link-color wp-elements-c3a7182c6d9446b304b1a71552dcaa1e\"><strong>Podr\u00e1s desgravarte el 80% de los primeros 250\u20ac que aportes<\/strong> y, a partir de esa cifra, el 40%. Adem\u00e1s, si llevas m\u00e1s de 3 a\u00f1os realizando aportaciones a la Fundaci\u00f3n Ared con una cantidad siempre igual o superior, tu desgravaci\u00f3n en este \u00faltimo tramo incrementar\u00e1 hasta el 45%.<\/p>\n<\/div>\n<\/div>\n<\/div>\n\n\n\n<figure class=\"wp-block-image aligncenter size-full is-resized\"><img loading=\"lazy\" decoding=\"async\" width=\"2500\" height=\"250\" src=\"https:\/\/www.fundacioared.org\/wp-content\/uploads\/historia-01.jpg\" alt=\"\" class=\"wp-image-268\" style=\"width:800px;height:auto\" srcset=\"https:\/\/www.fundacioared.org\/wp-content\/uploads\/historia-01.jpg 2500w, https:\/\/www.fundacioared.org\/wp-content\/uploads\/historia-01-300x30.jpg 300w, https:\/\/www.fundacioared.org\/wp-content\/uploads\/historia-01-1024x102.jpg 1024w, https:\/\/www.fundacioared.org\/wp-content\/uploads\/historia-01-768x77.jpg 768w, https:\/\/www.fundacioared.org\/wp-content\/uploads\/historia-01-1536x154.jpg 1536w, https:\/\/www.fundacioared.org\/wp-content\/uploads\/historia-01-2048x205.jpg 2048w, https:\/\/www.fundacioared.org\/wp-content\/uploads\/historia-01-340x34.jpg 340w, https:\/\/www.fundacioared.org\/wp-content\/uploads\/historia-01-140x14.jpg 140w\" sizes=\"auto, (max-width: 2500px) 100vw, 2500px\" \/><\/figure>\n\n\n\n<div class=\"wp-block-ared-marges maq-contenidor fullwidth marge-superior-petit marge-inferior-petit\" data-aos=\"off\" data-aos-delay=\"aos_delay\">\n<div class=\"wp-block-columns has-taronja-ared-background-color has-background is-layout-flex wp-container-core-columns-is-layout-9d6595d7 wp-block-columns-is-layout-flex\">\n<div class=\"wp-block-column is-layout-flow wp-block-column-is-layout-flow\" style=\"padding-top:var(--wp--preset--spacing--70);padding-right:var(--wp--preset--spacing--60);padding-bottom:var(--wp--preset--spacing--70);padding-left:var(--wp--preset--spacing--60)\">\n<p class=\"has-text-align-left is-style-com_titular_2 has-blanc-color has-text-color has-link-color wp-elements-8c00427a7e64103eaa23eb5b9ba633b2\">80%<\/p>\n\n\n\n<p class=\"has-text-align-left is-style-com_titular_5 has-gris-ared-color has-text-color has-link-color wp-elements-81d15cd173da790ecf1ba88a27b7a835\"><strong>Los primeros 250\u20ac en personas f\u00edsicas<\/strong><\/p>\n\n\n\n<p class=\"has-blanc-color has-text-color has-link-color wp-elements-5782a68dbf90775ef2b00eff5668e08a\">Puedes desgravarte el 80% de todos los donativos realizados a ONG (inferiores a 250\u20ac). Por ejemplo, si realizas una aportaci\u00f3n de 200 euros anual, te supone un coste real de 40 euros.<\/p>\n<\/div>\n\n\n\n<div class=\"wp-block-column is-layout-flow wp-block-column-is-layout-flow\" style=\"padding-top:var(--wp--preset--spacing--70);padding-right:var(--wp--preset--spacing--60);padding-bottom:var(--wp--preset--spacing--70);padding-left:var(--wp--preset--spacing--60)\">\n<p class=\"has-text-align-left is-style-com_titular_2 has-blanc-color has-text-color has-link-color wp-elements-e3b2b05a1ec1707a077bc8dd13489af5\">40%<\/p>\n\n\n\n<p class=\"has-text-align-left is-style-com_titular_5 has-gris-ared-color has-text-color has-link-color wp-elements-435a511a7d8a6e875cded51beb2db22d\"><strong>A<\/strong> <strong>partir de 250\u20ac en personas f\u00edsicas<\/strong><\/p>\n\n\n\n<p class=\"has-text-align-left is-style-default has-blanc-color has-text-color has-link-color wp-elements-40c17b19c1e8e6d6d4760da191a87afa\">Puedes desgravar el 40% del importe global de todos tus donativos a ONG y fundaciones si superan los 250\u20ac.<\/p>\n<\/div>\n\n\n\n<div class=\"wp-block-column is-layout-flow wp-block-column-is-layout-flow\" style=\"padding-top:var(--wp--preset--spacing--70);padding-right:var(--wp--preset--spacing--60);padding-bottom:var(--wp--preset--spacing--70);padding-left:var(--wp--preset--spacing--60)\">\n<p class=\"has-text-align-left is-style-com_titular_2 has-blanc-color has-text-color has-link-color wp-elements-e3b2b05a1ec1707a077bc8dd13489af5\">40%<\/p>\n\n\n\n<p class=\"has-text-align-left is-style-com_titular_5 has-gris-ared-color has-text-color has-link-color wp-elements-22b33bc533d5816d0e1a02e106078d91\">de la aportaci\u00f3n en personas jur\u00eddicas<\/p>\n\n\n\n<p class=\"has-blanc-color has-text-color has-link-color wp-elements-fb3c29c4763281d0de0e3898730acd8f\">Como empresa, podr\u00e1s deducirse el 40% del impuesto de Sociedades.<\/p>\n<\/div>\n\n\n\n<div class=\"wp-block-column is-layout-flow wp-block-column-is-layout-flow\" style=\"padding-top:var(--wp--preset--spacing--70);padding-right:var(--wp--preset--spacing--60);padding-bottom:var(--wp--preset--spacing--70);padding-left:var(--wp--preset--spacing--60)\">\n<p class=\"has-text-align-center is-style-com_titular_2 has-blanc-color has-text-color has-link-color wp-elements-bdeb7bbf920f635e3d3a309b3c0226d1\">50%<\/p>\n\n\n\n<p class=\"has-text-align-left is-style-com_titular_5 has-gris-ared-color has-text-color has-link-color wp-elements-7e3d468d3ac32aeec51e50be8e3a7cbd\">A partir de los 3r a\u00f1os en personas jur\u00eddicas<\/p>\n\n\n\n<p class=\"has-blanc-color has-text-color has-link-color wp-elements-eaf366a39ebb2e78be53742025d5c96a\">A partir del 3r a\u00f1o donando a una misma asociaci\u00f3n una cantidad igual o superior a la del ejercicio anterior, se puede deducir un 50% del impuesto de Sociedades.<\/p>\n<\/div>\n<\/div>\n<\/div>\n\n\n\n<div class=\"wp-block-ared-marges maq-contenidor estreta marge-superior- marge-inferior-\" data-aos=\"off\" data-aos-delay=\"aos_delay\">\n<div class=\"wp-block-columns is-layout-flex wp-container-core-columns-is-layout-9d6595d7 wp-block-columns-is-layout-flex\">\n<div class=\"wp-block-column is-layout-flow wp-block-column-is-layout-flow\">\n<p class=\"is-style-com_titular_4 has-gris-ared-color has-text-color has-link-color wp-elements-1431290c0ea9cbe12202881256344656\"><strong>\u00bfQu\u00e9 debo hacer para desgravar mi donaci\u00f3n a la Fundaci\u00f3n Ared?<\/strong><\/p>\n\n\n\n<p class=\"is-style-com_titular_4 has-gris-ared-color has-text-color has-link-color wp-elements-b9df1c56b59c80e18196cd1bb16d0527\"><\/p>\n\n\n\n<p class=\"is-style-default has-gris-ared-color has-text-color has-link-color wp-elements-bba5fba4fe7b60644b449e7a93f0e798\">A principios de a\u00f1o comunicamos a Hacienda todas las donaciones recibidas durante el a\u00f1o anterior. Adem\u00e1s, coincidiendo con la campa\u00f1a de la Renta enviamos a todas las personas que han colaborado un Certificado Fiscal que acredita su aportaci\u00f3n. <\/p>\n<\/div>\n<\/div>\n<\/div>\n\n\n\n<div style=\"height:80px\" aria-hidden=\"true\" id=\"form\" class=\"wp-block-spacer\"><\/div>\n\n\n\n<p><\/p>\n","protected":false},"excerpt":{"rendered":"","protected":false},"author":1,"featured_media":0,"parent":0,"menu_order":31,"comment_status":"closed","ping_status":"closed","template":"","meta":{"_acf_changed":false,"footnotes":""},"class_list":["post-4674","page","type-page","status-publish","hentry"],"acf":[],"_links":{"self":[{"href":"https:\/\/www.fundacioared.org\/es\/wp-json\/wp\/v2\/pages\/4674","targetHints":{"allow":["GET"]}}],"collection":[{"href":"https:\/\/www.fundacioared.org\/es\/wp-json\/wp\/v2\/pages"}],"about":[{"href":"https:\/\/www.fundacioared.org\/es\/wp-json\/wp\/v2\/types\/page"}],"author":[{"embeddable":true,"href":"https:\/\/www.fundacioared.org\/es\/wp-json\/wp\/v2\/users\/1"}],"replies":[{"embeddable":true,"href":"https:\/\/www.fundacioared.org\/es\/wp-json\/wp\/v2\/comments?post=4674"}],"version-history":[{"count":3,"href":"https:\/\/www.fundacioared.org\/es\/wp-json\/wp\/v2\/pages\/4674\/revisions"}],"predecessor-version":[{"id":4922,"href":"https:\/\/www.fundacioared.org\/es\/wp-json\/wp\/v2\/pages\/4674\/revisions\/4922"}],"wp:attachment":[{"href":"https:\/\/www.fundacioared.org\/es\/wp-json\/wp\/v2\/media?parent=4674"}],"curies":[{"name":"wp","href":"https:\/\/api.w.org\/{rel}","templated":true}]}}