{"id":4678,"date":"2024-07-22T07:38:42","date_gmt":"2024-07-22T05:38:42","guid":{"rendered":"https:\/\/www.fundacioared.org\/gestion-programas\/"},"modified":"2026-04-14T10:48:31","modified_gmt":"2026-04-14T08:48:31","slug":"gestion-programas","status":"publish","type":"page","link":"https:\/\/www.fundacioared.org\/es\/gestion-programas\/","title":{"rendered":"Gesti\u00f3n Programas"},"content":{"rendered":"\n<div class=\"wp-block-ared-cabecera mod-cabecera\"><div class=\"slider\">\n<div class=\"wp-block-ared-cabecera-interior slide\"><div class=\"image\" style=\"background-image:url(https:\/\/www.fundacioared.org\/wp-content\/uploads\/25-NOVEMBRE-4.jpg)\"><div class=\"text maq-contenidor\">\n<p class=\"is-style-com_titular_3 has-blanc-color has-text-color has-link-color wp-elements-cab4652c1602e09bd40a63ccafbcbc59\">Otros<br\/> programas<br\/> que gestionamos<\/p>\n\n\n\n<p class=\"has-blanc-color has-text-color has-link-color wp-elements-5600436a410217c57075512c2e2df763\">Orientamos, asesoramos y hacemos intermediaci\u00f3n<br\/> porque las personas que atendemos<br\/> consigan una inserci\u00f3n laboral de \u00e9xito.<\/p>\n<\/div><\/div><\/div>\n<\/div><\/div>\n\n<div class=\"wp-block-ared-marges maq-contenidor estreta marge-superior-petit marge-inferior-\" data-aos=\"off\" data-aos-delay=\"aos_delay\">\n<p class=\"is-style-com_titular_3\"><strong>Programas<\/strong> <strong>de inserci\u00f3n laboral<\/strong> <strong>de \u00e9xito<\/strong><\/p>\n<\/div>\n\n<div class=\"wp-block-ared-marges maq-contenidor estreta marge-superior- marge-inferior-petit\" data-aos=\"off\" data-aos-delay=\"aos_delay\">\n<div class=\"wp-block-columns is-layout-flex wp-container-core-columns-is-layout-9d6595d7 wp-block-columns-is-layout-flex\">\n<div class=\"wp-block-column is-layout-flow wp-block-column-is-layout-flow\">\n<p class=\"is-style-default has-gris-ared-color has-text-color has-link-color wp-elements-823db3fd24856ca88b0dcb412f1483d8\">En la Fundaci\u00f3n Ared gestionamos varios programas externos destinados a la inserci\u00f3n sociolaboral de personas en riesgo de exclusi\u00f3n social. Estos programas ofrecen soporte integral para mejorar la empleabilidad de los participantes, a trav\u00e9s de itinerarios personalizados, formaci\u00f3n especializada y acompa\u00f1amiento constante. <\/p>\n<\/div>\n<\/div>\n<\/div>\n\n<div class=\"wp-block-ared-ajedrez mod-escacs align-superior marge-superior-petit marge-inferior-\">\n<div class=\"wp-block-ared-ajedrez-interior interior  maq_cols_flex cols_2\"><div class=\"col img\"><div class=\"img-wrapper\"><img loading=\"lazy\" decoding=\"async\" media_id=\"3298\" src=\"https:\/\/www.fundacioared.org\/wp-content\/uploads\/COMUNICACION-INTERNA-38.jpg\" width=\"600\" height=\"400\" \/><!--fallback img responsive--><\/div><\/div><div class=\"col\"><div class=\"text-wrapper\">\n<p class=\"is-style-com_titular_5\"><strong>Otros programas<\/strong><br\/> <strong>que gestiona Ared<\/strong><\/p>\n\n\n\n<p class=\"is-style-com_titular_3\">Programa<br\/> Incorpora<\/p>\n\n\n\n<p>Programa de integraci\u00f3n sociolaboral de la Obra Social \u00abla Caixa\u00bb cuya finalidad es promover la inserci\u00f3n laboral en la empresa ordinaria de personas en riesgo de exclusi\u00f3n social.<\/p>\n\n\n\n<p>En el Programa Incorpora se llevan a cabo 3 <strong>actuaciones<\/strong> :<\/p>\n\n\n\n<p>1) Definici\u00f3n del itinerario laboral.<\/p>\n\n\n\n<p>2) Intermediaci\u00f3n durante proceso de b\u00fasqueda de empleo: se revisa las ofertas de trabajo disponibles OI se analizan con las que encajan con la persona y su itinerario laboral.<\/p>\n\n\n\n<p>3) Mejora de la empleabilidad de las personas mediante formaciones para potenciar las competencias transversales y laborales. Las formaciones de mejora de empleabilidad incluyen pr\u00e1cticas en empresas, dando la posibilidad de inserci\u00f3n en el mundo laboral. <\/p>\n\n\n\n<p>M\u00e1s informaci\u00f3n:  <br\/><strong>Raquel Felic\u00f3n<br\/><a href=\"mailto:raquelfelico@fundacioared.org\">raquelfelico@fundacioared.org<\/a><br\/> Tel. 615 108 568<\/strong><\/p>\n<\/div><\/div><\/div>\n\n\n\n<div class=\"wp-block-ared-ajedrez-interior interior  maq_cols_flex cols_2\"><div class=\"col img\"><div class=\"img-wrapper\"><img loading=\"lazy\" decoding=\"async\" media_id=\"3323\" src=\"https:\/\/www.fundacioared.org\/wp-content\/uploads\/7-3.jpg\" width=\"600\" height=\"400\" \/><!--fallback img responsive--><\/div><\/div><div class=\"col\"><div class=\"text-wrapper\">\n<p class=\"is-style-com_titular_5\"><strong>Otros programas<\/strong><br\/> <strong>que gestiona Ared<\/strong><\/p>\n\n\n\n<p class=\"is-style-com_titular_3\">Programa<br\/> <strong>Reincorpora<\/strong><\/p>\n\n\n\n<p>Programa destinado a personas procedentes de centros penitenciarios y personas sin hogar, fruto de la colaboraci\u00f3n del Departamento de Justicia con la Fundaci\u00f3n \u00abla Caixa\u00bb.<\/p>\n\n\n\n<p>El objetivo es acompa\u00f1ar a personas procedentes de centros penitenciarios mediante un itinerario sociolaboral individualizado.<\/p>\n\n\n\n<p>Mediante las siguientes <strong>actuaciones<\/strong> :<\/p>\n\n\n\n<p>1) Itinerario laboral conjunto con el participante.<br\/> 2) Aprendizaje &#8211; Servicio.<br\/> 3) Formaci\u00f3n Ocupacional.<\/p>\n\n\n\n<p><\/p>\n<\/div><\/div><\/div>\n\n\n\n<div class=\"wp-block-ared-ajedrez-interior interior  maq_cols_flex cols_2\"><div class=\"col img\"><div class=\"img-wrapper\"><img loading=\"lazy\" decoding=\"async\" media_id=\"3296\" src=\"https:\/\/www.fundacioared.org\/wp-content\/uploads\/COMUNICACION-INTERNA-37.jpg\" width=\"600\" height=\"400\" \/><!--fallback img responsive--><\/div><\/div><div class=\"col\"><div class=\"text-wrapper\">\n<p><\/p>\n\n\n\n<p><\/p>\n\n\n\n<p class=\"is-style-com_titular_5\"><strong>Otros programas<\/strong><br\/> <strong>que gestiona Ared<\/strong><\/p>\n\n\n\n<p class=\"is-style-com_titular_3\">Programa<br\/> Orienta<\/p>\n\n\n\n<p>Este programa, impulsado por el Servicio de Ocupaci\u00f3n de la Generalidad de Catalu\u00f1a, en colaboraci\u00f3n con las Oficinas de Trabajo, est\u00e1 dirigido a personas en situaci\u00f3n de desempleo con inter\u00e9s por mejorar su objetivo profesional.<\/p>\n\n\n\n<p><strong>Requisitos<\/strong> : Personas en situaci\u00f3n de desempleo y personas trabajadoras que se encuentren en situaci\u00f3n de precariedad laboral, inscritas en el Servicio P\u00fablico de Empleo de Catalu\u00f1a con la demanda activa en el momento de iniciar el programa.<\/p>\n\n\n\n<p>M\u00e1s informaci\u00f3n:<br\/> <strong>Carme Ginesta<br\/> <a href=\"mailto:raquelfelico@fundacioared.org\">carmeginesta@fundacioared.org<\/a><br\/><\/strong><\/p>\n\n\n\n<figure class=\"wp-block-image size-full\"><img loading=\"lazy\" decoding=\"async\" width=\"800\" height=\"92\" src=\"https:\/\/www.fundacioared.org\/wp-content\/uploads\/Logo_GENCAT-2.jpg\" alt=\"\" class=\"wp-image-5768\" srcset=\"https:\/\/www.fundacioared.org\/wp-content\/uploads\/Logo_GENCAT-2.jpg 800w, https:\/\/www.fundacioared.org\/wp-content\/uploads\/Logo_GENCAT-2-300x35.jpg 300w, https:\/\/www.fundacioared.org\/wp-content\/uploads\/Logo_GENCAT-2-768x88.jpg 768w, https:\/\/www.fundacioared.org\/wp-content\/uploads\/Logo_GENCAT-2-340x39.jpg 340w, https:\/\/www.fundacioared.org\/wp-content\/uploads\/Logo_GENCAT-2-140x16.jpg 140w\" sizes=\"auto, (max-width: 800px) 100vw, 800px\" \/><\/figure>\n<\/div><\/div><\/div>\n<\/div>\n\n<div class=\"wp-block-cover is-light\"><span aria-hidden=\"true\" class=\"wp-block-cover__background has-beige-ared-background-color has-background-dim-100 has-background-dim\"><\/span><div class=\"wp-block-cover__inner-container is-layout-constrained wp-block-cover-is-layout-constrained\">\n<div class=\"wp-block-ared-marges maq-contenidor normal marge-superior-petit marge-inferior-\" data-aos=\"off\" data-aos-delay=\"aos_delay\">\n<p class=\"has-text-align-center is-style-com_titular_4 has-taronja-ared-color has-text-color has-link-color wp-elements-b8a634faf218219a99a7e44129d3d2d3\">\u00bfEst\u00e1s interesado\/a en uno de nuestros programas?<\/p>\n\n\n\n<p class=\"has-text-align-center is-style-com_titular_3\" id=\"formulari\">\u00a1Cont\u00e1ctanos para m\u00e1s informaci\u00f3n!<\/p>\n\n\n\n<p class=\"has-text-align-center has-gris-ared-color has-text-color has-link-color wp-elements-65197078ccff526dbe2ed98d461dcd87\">Env\u00eda tus datos y recibir\u00e1s informaci\u00f3n de este programa y de otros que te puedan interesar.<\/p>\n<\/div>\n\n\n\n<div class=\"wp-block-ared-marges maq-contenidor estreta marge-superior-petit marge-inferior-petit\" data-aos=\"off\" data-aos-delay=\"aos_delay\"><div class=\"wpforms-container wpforms-container-full\" id=\"wpforms-2931\"><form id=\"wpforms-form-2931\" class=\"wpforms-validate wpforms-form wpforms-ajax-form\" data-formid=\"2931\" method=\"post\" enctype=\"multipart\/form-data\" action=\"\/es\/wp-json\/wp\/v2\/pages\/4678\" data-token=\"f320a1008c95d5f55d030399dff1ac21\" data-token-time=\"1777354781\"><noscript class=\"wpforms-error-noscript\">Por favor, activa JavaScript en tu navegador para completar este formulario.<\/noscript><div class=\"wpforms-field-container\"><div id=\"wpforms-2931-field_1-container\" class=\"wpforms-field wpforms-field-name\" data-field-id=\"1\"><label class=\"wpforms-field-label\">Nombre <span class=\"wpforms-required-label\">*<\/span><\/label><div class=\"wpforms-field-row wpforms-field-large\"><div class=\"wpforms-field-row-block wpforms-first wpforms-one-half\"><input type=\"text\" id=\"wpforms-2931-field_1\" class=\"wpforms-field-name-first wpforms-field-required\" name=\"wpforms[fields][1][first]\" required><label for=\"wpforms-2931-field_1\" class=\"wpforms-field-sublabel after\">Nombre<\/label><\/div><div class=\"wpforms-field-row-block wpforms-one-half\"><input type=\"text\" id=\"wpforms-2931-field_1-last\" class=\"wpforms-field-name-last wpforms-field-required\" name=\"wpforms[fields][1][last]\" required><label for=\"wpforms-2931-field_1-last\" class=\"wpforms-field-sublabel after\">Apellidos<\/label><\/div><\/div><\/div><div id=\"wpforms-2931-field_2-container\" class=\"wpforms-field wpforms-field-email\" data-field-id=\"2\"><label class=\"wpforms-field-label\" for=\"wpforms-2931-field_2\">Correo electr\u00f3nico <span class=\"wpforms-required-label\">*<\/span><\/label><input type=\"email\" id=\"wpforms-2931-field_2\" class=\"wpforms-field-large wpforms-field-required\" name=\"wpforms[fields][2]\" spellcheck=\"false\" required><\/div><div id=\"wpforms-2931-field_5-container\" class=\"wpforms-field wpforms-field-phone\" data-field-id=\"5\"><label class=\"wpforms-field-label\" for=\"wpforms-2931-field_5\">Phone<\/label><input type=\"tel\" id=\"wpforms-2931-field_5\" class=\"wpforms-field-large wpforms-smart-phone-field\" data-rule-smart-phone-field=\"true\" name=\"wpforms[fields][5]\" aria-label=\"Phone\" ><\/div><div id=\"wpforms-2931-field_3-container\" class=\"wpforms-field wpforms-field-textarea\" data-field-id=\"3\"><label class=\"wpforms-field-label\" for=\"wpforms-2931-field_3\">Comentario o mensaje<\/label><textarea id=\"wpforms-2931-field_3\" class=\"wpforms-field-medium\" name=\"wpforms[fields][3]\" ><\/textarea><\/div><div id=\"wpforms-2931-field_7-container\" class=\"wpforms-field wpforms-field-checkbox\" data-field-id=\"7\"><label class=\"wpforms-field-label wpforms-label-hide\">Casillas de selecci\u00f3n <span class=\"wpforms-required-label\">*<\/span><\/label><ul id=\"wpforms-2931-field_7\" class=\"wpforms-field-required\"><li class=\"choice-1 depth-1\"><input type=\"checkbox\" id=\"wpforms-2931-field_7_1\" name=\"wpforms[fields][7][]\" value=\"He le\u00eddo y acepto la &lt;a href=&quot;https:\/\/www.fundacioared.org\/es\/politica-de-privacidad\/&quot;&gt;Pol\u00edtica de privacidad&lt;\/a&gt;\" required ><label class=\"wpforms-field-label-inline\" for=\"wpforms-2931-field_7_1\">He le\u00eddo y acepto la <a href=\"https:\/\/www.fundacioared.org\/es\/politica-de-privacidad\/\">Pol\u00edtica de privacidad<\/a><\/label><\/li><\/ul><\/div>\t\t<div id=\"wpforms-2931-field_4-container\"\n\t\t\tclass=\"wpforms-field wpforms-field-text\"\n\t\t\tdata-field-type=\"text\"\n\t\t\tdata-field-id=\"4\"\n\t\t\t>\n\t\t\t<label class=\"wpforms-field-label\" for=\"wpforms-2931-field_4\" >mensaje Nombre o<\/label>\n\t\t\t<input type=\"text\" id=\"wpforms-2931-field_4\" class=\"wpforms-field-medium\" name=\"wpforms[fields][4]\" >\n\t\t<\/div>\n\t\t<div id=\"wpforms-2931-field_6-container\" class=\"wpforms-field wpforms-field-html\" data-field-id=\"6\"><div id=\"wpforms-2931-field_6\"><p style=\"color:#3e4952;font-size:10px;line-height:1.3em;\">INFORMACI\u00d3N B\u00c1SICA DE PROTECCI\u00d3N DE DATOS: En cumplimiento del deber de informar a los interesados \u200b\u200bde las circunstancias y condiciones del tratamiento de sus datos y de los derechos que le asisten, ponemos a su disposici\u00f3n la siguiente informaci\u00f3n. INFORMACI\u00d3N B\u00c1SICA SOBRE PROTECCI\u00d3N DE DATOS\n RESPONSABLE DEL TRATAMIENTO. Responsable: Fundaci\u00f3n Privada Ared. CIF: G62728183 Dir.\n FINALIDAD. Gestionar su consulta\/petici\u00f3n y dar una respuesta a la misma.\n LEGITIMACI\u00d3N. Su consentimiento.\n DESTINATARIOS. Los datos no se ceder\u00e1n a terceros salvo en los casos en los que exista una obligaci\u00f3n legal o comunicaci\u00f3n necesaria para dar contestaci\u00f3n a su consulta.\n DERECHOS. Puede ejercer sus derechos a acceder, rectificar, oponerse, limitar, llevar y suprimir los datos ante el responsable del tratamiento; adem\u00e1s de acudir a la autoridad de control competente (AEPD). INFORMACI\u00d3N ADICIONAL. Puede consultar la informaci\u00f3n adicional sobre el tratamiento de sus datos personales <a href=\"https:\/\/www.fundacioared.org\/es\/politica-de-privacidad\/\">aqu\u00ed<\/a> .\n\n       \n <\/p><\/div><\/div><script>\n\t\t\t\t( function() {\n\t\t\t\t\tconst style = document.createElement( 'style' );\n\t\t\t\t\tstyle.appendChild( document.createTextNode( '#wpforms-2931-field_4-container { position: absolute !important; overflow: hidden !important; display: inline !important; height: 1px !important; width: 1px !important; z-index: -1000 !important; padding: 0 !important; } #wpforms-2931-field_4-container input { visibility: hidden; } #wpforms-conversational-form-page #wpforms-2931-field_4-container label { counter-increment: none; }' ) );\n\t\t\t\t\tdocument.head.appendChild( style );\n\t\t\t\t\tdocument.currentScript?.remove();\n\t\t\t\t} )();\n\t\t\t<\/script><\/div><!-- .wpforms-field-container --><div class=\"wpforms-submit-container\" ><input type=\"hidden\" name=\"wpforms[id]\" value=\"2931\"><input type=\"hidden\" name=\"page_title\" value=\"\"><input type=\"hidden\" name=\"page_url\" value=\"https:\/\/www.fundacioared.org\/es\/wp-json\/wp\/v2\/pages\/4678\"><input type=\"hidden\" name=\"url_referer\" value=\"\"><button type=\"submit\" name=\"wpforms[submit]\" id=\"wpforms-submit-2931\" class=\"wpforms-submit\" data-alt-text=\"Se est\u00e1 enviando...\" data-submit-text=\"Env\u00eda\" aria-live=\"assertive\" value=\"wpforms-submit\">Env\u00eda<\/button><img loading=\"lazy\" decoding=\"async\" src=\"https:\/\/www.fundacioared.org\/wp-content\/plugins\/wpforms\/assets\/images\/submit-spin.svg\" class=\"wpforms-submit-spinner\" style=\"display: none;\" width=\"26\" height=\"26\" alt=\"Cargando\"><\/div><\/form><\/div>  <!-- .wpforms-container -->\n<\/div>\n<\/div><\/div>\n\n<div style=\"height:100px\" aria-hidden=\"true\" class=\"wp-block-spacer\"><\/div>\n","protected":false},"excerpt":{"rendered":"","protected":false},"author":1,"featured_media":0,"parent":0,"menu_order":34,"comment_status":"closed","ping_status":"closed","template":"","meta":{"_acf_changed":false,"footnotes":""},"class_list":["post-4678","page","type-page","status-publish","hentry"],"acf":[],"_links":{"self":[{"href":"https:\/\/www.fundacioared.org\/es\/wp-json\/wp\/v2\/pages\/4678","targetHints":{"allow":["GET"]}}],"collection":[{"href":"https:\/\/www.fundacioared.org\/es\/wp-json\/wp\/v2\/pages"}],"about":[{"href":"https:\/\/www.fundacioared.org\/es\/wp-json\/wp\/v2\/types\/page"}],"author":[{"embeddable":true,"href":"https:\/\/www.fundacioared.org\/es\/wp-json\/wp\/v2\/users\/1"}],"replies":[{"embeddable":true,"href":"https:\/\/www.fundacioared.org\/es\/wp-json\/wp\/v2\/comments?post=4678"}],"version-history":[{"count":11,"href":"https:\/\/www.fundacioared.org\/es\/wp-json\/wp\/v2\/pages\/4678\/revisions"}],"predecessor-version":[{"id":6269,"href":"https:\/\/www.fundacioared.org\/es\/wp-json\/wp\/v2\/pages\/4678\/revisions\/6269"}],"wp:attachment":[{"href":"https:\/\/www.fundacioared.org\/es\/wp-json\/wp\/v2\/media?parent=4678"}],"curies":[{"name":"wp","href":"https:\/\/api.w.org\/{rel}","templated":true}]}}