{"id":4691,"date":"2024-07-22T07:36:21","date_gmt":"2024-07-22T05:36:21","guid":{"rendered":"https:\/\/www.fundacioared.org\/mejora-del-bienestar\/"},"modified":"2026-03-18T11:38:40","modified_gmt":"2026-03-18T10:38:40","slug":"mejora-del-bienestar","status":"publish","type":"page","link":"https:\/\/www.fundacioared.org\/es\/mejora-del-bienestar\/","title":{"rendered":"Mejora Calidad de vida"},"content":{"rendered":"\n<div class=\"wp-block-ared-cabecera mod-cabecera\"><div class=\"slider\">\n<div class=\"wp-block-ared-cabecera-interior slide\"><div class=\"image\" style=\"background-image:url(https:\/\/www.fundacioared.org\/wp-content\/uploads\/25-NOVEMBRE-5-3.jpg)\"><div class=\"text maq-contenidor\">\n<p class=\"is-style-com_titular_3 has-blanc-color has-text-color has-link-color wp-elements-69e4ea18a3c02f0aa9774e86a63d06ca\">Apoyo a la cobertura de<br\/> las necesidades b\u00e1sicas<\/p>\n\n\n\n<p class=\"has-blanc-color has-text-color has-link-color wp-elements-702c72eb2125a36caffcc42effab7ef5\">Un servicio complementario para garantizar la continuidad de las personas<br\/> en situaci\u00f3n de vulnerabilidad en los itinerarios de inserci\u00f3n<\/p>\n\n\n\n<p class=\"has-gris-ared-color has-text-color has-link-color wp-elements-99d4c7ea38681c12ffff6b15f6343cbb\"><\/p>\n<\/div><\/div><\/div>\n<\/div><\/div>\n\n<div class=\"wp-block-ared-marges maq-contenidor estreta marge-superior-petit marge-inferior-petit\" data-aos=\"off\" data-aos-delay=\"aos_delay\">\n<div class=\"wp-block-columns is-layout-flex wp-container-core-columns-is-layout-9d6595d7 wp-block-columns-is-layout-flex\">\n<div class=\"wp-block-column is-layout-flow wp-block-column-is-layout-flow\">\n<p class=\"is-style-com_titular_3\">Programa<\/p>\n\n\n\n<p class=\"is-style-com_titular_3 has-taronja-ared-color has-text-color has-link-color wp-elements-deb7e71c0dff5af48bbfcc10dc716d6e\">Mejora del Bienestar personal<\/p>\n\n\n\n<p>El programa <strong>Mejora del bienestar<\/strong> forma parte del acompa\u00f1amiento integral de Ared y tiene como objetivo reforzar aquellas condiciones personales y materiales que permiten a las participantes mantener y dar continuidad a los procesos formativos y de inserci\u00f3n sociolaboral en los que participan.<\/p>\n\n\n\n<p>El objetivo principal es <strong>dar respuesta a necesidades b\u00e1sicas que, si no est\u00e1n cubiertas, pueden convertirse en un obst\u00e1culo para la continuidad de los itinerarios<\/strong> . Las actuaciones se despliegan de forma <strong>puntual, planificada y vinculada al plan individual<\/strong> de cada participante, en coordinaci\u00f3n con el resto de \u00e1mbitos de acompa\u00f1amiento. <\/p>\n<\/div>\n<\/div>\n<\/div>\n\n<div class=\"wp-block-ared-marges maq-contenidor normal marge-superior-petit marge-inferior-petit\" data-aos=\"off\" data-aos-delay=\"aos_delay\">\n<div class=\"wp-block-columns is-layout-flex wp-container-core-columns-is-layout-9d6595d7 wp-block-columns-is-layout-flex\">\n<div class=\"wp-block-column is-layout-flow wp-block-column-is-layout-flow\" style=\"padding-right:var(--wp--preset--spacing--50);padding-left:var(--wp--preset--spacing--50)\">\n<figure class=\"wp-block-image size-full\"><img loading=\"lazy\" decoding=\"async\" width=\"500\" height=\"500\" src=\"https:\/\/www.fundacioared.org\/wp-content\/uploads\/Menjador-Social.jpg\" alt=\"\" class=\"wp-image-2694\" style=\"object-fit:cover\" srcset=\"https:\/\/www.fundacioared.org\/wp-content\/uploads\/Menjador-Social.jpg 500w, https:\/\/www.fundacioared.org\/wp-content\/uploads\/Menjador-Social-300x300.jpg 300w, https:\/\/www.fundacioared.org\/wp-content\/uploads\/Menjador-Social-150x150.jpg 150w, https:\/\/www.fundacioared.org\/wp-content\/uploads\/Menjador-Social-340x340.jpg 340w, https:\/\/www.fundacioared.org\/wp-content\/uploads\/Menjador-Social-140x140.jpg 140w\" sizes=\"auto, (max-width: 500px) 100vw, 500px\" \/><\/figure>\n\n\n\n<div style=\"height:30px\" aria-hidden=\"true\" class=\"wp-block-spacer\"><\/div>\n\n\n\n<p class=\"has-text-align-center is-style-com_titular_4 has-taronja-ared-color has-text-color has-link-color wp-elements-81356f7f149dcecc9d224db99e205628\">Comedor social<\/p>\n\n\n\n<p>Ared dispone de un comedor social con servicio de desayuno y almuerzo, que contribuye a garantizar una alimentaci\u00f3n regular y adecuada durante el per\u00edodo de participaci\u00f3n en los programas. Este recurso se integra como medida de soporte para facilitar la presencia, continuidad y rendimiento en las actividades formativas y de acompa\u00f1amiento. <\/p>\n<\/div>\n\n\n\n<div class=\"wp-block-column is-layout-flow wp-block-column-is-layout-flow\" style=\"padding-right:var(--wp--preset--spacing--50);padding-left:var(--wp--preset--spacing--50)\">\n<figure class=\"wp-block-image size-full\"><img loading=\"lazy\" decoding=\"async\" width=\"500\" height=\"500\" src=\"https:\/\/www.fundacioared.org\/wp-content\/uploads\/Revisions-oftalm.jpg\" alt=\"\" class=\"wp-image-2696\" srcset=\"https:\/\/www.fundacioared.org\/wp-content\/uploads\/Revisions-oftalm.jpg 500w, https:\/\/www.fundacioared.org\/wp-content\/uploads\/Revisions-oftalm-300x300.jpg 300w, https:\/\/www.fundacioared.org\/wp-content\/uploads\/Revisions-oftalm-150x150.jpg 150w, https:\/\/www.fundacioared.org\/wp-content\/uploads\/Revisions-oftalm-340x340.jpg 340w, https:\/\/www.fundacioared.org\/wp-content\/uploads\/Revisions-oftalm-140x140.jpg 140w\" sizes=\"auto, (max-width: 500px) 100vw, 500px\" \/><\/figure>\n\n\n\n<div style=\"height:30px\" aria-hidden=\"true\" class=\"wp-block-spacer\"><\/div>\n\n\n\n<p class=\"has-text-align-center is-style-com_titular_4 has-taronja-ared-color has-text-color has-link-color wp-elements-945b97d767d7eb15fe538112f6f92f41\">Revisiones m\u00e9dicas<\/p>\n\n\n\n<p>Se ofrecen revisiones oftalmol\u00f3gicas y auditivas para detectar y abordar dificultades que pueden interferir en el aprendizaje, formaci\u00f3n o desarrollo de actividades laborales, especialmente en perfiles que requieren precisi\u00f3n visual.<\/p>\n<\/div>\n\n\n\n<div class=\"wp-block-column is-layout-flow wp-block-column-is-layout-flow\" style=\"padding-right:var(--wp--preset--spacing--50);padding-left:var(--wp--preset--spacing--50)\">\n<figure class=\"wp-block-image size-full\"><img loading=\"lazy\" decoding=\"async\" width=\"1080\" height=\"1080\" src=\"https:\/\/www.fundacioared.org\/wp-content\/uploads\/Dones-Ared-10.jpg\" alt=\"\" class=\"wp-image-3392\" srcset=\"https:\/\/www.fundacioared.org\/wp-content\/uploads\/Dones-Ared-10.jpg 1080w, https:\/\/www.fundacioared.org\/wp-content\/uploads\/Dones-Ared-10-300x300.jpg 300w, https:\/\/www.fundacioared.org\/wp-content\/uploads\/Dones-Ared-10-1024x1024.jpg 1024w, https:\/\/www.fundacioared.org\/wp-content\/uploads\/Dones-Ared-10-150x150.jpg 150w, https:\/\/www.fundacioared.org\/wp-content\/uploads\/Dones-Ared-10-768x768.jpg 768w, https:\/\/www.fundacioared.org\/wp-content\/uploads\/Dones-Ared-10-600x600.jpg 600w, https:\/\/www.fundacioared.org\/wp-content\/uploads\/Dones-Ared-10-340x340.jpg 340w, https:\/\/www.fundacioared.org\/wp-content\/uploads\/Dones-Ared-10-140x140.jpg 140w\" sizes=\"auto, (max-width: 1080px) 100vw, 1080px\" \/><\/figure>\n\n\n\n<div style=\"height:30px\" aria-hidden=\"true\" class=\"wp-block-spacer\"><\/div>\n\n\n\n<p class=\"has-text-align-center is-style-com_titular_4 has-taronja-ared-color has-text-color has-link-color wp-elements-69b0333bb9f83bddffc403f64465c046\">Ayudas econ\u00f3micas puntuales<\/p>\n\n\n\n<p>En situaciones concretas, se pueden activar ayudas econ\u00f3micas puntuales destinadas a superar barreras espec\u00edficas que dificulten la continuidad del itinerario en la entidad. Estas ayudas se otorgan siempre en el marco del plan de trabajo individual y con criterios de temporalidad y necesidad. <\/p>\n<\/div>\n<\/div>\n<\/div>\n\n<div class=\"wp-block-ared-marges maq-contenidor estreta marge-superior-petit marge-inferior-\" data-aos=\"off\" data-aos-delay=\"aos_delay\">\n<div class=\"wp-block-columns is-layout-flex wp-container-core-columns-is-layout-9d6595d7 wp-block-columns-is-layout-flex\">\n<div class=\"wp-block-column is-layout-flow wp-block-column-is-layout-flow\">\n<p class=\"is-style-com_titular_3 has-gris-ared-color has-text-color has-link-color wp-elements-795654720cc3279817fa8269d994c71e\">Requisitos de acceso al programa:  <\/p>\n\n\n\n<ul class=\"wp-block-list\">\n<li>Tener m\u00e1s de 16 a\u00f1os.<\/li>\n\n\n\n<li>Disponer del IRES (Informe de Riesgo de Exclusi\u00f3n Social).<\/li>\n\n\n\n<li>Estar participando en alguno de los programas de inserci\u00f3n o formaci\u00f3n de la entidad, o ser trabajadora de la empresa de inserci\u00f3n.<\/li>\n<\/ul>\n<\/div>\n<\/div>\n<\/div>\n\n<div class=\"wp-block-ared-marges maq-contenidor normal marge-superior-gran marge-inferior-petit\" data-aos=\"off\" data-aos-delay=\"aos_delay\">\n<p class=\"has-text-align-center is-style-com_titular_4 has-gris-ared-color has-text-color has-link-color wp-elements-0909d71f7c7e01ab2bf9533fbd30b1d0\">Con el apoyo de<\/p>\n<\/div>\n\n<div class=\"wp-block-ared-marges maq-contenidor normal marge-superior- marge-inferior-gran\" data-aos=\"off\" data-aos-delay=\"aos_delay\">\n<div class=\"wp-block-group is-layout-grid wp-container-core-group-is-layout-a62f1058 wp-block-group-is-layout-grid\">\n<figure class=\"wp-block-image size-full\"><img loading=\"lazy\" decoding=\"async\" width=\"1250\" height=\"453\" src=\"https:\/\/www.fundacioared.org\/wp-content\/uploads\/COMUNICACION-INTERNA-5-2.png\" alt=\"\" class=\"wp-image-5574\" srcset=\"https:\/\/www.fundacioared.org\/wp-content\/uploads\/COMUNICACION-INTERNA-5-2.png 1250w, https:\/\/www.fundacioared.org\/wp-content\/uploads\/COMUNICACION-INTERNA-5-2-300x109.png 300w, https:\/\/www.fundacioared.org\/wp-content\/uploads\/COMUNICACION-INTERNA-5-2-1024x371.png 1024w, https:\/\/www.fundacioared.org\/wp-content\/uploads\/COMUNICACION-INTERNA-5-2-768x278.png 768w, https:\/\/www.fundacioared.org\/wp-content\/uploads\/COMUNICACION-INTERNA-5-2-340x123.png 340w, https:\/\/www.fundacioared.org\/wp-content\/uploads\/COMUNICACION-INTERNA-5-2-140x51.png 140w\" sizes=\"auto, (max-width: 1250px) 100vw, 1250px\" \/><\/figure>\n\n\n\n<figure class=\"wp-block-image size-full\"><img loading=\"lazy\" decoding=\"async\" width=\"600\" height=\"240\" src=\"https:\/\/www.fundacioared.org\/wp-content\/uploads\/Logo-Millora-del-Benestar-01.jpg\" alt=\"\" class=\"wp-image-3611\" srcset=\"https:\/\/www.fundacioared.org\/wp-content\/uploads\/Logo-Millora-del-Benestar-01.jpg 600w, https:\/\/www.fundacioared.org\/wp-content\/uploads\/Logo-Millora-del-Benestar-01-300x120.jpg 300w, https:\/\/www.fundacioared.org\/wp-content\/uploads\/Logo-Millora-del-Benestar-01-340x136.jpg 340w, https:\/\/www.fundacioared.org\/wp-content\/uploads\/Logo-Millora-del-Benestar-01-140x56.jpg 140w\" sizes=\"auto, (max-width: 600px) 100vw, 600px\" \/><\/figure>\n\n\n\n<figure class=\"wp-block-image size-full\"><img loading=\"lazy\" decoding=\"async\" width=\"600\" height=\"240\" src=\"https:\/\/www.fundacioared.org\/wp-content\/uploads\/Logo-Millora-del-Benestar-02.jpg\" alt=\"\" class=\"wp-image-3612\" srcset=\"https:\/\/www.fundacioared.org\/wp-content\/uploads\/Logo-Millora-del-Benestar-02.jpg 600w, https:\/\/www.fundacioared.org\/wp-content\/uploads\/Logo-Millora-del-Benestar-02-300x120.jpg 300w, https:\/\/www.fundacioared.org\/wp-content\/uploads\/Logo-Millora-del-Benestar-02-340x136.jpg 340w, https:\/\/www.fundacioared.org\/wp-content\/uploads\/Logo-Millora-del-Benestar-02-140x56.jpg 140w\" sizes=\"auto, (max-width: 600px) 100vw, 600px\" \/><\/figure>\n\n\n\n<figure class=\"wp-block-image size-full\"><img loading=\"lazy\" decoding=\"async\" width=\"600\" height=\"240\" src=\"https:\/\/www.fundacioared.org\/wp-content\/uploads\/Logo-Millora-del-Benestar-03.jpg\" alt=\"\" class=\"wp-image-3613\" srcset=\"https:\/\/www.fundacioared.org\/wp-content\/uploads\/Logo-Millora-del-Benestar-03.jpg 600w, https:\/\/www.fundacioared.org\/wp-content\/uploads\/Logo-Millora-del-Benestar-03-300x120.jpg 300w, https:\/\/www.fundacioared.org\/wp-content\/uploads\/Logo-Millora-del-Benestar-03-340x136.jpg 340w, https:\/\/www.fundacioared.org\/wp-content\/uploads\/Logo-Millora-del-Benestar-03-140x56.jpg 140w\" sizes=\"auto, (max-width: 600px) 100vw, 600px\" \/><\/figure>\n\n\n\n<figure class=\"wp-block-image size-full\"><img loading=\"lazy\" decoding=\"async\" width=\"600\" height=\"240\" src=\"https:\/\/www.fundacioared.org\/wp-content\/uploads\/Logo-Millora-del-Benestar-04.jpg\" alt=\"\" class=\"wp-image-3614\" srcset=\"https:\/\/www.fundacioared.org\/wp-content\/uploads\/Logo-Millora-del-Benestar-04.jpg 600w, https:\/\/www.fundacioared.org\/wp-content\/uploads\/Logo-Millora-del-Benestar-04-300x120.jpg 300w, https:\/\/www.fundacioared.org\/wp-content\/uploads\/Logo-Millora-del-Benestar-04-340x136.jpg 340w, https:\/\/www.fundacioared.org\/wp-content\/uploads\/Logo-Millora-del-Benestar-04-140x56.jpg 140w\" sizes=\"auto, (max-width: 600px) 100vw, 600px\" \/><\/figure>\n\n\n\n<figure class=\"wp-block-image size-full wp-container-content-c9e2bd16\"><img loading=\"lazy\" decoding=\"async\" width=\"2000\" height=\"905\" src=\"https:\/\/www.fundacioared.org\/wp-content\/uploads\/COMUNICACION-INTERNA-14-3.png\" alt=\"\" class=\"wp-image-5680\" srcset=\"https:\/\/www.fundacioared.org\/wp-content\/uploads\/COMUNICACION-INTERNA-14-3.png 2000w, https:\/\/www.fundacioared.org\/wp-content\/uploads\/COMUNICACION-INTERNA-14-3-300x136.png 300w, https:\/\/www.fundacioared.org\/wp-content\/uploads\/COMUNICACION-INTERNA-14-3-1024x463.png 1024w, https:\/\/www.fundacioared.org\/wp-content\/uploads\/COMUNICACION-INTERNA-14-3-768x348.png 768w, https:\/\/www.fundacioared.org\/wp-content\/uploads\/COMUNICACION-INTERNA-14-3-1536x695.png 1536w, https:\/\/www.fundacioared.org\/wp-content\/uploads\/COMUNICACION-INTERNA-14-3-340x154.png 340w, https:\/\/www.fundacioared.org\/wp-content\/uploads\/COMUNICACION-INTERNA-14-3-140x63.png 140w\" sizes=\"auto, (max-width: 2000px) 100vw, 2000px\" \/><\/figure>\n\n\n\n<figure class=\"wp-block-image size-full wp-container-content-c9e2bd16\"><img loading=\"lazy\" decoding=\"async\" width=\"1888\" height=\"892\" src=\"https:\/\/www.fundacioared.org\/wp-content\/uploads\/COMUNICACION-INTERNA-5-1.jpg\" alt=\"\" class=\"wp-image-6179\" srcset=\"https:\/\/www.fundacioared.org\/wp-content\/uploads\/COMUNICACION-INTERNA-5-1.jpg 1888w, https:\/\/www.fundacioared.org\/wp-content\/uploads\/COMUNICACION-INTERNA-5-1-300x142.jpg 300w, https:\/\/www.fundacioared.org\/wp-content\/uploads\/COMUNICACION-INTERNA-5-1-1024x484.jpg 1024w, https:\/\/www.fundacioared.org\/wp-content\/uploads\/COMUNICACION-INTERNA-5-1-768x363.jpg 768w, https:\/\/www.fundacioared.org\/wp-content\/uploads\/COMUNICACION-INTERNA-5-1-1536x726.jpg 1536w, https:\/\/www.fundacioared.org\/wp-content\/uploads\/COMUNICACION-INTERNA-5-1-340x161.jpg 340w, https:\/\/www.fundacioared.org\/wp-content\/uploads\/COMUNICACION-INTERNA-5-1-140x66.jpg 140w\" sizes=\"auto, (max-width: 1888px) 100vw, 1888px\" \/><\/figure>\n<\/div>\n<\/div>\n","protected":false},"excerpt":{"rendered":"","protected":false},"author":1,"featured_media":0,"parent":0,"menu_order":37,"comment_status":"closed","ping_status":"closed","template":"","meta":{"_acf_changed":false,"footnotes":""},"class_list":["post-4691","page","type-page","status-publish","hentry"],"acf":[],"_links":{"self":[{"href":"https:\/\/www.fundacioared.org\/es\/wp-json\/wp\/v2\/pages\/4691","targetHints":{"allow":["GET"]}}],"collection":[{"href":"https:\/\/www.fundacioared.org\/es\/wp-json\/wp\/v2\/pages"}],"about":[{"href":"https:\/\/www.fundacioared.org\/es\/wp-json\/wp\/v2\/types\/page"}],"author":[{"embeddable":true,"href":"https:\/\/www.fundacioared.org\/es\/wp-json\/wp\/v2\/users\/1"}],"replies":[{"embeddable":true,"href":"https:\/\/www.fundacioared.org\/es\/wp-json\/wp\/v2\/comments?post=4691"}],"version-history":[{"count":8,"href":"https:\/\/www.fundacioared.org\/es\/wp-json\/wp\/v2\/pages\/4691\/revisions"}],"predecessor-version":[{"id":6182,"href":"https:\/\/www.fundacioared.org\/es\/wp-json\/wp\/v2\/pages\/4691\/revisions\/6182"}],"wp:attachment":[{"href":"https:\/\/www.fundacioared.org\/es\/wp-json\/wp\/v2\/media?parent=4691"}],"curies":[{"name":"wp","href":"https:\/\/api.w.org\/{rel}","templated":true}]}}