{"id":4695,"date":"2024-07-22T07:27:57","date_gmt":"2024-07-22T05:27:57","guid":{"rendered":"https:\/\/www.fundacioared.org\/transparencia\/"},"modified":"2025-10-21T16:43:25","modified_gmt":"2025-10-21T14:43:25","slug":"transparencia","status":"publish","type":"page","link":"https:\/\/www.fundacioared.org\/es\/transparencia\/","title":{"rendered":"Transparencia"},"content":{"rendered":"\n<div class=\"wp-block-ared-cabecera mod-cabecera\"><div class=\"slider\">\n<div class=\"wp-block-ared-cabecera-interior slide\"><div class=\"image\" style=\"background-image:url(https:\/\/www.fundacioared.org\/wp-content\/uploads\/Slider-Transparecia.jpg)\"><div class=\"text maq-contenidor\">\n<p class=\"is-style-com_titular_3 has-blanc-color has-text-color has-link-color wp-elements-0548f41e326f82d6a1562d6a692d464c\">Transparencia<\/p>\n\n\n\n<p class=\"is-style-default has-blanc-color has-text-color has-link-color wp-elements-0b3471af46f16c9a0ccc62514cc4f413\">En Ared estamos comprometidas al comunicar de una<br> forma clara y transparente los objetivos y los valores<br> sociales que defendemos.<\/p>\n<\/div><\/div><\/div>\n<\/div><\/div>\n\n\n\n<div class=\"wp-block-ared-marges maq-contenidor estreta marge-superior-petit marge-inferior-\" data-aos=\"off\" data-aos-delay=\"aos_delay\">\n<p class=\"is-style-com_titular_3\"><strong>Comprometidas con la Transparencia<\/strong><\/p>\n<\/div>\n\n\n\n<div class=\"wp-block-ared-marges maq-contenidor estreta marge-superior- marge-inferior-gran\" data-aos=\"off\" data-aos-delay=\"aos_delay\">\n<div class=\"wp-block-columns is-layout-flex wp-container-core-columns-is-layout-9d6595d7 wp-block-columns-is-layout-flex\">\n<div class=\"wp-block-column is-layout-flow wp-block-column-is-layout-flow\">\n<p class=\"is-style-default has-gris-ared-color has-text-color has-link-color wp-elements-4aae92625b87a3652403427e64aaaf7f\">Nuestro compromiso es el de compartir con todas las personas, empresas y entidades que conf\u00edan en nosotros, todos los aspectos de nuestro trabajo, asegurando que todas nuestras acciones respondan a la misi\u00f3n y valores sociales que defendemos.<\/p>\n<\/div>\n<\/div>\n<\/div>\n\n\n\n<div class=\"wp-block-ared-marges maq-contenidor normal marge-superior-gran marge-inferior-gran\" data-aos=\"off\" data-aos-delay=\"aos_delay\">\n<div class=\"wp-block-columns is-layout-flex wp-container-core-columns-is-layout-9d6595d7 wp-block-columns-is-layout-flex\">\n<div class=\"wp-block-column is-layout-flow wp-block-column-is-layout-flow\" style=\"padding-right:var(--wp--preset--spacing--50);padding-left:var(--wp--preset--spacing--50)\">\n<p class=\"is-style-com_titular_4 has-gris-ared-color has-text-color has-link-color wp-elements-4563a435cfadc74d11b0359df9ca5d87\">Origen de los recursos<\/p>\n\n\n\n<div style=\"height:30px\" aria-hidden=\"true\" class=\"wp-block-spacer\"><\/div>\n\n\n\n<figure class=\"wp-block-image size-full\"><img loading=\"lazy\" decoding=\"async\" width=\"1600\" height=\"1061\" src=\"https:\/\/www.fundacioared.org\/wp-content\/uploads\/transparencia-01-ESP.jpg\" alt=\"\" class=\"wp-image-5003\" srcset=\"https:\/\/www.fundacioared.org\/wp-content\/uploads\/transparencia-01-ESP.jpg 1600w, https:\/\/www.fundacioared.org\/wp-content\/uploads\/transparencia-01-ESP-300x199.jpg 300w, https:\/\/www.fundacioared.org\/wp-content\/uploads\/transparencia-01-ESP-1024x679.jpg 1024w, https:\/\/www.fundacioared.org\/wp-content\/uploads\/transparencia-01-ESP-768x509.jpg 768w, https:\/\/www.fundacioared.org\/wp-content\/uploads\/transparencia-01-ESP-1536x1019.jpg 1536w, https:\/\/www.fundacioared.org\/wp-content\/uploads\/transparencia-01-ESP-340x225.jpg 340w, https:\/\/www.fundacioared.org\/wp-content\/uploads\/transparencia-01-ESP-140x93.jpg 140w\" sizes=\"auto, (max-width: 1600px) 100vw, 1600px\" \/><\/figure>\n<\/div>\n\n\n\n<div class=\"wp-block-column is-layout-flow wp-block-column-is-layout-flow\" style=\"padding-right:var(--wp--preset--spacing--50);padding-left:var(--wp--preset--spacing--50)\">\n<p class=\"is-style-com_titular_4 has-gris-ared-color has-text-color has-link-color wp-elements-edf280f8e107ff23c54424a800f5cee2\">Destino de los recursos<\/p>\n\n\n\n<div style=\"height:30px\" aria-hidden=\"true\" class=\"wp-block-spacer\"><\/div>\n\n\n\n<figure class=\"wp-block-image aligncenter size-full\"><img loading=\"lazy\" decoding=\"async\" width=\"1600\" height=\"1061\" src=\"https:\/\/www.fundacioared.org\/wp-content\/uploads\/transparencia-02-esp.jpg\" alt=\"\" class=\"wp-image-5005\" srcset=\"https:\/\/www.fundacioared.org\/wp-content\/uploads\/transparencia-02-esp.jpg 1600w, https:\/\/www.fundacioared.org\/wp-content\/uploads\/transparencia-02-esp-300x199.jpg 300w, https:\/\/www.fundacioared.org\/wp-content\/uploads\/transparencia-02-esp-1024x679.jpg 1024w, https:\/\/www.fundacioared.org\/wp-content\/uploads\/transparencia-02-esp-768x509.jpg 768w, https:\/\/www.fundacioared.org\/wp-content\/uploads\/transparencia-02-esp-1536x1019.jpg 1536w, https:\/\/www.fundacioared.org\/wp-content\/uploads\/transparencia-02-esp-340x225.jpg 340w, https:\/\/www.fundacioared.org\/wp-content\/uploads\/transparencia-02-esp-140x93.jpg 140w\" sizes=\"auto, (max-width: 1600px) 100vw, 1600px\" \/><\/figure>\n<\/div>\n<\/div>\n<\/div>\n\n\n\n<div class=\"wp-block-ared-marges maq-contenidor normal marge-superior-petit marge-inferior-gran\" data-aos=\"off\" data-aos-delay=\"aos_delay\">\n<div class=\"wp-block-columns is-layout-flex wp-container-core-columns-is-layout-9d6595d7 wp-block-columns-is-layout-flex\">\n<div class=\"wp-block-column is-layout-flow wp-block-column-is-layout-flow\" style=\"padding-right:var(--wp--preset--spacing--50);padding-left:var(--wp--preset--spacing--50)\">\n<figure class=\"wp-block-image size-full\"><img loading=\"lazy\" decoding=\"async\" width=\"1400\" height=\"1400\" src=\"https:\/\/www.fundacioared.org\/wp-content\/uploads\/Memories04.jpg\" alt=\"\" class=\"wp-image-2631\" srcset=\"https:\/\/www.fundacioared.org\/wp-content\/uploads\/Memories04.jpg 1400w, https:\/\/www.fundacioared.org\/wp-content\/uploads\/Memories04-300x300.jpg 300w, https:\/\/www.fundacioared.org\/wp-content\/uploads\/Memories04-1024x1024.jpg 1024w, https:\/\/www.fundacioared.org\/wp-content\/uploads\/Memories04-150x150.jpg 150w, https:\/\/www.fundacioared.org\/wp-content\/uploads\/Memories04-768x768.jpg 768w, https:\/\/www.fundacioared.org\/wp-content\/uploads\/Memories04-600x600.jpg 600w, https:\/\/www.fundacioared.org\/wp-content\/uploads\/Memories04-340x340.jpg 340w, https:\/\/www.fundacioared.org\/wp-content\/uploads\/Memories04-140x140.jpg 140w\" sizes=\"auto, (max-width: 1400px) 100vw, 1400px\" \/><\/figure>\n\n\n\n<div style=\"height:30px\" aria-hidden=\"true\" class=\"wp-block-spacer\"><\/div>\n\n\n\n<p class=\"has-text-align-left is-style-com_titular_4 has-taronja-ared-color has-text-color has-link-color wp-elements-9c9c23665f3a2d39b55a22e7a4ea2d51\"><strong>Somos<\/strong><\/p>\n\n\n\n<p class=\"has-text-align-left is-style-com_titular_4 has-gris-ared-color has-text-color has-link-color wp-elements-ac624a2645c1a003b06be33e82eb869f\"><strong>Responsables<\/strong><\/p>\n\n\n\n<p class=\"has-text-align-left\">Compartimos toda la informaci\u00f3n de las actividades que desarrollan y del coste de \u00e9stas.<\/p>\n\n\n\n<p class=\"is-style-com_titular_5 has-gris-ared-color has-text-color has-link-color wp-elements-42a361ea5d4f7dc0aa17a17a81a9276a\">Cuentas anuales<\/p>\n\n\n\n<div class=\"wp-block-buttons is-content-justification-left is-layout-flex wp-container-core-buttons-is-layout-fdcfc74e wp-block-buttons-is-layout-flex\">\n<div class=\"wp-block-button is-style-taronja-gris\"><a class=\"wp-block-button__link wp-element-button\" href=\"https:\/\/www.fundacioared.org\/wp-content\/uploads\/2024_COMPTES_ANUALS_FUNDACIOARED_compressed-comprimido.pdf\">Ared 2024<\/a><\/div>\n<\/div>\n\n\n\n<div class=\"wp-block-buttons is-content-justification-left is-layout-flex wp-container-core-buttons-is-layout-fdcfc74e wp-block-buttons-is-layout-flex\">\n<div class=\"wp-block-button is-style-taronja-gris\"><a class=\"wp-block-button__link wp-element-button\" href=\"https:\/\/www.fundacioared.org\/wp-content\/uploads\/2024_COMPTES_ANUALS_FUNDACIOARED_compressed-comprimido.pdf\">Salta 2024<\/a><\/div>\n<\/div>\n\n\n\n<div class=\"wp-block-buttons is-content-justification-left is-layout-flex wp-container-core-buttons-is-layout-fdcfc74e wp-block-buttons-is-layout-flex\">\n<div class=\"wp-block-button is-style-taronja-gris\"><a class=\"wp-block-button__link wp-element-button\" href=\"https:\/\/www.fundacioared.org\/wp-content\/uploads\/2024-CET-Comptes-Anuals_compressed.pdf\">CET 2024<\/a><\/div>\n<\/div>\n\n\n\n<div class=\"wp-block-buttons is-content-justification-left is-layout-flex wp-container-core-buttons-is-layout-fdcfc74e wp-block-buttons-is-layout-flex\">\n<div class=\"wp-block-button is-style-taronja-gris\"><a class=\"wp-block-button__link wp-element-button\" href=\"https:\/\/www.fundacioared.org\/wp-content\/uploads\/Comptes-anuals-2023-ARED.pdf\" target=\"_blank\" rel=\"noreferrer noopener\">Ared 2023<\/a><\/div>\n<\/div>\n\n\n\n<div class=\"wp-block-buttons is-layout-flex wp-block-buttons-is-layout-flex\">\n<div class=\"wp-block-button is-style-taronja-gris\"><a class=\"wp-block-button__link wp-element-button\" href=\"https:\/\/www.fundacioared.org\/wp-content\/uploads\/Comptes-anuals-2023-SALTA.pdf\" target=\"_blank\" rel=\"noreferrer noopener\">Salta 2023<\/a><\/div>\n<\/div>\n\n\n\n<div class=\"wp-block-buttons is-layout-flex wp-block-buttons-is-layout-flex\">\n<div class=\"wp-block-button is-style-taronja-gris\"><a class=\"wp-block-button__link wp-element-button\" href=\"https:\/\/www.fundacioared.org\/wp-content\/uploads\/Comptes-anuals-2023-CET.pdf\" target=\"_blank\" rel=\"noreferrer noopener\">CET 2023<\/a><\/div>\n<\/div>\n\n\n\n<div style=\"height:30px\" aria-hidden=\"true\" class=\"wp-block-spacer\"><\/div>\n\n\n\n<p class=\"is-style-com_titular_5 has-gris-ared-color has-text-color has-link-color wp-elements-8ad777e80211f745d2400101128c16cc\">Memorias<\/p>\n\n\n\n<div class=\"wp-block-buttons is-layout-flex wp-block-buttons-is-layout-flex\">\n<div class=\"wp-block-button\"><a class=\"wp-block-button__link wp-element-button\" href=\"https:\/\/drive.google.com\/file\/d\/10nnmqBDtZco_UxZehqd8shDYS3kk4Mvv\/view?usp=sharing\" target=\"_blank\" rel=\"noreferrer noopener\">Memoria 2024<\/a><\/div>\n\n\n\n<div class=\"wp-block-button is-style-taronja-gris\"><a class=\"wp-block-button__link wp-element-button\" href=\"https:\/\/www.fundacioared.org\/wp-content\/uploads\/Memoria-Ared-2023.pdf\" target=\"_blank\" rel=\"noreferrer noopener\">Memoria 2023<\/a><\/div>\n<\/div>\n\n\n\n<div class=\"wp-block-buttons is-layout-flex wp-block-buttons-is-layout-flex\">\n<div class=\"wp-block-button is-style-taronja-gris\"><a class=\"wp-block-button__link wp-element-button\" href=\"https:\/\/www.fundacioared.org\/wp-content\/uploads\/Memoria-Ared-2022.pdf\" target=\"_blank\" rel=\"noreferrer noopener\">Memoria 2022<\/a><\/div>\n<\/div>\n\n\n\n<div class=\"wp-block-buttons is-layout-flex wp-block-buttons-is-layout-flex\">\n<div class=\"wp-block-button is-style-taronja-gris\"><a class=\"wp-block-button__link wp-element-button\" href=\"https:\/\/www.fundacioared.org\/wp-content\/uploads\/Memoria-Ared-2021.pdf\" target=\"_blank\" rel=\"noreferrer noopener\">Memoria 2021<\/a><\/div>\n<\/div>\n\n\n\n<div class=\"wp-block-buttons is-layout-flex wp-block-buttons-is-layout-flex\">\n<div class=\"wp-block-button is-style-taronja-gris\"><a class=\"wp-block-button__link wp-element-button\" href=\"https:\/\/www.fundacioared.org\/wp-content\/uploads\/Memoria-Ared-2020.pdf\" target=\"_blank\" rel=\"noreferrer noopener\">Memoria 2020<\/a><\/div>\n<\/div>\n<\/div>\n\n\n\n<div class=\"wp-block-column is-layout-flow wp-block-column-is-layout-flow\" style=\"padding-right:var(--wp--preset--spacing--50);padding-left:var(--wp--preset--spacing--50)\">\n<figure class=\"wp-block-image size-full\"><img loading=\"lazy\" decoding=\"async\" width=\"1400\" height=\"1400\" src=\"https:\/\/www.fundacioared.org\/wp-content\/uploads\/Memories03.jpg\" alt=\"\" class=\"wp-image-2630\" srcset=\"https:\/\/www.fundacioared.org\/wp-content\/uploads\/Memories03.jpg 1400w, https:\/\/www.fundacioared.org\/wp-content\/uploads\/Memories03-300x300.jpg 300w, https:\/\/www.fundacioared.org\/wp-content\/uploads\/Memories03-1024x1024.jpg 1024w, https:\/\/www.fundacioared.org\/wp-content\/uploads\/Memories03-150x150.jpg 150w, https:\/\/www.fundacioared.org\/wp-content\/uploads\/Memories03-768x768.jpg 768w, https:\/\/www.fundacioared.org\/wp-content\/uploads\/Memories03-600x600.jpg 600w, https:\/\/www.fundacioared.org\/wp-content\/uploads\/Memories03-340x340.jpg 340w, https:\/\/www.fundacioared.org\/wp-content\/uploads\/Memories03-140x140.jpg 140w\" sizes=\"auto, (max-width: 1400px) 100vw, 1400px\" \/><\/figure>\n\n\n\n<div style=\"height:30px\" aria-hidden=\"true\" class=\"wp-block-spacer\"><\/div>\n\n\n\n<p class=\"is-style-com_titular_4 has-taronja-ared-color has-text-color has-link-color wp-elements-c0e5d8b8c9ee3e19693f531044cdff2d\"><strong>Somos<\/strong><\/p>\n\n\n\n<p class=\"is-style-com_titular_4 has-gris-ared-color has-text-color has-link-color wp-elements-11a79fadd9566fd9583835efd986fd59\">Comprometidas<\/p>\n\n\n\n<p>Defendemos y comunicamos de forma clara y efectiva los valores que representamos.<\/p>\n\n\n\n<p class=\"is-style-com_titular_5 has-gris-ared-color has-text-color has-link-color wp-elements-0031cff76a33cb508532d29f1d011bad\">Estatutos<\/p>\n\n\n\n<div class=\"wp-block-buttons is-layout-flex wp-block-buttons-is-layout-flex\">\n<div class=\"wp-block-button is-style-taronja-gris\"><a class=\"wp-block-button__link wp-element-button\" href=\"https:\/\/www.fundacioared.org\/wp-content\/uploads\/Estatuts-ARED.pdf\" target=\"_blank\" rel=\"noreferrer noopener\">Estatus Ared<\/a><\/div>\n<\/div>\n\n\n\n<div style=\"height:30px\" aria-hidden=\"true\" class=\"wp-block-spacer\"><\/div>\n\n\n\n<p class=\"is-style-com_titular_5 has-gris-ared-color has-text-color has-link-color wp-elements-af602a686b211f6f605bb44b0f2d7ffd\">Balance Social<\/p>\n\n\n\n<div class=\"wp-block-buttons is-layout-flex wp-block-buttons-is-layout-flex\">\n<div class=\"wp-block-button is-style-taronja-gris\"><a class=\"wp-block-button__link wp-element-button\" href=\"https:\/\/www.fundacioared.org\/wp-content\/uploads\/Balanc-Social-2021-ARED.pdf\" target=\"_blank\" rel=\"noreferrer noopener\">Balance Social 2023<\/a><\/div>\n<\/div>\n\n\n\n<div style=\"height:30px\" aria-hidden=\"true\" class=\"wp-block-spacer\"><\/div>\n\n\n\n<p class=\"is-style-com_titular_5 has-gris-ared-color has-text-color has-link-color wp-elements-ec32d0951874a73531011b2171b74eee\">Plan Estrat\u00e9gico<\/p>\n\n\n\n<div class=\"wp-block-buttons is-layout-flex wp-block-buttons-is-layout-flex\">\n<div class=\"wp-block-button\"><a class=\"wp-block-button__link wp-element-button\" href=\"https:\/\/www.fundacioared.org\/wp-content\/uploads\/PLAN-ESTRATEGICO-25-29.pdf\" target=\"_blank\" rel=\"noreferrer noopener\">Plan Estrat\u00e9gico 2025-29<\/a><\/div>\n<\/div>\n<\/div>\n\n\n\n<div class=\"wp-block-column is-layout-flow wp-block-column-is-layout-flow\" style=\"padding-right:var(--wp--preset--spacing--50);padding-left:var(--wp--preset--spacing--50)\">\n<figure class=\"wp-block-image size-full\"><img loading=\"lazy\" decoding=\"async\" width=\"1400\" height=\"1400\" src=\"https:\/\/www.fundacioared.org\/wp-content\/uploads\/Memories02.jpg\" alt=\"\" class=\"wp-image-2629\" srcset=\"https:\/\/www.fundacioared.org\/wp-content\/uploads\/Memories02.jpg 1400w, https:\/\/www.fundacioared.org\/wp-content\/uploads\/Memories02-300x300.jpg 300w, https:\/\/www.fundacioared.org\/wp-content\/uploads\/Memories02-1024x1024.jpg 1024w, https:\/\/www.fundacioared.org\/wp-content\/uploads\/Memories02-150x150.jpg 150w, https:\/\/www.fundacioared.org\/wp-content\/uploads\/Memories02-768x768.jpg 768w, https:\/\/www.fundacioared.org\/wp-content\/uploads\/Memories02-600x600.jpg 600w, https:\/\/www.fundacioared.org\/wp-content\/uploads\/Memories02-340x340.jpg 340w, https:\/\/www.fundacioared.org\/wp-content\/uploads\/Memories02-140x140.jpg 140w\" sizes=\"auto, (max-width: 1400px) 100vw, 1400px\" \/><\/figure>\n\n\n\n<div style=\"height:30px\" aria-hidden=\"true\" class=\"wp-block-spacer\"><\/div>\n\n\n\n<p class=\"is-style-com_titular_4 has-taronja-ared-color has-text-color has-link-color wp-elements-c0e5d8b8c9ee3e19693f531044cdff2d\"><strong>Somos<\/strong><\/p>\n\n\n\n<p class=\"is-style-com_titular_4 has-gris-ared-color has-text-color has-link-color wp-elements-c2ffd6b0165d1f4b863a08c23ac98b4c\">Respetuosas<\/p>\n\n\n\n<p>Basamos nuestras actuaciones en promover la inclusi\u00f3n, la igualdad y la justicia social en todas nuestras acciones y proyectos.  <\/p>\n\n\n\n<p class=\"is-style-com_titular_5 has-gris-ared-color has-text-color has-link-color wp-elements-57f3b6bd8798fe338db1294cb3a02d7f\">Plan Igualdad<\/p>\n\n\n\n<div class=\"wp-block-buttons is-layout-flex wp-block-buttons-is-layout-flex\">\n<div class=\"wp-block-button is-style-taronja-gris\"><a class=\"wp-block-button__link wp-element-button\" href=\"https:\/\/www.fundacioared.org\/wp-content\/uploads\/Pla-Igualtat-ARED.pdf\" target=\"_blank\" rel=\"noreferrer noopener\">Plan Igualdad<\/a><\/div>\n<\/div>\n\n\n\n<div style=\"height:30px\" aria-hidden=\"true\" class=\"wp-block-spacer\"><\/div>\n\n\n\n<p class=\"is-style-com_titular_5 has-gris-ared-color has-text-color has-link-color wp-elements-9bad403bded496a6d84191b0b540e147\">C\u00f3digo \u00c9tico<\/p>\n\n\n\n<div class=\"wp-block-buttons is-layout-flex wp-block-buttons-is-layout-flex\">\n<div class=\"wp-block-button is-style-taronja-gris\"><a class=\"wp-block-button__link wp-element-button\">C\u00f3digo \u00c9tico 2023<\/a><\/div>\n<\/div>\n<\/div>\n\n\n\n<div class=\"wp-block-column is-layout-flow wp-block-column-is-layout-flow\" style=\"padding-right:var(--wp--preset--spacing--50);padding-left:var(--wp--preset--spacing--50)\">\n<figure class=\"wp-block-image size-full\"><img loading=\"lazy\" decoding=\"async\" width=\"1400\" height=\"1400\" src=\"https:\/\/www.fundacioared.org\/wp-content\/uploads\/Memories.jpg\" alt=\"\" class=\"wp-image-2628\" srcset=\"https:\/\/www.fundacioared.org\/wp-content\/uploads\/Memories.jpg 1400w, https:\/\/www.fundacioared.org\/wp-content\/uploads\/Memories-300x300.jpg 300w, https:\/\/www.fundacioared.org\/wp-content\/uploads\/Memories-1024x1024.jpg 1024w, https:\/\/www.fundacioared.org\/wp-content\/uploads\/Memories-150x150.jpg 150w, https:\/\/www.fundacioared.org\/wp-content\/uploads\/Memories-768x768.jpg 768w, https:\/\/www.fundacioared.org\/wp-content\/uploads\/Memories-600x600.jpg 600w, https:\/\/www.fundacioared.org\/wp-content\/uploads\/Memories-340x340.jpg 340w, https:\/\/www.fundacioared.org\/wp-content\/uploads\/Memories-140x140.jpg 140w\" sizes=\"auto, (max-width: 1400px) 100vw, 1400px\" \/><\/figure>\n\n\n\n<div style=\"height:30px\" aria-hidden=\"true\" class=\"wp-block-spacer\"><\/div>\n\n\n\n<p class=\"is-style-com_titular_4 has-taronja-ared-color has-text-color has-link-color wp-elements-c0e5d8b8c9ee3e19693f531044cdff2d\"><strong>Somos<\/strong><\/p>\n\n\n\n<p class=\"is-style-com_titular_4 has-gris-ared-color has-text-color has-link-color wp-elements-b9f28f0fb70972312713117b9b141ea2\">Rigurosas<\/p>\n\n\n\n<p>Cumplimos con las obligaciones legales y hacemos todo lo posible para llevar a cabo el c\u00f3digo de buenas pr\u00e1cticas de transparencia, y cumplir con toda la normativa vigente.<\/p>\n\n\n\n<p class=\"is-style-com_titular_5 has-gris-ared-color has-text-color has-link-color wp-elements-b4b8a9053b315a1112edb2e3dc5cca95\"><strong>Sistema integral de gesti\u00f3n<\/strong><\/p>\n\n\n\n<p>Disponemos de un certificado basado en la normativa ISO 9001:2015, que se complementa con la gesti\u00f3n de prevenci\u00f3n de riesgos laborales y con el cumplimiento de la ley de protecci\u00f3n de datos de car\u00e1cter personal. Cabe destacar la implicaci\u00f3n de todos los profesionales y el trabajo en equipo para mantener la certificaci\u00f3n de Calidad y cumplir con toda la normativa vigente de aplicaci\u00f3n.   <\/p>\n\n\n\n<div class=\"wp-block-buttons is-layout-flex wp-block-buttons-is-layout-flex\">\n<div class=\"wp-block-button is-style-taronja-gris\"><a class=\"wp-block-button__link wp-element-button\" href=\"https:\/\/www.fundacioared.org\/wp-content\/uploads\/Certificat-de-Qualitat-ARED.pdf\" target=\"_blank\" rel=\"noreferrer noopener\">Certificado de calidad<\/a><\/div>\n<\/div>\n\n\n\n<div class=\"wp-block-buttons is-layout-flex wp-block-buttons-is-layout-flex\">\n<div class=\"wp-block-button is-style-taronja-gris\"><a class=\"wp-block-button__link wp-element-button\" href=\"https:\/\/www.fundacioared.org\/wp-content\/uploads\/Politica-de-qualitat-Fundacio-Ared_cast.pdf\" target=\"_blank\" rel=\"noreferrer noopener\">Pol\u00edtica de calidad<\/a><\/div>\n<\/div>\n<\/div>\n<\/div>\n<\/div>\n\n\n\n<div class=\"wp-block-ared-ajedrez mod-escacs align-superior marge-superior-gran marge-inferior-\">\n<div class=\"wp-block-ared-ajedrez-interior interior  maq_cols_flex cols_2\"><div class=\"col img\"><div class=\"img-wrapper\"><img loading=\"lazy\" decoding=\"async\" media_id=\"560\" src=\"https:\/\/www.fundacioared.org\/wp-content\/uploads\/transparencia-07.jpg\" width=\"600\" height=\"400\" \/><!--fallback img responsive--><\/div><\/div><div class=\"col\"><div class=\"text-wrapper\">\n<p class=\"is-style-com_titular_5\">Transparencia<br> Ared<\/p>\n\n\n\n<p class=\"is-style-com_titular_4\">Canal de denuncias<\/p>\n\n\n\n<p>Esta aplicaci\u00f3n permite que cualquier persona pueda comunicar cualquier incidencia, o denunciar aquellos hechos o comportamientos que atendiendo a su criterio, considere que resultan irregulares o delictivos.<\/p>\n\n\n\n<div class=\"wp-block-buttons is-layout-flex wp-block-buttons-is-layout-flex\">\n<div class=\"wp-block-button is-style-taronja-gris\"><a class=\"wp-block-button__link wp-element-button\" href=\"https:\/\/www.fundacioared.org\/es\/canal-de-denuncias\/\">Saber m\u00e1s<\/a><\/div>\n<\/div>\n<\/div><\/div><\/div>\n<\/div>\n\n\n\n<div class=\"wp-block-ared-ajedrez mod-escacs align-superior marge-superior- marge-inferior-\"><\/div>\n\n\n\n<p><\/p>\n","protected":false},"excerpt":{"rendered":"","protected":false},"author":1,"featured_media":0,"parent":0,"menu_order":43,"comment_status":"closed","ping_status":"closed","template":"","meta":{"_acf_changed":false,"footnotes":""},"class_list":["post-4695","page","type-page","status-publish","hentry"],"acf":[],"_links":{"self":[{"href":"https:\/\/www.fundacioared.org\/es\/wp-json\/wp\/v2\/pages\/4695","targetHints":{"allow":["GET"]}}],"collection":[{"href":"https:\/\/www.fundacioared.org\/es\/wp-json\/wp\/v2\/pages"}],"about":[{"href":"https:\/\/www.fundacioared.org\/es\/wp-json\/wp\/v2\/types\/page"}],"author":[{"embeddable":true,"href":"https:\/\/www.fundacioared.org\/es\/wp-json\/wp\/v2\/users\/1"}],"replies":[{"embeddable":true,"href":"https:\/\/www.fundacioared.org\/es\/wp-json\/wp\/v2\/comments?post=4695"}],"version-history":[{"count":7,"href":"https:\/\/www.fundacioared.org\/es\/wp-json\/wp\/v2\/pages\/4695\/revisions"}],"predecessor-version":[{"id":5485,"href":"https:\/\/www.fundacioared.org\/es\/wp-json\/wp\/v2\/pages\/4695\/revisions\/5485"}],"wp:attachment":[{"href":"https:\/\/www.fundacioared.org\/es\/wp-json\/wp\/v2\/media?parent=4695"}],"curies":[{"name":"wp","href":"https:\/\/api.w.org\/{rel}","templated":true}]}}